

{"id":994,"date":"2021-08-10T10:25:57","date_gmt":"2021-08-10T07:25:57","guid":{"rendered":"https:\/\/2021.zeytinburnu.istanbul\/?post_type=personel&#038;p=994"},"modified":"2021-08-20T15:04:02","modified_gmt":"2021-08-20T12:04:02","slug":"saffet-oz","status":"publish","type":"personel","link":"https:\/\/zeytinburnu.istanbul\/personel\/saffet-oz\/","title":{"rendered":"Saffet \u00d6Z"},"content":{"rendered":"<p>Mardin n\u00fcfusuna kay\u0131tl\u0131 olup 1975 do\u011fumludur. \u0130lk ve orta e\u011fitimini memleketinde bitirdikten sonra, y\u00fcksek e\u011fitimini \u0130stanbul Marmara \u00dcniversitesi Hukuk Fak\u00fcltesi\u2019nde tamamlam\u0131\u015ft\u0131r. Avukatl\u0131k staj\u0131ndan sonra, serbest avukat olarak \u00e7al\u0131\u015ft\u0131. Mesle\u011fini icra ederken, Ak Parti\u2019de siyaset ile ilgilendi.2008 tarihinden itibaren, Zeytinburnu AK Parti\u2019de birim ba\u015fkan\u0131 olarak il\u00e7e ba\u015fkan yard\u0131mc\u0131l\u0131\u011f\u0131 yapt\u0131. Se\u00e7im i\u015flerinde ve se\u00e7im koordinasyon birimlerinde, faaliyetleri sevk ve idare etti. 2014 yerel se\u00e7iminde Zeytinburnu ve \u0130stanbul B\u00fcy\u00fck\u015fehir Belediye Meclis \u00dcyesi olarak se\u00e7ildi.<\/p>\n","protected":false},"featured_media":995,"template":"","gorevlendirme":[24,34],"acf":[],"yoast_head":"<!-- This site is optimized with the Yoast SEO plugin v21.5 - https:\/\/yoast.com\/wordpress\/plugins\/seo\/ -->\n<title>Saffet \u00d6Z - Zeytinburnu Belediyesi<\/title>\n<meta name=\"robots\" content=\"index, follow, max-snippet:-1, max-image-preview:large, max-video-preview:-1\" \/>\n<link rel=\"canonical\" href=\"https:\/\/zeytinburnu.istanbul\/personel\/saffet-oz\/\" \/>\n<meta property=\"og:locale\" content=\"tr_TR\" \/>\n<meta property=\"og:type\" content=\"article\" \/>\n<meta property=\"og:title\" content=\"Saffet \u00d6Z - Zeytinburnu Belediyesi\" \/>\n<meta property=\"og:description\" content=\"Mardin n\u00fcfusuna kay\u0131tl\u0131 olup 1975 do\u011fumludur. \u0130lk ve orta e\u011fitimini memleketinde bitirdikten sonra, y\u00fcksek e\u011fitimini \u0130stanbul Marmara \u00dcniversitesi Hukuk Fak\u00fcltesi\u2019nde tamamlam\u0131\u015ft\u0131r. Avukatl\u0131k staj\u0131ndan sonra, serbest avukat olarak \u00e7al\u0131\u015ft\u0131. Mesle\u011fini icra ederken, Ak Parti\u2019de siyaset ile ilgilendi.2008 tarihinden itibaren, Zeytinburnu AK Parti\u2019de birim ba\u015fkan\u0131 olarak il\u00e7e ba\u015fkan yard\u0131mc\u0131l\u0131\u011f\u0131 yapt\u0131. Se\u00e7im i\u015flerinde ve se\u00e7im koordinasyon birimlerinde, faaliyetleri [&hellip;]\" \/>\n<meta property=\"og:url\" content=\"https:\/\/zeytinburnu.istanbul\/personel\/saffet-oz\/\" \/>\n<meta property=\"og:site_name\" content=\"Zeytinburnu Belediyesi\" \/>\n<meta property=\"article:publisher\" content=\"https:\/\/web.facebook.com\/zeytinburnubld\/\" \/>\n<meta property=\"article:modified_time\" content=\"2021-08-20T12:04:02+00:00\" \/>\n<meta property=\"og:image\" content=\"https:\/\/zeytinburnu.istanbul\/wp-content\/uploads\/2021\/08\/saffet-oz.jpg\" \/>\n\t<meta property=\"og:image:width\" content=\"201\" \/>\n\t<meta property=\"og:image:height\" content=\"247\" \/>\n\t<meta property=\"og:image:type\" content=\"image\/jpeg\" \/>\n<meta name=\"twitter:card\" content=\"summary_large_image\" \/>\n<meta name=\"twitter:site\" content=\"@zeytinburnubld\" \/>\n<meta name=\"twitter:label1\" content=\"Tahmini okuma s\u00fcresi\" \/>\n\t<meta name=\"twitter:data1\" content=\"1 dakika\" \/>\n<script type=\"application\/ld+json\" class=\"yoast-schema-graph\">{\"@context\":\"https:\/\/schema.org\",\"@graph\":[{\"@type\":\"WebPage\",\"@id\":\"https:\/\/zeytinburnu.istanbul\/personel\/saffet-oz\/\",\"url\":\"https:\/\/zeytinburnu.istanbul\/personel\/saffet-oz\/\",\"name\":\"Saffet \u00d6Z - Zeytinburnu Belediyesi\",\"isPartOf\":{\"@id\":\"https:\/\/zeytinburnu.istanbul\/#website\"},\"datePublished\":\"2021-08-10T07:25:57+00:00\",\"dateModified\":\"2021-08-20T12:04:02+00:00\",\"breadcrumb\":{\"@id\":\"https:\/\/zeytinburnu.istanbul\/personel\/saffet-oz\/#breadcrumb\"},\"inLanguage\":\"tr\",\"potentialAction\":[{\"@type\":\"ReadAction\",\"target\":[\"https:\/\/zeytinburnu.istanbul\/personel\/saffet-oz\/\"]}]},{\"@type\":\"BreadcrumbList\",\"@id\":\"https:\/\/zeytinburnu.istanbul\/personel\/saffet-oz\/#breadcrumb\",\"itemListElement\":[{\"@type\":\"ListItem\",\"position\":1,\"name\":\"Anasayfa\",\"item\":\"https:\/\/zeytinburnu.istanbul\/\"},{\"@type\":\"ListItem\",\"position\":2,\"name\":\"Saffet \u00d6Z\"}]},{\"@type\":\"WebSite\",\"@id\":\"https:\/\/zeytinburnu.istanbul\/#website\",\"url\":\"https:\/\/zeytinburnu.istanbul\/\",\"name\":\"Zeytinburnu Belediyesi\",\"description\":\"\",\"potentialAction\":[{\"@type\":\"SearchAction\",\"target\":{\"@type\":\"EntryPoint\",\"urlTemplate\":\"https:\/\/zeytinburnu.istanbul\/?s={search_term_string}\"},\"query-input\":\"required name=search_term_string\"}],\"inLanguage\":\"tr\"}]}<\/script>\n<!-- \/ Yoast SEO plugin. -->","yoast_head_json":{"title":"Saffet \u00d6Z - Zeytinburnu Belediyesi","robots":{"index":"index","follow":"follow","max-snippet":"max-snippet:-1","max-image-preview":"max-image-preview:large","max-video-preview":"max-video-preview:-1"},"canonical":"https:\/\/zeytinburnu.istanbul\/personel\/saffet-oz\/","og_locale":"tr_TR","og_type":"article","og_title":"Saffet \u00d6Z - Zeytinburnu Belediyesi","og_description":"Mardin n\u00fcfusuna kay\u0131tl\u0131 olup 1975 do\u011fumludur. \u0130lk ve orta e\u011fitimini memleketinde bitirdikten sonra, y\u00fcksek e\u011fitimini \u0130stanbul Marmara \u00dcniversitesi Hukuk Fak\u00fcltesi\u2019nde tamamlam\u0131\u015ft\u0131r. Avukatl\u0131k staj\u0131ndan sonra, serbest avukat olarak \u00e7al\u0131\u015ft\u0131. Mesle\u011fini icra ederken, Ak Parti\u2019de siyaset ile ilgilendi.2008 tarihinden itibaren, Zeytinburnu AK Parti\u2019de birim ba\u015fkan\u0131 olarak il\u00e7e ba\u015fkan yard\u0131mc\u0131l\u0131\u011f\u0131 yapt\u0131. Se\u00e7im i\u015flerinde ve se\u00e7im koordinasyon birimlerinde, faaliyetleri [&hellip;]","og_url":"https:\/\/zeytinburnu.istanbul\/personel\/saffet-oz\/","og_site_name":"Zeytinburnu Belediyesi","article_publisher":"https:\/\/web.facebook.com\/zeytinburnubld\/","article_modified_time":"2021-08-20T12:04:02+00:00","og_image":[{"width":201,"height":247,"url":"https:\/\/zeytinburnu.istanbul\/wp-content\/uploads\/2021\/08\/saffet-oz.jpg","type":"image\/jpeg"}],"twitter_card":"summary_large_image","twitter_site":"@zeytinburnubld","twitter_misc":{"Tahmini okuma s\u00fcresi":"1 dakika"},"schema":{"@context":"https:\/\/schema.org","@graph":[{"@type":"WebPage","@id":"https:\/\/zeytinburnu.istanbul\/personel\/saffet-oz\/","url":"https:\/\/zeytinburnu.istanbul\/personel\/saffet-oz\/","name":"Saffet \u00d6Z - Zeytinburnu Belediyesi","isPartOf":{"@id":"https:\/\/zeytinburnu.istanbul\/#website"},"datePublished":"2021-08-10T07:25:57+00:00","dateModified":"2021-08-20T12:04:02+00:00","breadcrumb":{"@id":"https:\/\/zeytinburnu.istanbul\/personel\/saffet-oz\/#breadcrumb"},"inLanguage":"tr","potentialAction":[{"@type":"ReadAction","target":["https:\/\/zeytinburnu.istanbul\/personel\/saffet-oz\/"]}]},{"@type":"BreadcrumbList","@id":"https:\/\/zeytinburnu.istanbul\/personel\/saffet-oz\/#breadcrumb","itemListElement":[{"@type":"ListItem","position":1,"name":"Anasayfa","item":"https:\/\/zeytinburnu.istanbul\/"},{"@type":"ListItem","position":2,"name":"Saffet \u00d6Z"}]},{"@type":"WebSite","@id":"https:\/\/zeytinburnu.istanbul\/#website","url":"https:\/\/zeytinburnu.istanbul\/","name":"Zeytinburnu Belediyesi","description":"","potentialAction":[{"@type":"SearchAction","target":{"@type":"EntryPoint","urlTemplate":"https:\/\/zeytinburnu.istanbul\/?s={search_term_string}"},"query-input":"required name=search_term_string"}],"inLanguage":"tr"}]}},"meta_data":{"sidebar_tipi":"varsayilan","detay_tipi":true,"uyesi_oldugu_siyasi_parti":"","unvan":"Ba\u015fkan Yard\u0131mc\u0131s\u0131","detayli_bilgiler":{"telefon":"(0212) 413 11 11","santral":"1109","faks":"","adres":"Be\u015ftelsiz Mahallesi. Belediye Caddesi. No:5 Zeytinburnu \/ \u0130STANBUL","eposta":"soz@zeytinburnu.bel.tr","gorevler":"","belgeler_ve_detaylar":"","mevzuat":""},"image_details":{"thumbnail":{"url":"https:\/\/zeytinburnu.istanbul\/wp-content\/uploads\/2021\/08\/saffet-oz.jpg"},"full":{"file":"2021\/08\/saffet-oz.jpg","width":201,"height":247,"mime_type":"image\/jpeg","url":"https:\/\/zeytinburnu.istanbul\/wp-content\/uploads\/2021\/08\/saffet-oz.jpg"}}},"_links":{"self":[{"href":"https:\/\/zeytinburnu.istanbul\/api\/wp\/v2\/personel\/994"}],"collection":[{"href":"https:\/\/zeytinburnu.istanbul\/api\/wp\/v2\/personel"}],"about":[{"href":"https:\/\/zeytinburnu.istanbul\/api\/wp\/v2\/types\/personel"}],"wp:featuredmedia":[{"embeddable":true,"href":"https:\/\/zeytinburnu.istanbul\/api\/wp\/v2\/media\/995"}],"wp:attachment":[{"href":"https:\/\/zeytinburnu.istanbul\/api\/wp\/v2\/media?parent=994"}],"wp:term":[{"taxonomy":"gorevlendirme","embeddable":true,"href":"https:\/\/zeytinburnu.istanbul\/api\/wp\/v2\/gorevlendirme?post=994"}],"curies":[{"name":"wp","href":"https:\/\/api.w.org\/{rel}","templated":true}]}}