

{"id":726,"date":"2021-08-01T09:26:30","date_gmt":"2021-08-01T06:26:30","guid":{"rendered":"https:\/\/2021.zeytinburnu.istanbul\/?post_type=personel&#038;p=726"},"modified":"2021-09-20T10:32:02","modified_gmt":"2021-09-20T07:32:02","slug":"idris-atabay","status":"publish","type":"personel","link":"https:\/\/zeytinburnu.istanbul\/personel\/idris-atabay\/","title":{"rendered":"\u0130dris ATABAY"},"content":{"rendered":"<p>1967 y\u0131l\u0131nda Artvin Bor\u00e7ka\u2019da do\u011fdu. Y\u0131ld\u0131z \u00dcniversitesi \u0130n\u015faat M\u00fchendisli\u011fi ve Anadolu \u00dcniversitesi Muhasebe Finansman b\u00f6l\u00fcmlerinden mezun oldu. Marmara \u00dcniversitesi Kooperatif\u00e7ilik ve Bah\u00e7e\u015fehir \u00dcniversitesi Kentsel Sistemler ve Ula\u015ft\u0131rma Y\u00f6netimi bilim dallar\u0131nda y\u00fcksek lisans \u00f6\u011frenimlerini tamamlad\u0131. \u00d6zel ve kamu \u015firketlerinde proje ve \u015fantiye m\u00fchendisli\u011fi yapt\u0131ktan sonra 1997 y\u0131l\u0131nda \u0130stanbul B\u00fcy\u00fck\u015fehir Belediyesi\u2019nde devlet memuru oldu. 1997-2003 y\u0131llar\u0131aras\u0131nda m\u00fchendis,2003- 2006 y\u0131llar\u0131 aras\u0131nda \u0130stimlak M\u00fcd\u00fcr Yard\u0131mc\u0131s\u0131, 2006- 2009 y\u0131llar\u0131 aras\u0131nda \u0130stimlak M\u00fcd\u00fcr\u00fc,2009- 2014 y\u0131llar\u0131 aras\u0131nda Kentsel D\u00f6n\u00fc\u015f\u00fcm M\u00fcd\u00fcr\u00fc olarak g\u00f6rev yapt\u0131.Belediye m\u00fclklerinin sat\u0131\u015f\u0131 ve belediyeye m\u00fclk edinilmesi \u00e7al\u0131\u015fmalar\u0131nda Ba\u015fkanl\u0131k K\u0131ymet Takdir Komisyonu Ba\u015fkanl\u0131\u011f\u0131 ve Ba\u015fkanl\u0131k Uzla\u015fma Komisyonu Ba\u015fkanl\u0131\u011f\u0131 g\u00f6revlerinde bulundu. 2019-2020 y\u0131llar\u0131nda Zeytinburnu Belediyesi&#8217;nde Kentsel D\u00f6n\u00fc\u015f\u00fcm M\u00fcd\u00fcrl\u00fc\u011f\u00fc yapt\u0131. Zeytinburnu Kent Konseyi Y\u00fcr\u00fctme Kurulu \u00fcyesidir. Evli ve bir k\u0131z babas\u0131d\u0131r.<\/p>\n","protected":false},"featured_media":727,"template":"","gorevlendirme":[24],"acf":[],"yoast_head":"<!-- This site is optimized with the Yoast SEO plugin v21.5 - https:\/\/yoast.com\/wordpress\/plugins\/seo\/ -->\n<title>\u0130dris ATABAY - Zeytinburnu Belediyesi<\/title>\n<meta name=\"robots\" content=\"index, follow, max-snippet:-1, max-image-preview:large, max-video-preview:-1\" \/>\n<link rel=\"canonical\" href=\"https:\/\/zeytinburnu.istanbul\/personel\/idris-atabay\/\" \/>\n<meta property=\"og:locale\" content=\"tr_TR\" \/>\n<meta property=\"og:type\" content=\"article\" \/>\n<meta property=\"og:title\" content=\"\u0130dris ATABAY - Zeytinburnu Belediyesi\" \/>\n<meta property=\"og:description\" content=\"1967 y\u0131l\u0131nda Artvin Bor\u00e7ka\u2019da do\u011fdu. Y\u0131ld\u0131z \u00dcniversitesi \u0130n\u015faat M\u00fchendisli\u011fi ve Anadolu \u00dcniversitesi Muhasebe Finansman b\u00f6l\u00fcmlerinden mezun oldu. Marmara \u00dcniversitesi Kooperatif\u00e7ilik ve Bah\u00e7e\u015fehir \u00dcniversitesi Kentsel Sistemler ve Ula\u015ft\u0131rma Y\u00f6netimi bilim dallar\u0131nda y\u00fcksek lisans \u00f6\u011frenimlerini tamamlad\u0131. \u00d6zel ve kamu \u015firketlerinde proje ve \u015fantiye m\u00fchendisli\u011fi yapt\u0131ktan sonra 1997 y\u0131l\u0131nda \u0130stanbul B\u00fcy\u00fck\u015fehir Belediyesi\u2019nde devlet memuru oldu. 1997-2003 y\u0131llar\u0131aras\u0131nda m\u00fchendis,2003- [&hellip;]\" \/>\n<meta property=\"og:url\" content=\"https:\/\/zeytinburnu.istanbul\/personel\/idris-atabay\/\" \/>\n<meta property=\"og:site_name\" content=\"Zeytinburnu Belediyesi\" \/>\n<meta property=\"article:publisher\" content=\"https:\/\/web.facebook.com\/zeytinburnubld\/\" \/>\n<meta property=\"article:modified_time\" content=\"2021-09-20T07:32:02+00:00\" \/>\n<meta property=\"og:image\" content=\"https:\/\/zeytinburnu.istanbul\/wp-content\/uploads\/2021\/07\/idris-atabay.jpg\" \/>\n\t<meta property=\"og:image:width\" content=\"258\" \/>\n\t<meta property=\"og:image:height\" content=\"307\" \/>\n\t<meta property=\"og:image:type\" content=\"image\/jpeg\" \/>\n<meta name=\"twitter:card\" content=\"summary_large_image\" \/>\n<meta name=\"twitter:site\" content=\"@zeytinburnubld\" \/>\n<meta name=\"twitter:label1\" content=\"Tahmini okuma s\u00fcresi\" \/>\n\t<meta name=\"twitter:data1\" content=\"1 dakika\" \/>\n<script type=\"application\/ld+json\" class=\"yoast-schema-graph\">{\"@context\":\"https:\/\/schema.org\",\"@graph\":[{\"@type\":\"WebPage\",\"@id\":\"https:\/\/zeytinburnu.istanbul\/personel\/idris-atabay\/\",\"url\":\"https:\/\/zeytinburnu.istanbul\/personel\/idris-atabay\/\",\"name\":\"\u0130dris ATABAY - Zeytinburnu Belediyesi\",\"isPartOf\":{\"@id\":\"https:\/\/zeytinburnu.istanbul\/#website\"},\"datePublished\":\"2021-08-01T06:26:30+00:00\",\"dateModified\":\"2021-09-20T07:32:02+00:00\",\"breadcrumb\":{\"@id\":\"https:\/\/zeytinburnu.istanbul\/personel\/idris-atabay\/#breadcrumb\"},\"inLanguage\":\"tr\",\"potentialAction\":[{\"@type\":\"ReadAction\",\"target\":[\"https:\/\/zeytinburnu.istanbul\/personel\/idris-atabay\/\"]}]},{\"@type\":\"BreadcrumbList\",\"@id\":\"https:\/\/zeytinburnu.istanbul\/personel\/idris-atabay\/#breadcrumb\",\"itemListElement\":[{\"@type\":\"ListItem\",\"position\":1,\"name\":\"Anasayfa\",\"item\":\"https:\/\/zeytinburnu.istanbul\/\"},{\"@type\":\"ListItem\",\"position\":2,\"name\":\"\u0130dris ATABAY\"}]},{\"@type\":\"WebSite\",\"@id\":\"https:\/\/zeytinburnu.istanbul\/#website\",\"url\":\"https:\/\/zeytinburnu.istanbul\/\",\"name\":\"Zeytinburnu Belediyesi\",\"description\":\"\",\"potentialAction\":[{\"@type\":\"SearchAction\",\"target\":{\"@type\":\"EntryPoint\",\"urlTemplate\":\"https:\/\/zeytinburnu.istanbul\/?s={search_term_string}\"},\"query-input\":\"required name=search_term_string\"}],\"inLanguage\":\"tr\"}]}<\/script>\n<!-- \/ Yoast SEO plugin. -->","yoast_head_json":{"title":"\u0130dris ATABAY - Zeytinburnu Belediyesi","robots":{"index":"index","follow":"follow","max-snippet":"max-snippet:-1","max-image-preview":"max-image-preview:large","max-video-preview":"max-video-preview:-1"},"canonical":"https:\/\/zeytinburnu.istanbul\/personel\/idris-atabay\/","og_locale":"tr_TR","og_type":"article","og_title":"\u0130dris ATABAY - Zeytinburnu Belediyesi","og_description":"1967 y\u0131l\u0131nda Artvin Bor\u00e7ka\u2019da do\u011fdu. Y\u0131ld\u0131z \u00dcniversitesi \u0130n\u015faat M\u00fchendisli\u011fi ve Anadolu \u00dcniversitesi Muhasebe Finansman b\u00f6l\u00fcmlerinden mezun oldu. Marmara \u00dcniversitesi Kooperatif\u00e7ilik ve Bah\u00e7e\u015fehir \u00dcniversitesi Kentsel Sistemler ve Ula\u015ft\u0131rma Y\u00f6netimi bilim dallar\u0131nda y\u00fcksek lisans \u00f6\u011frenimlerini tamamlad\u0131. \u00d6zel ve kamu \u015firketlerinde proje ve \u015fantiye m\u00fchendisli\u011fi yapt\u0131ktan sonra 1997 y\u0131l\u0131nda \u0130stanbul B\u00fcy\u00fck\u015fehir Belediyesi\u2019nde devlet memuru oldu. 1997-2003 y\u0131llar\u0131aras\u0131nda m\u00fchendis,2003- [&hellip;]","og_url":"https:\/\/zeytinburnu.istanbul\/personel\/idris-atabay\/","og_site_name":"Zeytinburnu Belediyesi","article_publisher":"https:\/\/web.facebook.com\/zeytinburnubld\/","article_modified_time":"2021-09-20T07:32:02+00:00","og_image":[{"width":258,"height":307,"url":"https:\/\/zeytinburnu.istanbul\/wp-content\/uploads\/2021\/07\/idris-atabay.jpg","type":"image\/jpeg"}],"twitter_card":"summary_large_image","twitter_site":"@zeytinburnubld","twitter_misc":{"Tahmini okuma s\u00fcresi":"1 dakika"},"schema":{"@context":"https:\/\/schema.org","@graph":[{"@type":"WebPage","@id":"https:\/\/zeytinburnu.istanbul\/personel\/idris-atabay\/","url":"https:\/\/zeytinburnu.istanbul\/personel\/idris-atabay\/","name":"\u0130dris ATABAY - Zeytinburnu Belediyesi","isPartOf":{"@id":"https:\/\/zeytinburnu.istanbul\/#website"},"datePublished":"2021-08-01T06:26:30+00:00","dateModified":"2021-09-20T07:32:02+00:00","breadcrumb":{"@id":"https:\/\/zeytinburnu.istanbul\/personel\/idris-atabay\/#breadcrumb"},"inLanguage":"tr","potentialAction":[{"@type":"ReadAction","target":["https:\/\/zeytinburnu.istanbul\/personel\/idris-atabay\/"]}]},{"@type":"BreadcrumbList","@id":"https:\/\/zeytinburnu.istanbul\/personel\/idris-atabay\/#breadcrumb","itemListElement":[{"@type":"ListItem","position":1,"name":"Anasayfa","item":"https:\/\/zeytinburnu.istanbul\/"},{"@type":"ListItem","position":2,"name":"\u0130dris ATABAY"}]},{"@type":"WebSite","@id":"https:\/\/zeytinburnu.istanbul\/#website","url":"https:\/\/zeytinburnu.istanbul\/","name":"Zeytinburnu Belediyesi","description":"","potentialAction":[{"@type":"SearchAction","target":{"@type":"EntryPoint","urlTemplate":"https:\/\/zeytinburnu.istanbul\/?s={search_term_string}"},"query-input":"required name=search_term_string"}],"inLanguage":"tr"}]}},"meta_data":{"sidebar_tipi":"varsayilan","detay_tipi":true,"uyesi_oldugu_siyasi_parti":"","detayli_bilgiler":{"telefon":"0212 413 11 11","santral":"","faks":"","adres":"Be\u015ftelsiz Mahallesi. Belediye Caddesi. No:5 Zeytinburnu \/ \u0130STANBUL","eposta":"idris.atabay@zeytinburnu.bel.tr","gorevler":"<h3>HUKUK \u0130\u015eLER\u0130 M\u00dcD\u00dcRL\u00dc\u011e\u00dc&#8217;N\u00dcN G\u00d6REVLER\u0130<\/h3>\n<p>Zeytinburnu Belediyesi ad\u0131na adli, idari ve askeri mercilerde dava a\u00e7mak, a\u00e7\u0131lm\u0131\u015f davalar\u0131 y\u00fcr\u00fctmek ve neticelendirmek. Bilumum adli, idari ve askeri kazai mercilerde belediyemize kar\u015f\u0131 a\u00e7\u0131lm\u0131\u015f olan dava ve icra takiplerini y\u00fcr\u00fctmek ve neticelendirmek. Adli, idari ve askeri yarg\u0131 mercilerinden, hakemlerden, icra dairelerinden veya noterlerden belediyemize yap\u0131lacak tebligatlar\u0131 Zeytinburnu Belediyesi ad\u0131na tebell\u00fc\u011f ederek hukuki gereklerini yerine getirmek. Belediyemiz icraat\u0131n\u0131n hukuka uygunlu\u011funu temin i\u00e7in, di\u011fer idari birimlerce sorulan hususlar hakk\u0131nda hukuki g\u00f6r\u00fc\u015f bildirmek.<\/p>\n","belgeler_ve_detaylar":"<h4>H\u0130ZMET STANDARTLARI TABLOSU<\/h4>\n<ul>\n<li><a href=\"http:\/\/127.0.0.1:5500\/frontend\/ftp\/uye-detay-gelismis.html#\">HUKUK \u0130\u015eLER\u0130 M\u00dcD\u00dcRL\u00dc\u011e\u00dc KAMU H\u0130ZMET STANDARTLARI TABLOSU<\/a><\/li>\n<\/ul>\n<h4>Y\u00d6NETMEL\u0130KLER VE \u0130LG\u0130L\u0130 D\u00d6K\u00dcMANLAR<\/h4>\n<ul>\n<li><a href=\"http:\/\/127.0.0.1:5500\/frontend\/ftp\/uye-detay-gelismis.html#\">Arabuluculuk Komisyonu<\/a><\/li>\n<li><a href=\"http:\/\/127.0.0.1:5500\/frontend\/ftp\/uye-detay-gelismis.html#\">04.01.2018 Hukuk \u0130\u015fleri M\u00fcd\u00fcrl\u00fc\u011f\u00fc G\u00f6rev ve \u00c7al\u0131\u015fma Y\u00f6netmeli\u011fi<\/a><\/li>\n<li><a href=\"http:\/\/127.0.0.1:5500\/frontend\/ftp\/uye-detay-gelismis.html#\">Hukuk \u0130\u015fleri M\u00fcd\u00fcrl\u00fc\u011f\u00fc G\u00f6rev ve \u00c7al\u0131\u015fma Y\u00f6netmeli\u011fi<\/a><\/li>\n<\/ul>\n<h4>FAAL\u0130YET RAPORLARI<\/h4>\n<ul>\n<li><a href=\"http:\/\/127.0.0.1:5500\/frontend\/ftp\/uye-detay-gelismis.html#\">2020 Y\u0131l\u0131 Faaliyet Raporu<\/a><\/li>\n<li><a href=\"http:\/\/127.0.0.1:5500\/frontend\/ftp\/uye-detay-gelismis.html#\">2019 Y\u0131l\u0131 Faaliyet Raporu<\/a><\/li>\n<\/ul>\n<h4>HABERLER<\/h4>\n<ul>\n<li><a href=\"http:\/\/127.0.0.1:5500\/frontend\/ftp\/uye-detay-gelismis.html#\">Hukuk \u0130\u015fleri M\u00fcd\u00fcrl\u00fc\u011f\u00fc sorumluluklar\u0131n\u0131n bilinciyle \u00e7al\u0131\u015fmalar\u0131n\u0131 s\u00fcr\u00fcd\u00fcr\u00fcyor<\/a><\/li>\n<li><a href=\"http:\/\/127.0.0.1:5500\/frontend\/ftp\/uye-detay-gelismis.html#\">Mahkeme 5272 say\u0131l\u0131 kanunu, \u015fekil y\u00f6n\u00fcnden iptal etti<\/a><\/li>\n<li><a href=\"http:\/\/127.0.0.1:5500\/frontend\/ftp\/uye-detay-gelismis.html#\">Belediye Kanununda de\u011fi\u015fiklik yap\u0131ld\u0131<\/a><\/li>\n<\/ul>\n","mevzuat":""},"unvan":"Ba\u015fkan Yard\u0131mc\u0131s\u0131","image_details":{"thumbnail":{"url":"https:\/\/zeytinburnu.istanbul\/wp-content\/uploads\/2021\/07\/idris-atabay.jpg"},"full":{"file":"2021\/07\/idris-atabay.jpg","width":258,"height":307,"mime_type":"image\/jpeg","url":"https:\/\/zeytinburnu.istanbul\/wp-content\/uploads\/2021\/07\/idris-atabay.jpg"}}},"_links":{"self":[{"href":"https:\/\/zeytinburnu.istanbul\/api\/wp\/v2\/personel\/726"}],"collection":[{"href":"https:\/\/zeytinburnu.istanbul\/api\/wp\/v2\/personel"}],"about":[{"href":"https:\/\/zeytinburnu.istanbul\/api\/wp\/v2\/types\/personel"}],"wp:featuredmedia":[{"embeddable":true,"href":"https:\/\/zeytinburnu.istanbul\/api\/wp\/v2\/media\/727"}],"wp:attachment":[{"href":"https:\/\/zeytinburnu.istanbul\/api\/wp\/v2\/media?parent=726"}],"wp:term":[{"taxonomy":"gorevlendirme","embeddable":true,"href":"https:\/\/zeytinburnu.istanbul\/api\/wp\/v2\/gorevlendirme?post=726"}],"curies":[{"name":"wp","href":"https:\/\/api.w.org\/{rel}","templated":true}]}}