

{"id":64053,"date":"2024-01-05T14:43:54","date_gmt":"2024-01-05T11:43:54","guid":{"rendered":"https:\/\/zeytinburnu.istanbul\/?post_type=personel&#038;p=64053"},"modified":"2024-06-05T14:49:06","modified_gmt":"2024-06-05T11:49:06","slug":"ozdenur-senturk","status":"publish","type":"personel","link":"https:\/\/zeytinburnu.istanbul\/personel\/ozdenur-senturk\/","title":{"rendered":"\u00d6zdenur \u015eENT\u00dcRK"},"content":{"rendered":"<p>1999 y\u0131l\u0131nda Zeytinburnu&#8217;nda do\u011fdu. Bak\u0131rk\u00f6y 70. Y\u0131l Anadolu Sa\u011fl\u0131k Meslek Lisesi hem\u015firelik b\u00f6l\u00fcm\u00fcn\u00fc derece ile bitirdi. \u00dcniversite \u00f6\u011frenimi s\u0131ras\u0131nda sa\u011fl\u0131k turizm yetki belgesi alarak uluslararas\u0131 sa\u011fl\u0131k sekt\u00f6r\u00fcnde yer ald\u0131. Fizyoterapi ve rehabilitasyon b\u00f6l\u00fcmlerinde \u00e7ift anadal yaparak sa\u011fl\u0131k y\u00f6netimi e\u011fitimini tamamlad\u0131. Hali\u00e7 \u00dcniversitesi g\u00f6n\u00fcll\u00fcl\u00fck kul\u00fcb\u00fc proje koordinat\u00f6rl\u00fc\u011f\u00fc, Bilkent \u00dcniversitesi TDP zirvesinde yer ald\u0131. CHP gen\u00e7lik kollar\u0131nda e\u011fitim sekreterli\u011fi ve genel sekreterlik g\u00f6revlerini \u00fcstlendi. Aktif olarak sa\u011fl\u0131k sekt\u00f6r\u00fcnde i\u015f hayat\u0131na devam etmektedir.<\/p>\n","protected":false},"featured_media":64052,"template":"","gorevlendirme":[25],"acf":[],"yoast_head":"<!-- This site is optimized with the Yoast SEO plugin v21.5 - https:\/\/yoast.com\/wordpress\/plugins\/seo\/ -->\n<title>\u00d6zdenur \u015eENT\u00dcRK - Zeytinburnu Belediyesi<\/title>\n<meta name=\"robots\" content=\"index, follow, max-snippet:-1, max-image-preview:large, max-video-preview:-1\" \/>\n<link rel=\"canonical\" href=\"https:\/\/zeytinburnu.istanbul\/personel\/ozdenur-senturk\/\" \/>\n<meta property=\"og:locale\" content=\"tr_TR\" \/>\n<meta property=\"og:type\" content=\"article\" \/>\n<meta property=\"og:title\" content=\"\u00d6zdenur \u015eENT\u00dcRK - Zeytinburnu Belediyesi\" \/>\n<meta property=\"og:description\" content=\"1999 y\u0131l\u0131nda Zeytinburnu&#8217;nda do\u011fdu. Bak\u0131rk\u00f6y 70. Y\u0131l Anadolu Sa\u011fl\u0131k Meslek Lisesi hem\u015firelik b\u00f6l\u00fcm\u00fcn\u00fc derece ile bitirdi. \u00dcniversite \u00f6\u011frenimi s\u0131ras\u0131nda sa\u011fl\u0131k turizm yetki belgesi alarak uluslararas\u0131 sa\u011fl\u0131k sekt\u00f6r\u00fcnde yer ald\u0131. Fizyoterapi ve rehabilitasyon b\u00f6l\u00fcmlerinde \u00e7ift anadal yaparak sa\u011fl\u0131k y\u00f6netimi e\u011fitimini tamamlad\u0131. Hali\u00e7 \u00dcniversitesi g\u00f6n\u00fcll\u00fcl\u00fck kul\u00fcb\u00fc proje koordinat\u00f6rl\u00fc\u011f\u00fc, Bilkent \u00dcniversitesi TDP zirvesinde yer ald\u0131. CHP gen\u00e7lik kollar\u0131nda [&hellip;]\" \/>\n<meta property=\"og:url\" content=\"https:\/\/zeytinburnu.istanbul\/personel\/ozdenur-senturk\/\" \/>\n<meta property=\"og:site_name\" content=\"Zeytinburnu Belediyesi\" \/>\n<meta property=\"article:publisher\" content=\"https:\/\/web.facebook.com\/zeytinburnubld\/\" \/>\n<meta property=\"article:modified_time\" content=\"2024-06-05T11:49:06+00:00\" \/>\n<meta property=\"og:image\" content=\"https:\/\/zeytinburnu.istanbul\/wp-content\/uploads\/2024\/06\/ozdeursenturk.jpg\" \/>\n\t<meta property=\"og:image:width\" content=\"228\" \/>\n\t<meta property=\"og:image:height\" content=\"288\" \/>\n\t<meta property=\"og:image:type\" content=\"image\/jpeg\" \/>\n<meta name=\"twitter:card\" content=\"summary_large_image\" \/>\n<meta name=\"twitter:site\" content=\"@zeytinburnubld\" \/>\n<meta name=\"twitter:label1\" content=\"Tahmini okuma s\u00fcresi\" \/>\n\t<meta name=\"twitter:data1\" content=\"1 dakika\" \/>\n<script type=\"application\/ld+json\" class=\"yoast-schema-graph\">{\"@context\":\"https:\/\/schema.org\",\"@graph\":[{\"@type\":\"WebPage\",\"@id\":\"https:\/\/zeytinburnu.istanbul\/personel\/ozdenur-senturk\/\",\"url\":\"https:\/\/zeytinburnu.istanbul\/personel\/ozdenur-senturk\/\",\"name\":\"\u00d6zdenur \u015eENT\u00dcRK - Zeytinburnu Belediyesi\",\"isPartOf\":{\"@id\":\"https:\/\/zeytinburnu.istanbul\/#website\"},\"datePublished\":\"2024-01-05T11:43:54+00:00\",\"dateModified\":\"2024-06-05T11:49:06+00:00\",\"breadcrumb\":{\"@id\":\"https:\/\/zeytinburnu.istanbul\/personel\/ozdenur-senturk\/#breadcrumb\"},\"inLanguage\":\"tr\",\"potentialAction\":[{\"@type\":\"ReadAction\",\"target\":[\"https:\/\/zeytinburnu.istanbul\/personel\/ozdenur-senturk\/\"]}]},{\"@type\":\"BreadcrumbList\",\"@id\":\"https:\/\/zeytinburnu.istanbul\/personel\/ozdenur-senturk\/#breadcrumb\",\"itemListElement\":[{\"@type\":\"ListItem\",\"position\":1,\"name\":\"Anasayfa\",\"item\":\"https:\/\/zeytinburnu.istanbul\/\"},{\"@type\":\"ListItem\",\"position\":2,\"name\":\"\u00d6zdenur \u015eENT\u00dcRK\"}]},{\"@type\":\"WebSite\",\"@id\":\"https:\/\/zeytinburnu.istanbul\/#website\",\"url\":\"https:\/\/zeytinburnu.istanbul\/\",\"name\":\"Zeytinburnu Belediyesi\",\"description\":\"\",\"potentialAction\":[{\"@type\":\"SearchAction\",\"target\":{\"@type\":\"EntryPoint\",\"urlTemplate\":\"https:\/\/zeytinburnu.istanbul\/?s={search_term_string}\"},\"query-input\":\"required name=search_term_string\"}],\"inLanguage\":\"tr\"}]}<\/script>\n<!-- \/ Yoast SEO plugin. -->","yoast_head_json":{"title":"\u00d6zdenur \u015eENT\u00dcRK - Zeytinburnu Belediyesi","robots":{"index":"index","follow":"follow","max-snippet":"max-snippet:-1","max-image-preview":"max-image-preview:large","max-video-preview":"max-video-preview:-1"},"canonical":"https:\/\/zeytinburnu.istanbul\/personel\/ozdenur-senturk\/","og_locale":"tr_TR","og_type":"article","og_title":"\u00d6zdenur \u015eENT\u00dcRK - Zeytinburnu Belediyesi","og_description":"1999 y\u0131l\u0131nda Zeytinburnu&#8217;nda do\u011fdu. Bak\u0131rk\u00f6y 70. Y\u0131l Anadolu Sa\u011fl\u0131k Meslek Lisesi hem\u015firelik b\u00f6l\u00fcm\u00fcn\u00fc derece ile bitirdi. \u00dcniversite \u00f6\u011frenimi s\u0131ras\u0131nda sa\u011fl\u0131k turizm yetki belgesi alarak uluslararas\u0131 sa\u011fl\u0131k sekt\u00f6r\u00fcnde yer ald\u0131. Fizyoterapi ve rehabilitasyon b\u00f6l\u00fcmlerinde \u00e7ift anadal yaparak sa\u011fl\u0131k y\u00f6netimi e\u011fitimini tamamlad\u0131. Hali\u00e7 \u00dcniversitesi g\u00f6n\u00fcll\u00fcl\u00fck kul\u00fcb\u00fc proje koordinat\u00f6rl\u00fc\u011f\u00fc, Bilkent \u00dcniversitesi TDP zirvesinde yer ald\u0131. CHP gen\u00e7lik kollar\u0131nda [&hellip;]","og_url":"https:\/\/zeytinburnu.istanbul\/personel\/ozdenur-senturk\/","og_site_name":"Zeytinburnu Belediyesi","article_publisher":"https:\/\/web.facebook.com\/zeytinburnubld\/","article_modified_time":"2024-06-05T11:49:06+00:00","og_image":[{"width":228,"height":288,"url":"https:\/\/zeytinburnu.istanbul\/wp-content\/uploads\/2024\/06\/ozdeursenturk.jpg","type":"image\/jpeg"}],"twitter_card":"summary_large_image","twitter_site":"@zeytinburnubld","twitter_misc":{"Tahmini okuma s\u00fcresi":"1 dakika"},"schema":{"@context":"https:\/\/schema.org","@graph":[{"@type":"WebPage","@id":"https:\/\/zeytinburnu.istanbul\/personel\/ozdenur-senturk\/","url":"https:\/\/zeytinburnu.istanbul\/personel\/ozdenur-senturk\/","name":"\u00d6zdenur \u015eENT\u00dcRK - Zeytinburnu Belediyesi","isPartOf":{"@id":"https:\/\/zeytinburnu.istanbul\/#website"},"datePublished":"2024-01-05T11:43:54+00:00","dateModified":"2024-06-05T11:49:06+00:00","breadcrumb":{"@id":"https:\/\/zeytinburnu.istanbul\/personel\/ozdenur-senturk\/#breadcrumb"},"inLanguage":"tr","potentialAction":[{"@type":"ReadAction","target":["https:\/\/zeytinburnu.istanbul\/personel\/ozdenur-senturk\/"]}]},{"@type":"BreadcrumbList","@id":"https:\/\/zeytinburnu.istanbul\/personel\/ozdenur-senturk\/#breadcrumb","itemListElement":[{"@type":"ListItem","position":1,"name":"Anasayfa","item":"https:\/\/zeytinburnu.istanbul\/"},{"@type":"ListItem","position":2,"name":"\u00d6zdenur \u015eENT\u00dcRK"}]},{"@type":"WebSite","@id":"https:\/\/zeytinburnu.istanbul\/#website","url":"https:\/\/zeytinburnu.istanbul\/","name":"Zeytinburnu Belediyesi","description":"","potentialAction":[{"@type":"SearchAction","target":{"@type":"EntryPoint","urlTemplate":"https:\/\/zeytinburnu.istanbul\/?s={search_term_string}"},"query-input":"required name=search_term_string"}],"inLanguage":"tr"}]}},"meta_data":{"sidebar_tipi":"varsayilan","detay_tipi":false,"uyesi_oldugu_siyasi_parti":"CHP","unvan":"","image_details":{"thumbnail":{"url":"https:\/\/zeytinburnu.istanbul\/wp-content\/uploads\/2024\/06\/ozdeursenturk.jpg"},"full":{"file":"2024\/06\/ozdeursenturk.jpg","width":228,"height":288,"mime_type":"image\/jpeg","url":"https:\/\/zeytinburnu.istanbul\/wp-content\/uploads\/2024\/06\/ozdeursenturk.jpg"}}},"_links":{"self":[{"href":"https:\/\/zeytinburnu.istanbul\/api\/wp\/v2\/personel\/64053"}],"collection":[{"href":"https:\/\/zeytinburnu.istanbul\/api\/wp\/v2\/personel"}],"about":[{"href":"https:\/\/zeytinburnu.istanbul\/api\/wp\/v2\/types\/personel"}],"wp:featuredmedia":[{"embeddable":true,"href":"https:\/\/zeytinburnu.istanbul\/api\/wp\/v2\/media\/64052"}],"wp:attachment":[{"href":"https:\/\/zeytinburnu.istanbul\/api\/wp\/v2\/media?parent=64053"}],"wp:term":[{"taxonomy":"gorevlendirme","embeddable":true,"href":"https:\/\/zeytinburnu.istanbul\/api\/wp\/v2\/gorevlendirme?post=64053"}],"curies":[{"name":"wp","href":"https:\/\/api.w.org\/{rel}","templated":true}]}}