

{"id":63164,"date":"2024-05-10T08:06:28","date_gmt":"2024-05-10T05:06:28","guid":{"rendered":"https:\/\/zeytinburnu.istanbul\/?post_type=personel&#038;p=63164"},"modified":"2024-05-10T23:05:31","modified_gmt":"2024-05-10T20:05:31","slug":"fahrettin-karakilic","status":"publish","type":"personel","link":"https:\/\/zeytinburnu.istanbul\/personel\/fahrettin-karakilic\/","title":{"rendered":"Fahrettin KARAKILI\u00c7"},"content":{"rendered":"<p>1968 y\u0131l\u0131nda Giresun\u2019un Piraziz il\u00e7esine ba\u011fl\u0131 K\u0131l\u0131\u00e7l\u0131 k\u00f6y\u00fcnde do\u011fdu.\u00a0\u0130lkokulu burada bitirdikten sonra orta ve lise e\u011fitimini Bulancak \u2018ta tamamlayarak \u0130stanbul\u2019a \u00fcn\u00fcversite e\u011fitimi i\u00e7in geldi e\u011fitimini yar\u0131da b\u0131rak\u0131p i\u015f hayat\u0131na at\u0131ld\u0131 37 y\u0131l\u0131 a\u015fk\u0131n matbaa sekt\u00f6r\u00fcnde y\u00f6neticilik ve i\u015f ortakl\u0131\u011f\u0131 yapt\u0131\u00a0 \u00e7e\u015fitli sivil toplum kurulu\u015flar\u0131nda ve hem\u015fehri derneklerinde uzun bir s\u00fcre y\u00f6netim kurulu ba\u015fkanl\u0131\u011f\u0131 yapt\u0131. Bir erkek birde k\u0131z \u00e7ocu\u011fu babas\u0131d\u0131r.<\/p>\n","protected":false},"featured_media":63634,"template":"","gorevlendirme":[25],"acf":[],"yoast_head":"<!-- This site is optimized with the Yoast SEO plugin v21.5 - https:\/\/yoast.com\/wordpress\/plugins\/seo\/ -->\n<title>Fahrettin KARAKILI\u00c7 - Zeytinburnu Belediyesi<\/title>\n<meta name=\"robots\" content=\"index, follow, max-snippet:-1, max-image-preview:large, max-video-preview:-1\" \/>\n<link rel=\"canonical\" href=\"https:\/\/zeytinburnu.istanbul\/personel\/fahrettin-karakilic\/\" \/>\n<meta property=\"og:locale\" content=\"tr_TR\" \/>\n<meta property=\"og:type\" content=\"article\" \/>\n<meta property=\"og:title\" content=\"Fahrettin KARAKILI\u00c7 - Zeytinburnu Belediyesi\" \/>\n<meta property=\"og:description\" content=\"1968 y\u0131l\u0131nda Giresun\u2019un Piraziz il\u00e7esine ba\u011fl\u0131 K\u0131l\u0131\u00e7l\u0131 k\u00f6y\u00fcnde do\u011fdu.\u00a0\u0130lkokulu burada bitirdikten sonra orta ve lise e\u011fitimini Bulancak \u2018ta tamamlayarak \u0130stanbul\u2019a \u00fcn\u00fcversite e\u011fitimi i\u00e7in geldi e\u011fitimini yar\u0131da b\u0131rak\u0131p i\u015f hayat\u0131na at\u0131ld\u0131 37 y\u0131l\u0131 a\u015fk\u0131n matbaa sekt\u00f6r\u00fcnde y\u00f6neticilik ve i\u015f ortakl\u0131\u011f\u0131 yapt\u0131\u00a0 \u00e7e\u015fitli sivil toplum kurulu\u015flar\u0131nda ve hem\u015fehri derneklerinde uzun bir s\u00fcre y\u00f6netim kurulu ba\u015fkanl\u0131\u011f\u0131 yapt\u0131. Bir [&hellip;]\" \/>\n<meta property=\"og:url\" content=\"https:\/\/zeytinburnu.istanbul\/personel\/fahrettin-karakilic\/\" \/>\n<meta property=\"og:site_name\" content=\"Zeytinburnu Belediyesi\" \/>\n<meta property=\"article:publisher\" content=\"https:\/\/web.facebook.com\/zeytinburnubld\/\" \/>\n<meta property=\"article:modified_time\" content=\"2024-05-10T20:05:31+00:00\" \/>\n<meta property=\"og:image\" content=\"https:\/\/zeytinburnu.istanbul\/wp-content\/uploads\/2024\/05\/fahrettinkarakilic.jpg\" \/>\n\t<meta property=\"og:image:width\" content=\"210\" \/>\n\t<meta property=\"og:image:height\" content=\"208\" \/>\n\t<meta property=\"og:image:type\" content=\"image\/jpeg\" \/>\n<meta name=\"twitter:card\" content=\"summary_large_image\" \/>\n<meta name=\"twitter:site\" content=\"@zeytinburnubld\" \/>\n<meta name=\"twitter:label1\" content=\"Tahmini okuma s\u00fcresi\" \/>\n\t<meta name=\"twitter:data1\" content=\"1 dakika\" \/>\n<script type=\"application\/ld+json\" class=\"yoast-schema-graph\">{\"@context\":\"https:\/\/schema.org\",\"@graph\":[{\"@type\":\"WebPage\",\"@id\":\"https:\/\/zeytinburnu.istanbul\/personel\/fahrettin-karakilic\/\",\"url\":\"https:\/\/zeytinburnu.istanbul\/personel\/fahrettin-karakilic\/\",\"name\":\"Fahrettin KARAKILI\u00c7 - Zeytinburnu Belediyesi\",\"isPartOf\":{\"@id\":\"https:\/\/zeytinburnu.istanbul\/#website\"},\"datePublished\":\"2024-05-10T05:06:28+00:00\",\"dateModified\":\"2024-05-10T20:05:31+00:00\",\"breadcrumb\":{\"@id\":\"https:\/\/zeytinburnu.istanbul\/personel\/fahrettin-karakilic\/#breadcrumb\"},\"inLanguage\":\"tr\",\"potentialAction\":[{\"@type\":\"ReadAction\",\"target\":[\"https:\/\/zeytinburnu.istanbul\/personel\/fahrettin-karakilic\/\"]}]},{\"@type\":\"BreadcrumbList\",\"@id\":\"https:\/\/zeytinburnu.istanbul\/personel\/fahrettin-karakilic\/#breadcrumb\",\"itemListElement\":[{\"@type\":\"ListItem\",\"position\":1,\"name\":\"Anasayfa\",\"item\":\"https:\/\/zeytinburnu.istanbul\/\"},{\"@type\":\"ListItem\",\"position\":2,\"name\":\"Fahrettin KARAKILI\u00c7\"}]},{\"@type\":\"WebSite\",\"@id\":\"https:\/\/zeytinburnu.istanbul\/#website\",\"url\":\"https:\/\/zeytinburnu.istanbul\/\",\"name\":\"Zeytinburnu Belediyesi\",\"description\":\"\",\"potentialAction\":[{\"@type\":\"SearchAction\",\"target\":{\"@type\":\"EntryPoint\",\"urlTemplate\":\"https:\/\/zeytinburnu.istanbul\/?s={search_term_string}\"},\"query-input\":\"required name=search_term_string\"}],\"inLanguage\":\"tr\"}]}<\/script>\n<!-- \/ Yoast SEO plugin. -->","yoast_head_json":{"title":"Fahrettin KARAKILI\u00c7 - Zeytinburnu Belediyesi","robots":{"index":"index","follow":"follow","max-snippet":"max-snippet:-1","max-image-preview":"max-image-preview:large","max-video-preview":"max-video-preview:-1"},"canonical":"https:\/\/zeytinburnu.istanbul\/personel\/fahrettin-karakilic\/","og_locale":"tr_TR","og_type":"article","og_title":"Fahrettin KARAKILI\u00c7 - Zeytinburnu Belediyesi","og_description":"1968 y\u0131l\u0131nda Giresun\u2019un Piraziz il\u00e7esine ba\u011fl\u0131 K\u0131l\u0131\u00e7l\u0131 k\u00f6y\u00fcnde do\u011fdu.\u00a0\u0130lkokulu burada bitirdikten sonra orta ve lise e\u011fitimini Bulancak \u2018ta tamamlayarak \u0130stanbul\u2019a \u00fcn\u00fcversite e\u011fitimi i\u00e7in geldi e\u011fitimini yar\u0131da b\u0131rak\u0131p i\u015f hayat\u0131na at\u0131ld\u0131 37 y\u0131l\u0131 a\u015fk\u0131n matbaa sekt\u00f6r\u00fcnde y\u00f6neticilik ve i\u015f ortakl\u0131\u011f\u0131 yapt\u0131\u00a0 \u00e7e\u015fitli sivil toplum kurulu\u015flar\u0131nda ve hem\u015fehri derneklerinde uzun bir s\u00fcre y\u00f6netim kurulu ba\u015fkanl\u0131\u011f\u0131 yapt\u0131. Bir [&hellip;]","og_url":"https:\/\/zeytinburnu.istanbul\/personel\/fahrettin-karakilic\/","og_site_name":"Zeytinburnu Belediyesi","article_publisher":"https:\/\/web.facebook.com\/zeytinburnubld\/","article_modified_time":"2024-05-10T20:05:31+00:00","og_image":[{"width":210,"height":208,"url":"https:\/\/zeytinburnu.istanbul\/wp-content\/uploads\/2024\/05\/fahrettinkarakilic.jpg","type":"image\/jpeg"}],"twitter_card":"summary_large_image","twitter_site":"@zeytinburnubld","twitter_misc":{"Tahmini okuma s\u00fcresi":"1 dakika"},"schema":{"@context":"https:\/\/schema.org","@graph":[{"@type":"WebPage","@id":"https:\/\/zeytinburnu.istanbul\/personel\/fahrettin-karakilic\/","url":"https:\/\/zeytinburnu.istanbul\/personel\/fahrettin-karakilic\/","name":"Fahrettin KARAKILI\u00c7 - Zeytinburnu Belediyesi","isPartOf":{"@id":"https:\/\/zeytinburnu.istanbul\/#website"},"datePublished":"2024-05-10T05:06:28+00:00","dateModified":"2024-05-10T20:05:31+00:00","breadcrumb":{"@id":"https:\/\/zeytinburnu.istanbul\/personel\/fahrettin-karakilic\/#breadcrumb"},"inLanguage":"tr","potentialAction":[{"@type":"ReadAction","target":["https:\/\/zeytinburnu.istanbul\/personel\/fahrettin-karakilic\/"]}]},{"@type":"BreadcrumbList","@id":"https:\/\/zeytinburnu.istanbul\/personel\/fahrettin-karakilic\/#breadcrumb","itemListElement":[{"@type":"ListItem","position":1,"name":"Anasayfa","item":"https:\/\/zeytinburnu.istanbul\/"},{"@type":"ListItem","position":2,"name":"Fahrettin KARAKILI\u00c7"}]},{"@type":"WebSite","@id":"https:\/\/zeytinburnu.istanbul\/#website","url":"https:\/\/zeytinburnu.istanbul\/","name":"Zeytinburnu Belediyesi","description":"","potentialAction":[{"@type":"SearchAction","target":{"@type":"EntryPoint","urlTemplate":"https:\/\/zeytinburnu.istanbul\/?s={search_term_string}"},"query-input":"required name=search_term_string"}],"inLanguage":"tr"}]}},"meta_data":{"sidebar_tipi":"varsayilan","detay_tipi":false,"uyesi_oldugu_siyasi_parti":"CHP","unvan":"","image_details":{"thumbnail":{"url":"https:\/\/zeytinburnu.istanbul\/wp-content\/uploads\/2024\/05\/fahrettinkarakilic.jpg"},"full":{"file":"2024\/05\/fahrettinkarakilic.jpg","width":210,"height":208,"mime_type":"image\/jpeg","url":"https:\/\/zeytinburnu.istanbul\/wp-content\/uploads\/2024\/05\/fahrettinkarakilic.jpg"}}},"_links":{"self":[{"href":"https:\/\/zeytinburnu.istanbul\/api\/wp\/v2\/personel\/63164"}],"collection":[{"href":"https:\/\/zeytinburnu.istanbul\/api\/wp\/v2\/personel"}],"about":[{"href":"https:\/\/zeytinburnu.istanbul\/api\/wp\/v2\/types\/personel"}],"wp:featuredmedia":[{"embeddable":true,"href":"https:\/\/zeytinburnu.istanbul\/api\/wp\/v2\/media\/63634"}],"wp:attachment":[{"href":"https:\/\/zeytinburnu.istanbul\/api\/wp\/v2\/media?parent=63164"}],"wp:term":[{"taxonomy":"gorevlendirme","embeddable":true,"href":"https:\/\/zeytinburnu.istanbul\/api\/wp\/v2\/gorevlendirme?post=63164"}],"curies":[{"name":"wp","href":"https:\/\/api.w.org\/{rel}","templated":true}]}}