

{"id":63161,"date":"2024-05-10T09:05:51","date_gmt":"2024-05-10T06:05:51","guid":{"rendered":"https:\/\/zeytinburnu.istanbul\/?post_type=personel&#038;p=63161"},"modified":"2024-05-10T23:14:05","modified_gmt":"2024-05-10T20:14:05","slug":"adem-uluocak-2","status":"publish","type":"personel","link":"https:\/\/zeytinburnu.istanbul\/personel\/adem-uluocak-2\/","title":{"rendered":"Adem ULUOCAK"},"content":{"rendered":"<p>1973 y\u0131l\u0131nda Zeytinburnu&#8217;nda do\u011fdu. \u0130lkokul, ortaokul ve lise tahsilini Zeytinburnu&#8217;nda tamamlad\u0131. 1996 y\u0131l\u0131nda Y\u0131ld\u0131z Teknik \u00dcniversitesinden in\u015faat m\u00fchendisi olarak mezun oldu. 1996 y\u0131l\u0131ndan beri kendi b\u00fcrosunda serbest in\u015faat m\u00fchendisli\u011fi yapmaktad\u0131r. 3. d\u00f6nem Zeytinburnu Ordulular dernek ba\u015fkanl\u0131\u011f\u0131n\u0131 y\u00fcr\u00fctm\u00fc\u015ft\u00fcr. Zeytinburnu Ordu Mesudiyeliler ve Ordu Mesudiye \u00c7avdar K\u00f6y\u00fc Dernek ba\u015fkanl\u0131klar\u0131n\u0131 halen s\u00fcrd\u00fcrmektedir. \u0130TO ve \u0130n\u015faat M\u00fchendisleri Odas\u0131 \u00fcyesidir. Bay\u0131nd\u0131rl\u0131k ve \u0130skan Bakanl\u0131\u011f\u0131 binalarda enerji verimlili\u011fi uzmanl\u0131\u011f\u0131, arazi geli\u015ftirme ve kentsel d\u00f6n\u00fc\u015f\u00fcm alan\u0131nda uzmanl\u0131\u011f\u0131 bulunmaktad\u0131r. 2014-2019 ve 2019-2024 d\u00f6nemlerinde Zeytinburnu Belediye Meclis \u00fcyeli\u011fi yapm\u0131\u015ft\u0131r. Evli ve \u00fc\u00e7 \u00e7ocuk babas\u0131d\u0131r.<\/p>\n","protected":false},"featured_media":63581,"template":"","gorevlendirme":[25],"acf":[],"yoast_head":"<!-- This site is optimized with the Yoast SEO plugin v21.5 - https:\/\/yoast.com\/wordpress\/plugins\/seo\/ -->\n<title>Adem ULUOCAK - Zeytinburnu Belediyesi<\/title>\n<meta name=\"robots\" content=\"index, follow, max-snippet:-1, max-image-preview:large, max-video-preview:-1\" \/>\n<link rel=\"canonical\" href=\"https:\/\/zeytinburnu.istanbul\/personel\/adem-uluocak-2\/\" \/>\n<meta property=\"og:locale\" content=\"tr_TR\" \/>\n<meta property=\"og:type\" content=\"article\" \/>\n<meta property=\"og:title\" content=\"Adem ULUOCAK - Zeytinburnu Belediyesi\" \/>\n<meta property=\"og:description\" content=\"1973 y\u0131l\u0131nda Zeytinburnu&#8217;nda do\u011fdu. \u0130lkokul, ortaokul ve lise tahsilini Zeytinburnu&#8217;nda tamamlad\u0131. 1996 y\u0131l\u0131nda Y\u0131ld\u0131z Teknik \u00dcniversitesinden in\u015faat m\u00fchendisi olarak mezun oldu. 1996 y\u0131l\u0131ndan beri kendi b\u00fcrosunda serbest in\u015faat m\u00fchendisli\u011fi yapmaktad\u0131r. 3. d\u00f6nem Zeytinburnu Ordulular dernek ba\u015fkanl\u0131\u011f\u0131n\u0131 y\u00fcr\u00fctm\u00fc\u015ft\u00fcr. Zeytinburnu Ordu Mesudiyeliler ve Ordu Mesudiye \u00c7avdar K\u00f6y\u00fc Dernek ba\u015fkanl\u0131klar\u0131n\u0131 halen s\u00fcrd\u00fcrmektedir. \u0130TO ve \u0130n\u015faat M\u00fchendisleri Odas\u0131 \u00fcyesidir. [&hellip;]\" \/>\n<meta property=\"og:url\" content=\"https:\/\/zeytinburnu.istanbul\/personel\/adem-uluocak-2\/\" \/>\n<meta property=\"og:site_name\" content=\"Zeytinburnu Belediyesi\" \/>\n<meta property=\"article:publisher\" content=\"https:\/\/web.facebook.com\/zeytinburnubld\/\" \/>\n<meta property=\"article:modified_time\" content=\"2024-05-10T20:14:05+00:00\" \/>\n<meta property=\"og:image\" content=\"https:\/\/zeytinburnu.istanbul\/wp-content\/uploads\/2024\/04\/adem_uluocak-1.jpg\" \/>\n\t<meta property=\"og:image:width\" content=\"228\" \/>\n\t<meta property=\"og:image:height\" content=\"288\" \/>\n\t<meta property=\"og:image:type\" content=\"image\/jpeg\" \/>\n<meta name=\"twitter:card\" content=\"summary_large_image\" \/>\n<meta name=\"twitter:site\" content=\"@zeytinburnubld\" \/>\n<meta name=\"twitter:label1\" content=\"Tahmini okuma s\u00fcresi\" \/>\n\t<meta name=\"twitter:data1\" content=\"1 dakika\" \/>\n<script type=\"application\/ld+json\" class=\"yoast-schema-graph\">{\"@context\":\"https:\/\/schema.org\",\"@graph\":[{\"@type\":\"WebPage\",\"@id\":\"https:\/\/zeytinburnu.istanbul\/personel\/adem-uluocak-2\/\",\"url\":\"https:\/\/zeytinburnu.istanbul\/personel\/adem-uluocak-2\/\",\"name\":\"Adem ULUOCAK - Zeytinburnu Belediyesi\",\"isPartOf\":{\"@id\":\"https:\/\/zeytinburnu.istanbul\/#website\"},\"datePublished\":\"2024-05-10T06:05:51+00:00\",\"dateModified\":\"2024-05-10T20:14:05+00:00\",\"breadcrumb\":{\"@id\":\"https:\/\/zeytinburnu.istanbul\/personel\/adem-uluocak-2\/#breadcrumb\"},\"inLanguage\":\"tr\",\"potentialAction\":[{\"@type\":\"ReadAction\",\"target\":[\"https:\/\/zeytinburnu.istanbul\/personel\/adem-uluocak-2\/\"]}]},{\"@type\":\"BreadcrumbList\",\"@id\":\"https:\/\/zeytinburnu.istanbul\/personel\/adem-uluocak-2\/#breadcrumb\",\"itemListElement\":[{\"@type\":\"ListItem\",\"position\":1,\"name\":\"Anasayfa\",\"item\":\"https:\/\/zeytinburnu.istanbul\/\"},{\"@type\":\"ListItem\",\"position\":2,\"name\":\"Adem ULUOCAK\"}]},{\"@type\":\"WebSite\",\"@id\":\"https:\/\/zeytinburnu.istanbul\/#website\",\"url\":\"https:\/\/zeytinburnu.istanbul\/\",\"name\":\"Zeytinburnu Belediyesi\",\"description\":\"\",\"potentialAction\":[{\"@type\":\"SearchAction\",\"target\":{\"@type\":\"EntryPoint\",\"urlTemplate\":\"https:\/\/zeytinburnu.istanbul\/?s={search_term_string}\"},\"query-input\":\"required name=search_term_string\"}],\"inLanguage\":\"tr\"}]}<\/script>\n<!-- \/ Yoast SEO plugin. -->","yoast_head_json":{"title":"Adem ULUOCAK - Zeytinburnu Belediyesi","robots":{"index":"index","follow":"follow","max-snippet":"max-snippet:-1","max-image-preview":"max-image-preview:large","max-video-preview":"max-video-preview:-1"},"canonical":"https:\/\/zeytinburnu.istanbul\/personel\/adem-uluocak-2\/","og_locale":"tr_TR","og_type":"article","og_title":"Adem ULUOCAK - Zeytinburnu Belediyesi","og_description":"1973 y\u0131l\u0131nda Zeytinburnu&#8217;nda do\u011fdu. \u0130lkokul, ortaokul ve lise tahsilini Zeytinburnu&#8217;nda tamamlad\u0131. 1996 y\u0131l\u0131nda Y\u0131ld\u0131z Teknik \u00dcniversitesinden in\u015faat m\u00fchendisi olarak mezun oldu. 1996 y\u0131l\u0131ndan beri kendi b\u00fcrosunda serbest in\u015faat m\u00fchendisli\u011fi yapmaktad\u0131r. 3. d\u00f6nem Zeytinburnu Ordulular dernek ba\u015fkanl\u0131\u011f\u0131n\u0131 y\u00fcr\u00fctm\u00fc\u015ft\u00fcr. Zeytinburnu Ordu Mesudiyeliler ve Ordu Mesudiye \u00c7avdar K\u00f6y\u00fc Dernek ba\u015fkanl\u0131klar\u0131n\u0131 halen s\u00fcrd\u00fcrmektedir. \u0130TO ve \u0130n\u015faat M\u00fchendisleri Odas\u0131 \u00fcyesidir. [&hellip;]","og_url":"https:\/\/zeytinburnu.istanbul\/personel\/adem-uluocak-2\/","og_site_name":"Zeytinburnu Belediyesi","article_publisher":"https:\/\/web.facebook.com\/zeytinburnubld\/","article_modified_time":"2024-05-10T20:14:05+00:00","og_image":[{"width":228,"height":288,"url":"https:\/\/zeytinburnu.istanbul\/wp-content\/uploads\/2024\/04\/adem_uluocak-1.jpg","type":"image\/jpeg"}],"twitter_card":"summary_large_image","twitter_site":"@zeytinburnubld","twitter_misc":{"Tahmini okuma s\u00fcresi":"1 dakika"},"schema":{"@context":"https:\/\/schema.org","@graph":[{"@type":"WebPage","@id":"https:\/\/zeytinburnu.istanbul\/personel\/adem-uluocak-2\/","url":"https:\/\/zeytinburnu.istanbul\/personel\/adem-uluocak-2\/","name":"Adem ULUOCAK - Zeytinburnu Belediyesi","isPartOf":{"@id":"https:\/\/zeytinburnu.istanbul\/#website"},"datePublished":"2024-05-10T06:05:51+00:00","dateModified":"2024-05-10T20:14:05+00:00","breadcrumb":{"@id":"https:\/\/zeytinburnu.istanbul\/personel\/adem-uluocak-2\/#breadcrumb"},"inLanguage":"tr","potentialAction":[{"@type":"ReadAction","target":["https:\/\/zeytinburnu.istanbul\/personel\/adem-uluocak-2\/"]}]},{"@type":"BreadcrumbList","@id":"https:\/\/zeytinburnu.istanbul\/personel\/adem-uluocak-2\/#breadcrumb","itemListElement":[{"@type":"ListItem","position":1,"name":"Anasayfa","item":"https:\/\/zeytinburnu.istanbul\/"},{"@type":"ListItem","position":2,"name":"Adem ULUOCAK"}]},{"@type":"WebSite","@id":"https:\/\/zeytinburnu.istanbul\/#website","url":"https:\/\/zeytinburnu.istanbul\/","name":"Zeytinburnu Belediyesi","description":"","potentialAction":[{"@type":"SearchAction","target":{"@type":"EntryPoint","urlTemplate":"https:\/\/zeytinburnu.istanbul\/?s={search_term_string}"},"query-input":"required name=search_term_string"}],"inLanguage":"tr"}]}},"meta_data":{"sidebar_tipi":"varsayilan","detay_tipi":false,"uyesi_oldugu_siyasi_parti":"CHP","unvan":"","image_details":{"thumbnail":{"url":"https:\/\/zeytinburnu.istanbul\/wp-content\/uploads\/2024\/04\/adem_uluocak-1.jpg"},"full":{"file":"2024\/04\/adem_uluocak-1.jpg","width":228,"height":288,"mime_type":"image\/jpeg","url":"https:\/\/zeytinburnu.istanbul\/wp-content\/uploads\/2024\/04\/adem_uluocak-1.jpg"}}},"_links":{"self":[{"href":"https:\/\/zeytinburnu.istanbul\/api\/wp\/v2\/personel\/63161"}],"collection":[{"href":"https:\/\/zeytinburnu.istanbul\/api\/wp\/v2\/personel"}],"about":[{"href":"https:\/\/zeytinburnu.istanbul\/api\/wp\/v2\/types\/personel"}],"wp:featuredmedia":[{"embeddable":true,"href":"https:\/\/zeytinburnu.istanbul\/api\/wp\/v2\/media\/63581"}],"wp:attachment":[{"href":"https:\/\/zeytinburnu.istanbul\/api\/wp\/v2\/media?parent=63161"}],"wp:term":[{"taxonomy":"gorevlendirme","embeddable":true,"href":"https:\/\/zeytinburnu.istanbul\/api\/wp\/v2\/gorevlendirme?post=63161"}],"curies":[{"name":"wp","href":"https:\/\/api.w.org\/{rel}","templated":true}]}}