

{"id":63156,"date":"2024-05-10T21:25:50","date_gmt":"2024-05-10T18:25:50","guid":{"rendered":"https:\/\/zeytinburnu.istanbul\/?post_type=personel&#038;p=63156"},"modified":"2024-05-13T09:16:33","modified_gmt":"2024-05-13T06:16:33","slug":"gultekin-keles","status":"publish","type":"personel","link":"https:\/\/zeytinburnu.istanbul\/personel\/gultekin-keles\/","title":{"rendered":"G\u00fcltekin KELE\u015e"},"content":{"rendered":"<p>1972 y\u0131l\u0131nda \u0130stanbul\u2019da do\u011fdu. Anadolu \u00dcniversitesi \u0130ktisat Fak\u00fcltesi\u2019nden mezun oldu. \u0130stinye \u00dcniversitesi Sosyal Bilimler Enstit\u00fcs\u00fc \u0130\u015fletme Y\u00fcksek Lisans\u0131n\u0131 (MBA) tamamlad\u0131. \u00d6zel Sekt\u00f6rde Muhasebe ve Mali \u0130\u015fler M\u00fcd\u00fcr\u00fc olarak orta ve \u00fcst d\u00fczey y\u00f6neticilik yapt\u0131. Milliyet\u00e7i Hareket Partisi Zeytinburnu \u0130l\u00e7e Ba\u015fkanl\u0131\u011f\u0131nda te\u015fkilat mensuplu\u011fu, y\u00f6netim kurulu \u00fcyeli\u011fi, muhasiplik, il\u00e7e sekreterli\u011fi g\u00f6revlerinde bulundu. Halen Zeytinburnu\u2019nda Serbest Muhasebeci ve Mali M\u00fc\u015favirlik yapmaktad\u0131r. Evli ve iki \u00e7ocuk babas\u0131d\u0131r.<\/p>\n","protected":false},"featured_media":63182,"template":"","gorevlendirme":[25],"acf":[],"yoast_head":"<!-- This site is optimized with the Yoast SEO plugin v21.5 - https:\/\/yoast.com\/wordpress\/plugins\/seo\/ -->\n<title>G\u00fcltekin KELE\u015e - Zeytinburnu Belediyesi<\/title>\n<meta name=\"robots\" content=\"index, follow, max-snippet:-1, max-image-preview:large, max-video-preview:-1\" \/>\n<link rel=\"canonical\" href=\"https:\/\/zeytinburnu.istanbul\/personel\/gultekin-keles\/\" \/>\n<meta property=\"og:locale\" content=\"tr_TR\" \/>\n<meta property=\"og:type\" content=\"article\" \/>\n<meta property=\"og:title\" content=\"G\u00fcltekin KELE\u015e - Zeytinburnu Belediyesi\" \/>\n<meta property=\"og:description\" content=\"1972 y\u0131l\u0131nda \u0130stanbul\u2019da do\u011fdu. Anadolu \u00dcniversitesi \u0130ktisat Fak\u00fcltesi\u2019nden mezun oldu. \u0130stinye \u00dcniversitesi Sosyal Bilimler Enstit\u00fcs\u00fc \u0130\u015fletme Y\u00fcksek Lisans\u0131n\u0131 (MBA) tamamlad\u0131. \u00d6zel Sekt\u00f6rde Muhasebe ve Mali \u0130\u015fler M\u00fcd\u00fcr\u00fc olarak orta ve \u00fcst d\u00fczey y\u00f6neticilik yapt\u0131. Milliyet\u00e7i Hareket Partisi Zeytinburnu \u0130l\u00e7e Ba\u015fkanl\u0131\u011f\u0131nda te\u015fkilat mensuplu\u011fu, y\u00f6netim kurulu \u00fcyeli\u011fi, muhasiplik, il\u00e7e sekreterli\u011fi g\u00f6revlerinde bulundu. Halen Zeytinburnu\u2019nda Serbest Muhasebeci ve [&hellip;]\" \/>\n<meta property=\"og:url\" content=\"https:\/\/zeytinburnu.istanbul\/personel\/gultekin-keles\/\" \/>\n<meta property=\"og:site_name\" content=\"Zeytinburnu Belediyesi\" \/>\n<meta property=\"article:publisher\" content=\"https:\/\/web.facebook.com\/zeytinburnubld\/\" \/>\n<meta property=\"article:modified_time\" content=\"2024-05-13T06:16:33+00:00\" \/>\n<meta property=\"og:image\" content=\"https:\/\/zeytinburnu.istanbul\/wp-content\/uploads\/2024\/04\/gultekin_keles.jpg\" \/>\n\t<meta property=\"og:image:width\" content=\"210\" \/>\n\t<meta property=\"og:image:height\" content=\"208\" \/>\n\t<meta property=\"og:image:type\" content=\"image\/jpeg\" \/>\n<meta name=\"twitter:card\" content=\"summary_large_image\" \/>\n<meta name=\"twitter:site\" content=\"@zeytinburnubld\" \/>\n<meta name=\"twitter:label1\" content=\"Tahmini okuma s\u00fcresi\" \/>\n\t<meta name=\"twitter:data1\" content=\"1 dakika\" \/>\n<script type=\"application\/ld+json\" class=\"yoast-schema-graph\">{\"@context\":\"https:\/\/schema.org\",\"@graph\":[{\"@type\":\"WebPage\",\"@id\":\"https:\/\/zeytinburnu.istanbul\/personel\/gultekin-keles\/\",\"url\":\"https:\/\/zeytinburnu.istanbul\/personel\/gultekin-keles\/\",\"name\":\"G\u00fcltekin KELE\u015e - Zeytinburnu Belediyesi\",\"isPartOf\":{\"@id\":\"https:\/\/zeytinburnu.istanbul\/#website\"},\"datePublished\":\"2024-05-10T18:25:50+00:00\",\"dateModified\":\"2024-05-13T06:16:33+00:00\",\"breadcrumb\":{\"@id\":\"https:\/\/zeytinburnu.istanbul\/personel\/gultekin-keles\/#breadcrumb\"},\"inLanguage\":\"tr\",\"potentialAction\":[{\"@type\":\"ReadAction\",\"target\":[\"https:\/\/zeytinburnu.istanbul\/personel\/gultekin-keles\/\"]}]},{\"@type\":\"BreadcrumbList\",\"@id\":\"https:\/\/zeytinburnu.istanbul\/personel\/gultekin-keles\/#breadcrumb\",\"itemListElement\":[{\"@type\":\"ListItem\",\"position\":1,\"name\":\"Anasayfa\",\"item\":\"https:\/\/zeytinburnu.istanbul\/\"},{\"@type\":\"ListItem\",\"position\":2,\"name\":\"G\u00fcltekin KELE\u015e\"}]},{\"@type\":\"WebSite\",\"@id\":\"https:\/\/zeytinburnu.istanbul\/#website\",\"url\":\"https:\/\/zeytinburnu.istanbul\/\",\"name\":\"Zeytinburnu Belediyesi\",\"description\":\"\",\"potentialAction\":[{\"@type\":\"SearchAction\",\"target\":{\"@type\":\"EntryPoint\",\"urlTemplate\":\"https:\/\/zeytinburnu.istanbul\/?s={search_term_string}\"},\"query-input\":\"required name=search_term_string\"}],\"inLanguage\":\"tr\"}]}<\/script>\n<!-- \/ Yoast SEO plugin. -->","yoast_head_json":{"title":"G\u00fcltekin KELE\u015e - Zeytinburnu Belediyesi","robots":{"index":"index","follow":"follow","max-snippet":"max-snippet:-1","max-image-preview":"max-image-preview:large","max-video-preview":"max-video-preview:-1"},"canonical":"https:\/\/zeytinburnu.istanbul\/personel\/gultekin-keles\/","og_locale":"tr_TR","og_type":"article","og_title":"G\u00fcltekin KELE\u015e - Zeytinburnu Belediyesi","og_description":"1972 y\u0131l\u0131nda \u0130stanbul\u2019da do\u011fdu. Anadolu \u00dcniversitesi \u0130ktisat Fak\u00fcltesi\u2019nden mezun oldu. \u0130stinye \u00dcniversitesi Sosyal Bilimler Enstit\u00fcs\u00fc \u0130\u015fletme Y\u00fcksek Lisans\u0131n\u0131 (MBA) tamamlad\u0131. \u00d6zel Sekt\u00f6rde Muhasebe ve Mali \u0130\u015fler M\u00fcd\u00fcr\u00fc olarak orta ve \u00fcst d\u00fczey y\u00f6neticilik yapt\u0131. Milliyet\u00e7i Hareket Partisi Zeytinburnu \u0130l\u00e7e Ba\u015fkanl\u0131\u011f\u0131nda te\u015fkilat mensuplu\u011fu, y\u00f6netim kurulu \u00fcyeli\u011fi, muhasiplik, il\u00e7e sekreterli\u011fi g\u00f6revlerinde bulundu. Halen Zeytinburnu\u2019nda Serbest Muhasebeci ve [&hellip;]","og_url":"https:\/\/zeytinburnu.istanbul\/personel\/gultekin-keles\/","og_site_name":"Zeytinburnu Belediyesi","article_publisher":"https:\/\/web.facebook.com\/zeytinburnubld\/","article_modified_time":"2024-05-13T06:16:33+00:00","og_image":[{"width":210,"height":208,"url":"https:\/\/zeytinburnu.istanbul\/wp-content\/uploads\/2024\/04\/gultekin_keles.jpg","type":"image\/jpeg"}],"twitter_card":"summary_large_image","twitter_site":"@zeytinburnubld","twitter_misc":{"Tahmini okuma s\u00fcresi":"1 dakika"},"schema":{"@context":"https:\/\/schema.org","@graph":[{"@type":"WebPage","@id":"https:\/\/zeytinburnu.istanbul\/personel\/gultekin-keles\/","url":"https:\/\/zeytinburnu.istanbul\/personel\/gultekin-keles\/","name":"G\u00fcltekin KELE\u015e - Zeytinburnu Belediyesi","isPartOf":{"@id":"https:\/\/zeytinburnu.istanbul\/#website"},"datePublished":"2024-05-10T18:25:50+00:00","dateModified":"2024-05-13T06:16:33+00:00","breadcrumb":{"@id":"https:\/\/zeytinburnu.istanbul\/personel\/gultekin-keles\/#breadcrumb"},"inLanguage":"tr","potentialAction":[{"@type":"ReadAction","target":["https:\/\/zeytinburnu.istanbul\/personel\/gultekin-keles\/"]}]},{"@type":"BreadcrumbList","@id":"https:\/\/zeytinburnu.istanbul\/personel\/gultekin-keles\/#breadcrumb","itemListElement":[{"@type":"ListItem","position":1,"name":"Anasayfa","item":"https:\/\/zeytinburnu.istanbul\/"},{"@type":"ListItem","position":2,"name":"G\u00fcltekin KELE\u015e"}]},{"@type":"WebSite","@id":"https:\/\/zeytinburnu.istanbul\/#website","url":"https:\/\/zeytinburnu.istanbul\/","name":"Zeytinburnu Belediyesi","description":"","potentialAction":[{"@type":"SearchAction","target":{"@type":"EntryPoint","urlTemplate":"https:\/\/zeytinburnu.istanbul\/?s={search_term_string}"},"query-input":"required name=search_term_string"}],"inLanguage":"tr"}]}},"meta_data":{"sidebar_tipi":"varsayilan","detay_tipi":false,"uyesi_oldugu_siyasi_parti":"MHP","unvan":"","image_details":{"thumbnail":{"url":"https:\/\/zeytinburnu.istanbul\/wp-content\/uploads\/2024\/04\/gultekin_keles.jpg"},"full":{"file":"2024\/04\/gultekin_keles.jpg","width":210,"height":208,"mime_type":"image\/jpeg","url":"https:\/\/zeytinburnu.istanbul\/wp-content\/uploads\/2024\/04\/gultekin_keles.jpg"}}},"_links":{"self":[{"href":"https:\/\/zeytinburnu.istanbul\/api\/wp\/v2\/personel\/63156"}],"collection":[{"href":"https:\/\/zeytinburnu.istanbul\/api\/wp\/v2\/personel"}],"about":[{"href":"https:\/\/zeytinburnu.istanbul\/api\/wp\/v2\/types\/personel"}],"wp:featuredmedia":[{"embeddable":true,"href":"https:\/\/zeytinburnu.istanbul\/api\/wp\/v2\/media\/63182"}],"wp:attachment":[{"href":"https:\/\/zeytinburnu.istanbul\/api\/wp\/v2\/media?parent=63156"}],"wp:term":[{"taxonomy":"gorevlendirme","embeddable":true,"href":"https:\/\/zeytinburnu.istanbul\/api\/wp\/v2\/gorevlendirme?post=63156"}],"curies":[{"name":"wp","href":"https:\/\/api.w.org\/{rel}","templated":true}]}}