

{"id":63155,"date":"2024-05-10T22:00:54","date_gmt":"2024-05-10T19:00:54","guid":{"rendered":"https:\/\/zeytinburnu.istanbul\/?post_type=personel&#038;p=63155"},"modified":"2024-05-13T09:12:02","modified_gmt":"2024-05-13T06:12:02","slug":"selim-bas","status":"publish","type":"personel","link":"https:\/\/zeytinburnu.istanbul\/personel\/selim-bas\/","title":{"rendered":"Selim BA\u015e"},"content":{"rendered":"<p>1986 y\u0131l\u0131nda Trabzon\u2019un Of il\u00e7esinde do\u011fdu. 2010 y\u0131l\u0131nda Manisa Celal Bayar \u00dcniversitesinin \u0130n\u015faat M\u00fchendisli\u011fi b\u00f6l\u00fcm\u00fcnden mezun oldu. 2011 y\u0131l\u0131ndan beri AK Parti resmi \u00fcyesi olmakla birlikte 2012-2013 y\u0131llar\u0131 aras\u0131nda AK Parti Gen\u00e7lik Kollar\u0131nda g\u00f6rev alm\u0131\u015ft\u0131r. 2019-2024 y\u0131llar\u0131 aras\u0131nda AK Parti Zeytinburnu il\u00e7e y\u00f6netim kurulu \u00fcyeli\u011fi yapm\u0131\u015ft\u0131r. 2008 y\u0131l\u0131ndan bu yana Of-Hayrat Yenik\u00f6y K\u00fclt\u00fcr ve Yard\u0131mla\u015fma Derne\u011finin Zeytinburnu temsilcili\u011fine \u00fcyedir. 32 y\u0131ld\u0131r Zeytinburnu\u2019nda ikamet etmektedir. Evli ve bir \u00e7ocuk babas\u0131 olup Zeytinburnu\u2019nda bulunan mimarl\u0131k ve m\u00fchendislik ofisinde proje ve in\u015faat i\u015fleriyle me\u015fgul olmaktad\u0131r.<\/p>\n","protected":false},"featured_media":63180,"template":"","gorevlendirme":[25],"acf":[],"yoast_head":"<!-- This site is optimized with the Yoast SEO plugin v21.5 - https:\/\/yoast.com\/wordpress\/plugins\/seo\/ -->\n<title>Selim BA\u015e - Zeytinburnu Belediyesi<\/title>\n<meta name=\"robots\" content=\"index, follow, max-snippet:-1, max-image-preview:large, max-video-preview:-1\" \/>\n<link rel=\"canonical\" href=\"https:\/\/zeytinburnu.istanbul\/personel\/selim-bas\/\" \/>\n<meta property=\"og:locale\" content=\"tr_TR\" \/>\n<meta property=\"og:type\" content=\"article\" \/>\n<meta property=\"og:title\" content=\"Selim BA\u015e - Zeytinburnu Belediyesi\" \/>\n<meta property=\"og:description\" content=\"1986 y\u0131l\u0131nda Trabzon\u2019un Of il\u00e7esinde do\u011fdu. 2010 y\u0131l\u0131nda Manisa Celal Bayar \u00dcniversitesinin \u0130n\u015faat M\u00fchendisli\u011fi b\u00f6l\u00fcm\u00fcnden mezun oldu. 2011 y\u0131l\u0131ndan beri AK Parti resmi \u00fcyesi olmakla birlikte 2012-2013 y\u0131llar\u0131 aras\u0131nda AK Parti Gen\u00e7lik Kollar\u0131nda g\u00f6rev alm\u0131\u015ft\u0131r. 2019-2024 y\u0131llar\u0131 aras\u0131nda AK Parti Zeytinburnu il\u00e7e y\u00f6netim kurulu \u00fcyeli\u011fi yapm\u0131\u015ft\u0131r. 2008 y\u0131l\u0131ndan bu yana Of-Hayrat Yenik\u00f6y K\u00fclt\u00fcr ve Yard\u0131mla\u015fma [&hellip;]\" \/>\n<meta property=\"og:url\" content=\"https:\/\/zeytinburnu.istanbul\/personel\/selim-bas\/\" \/>\n<meta property=\"og:site_name\" content=\"Zeytinburnu Belediyesi\" \/>\n<meta property=\"article:publisher\" content=\"https:\/\/web.facebook.com\/zeytinburnubld\/\" \/>\n<meta property=\"article:modified_time\" content=\"2024-05-13T06:12:02+00:00\" \/>\n<meta property=\"og:image\" content=\"https:\/\/zeytinburnu.istanbul\/wp-content\/uploads\/2024\/04\/selim_bas.jpg\" \/>\n\t<meta property=\"og:image:width\" content=\"210\" \/>\n\t<meta property=\"og:image:height\" content=\"208\" \/>\n\t<meta property=\"og:image:type\" content=\"image\/jpeg\" \/>\n<meta name=\"twitter:card\" content=\"summary_large_image\" \/>\n<meta name=\"twitter:site\" content=\"@zeytinburnubld\" \/>\n<meta name=\"twitter:label1\" content=\"Tahmini okuma s\u00fcresi\" \/>\n\t<meta name=\"twitter:data1\" content=\"1 dakika\" \/>\n<script type=\"application\/ld+json\" class=\"yoast-schema-graph\">{\"@context\":\"https:\/\/schema.org\",\"@graph\":[{\"@type\":\"WebPage\",\"@id\":\"https:\/\/zeytinburnu.istanbul\/personel\/selim-bas\/\",\"url\":\"https:\/\/zeytinburnu.istanbul\/personel\/selim-bas\/\",\"name\":\"Selim BA\u015e - Zeytinburnu Belediyesi\",\"isPartOf\":{\"@id\":\"https:\/\/zeytinburnu.istanbul\/#website\"},\"datePublished\":\"2024-05-10T19:00:54+00:00\",\"dateModified\":\"2024-05-13T06:12:02+00:00\",\"breadcrumb\":{\"@id\":\"https:\/\/zeytinburnu.istanbul\/personel\/selim-bas\/#breadcrumb\"},\"inLanguage\":\"tr\",\"potentialAction\":[{\"@type\":\"ReadAction\",\"target\":[\"https:\/\/zeytinburnu.istanbul\/personel\/selim-bas\/\"]}]},{\"@type\":\"BreadcrumbList\",\"@id\":\"https:\/\/zeytinburnu.istanbul\/personel\/selim-bas\/#breadcrumb\",\"itemListElement\":[{\"@type\":\"ListItem\",\"position\":1,\"name\":\"Anasayfa\",\"item\":\"https:\/\/zeytinburnu.istanbul\/\"},{\"@type\":\"ListItem\",\"position\":2,\"name\":\"Selim BA\u015e\"}]},{\"@type\":\"WebSite\",\"@id\":\"https:\/\/zeytinburnu.istanbul\/#website\",\"url\":\"https:\/\/zeytinburnu.istanbul\/\",\"name\":\"Zeytinburnu Belediyesi\",\"description\":\"\",\"potentialAction\":[{\"@type\":\"SearchAction\",\"target\":{\"@type\":\"EntryPoint\",\"urlTemplate\":\"https:\/\/zeytinburnu.istanbul\/?s={search_term_string}\"},\"query-input\":\"required name=search_term_string\"}],\"inLanguage\":\"tr\"}]}<\/script>\n<!-- \/ Yoast SEO plugin. -->","yoast_head_json":{"title":"Selim BA\u015e - Zeytinburnu Belediyesi","robots":{"index":"index","follow":"follow","max-snippet":"max-snippet:-1","max-image-preview":"max-image-preview:large","max-video-preview":"max-video-preview:-1"},"canonical":"https:\/\/zeytinburnu.istanbul\/personel\/selim-bas\/","og_locale":"tr_TR","og_type":"article","og_title":"Selim BA\u015e - Zeytinburnu Belediyesi","og_description":"1986 y\u0131l\u0131nda Trabzon\u2019un Of il\u00e7esinde do\u011fdu. 2010 y\u0131l\u0131nda Manisa Celal Bayar \u00dcniversitesinin \u0130n\u015faat M\u00fchendisli\u011fi b\u00f6l\u00fcm\u00fcnden mezun oldu. 2011 y\u0131l\u0131ndan beri AK Parti resmi \u00fcyesi olmakla birlikte 2012-2013 y\u0131llar\u0131 aras\u0131nda AK Parti Gen\u00e7lik Kollar\u0131nda g\u00f6rev alm\u0131\u015ft\u0131r. 2019-2024 y\u0131llar\u0131 aras\u0131nda AK Parti Zeytinburnu il\u00e7e y\u00f6netim kurulu \u00fcyeli\u011fi yapm\u0131\u015ft\u0131r. 2008 y\u0131l\u0131ndan bu yana Of-Hayrat Yenik\u00f6y K\u00fclt\u00fcr ve Yard\u0131mla\u015fma [&hellip;]","og_url":"https:\/\/zeytinburnu.istanbul\/personel\/selim-bas\/","og_site_name":"Zeytinburnu Belediyesi","article_publisher":"https:\/\/web.facebook.com\/zeytinburnubld\/","article_modified_time":"2024-05-13T06:12:02+00:00","og_image":[{"width":210,"height":208,"url":"https:\/\/zeytinburnu.istanbul\/wp-content\/uploads\/2024\/04\/selim_bas.jpg","type":"image\/jpeg"}],"twitter_card":"summary_large_image","twitter_site":"@zeytinburnubld","twitter_misc":{"Tahmini okuma s\u00fcresi":"1 dakika"},"schema":{"@context":"https:\/\/schema.org","@graph":[{"@type":"WebPage","@id":"https:\/\/zeytinburnu.istanbul\/personel\/selim-bas\/","url":"https:\/\/zeytinburnu.istanbul\/personel\/selim-bas\/","name":"Selim BA\u015e - Zeytinburnu Belediyesi","isPartOf":{"@id":"https:\/\/zeytinburnu.istanbul\/#website"},"datePublished":"2024-05-10T19:00:54+00:00","dateModified":"2024-05-13T06:12:02+00:00","breadcrumb":{"@id":"https:\/\/zeytinburnu.istanbul\/personel\/selim-bas\/#breadcrumb"},"inLanguage":"tr","potentialAction":[{"@type":"ReadAction","target":["https:\/\/zeytinburnu.istanbul\/personel\/selim-bas\/"]}]},{"@type":"BreadcrumbList","@id":"https:\/\/zeytinburnu.istanbul\/personel\/selim-bas\/#breadcrumb","itemListElement":[{"@type":"ListItem","position":1,"name":"Anasayfa","item":"https:\/\/zeytinburnu.istanbul\/"},{"@type":"ListItem","position":2,"name":"Selim BA\u015e"}]},{"@type":"WebSite","@id":"https:\/\/zeytinburnu.istanbul\/#website","url":"https:\/\/zeytinburnu.istanbul\/","name":"Zeytinburnu Belediyesi","description":"","potentialAction":[{"@type":"SearchAction","target":{"@type":"EntryPoint","urlTemplate":"https:\/\/zeytinburnu.istanbul\/?s={search_term_string}"},"query-input":"required name=search_term_string"}],"inLanguage":"tr"}]}},"meta_data":{"sidebar_tipi":"varsayilan","detay_tipi":false,"uyesi_oldugu_siyasi_parti":"AK PART\u0130","unvan":"","image_details":{"thumbnail":{"url":"https:\/\/zeytinburnu.istanbul\/wp-content\/uploads\/2024\/04\/selim_bas.jpg"},"full":{"file":"2024\/04\/selim_bas.jpg","width":210,"height":208,"mime_type":"image\/jpeg","url":"https:\/\/zeytinburnu.istanbul\/wp-content\/uploads\/2024\/04\/selim_bas.jpg"}}},"_links":{"self":[{"href":"https:\/\/zeytinburnu.istanbul\/api\/wp\/v2\/personel\/63155"}],"collection":[{"href":"https:\/\/zeytinburnu.istanbul\/api\/wp\/v2\/personel"}],"about":[{"href":"https:\/\/zeytinburnu.istanbul\/api\/wp\/v2\/types\/personel"}],"wp:featuredmedia":[{"embeddable":true,"href":"https:\/\/zeytinburnu.istanbul\/api\/wp\/v2\/media\/63180"}],"wp:attachment":[{"href":"https:\/\/zeytinburnu.istanbul\/api\/wp\/v2\/media?parent=63155"}],"wp:term":[{"taxonomy":"gorevlendirme","embeddable":true,"href":"https:\/\/zeytinburnu.istanbul\/api\/wp\/v2\/gorevlendirme?post=63155"}],"curies":[{"name":"wp","href":"https:\/\/api.w.org\/{rel}","templated":true}]}}