

{"id":63154,"date":"2024-05-10T22:20:57","date_gmt":"2024-05-10T19:20:57","guid":{"rendered":"https:\/\/zeytinburnu.istanbul\/?post_type=personel&#038;p=63154"},"modified":"2024-05-13T09:10:05","modified_gmt":"2024-05-13T06:10:05","slug":"omer-ekin","status":"publish","type":"personel","link":"https:\/\/zeytinburnu.istanbul\/personel\/omer-ekin\/","title":{"rendered":"\u00d6mer EK\u0130N"},"content":{"rendered":"<p>1983 y\u0131l\u0131nda \u015e\u0131rnak&#8217;\u0131n G\u00fc\u00e7l\u00fckonak il\u00e7esinde do\u011fdu. 2006 y\u0131l\u0131ndan beri Zeytinburnu&#8217;nda ikamet etmektedir. S\u0131ras\u0131 ile AK Parti il\u00e7e y\u00f6netim kurulu \u00fcyeli\u011fi, sosyal politikalar birim ba\u015fkanl\u0131\u011f\u0131, il\u00e7e te\u015fkilat ba\u015fkanl\u0131\u011f\u0131 g\u00f6revlerinde bulundu. \u0130stanbul \u015e\u0131rnakl\u0131lar Derne\u011fi kurucu ba\u015fkan\u0131d\u0131r. G\u0131da sekt\u00f6r\u00fcnde ticaret ile u\u011fra\u015fmaktad\u0131r. Evli ve be\u015f \u00e7ocuk babas\u0131d\u0131r.<\/p>\n","protected":false},"featured_media":63583,"template":"","gorevlendirme":[25],"acf":[],"yoast_head":"<!-- This site is optimized with the Yoast SEO plugin v21.5 - https:\/\/yoast.com\/wordpress\/plugins\/seo\/ -->\n<title>\u00d6mer EK\u0130N - Zeytinburnu Belediyesi<\/title>\n<meta name=\"robots\" content=\"index, follow, max-snippet:-1, max-image-preview:large, max-video-preview:-1\" \/>\n<link rel=\"canonical\" href=\"https:\/\/zeytinburnu.istanbul\/personel\/omer-ekin\/\" \/>\n<meta property=\"og:locale\" content=\"tr_TR\" \/>\n<meta property=\"og:type\" content=\"article\" \/>\n<meta property=\"og:title\" content=\"\u00d6mer EK\u0130N - Zeytinburnu Belediyesi\" \/>\n<meta property=\"og:description\" content=\"1983 y\u0131l\u0131nda \u015e\u0131rnak&#8217;\u0131n G\u00fc\u00e7l\u00fckonak il\u00e7esinde do\u011fdu. 2006 y\u0131l\u0131ndan beri Zeytinburnu&#8217;nda ikamet etmektedir. S\u0131ras\u0131 ile AK Parti il\u00e7e y\u00f6netim kurulu \u00fcyeli\u011fi, sosyal politikalar birim ba\u015fkanl\u0131\u011f\u0131, il\u00e7e te\u015fkilat ba\u015fkanl\u0131\u011f\u0131 g\u00f6revlerinde bulundu. \u0130stanbul \u015e\u0131rnakl\u0131lar Derne\u011fi kurucu ba\u015fkan\u0131d\u0131r. G\u0131da sekt\u00f6r\u00fcnde ticaret ile u\u011fra\u015fmaktad\u0131r. Evli ve be\u015f \u00e7ocuk babas\u0131d\u0131r.\" \/>\n<meta property=\"og:url\" content=\"https:\/\/zeytinburnu.istanbul\/personel\/omer-ekin\/\" \/>\n<meta property=\"og:site_name\" content=\"Zeytinburnu Belediyesi\" \/>\n<meta property=\"article:publisher\" content=\"https:\/\/web.facebook.com\/zeytinburnubld\/\" \/>\n<meta property=\"article:modified_time\" content=\"2024-05-13T06:10:05+00:00\" \/>\n<meta property=\"og:image\" content=\"https:\/\/zeytinburnu.istanbul\/wp-content\/uploads\/2024\/04\/omer_ekin-1.jpg\" \/>\n\t<meta property=\"og:image:width\" content=\"228\" \/>\n\t<meta property=\"og:image:height\" content=\"288\" \/>\n\t<meta property=\"og:image:type\" content=\"image\/jpeg\" \/>\n<meta name=\"twitter:card\" content=\"summary_large_image\" \/>\n<meta name=\"twitter:site\" content=\"@zeytinburnubld\" \/>\n<meta name=\"twitter:label1\" content=\"Tahmini okuma s\u00fcresi\" \/>\n\t<meta name=\"twitter:data1\" content=\"1 dakika\" \/>\n<script type=\"application\/ld+json\" class=\"yoast-schema-graph\">{\"@context\":\"https:\/\/schema.org\",\"@graph\":[{\"@type\":\"WebPage\",\"@id\":\"https:\/\/zeytinburnu.istanbul\/personel\/omer-ekin\/\",\"url\":\"https:\/\/zeytinburnu.istanbul\/personel\/omer-ekin\/\",\"name\":\"\u00d6mer EK\u0130N - Zeytinburnu Belediyesi\",\"isPartOf\":{\"@id\":\"https:\/\/zeytinburnu.istanbul\/#website\"},\"datePublished\":\"2024-05-10T19:20:57+00:00\",\"dateModified\":\"2024-05-13T06:10:05+00:00\",\"breadcrumb\":{\"@id\":\"https:\/\/zeytinburnu.istanbul\/personel\/omer-ekin\/#breadcrumb\"},\"inLanguage\":\"tr\",\"potentialAction\":[{\"@type\":\"ReadAction\",\"target\":[\"https:\/\/zeytinburnu.istanbul\/personel\/omer-ekin\/\"]}]},{\"@type\":\"BreadcrumbList\",\"@id\":\"https:\/\/zeytinburnu.istanbul\/personel\/omer-ekin\/#breadcrumb\",\"itemListElement\":[{\"@type\":\"ListItem\",\"position\":1,\"name\":\"Anasayfa\",\"item\":\"https:\/\/zeytinburnu.istanbul\/\"},{\"@type\":\"ListItem\",\"position\":2,\"name\":\"\u00d6mer EK\u0130N\"}]},{\"@type\":\"WebSite\",\"@id\":\"https:\/\/zeytinburnu.istanbul\/#website\",\"url\":\"https:\/\/zeytinburnu.istanbul\/\",\"name\":\"Zeytinburnu Belediyesi\",\"description\":\"\",\"potentialAction\":[{\"@type\":\"SearchAction\",\"target\":{\"@type\":\"EntryPoint\",\"urlTemplate\":\"https:\/\/zeytinburnu.istanbul\/?s={search_term_string}\"},\"query-input\":\"required name=search_term_string\"}],\"inLanguage\":\"tr\"}]}<\/script>\n<!-- \/ Yoast SEO plugin. -->","yoast_head_json":{"title":"\u00d6mer EK\u0130N - Zeytinburnu Belediyesi","robots":{"index":"index","follow":"follow","max-snippet":"max-snippet:-1","max-image-preview":"max-image-preview:large","max-video-preview":"max-video-preview:-1"},"canonical":"https:\/\/zeytinburnu.istanbul\/personel\/omer-ekin\/","og_locale":"tr_TR","og_type":"article","og_title":"\u00d6mer EK\u0130N - Zeytinburnu Belediyesi","og_description":"1983 y\u0131l\u0131nda \u015e\u0131rnak&#8217;\u0131n G\u00fc\u00e7l\u00fckonak il\u00e7esinde do\u011fdu. 2006 y\u0131l\u0131ndan beri Zeytinburnu&#8217;nda ikamet etmektedir. S\u0131ras\u0131 ile AK Parti il\u00e7e y\u00f6netim kurulu \u00fcyeli\u011fi, sosyal politikalar birim ba\u015fkanl\u0131\u011f\u0131, il\u00e7e te\u015fkilat ba\u015fkanl\u0131\u011f\u0131 g\u00f6revlerinde bulundu. \u0130stanbul \u015e\u0131rnakl\u0131lar Derne\u011fi kurucu ba\u015fkan\u0131d\u0131r. G\u0131da sekt\u00f6r\u00fcnde ticaret ile u\u011fra\u015fmaktad\u0131r. Evli ve be\u015f \u00e7ocuk babas\u0131d\u0131r.","og_url":"https:\/\/zeytinburnu.istanbul\/personel\/omer-ekin\/","og_site_name":"Zeytinburnu Belediyesi","article_publisher":"https:\/\/web.facebook.com\/zeytinburnubld\/","article_modified_time":"2024-05-13T06:10:05+00:00","og_image":[{"width":228,"height":288,"url":"https:\/\/zeytinburnu.istanbul\/wp-content\/uploads\/2024\/04\/omer_ekin-1.jpg","type":"image\/jpeg"}],"twitter_card":"summary_large_image","twitter_site":"@zeytinburnubld","twitter_misc":{"Tahmini okuma s\u00fcresi":"1 dakika"},"schema":{"@context":"https:\/\/schema.org","@graph":[{"@type":"WebPage","@id":"https:\/\/zeytinburnu.istanbul\/personel\/omer-ekin\/","url":"https:\/\/zeytinburnu.istanbul\/personel\/omer-ekin\/","name":"\u00d6mer EK\u0130N - Zeytinburnu Belediyesi","isPartOf":{"@id":"https:\/\/zeytinburnu.istanbul\/#website"},"datePublished":"2024-05-10T19:20:57+00:00","dateModified":"2024-05-13T06:10:05+00:00","breadcrumb":{"@id":"https:\/\/zeytinburnu.istanbul\/personel\/omer-ekin\/#breadcrumb"},"inLanguage":"tr","potentialAction":[{"@type":"ReadAction","target":["https:\/\/zeytinburnu.istanbul\/personel\/omer-ekin\/"]}]},{"@type":"BreadcrumbList","@id":"https:\/\/zeytinburnu.istanbul\/personel\/omer-ekin\/#breadcrumb","itemListElement":[{"@type":"ListItem","position":1,"name":"Anasayfa","item":"https:\/\/zeytinburnu.istanbul\/"},{"@type":"ListItem","position":2,"name":"\u00d6mer EK\u0130N"}]},{"@type":"WebSite","@id":"https:\/\/zeytinburnu.istanbul\/#website","url":"https:\/\/zeytinburnu.istanbul\/","name":"Zeytinburnu Belediyesi","description":"","potentialAction":[{"@type":"SearchAction","target":{"@type":"EntryPoint","urlTemplate":"https:\/\/zeytinburnu.istanbul\/?s={search_term_string}"},"query-input":"required name=search_term_string"}],"inLanguage":"tr"}]}},"meta_data":{"sidebar_tipi":"varsayilan","detay_tipi":false,"uyesi_oldugu_siyasi_parti":"AK PART\u0130","unvan":"","image_details":{"thumbnail":{"url":"https:\/\/zeytinburnu.istanbul\/wp-content\/uploads\/2024\/04\/omer_ekin-1.jpg"},"full":{"file":"2024\/04\/omer_ekin-1.jpg","width":228,"height":288,"mime_type":"image\/jpeg","url":"https:\/\/zeytinburnu.istanbul\/wp-content\/uploads\/2024\/04\/omer_ekin-1.jpg"}}},"_links":{"self":[{"href":"https:\/\/zeytinburnu.istanbul\/api\/wp\/v2\/personel\/63154"}],"collection":[{"href":"https:\/\/zeytinburnu.istanbul\/api\/wp\/v2\/personel"}],"about":[{"href":"https:\/\/zeytinburnu.istanbul\/api\/wp\/v2\/types\/personel"}],"wp:featuredmedia":[{"embeddable":true,"href":"https:\/\/zeytinburnu.istanbul\/api\/wp\/v2\/media\/63583"}],"wp:attachment":[{"href":"https:\/\/zeytinburnu.istanbul\/api\/wp\/v2\/media?parent=63154"}],"wp:term":[{"taxonomy":"gorevlendirme","embeddable":true,"href":"https:\/\/zeytinburnu.istanbul\/api\/wp\/v2\/gorevlendirme?post=63154"}],"curies":[{"name":"wp","href":"https:\/\/api.w.org\/{rel}","templated":true}]}}