

{"id":63151,"date":"2024-05-10T22:50:04","date_gmt":"2024-05-10T19:50:04","guid":{"rendered":"https:\/\/zeytinburnu.istanbul\/?post_type=personel&#038;p=63151"},"modified":"2024-10-22T16:16:33","modified_gmt":"2024-10-22T13:16:33","slug":"hursut-bekaroglu","status":"publish","type":"personel","link":"https:\/\/zeytinburnu.istanbul\/personel\/hursut-bekaroglu\/","title":{"rendered":"Hur\u015fut BEKARO\u011eLU"},"content":{"rendered":"<p>1967 y\u0131l\u0131nda Giresun\u2019da do\u011fdu. 1980 y\u0131l\u0131ndan beri Zeytinburnu\u2019nda ikamet eden Bekaro\u011flu bir\u00e7ok sivil toplum kurulu\u015funda aktif g\u00f6rev ald\u0131. 2004\u2019ten bu yana AK Parti Zeytinburnu \u0130l\u00e7e Te\u015fkilat\u0131\u2019nda g\u00f6rev yapmaktad\u0131r. 8. d\u00f6nem Zeytinburnu AK Parti meclis \u00fcyeli\u011fine se\u00e7ilip Zeytinburnu Belediye Ba\u015fkan Yard\u0131mc\u0131l\u0131\u011f\u0131 g\u00f6revini \u00fcstlenmi\u015ftir. Evli ve iki \u00e7ocuk, d\u00f6rt torun sahibidir.<\/p>\n","protected":false},"featured_media":64983,"template":"","gorevlendirme":[25],"acf":[],"yoast_head":"<!-- This site is optimized with the Yoast SEO plugin v21.5 - https:\/\/yoast.com\/wordpress\/plugins\/seo\/ -->\n<title>Hur\u015fut BEKARO\u011eLU - Zeytinburnu Belediyesi<\/title>\n<meta name=\"robots\" content=\"index, follow, max-snippet:-1, max-image-preview:large, max-video-preview:-1\" \/>\n<link rel=\"canonical\" href=\"https:\/\/zeytinburnu.istanbul\/personel\/hursut-bekaroglu\/\" \/>\n<meta property=\"og:locale\" content=\"tr_TR\" \/>\n<meta property=\"og:type\" content=\"article\" \/>\n<meta property=\"og:title\" content=\"Hur\u015fut BEKARO\u011eLU - Zeytinburnu Belediyesi\" \/>\n<meta property=\"og:description\" content=\"1967 y\u0131l\u0131nda Giresun\u2019da do\u011fdu. 1980 y\u0131l\u0131ndan beri Zeytinburnu\u2019nda ikamet eden Bekaro\u011flu bir\u00e7ok sivil toplum kurulu\u015funda aktif g\u00f6rev ald\u0131. 2004\u2019ten bu yana AK Parti Zeytinburnu \u0130l\u00e7e Te\u015fkilat\u0131\u2019nda g\u00f6rev yapmaktad\u0131r. 8. d\u00f6nem Zeytinburnu AK Parti meclis \u00fcyeli\u011fine se\u00e7ilip Zeytinburnu Belediye Ba\u015fkan Yard\u0131mc\u0131l\u0131\u011f\u0131 g\u00f6revini \u00fcstlenmi\u015ftir. Evli ve iki \u00e7ocuk, d\u00f6rt torun sahibidir.\" \/>\n<meta property=\"og:url\" content=\"https:\/\/zeytinburnu.istanbul\/personel\/hursut-bekaroglu\/\" \/>\n<meta property=\"og:site_name\" content=\"Zeytinburnu Belediyesi\" \/>\n<meta property=\"article:publisher\" content=\"https:\/\/web.facebook.com\/zeytinburnubld\/\" \/>\n<meta property=\"article:modified_time\" content=\"2024-10-22T13:16:33+00:00\" \/>\n<meta property=\"og:image\" content=\"https:\/\/zeytinburnu.istanbul\/wp-content\/uploads\/2024\/05\/HURSIT-BASKAN.png\" \/>\n\t<meta property=\"og:image:width\" content=\"210\" \/>\n\t<meta property=\"og:image:height\" content=\"208\" \/>\n\t<meta property=\"og:image:type\" content=\"image\/png\" \/>\n<meta name=\"twitter:card\" content=\"summary_large_image\" \/>\n<meta name=\"twitter:site\" content=\"@zeytinburnubld\" \/>\n<meta name=\"twitter:label1\" content=\"Tahmini okuma s\u00fcresi\" \/>\n\t<meta name=\"twitter:data1\" content=\"1 dakika\" \/>\n<script type=\"application\/ld+json\" class=\"yoast-schema-graph\">{\"@context\":\"https:\/\/schema.org\",\"@graph\":[{\"@type\":\"WebPage\",\"@id\":\"https:\/\/zeytinburnu.istanbul\/personel\/hursut-bekaroglu\/\",\"url\":\"https:\/\/zeytinburnu.istanbul\/personel\/hursut-bekaroglu\/\",\"name\":\"Hur\u015fut BEKARO\u011eLU - Zeytinburnu Belediyesi\",\"isPartOf\":{\"@id\":\"https:\/\/zeytinburnu.istanbul\/#website\"},\"datePublished\":\"2024-05-10T19:50:04+00:00\",\"dateModified\":\"2024-10-22T13:16:33+00:00\",\"breadcrumb\":{\"@id\":\"https:\/\/zeytinburnu.istanbul\/personel\/hursut-bekaroglu\/#breadcrumb\"},\"inLanguage\":\"tr\",\"potentialAction\":[{\"@type\":\"ReadAction\",\"target\":[\"https:\/\/zeytinburnu.istanbul\/personel\/hursut-bekaroglu\/\"]}]},{\"@type\":\"BreadcrumbList\",\"@id\":\"https:\/\/zeytinburnu.istanbul\/personel\/hursut-bekaroglu\/#breadcrumb\",\"itemListElement\":[{\"@type\":\"ListItem\",\"position\":1,\"name\":\"Anasayfa\",\"item\":\"https:\/\/zeytinburnu.istanbul\/\"},{\"@type\":\"ListItem\",\"position\":2,\"name\":\"Hur\u015fut BEKARO\u011eLU\"}]},{\"@type\":\"WebSite\",\"@id\":\"https:\/\/zeytinburnu.istanbul\/#website\",\"url\":\"https:\/\/zeytinburnu.istanbul\/\",\"name\":\"Zeytinburnu Belediyesi\",\"description\":\"\",\"potentialAction\":[{\"@type\":\"SearchAction\",\"target\":{\"@type\":\"EntryPoint\",\"urlTemplate\":\"https:\/\/zeytinburnu.istanbul\/?s={search_term_string}\"},\"query-input\":\"required name=search_term_string\"}],\"inLanguage\":\"tr\"}]}<\/script>\n<!-- \/ Yoast SEO plugin. -->","yoast_head_json":{"title":"Hur\u015fut BEKARO\u011eLU - Zeytinburnu Belediyesi","robots":{"index":"index","follow":"follow","max-snippet":"max-snippet:-1","max-image-preview":"max-image-preview:large","max-video-preview":"max-video-preview:-1"},"canonical":"https:\/\/zeytinburnu.istanbul\/personel\/hursut-bekaroglu\/","og_locale":"tr_TR","og_type":"article","og_title":"Hur\u015fut BEKARO\u011eLU - Zeytinburnu Belediyesi","og_description":"1967 y\u0131l\u0131nda Giresun\u2019da do\u011fdu. 1980 y\u0131l\u0131ndan beri Zeytinburnu\u2019nda ikamet eden Bekaro\u011flu bir\u00e7ok sivil toplum kurulu\u015funda aktif g\u00f6rev ald\u0131. 2004\u2019ten bu yana AK Parti Zeytinburnu \u0130l\u00e7e Te\u015fkilat\u0131\u2019nda g\u00f6rev yapmaktad\u0131r. 8. d\u00f6nem Zeytinburnu AK Parti meclis \u00fcyeli\u011fine se\u00e7ilip Zeytinburnu Belediye Ba\u015fkan Yard\u0131mc\u0131l\u0131\u011f\u0131 g\u00f6revini \u00fcstlenmi\u015ftir. Evli ve iki \u00e7ocuk, d\u00f6rt torun sahibidir.","og_url":"https:\/\/zeytinburnu.istanbul\/personel\/hursut-bekaroglu\/","og_site_name":"Zeytinburnu Belediyesi","article_publisher":"https:\/\/web.facebook.com\/zeytinburnubld\/","article_modified_time":"2024-10-22T13:16:33+00:00","og_image":[{"width":210,"height":208,"url":"https:\/\/zeytinburnu.istanbul\/wp-content\/uploads\/2024\/05\/HURSIT-BASKAN.png","type":"image\/png"}],"twitter_card":"summary_large_image","twitter_site":"@zeytinburnubld","twitter_misc":{"Tahmini okuma s\u00fcresi":"1 dakika"},"schema":{"@context":"https:\/\/schema.org","@graph":[{"@type":"WebPage","@id":"https:\/\/zeytinburnu.istanbul\/personel\/hursut-bekaroglu\/","url":"https:\/\/zeytinburnu.istanbul\/personel\/hursut-bekaroglu\/","name":"Hur\u015fut BEKARO\u011eLU - Zeytinburnu Belediyesi","isPartOf":{"@id":"https:\/\/zeytinburnu.istanbul\/#website"},"datePublished":"2024-05-10T19:50:04+00:00","dateModified":"2024-10-22T13:16:33+00:00","breadcrumb":{"@id":"https:\/\/zeytinburnu.istanbul\/personel\/hursut-bekaroglu\/#breadcrumb"},"inLanguage":"tr","potentialAction":[{"@type":"ReadAction","target":["https:\/\/zeytinburnu.istanbul\/personel\/hursut-bekaroglu\/"]}]},{"@type":"BreadcrumbList","@id":"https:\/\/zeytinburnu.istanbul\/personel\/hursut-bekaroglu\/#breadcrumb","itemListElement":[{"@type":"ListItem","position":1,"name":"Anasayfa","item":"https:\/\/zeytinburnu.istanbul\/"},{"@type":"ListItem","position":2,"name":"Hur\u015fut BEKARO\u011eLU"}]},{"@type":"WebSite","@id":"https:\/\/zeytinburnu.istanbul\/#website","url":"https:\/\/zeytinburnu.istanbul\/","name":"Zeytinburnu Belediyesi","description":"","potentialAction":[{"@type":"SearchAction","target":{"@type":"EntryPoint","urlTemplate":"https:\/\/zeytinburnu.istanbul\/?s={search_term_string}"},"query-input":"required name=search_term_string"}],"inLanguage":"tr"}]}},"meta_data":{"sidebar_tipi":"varsayilan","detay_tipi":false,"uyesi_oldugu_siyasi_parti":"AK PART\u0130","unvan":"","image_details":{"thumbnail":{"url":"https:\/\/zeytinburnu.istanbul\/wp-content\/uploads\/2024\/05\/HURSIT-BASKAN.png"},"full":{"file":"2024\/05\/HURSIT-BASKAN.png","width":210,"height":208,"mime_type":"image\/png","url":"https:\/\/zeytinburnu.istanbul\/wp-content\/uploads\/2024\/05\/HURSIT-BASKAN.png"}}},"_links":{"self":[{"href":"https:\/\/zeytinburnu.istanbul\/api\/wp\/v2\/personel\/63151"}],"collection":[{"href":"https:\/\/zeytinburnu.istanbul\/api\/wp\/v2\/personel"}],"about":[{"href":"https:\/\/zeytinburnu.istanbul\/api\/wp\/v2\/types\/personel"}],"wp:featuredmedia":[{"embeddable":true,"href":"https:\/\/zeytinburnu.istanbul\/api\/wp\/v2\/media\/64983"}],"wp:attachment":[{"href":"https:\/\/zeytinburnu.istanbul\/api\/wp\/v2\/media?parent=63151"}],"wp:term":[{"taxonomy":"gorevlendirme","embeddable":true,"href":"https:\/\/zeytinburnu.istanbul\/api\/wp\/v2\/gorevlendirme?post=63151"}],"curies":[{"name":"wp","href":"https:\/\/api.w.org\/{rel}","templated":true}]}}