

{"id":63150,"date":"2024-05-10T22:55:07","date_gmt":"2024-05-10T19:55:07","guid":{"rendered":"https:\/\/zeytinburnu.istanbul\/?post_type=personel&#038;p=63150"},"modified":"2025-03-04T15:03:40","modified_gmt":"2025-03-04T12:03:40","slug":"mustafa-yalcinkaya","status":"publish","type":"personel","link":"https:\/\/zeytinburnu.istanbul\/personel\/mustafa-yalcinkaya\/","title":{"rendered":"Mustafa Yal\u00e7\u0131nkaya"},"content":{"rendered":"<p>1974 y\u0131l\u0131nda Ordu\u2019da do\u011fdu. Karadeniz Teknik \u00dcniversitesi Maliye b\u00f6l\u00fcm\u00fcnden mezun oldu. Okan \u00dcniversitesinde Muhasebe ve Denetim alan\u0131nda y\u00fcksek lisans\u0131n\u0131 yapt\u0131. Telsiz mahalle te\u015fkilat\u0131, il\u00e7e te\u015fkilat komisyon \u00fcyeli\u011fi, il\u00e7e y\u00f6netim kurulu \u00fcyeli\u011fi ve il\u00e7e ba\u015fkan yard\u0131mc\u0131l\u0131\u011f\u0131, SKM Ba\u015fkanl\u0131\u011f\u0131 g\u00f6revlerinde bulundu. \u0130stanbul Serbest Muhasebeci ve Mali M\u00fc\u015favirler Odas\u0131, \u0130stanbul Serbest Muhasebeci Mali M\u00fc\u015favirler Derne\u011fi, Ba\u011f\u0131ms\u0131z Denetim Uzmanlar\u0131 Derne\u011fi \u00fcyeli\u011fi; Ordu Dernekler Federasyon Y\u00f6netim Kurulu \u00fcyeli\u011fi, Zeytinburnu Ordulular Derne\u011fi Ba\u015fkan vekilli\u011fi g\u00f6revlerinde bulundu. Ceza Muhakemesinde Uzla\u015ft\u0131rmac\u0131 Belgesini alm\u0131\u015f, ba\u011f\u0131ms\u0131z Denet\u00e7i belgesini ald\u0131ktan sonra Kamu G\u00f6zetim Kurumu Siciline kayd\u0131n\u0131 yapt\u0131rm\u0131\u015ft\u0131r. Zeytinburnu\u2019nda Ba\u011f\u0131ms\u0131z Denet\u00e7ilik-Mali M\u00fc\u015favirlik hizmeti vermektedir. Evli ve iki \u00e7ocuk babas\u0131d\u0131r.<\/p>\n","protected":false},"featured_media":63179,"template":"","gorevlendirme":[25],"acf":[],"yoast_head":"<!-- This site is optimized with the Yoast SEO plugin v21.5 - https:\/\/yoast.com\/wordpress\/plugins\/seo\/ -->\n<title>Mustafa Yal\u00e7\u0131nkaya - Zeytinburnu Belediyesi<\/title>\n<meta name=\"robots\" content=\"index, follow, max-snippet:-1, max-image-preview:large, max-video-preview:-1\" \/>\n<link rel=\"canonical\" href=\"https:\/\/zeytinburnu.istanbul\/personel\/mustafa-yalcinkaya\/\" \/>\n<meta property=\"og:locale\" content=\"tr_TR\" \/>\n<meta property=\"og:type\" content=\"article\" \/>\n<meta property=\"og:title\" content=\"Mustafa Yal\u00e7\u0131nkaya - Zeytinburnu Belediyesi\" \/>\n<meta property=\"og:description\" content=\"1974 y\u0131l\u0131nda Ordu\u2019da do\u011fdu. Karadeniz Teknik \u00dcniversitesi Maliye b\u00f6l\u00fcm\u00fcnden mezun oldu. Okan \u00dcniversitesinde Muhasebe ve Denetim alan\u0131nda y\u00fcksek lisans\u0131n\u0131 yapt\u0131. Telsiz mahalle te\u015fkilat\u0131, il\u00e7e te\u015fkilat komisyon \u00fcyeli\u011fi, il\u00e7e y\u00f6netim kurulu \u00fcyeli\u011fi ve il\u00e7e ba\u015fkan yard\u0131mc\u0131l\u0131\u011f\u0131, SKM Ba\u015fkanl\u0131\u011f\u0131 g\u00f6revlerinde bulundu. \u0130stanbul Serbest Muhasebeci ve Mali M\u00fc\u015favirler Odas\u0131, \u0130stanbul Serbest Muhasebeci Mali M\u00fc\u015favirler Derne\u011fi, Ba\u011f\u0131ms\u0131z Denetim Uzmanlar\u0131 [&hellip;]\" \/>\n<meta property=\"og:url\" content=\"https:\/\/zeytinburnu.istanbul\/personel\/mustafa-yalcinkaya\/\" \/>\n<meta property=\"og:site_name\" content=\"Zeytinburnu Belediyesi\" \/>\n<meta property=\"article:publisher\" content=\"https:\/\/web.facebook.com\/zeytinburnubld\/\" \/>\n<meta property=\"article:modified_time\" content=\"2025-03-04T12:03:40+00:00\" \/>\n<meta property=\"og:image\" content=\"https:\/\/zeytinburnu.istanbul\/wp-content\/uploads\/2024\/04\/mustafa_yalcinkaya.jpg\" \/>\n\t<meta property=\"og:image:width\" content=\"210\" \/>\n\t<meta property=\"og:image:height\" content=\"208\" \/>\n\t<meta property=\"og:image:type\" content=\"image\/jpeg\" \/>\n<meta name=\"twitter:card\" content=\"summary_large_image\" \/>\n<meta name=\"twitter:site\" content=\"@zeytinburnubld\" \/>\n<meta name=\"twitter:label1\" content=\"Tahmini okuma s\u00fcresi\" \/>\n\t<meta name=\"twitter:data1\" content=\"1 dakika\" \/>\n<script type=\"application\/ld+json\" class=\"yoast-schema-graph\">{\"@context\":\"https:\/\/schema.org\",\"@graph\":[{\"@type\":\"WebPage\",\"@id\":\"https:\/\/zeytinburnu.istanbul\/personel\/mustafa-yalcinkaya\/\",\"url\":\"https:\/\/zeytinburnu.istanbul\/personel\/mustafa-yalcinkaya\/\",\"name\":\"Mustafa Yal\u00e7\u0131nkaya - Zeytinburnu Belediyesi\",\"isPartOf\":{\"@id\":\"https:\/\/zeytinburnu.istanbul\/#website\"},\"datePublished\":\"2024-05-10T19:55:07+00:00\",\"dateModified\":\"2025-03-04T12:03:40+00:00\",\"breadcrumb\":{\"@id\":\"https:\/\/zeytinburnu.istanbul\/personel\/mustafa-yalcinkaya\/#breadcrumb\"},\"inLanguage\":\"tr\",\"potentialAction\":[{\"@type\":\"ReadAction\",\"target\":[\"https:\/\/zeytinburnu.istanbul\/personel\/mustafa-yalcinkaya\/\"]}]},{\"@type\":\"BreadcrumbList\",\"@id\":\"https:\/\/zeytinburnu.istanbul\/personel\/mustafa-yalcinkaya\/#breadcrumb\",\"itemListElement\":[{\"@type\":\"ListItem\",\"position\":1,\"name\":\"Anasayfa\",\"item\":\"https:\/\/zeytinburnu.istanbul\/\"},{\"@type\":\"ListItem\",\"position\":2,\"name\":\"Mustafa Yal\u00e7\u0131nkaya\"}]},{\"@type\":\"WebSite\",\"@id\":\"https:\/\/zeytinburnu.istanbul\/#website\",\"url\":\"https:\/\/zeytinburnu.istanbul\/\",\"name\":\"Zeytinburnu Belediyesi\",\"description\":\"\",\"potentialAction\":[{\"@type\":\"SearchAction\",\"target\":{\"@type\":\"EntryPoint\",\"urlTemplate\":\"https:\/\/zeytinburnu.istanbul\/?s={search_term_string}\"},\"query-input\":\"required name=search_term_string\"}],\"inLanguage\":\"tr\"}]}<\/script>\n<!-- \/ Yoast SEO plugin. -->","yoast_head_json":{"title":"Mustafa Yal\u00e7\u0131nkaya - Zeytinburnu Belediyesi","robots":{"index":"index","follow":"follow","max-snippet":"max-snippet:-1","max-image-preview":"max-image-preview:large","max-video-preview":"max-video-preview:-1"},"canonical":"https:\/\/zeytinburnu.istanbul\/personel\/mustafa-yalcinkaya\/","og_locale":"tr_TR","og_type":"article","og_title":"Mustafa Yal\u00e7\u0131nkaya - Zeytinburnu Belediyesi","og_description":"1974 y\u0131l\u0131nda Ordu\u2019da do\u011fdu. Karadeniz Teknik \u00dcniversitesi Maliye b\u00f6l\u00fcm\u00fcnden mezun oldu. Okan \u00dcniversitesinde Muhasebe ve Denetim alan\u0131nda y\u00fcksek lisans\u0131n\u0131 yapt\u0131. Telsiz mahalle te\u015fkilat\u0131, il\u00e7e te\u015fkilat komisyon \u00fcyeli\u011fi, il\u00e7e y\u00f6netim kurulu \u00fcyeli\u011fi ve il\u00e7e ba\u015fkan yard\u0131mc\u0131l\u0131\u011f\u0131, SKM Ba\u015fkanl\u0131\u011f\u0131 g\u00f6revlerinde bulundu. \u0130stanbul Serbest Muhasebeci ve Mali M\u00fc\u015favirler Odas\u0131, \u0130stanbul Serbest Muhasebeci Mali M\u00fc\u015favirler Derne\u011fi, Ba\u011f\u0131ms\u0131z Denetim Uzmanlar\u0131 [&hellip;]","og_url":"https:\/\/zeytinburnu.istanbul\/personel\/mustafa-yalcinkaya\/","og_site_name":"Zeytinburnu Belediyesi","article_publisher":"https:\/\/web.facebook.com\/zeytinburnubld\/","article_modified_time":"2025-03-04T12:03:40+00:00","og_image":[{"width":210,"height":208,"url":"https:\/\/zeytinburnu.istanbul\/wp-content\/uploads\/2024\/04\/mustafa_yalcinkaya.jpg","type":"image\/jpeg"}],"twitter_card":"summary_large_image","twitter_site":"@zeytinburnubld","twitter_misc":{"Tahmini okuma s\u00fcresi":"1 dakika"},"schema":{"@context":"https:\/\/schema.org","@graph":[{"@type":"WebPage","@id":"https:\/\/zeytinburnu.istanbul\/personel\/mustafa-yalcinkaya\/","url":"https:\/\/zeytinburnu.istanbul\/personel\/mustafa-yalcinkaya\/","name":"Mustafa Yal\u00e7\u0131nkaya - Zeytinburnu Belediyesi","isPartOf":{"@id":"https:\/\/zeytinburnu.istanbul\/#website"},"datePublished":"2024-05-10T19:55:07+00:00","dateModified":"2025-03-04T12:03:40+00:00","breadcrumb":{"@id":"https:\/\/zeytinburnu.istanbul\/personel\/mustafa-yalcinkaya\/#breadcrumb"},"inLanguage":"tr","potentialAction":[{"@type":"ReadAction","target":["https:\/\/zeytinburnu.istanbul\/personel\/mustafa-yalcinkaya\/"]}]},{"@type":"BreadcrumbList","@id":"https:\/\/zeytinburnu.istanbul\/personel\/mustafa-yalcinkaya\/#breadcrumb","itemListElement":[{"@type":"ListItem","position":1,"name":"Anasayfa","item":"https:\/\/zeytinburnu.istanbul\/"},{"@type":"ListItem","position":2,"name":"Mustafa Yal\u00e7\u0131nkaya"}]},{"@type":"WebSite","@id":"https:\/\/zeytinburnu.istanbul\/#website","url":"https:\/\/zeytinburnu.istanbul\/","name":"Zeytinburnu Belediyesi","description":"","potentialAction":[{"@type":"SearchAction","target":{"@type":"EntryPoint","urlTemplate":"https:\/\/zeytinburnu.istanbul\/?s={search_term_string}"},"query-input":"required name=search_term_string"}],"inLanguage":"tr"}]}},"meta_data":{"sidebar_tipi":"varsayilan","detay_tipi":false,"uyesi_oldugu_siyasi_parti":"AK PART\u0130","unvan":"","image_details":{"thumbnail":{"url":"https:\/\/zeytinburnu.istanbul\/wp-content\/uploads\/2024\/04\/mustafa_yalcinkaya.jpg"},"full":{"file":"2024\/04\/mustafa_yalcinkaya.jpg","width":210,"height":208,"mime_type":"image\/jpeg","url":"https:\/\/zeytinburnu.istanbul\/wp-content\/uploads\/2024\/04\/mustafa_yalcinkaya.jpg"}}},"_links":{"self":[{"href":"https:\/\/zeytinburnu.istanbul\/api\/wp\/v2\/personel\/63150"}],"collection":[{"href":"https:\/\/zeytinburnu.istanbul\/api\/wp\/v2\/personel"}],"about":[{"href":"https:\/\/zeytinburnu.istanbul\/api\/wp\/v2\/types\/personel"}],"wp:featuredmedia":[{"embeddable":true,"href":"https:\/\/zeytinburnu.istanbul\/api\/wp\/v2\/media\/63179"}],"wp:attachment":[{"href":"https:\/\/zeytinburnu.istanbul\/api\/wp\/v2\/media?parent=63150"}],"wp:term":[{"taxonomy":"gorevlendirme","embeddable":true,"href":"https:\/\/zeytinburnu.istanbul\/api\/wp\/v2\/gorevlendirme?post=63150"}],"curies":[{"name":"wp","href":"https:\/\/api.w.org\/{rel}","templated":true}]}}