

{"id":63149,"date":"2024-05-10T23:00:11","date_gmt":"2024-05-10T20:00:11","guid":{"rendered":"https:\/\/zeytinburnu.istanbul\/?post_type=personel&#038;p=63149"},"modified":"2024-05-10T23:22:27","modified_gmt":"2024-05-10T20:22:27","slug":"emrehan-sav","status":"publish","type":"personel","link":"https:\/\/zeytinburnu.istanbul\/personel\/emrehan-sav\/","title":{"rendered":"Emrehan SAV"},"content":{"rendered":"<p>1992 y\u0131l\u0131nda Zeytinburnu&#8217;nda do\u011fdu. \u0130stanbul Arel D\u0131\u015f Ticaret ve Anadolu \u00dcniversitesi \u0130\u015fletme b\u00f6l\u00fcm\u00fcnden mezun oldu. G\u00fcmr\u00fck m\u00fc\u015favirli\u011fi hizmeti veren \u015firket orta\u011f\u0131 olarak \u00e7al\u0131\u015fmaktad\u0131r. 2019 y\u0131l\u0131ndan bu yana AK Parti Zeytinburnu Gen\u00e7lik Kollar\u0131 Ba\u015fkanl\u0131\u011f\u0131 yapmaktad\u0131r.<\/p>\n<p>&nbsp;<\/p>\n","protected":false},"featured_media":63176,"template":"","gorevlendirme":[25],"acf":[],"yoast_head":"<!-- This site is optimized with the Yoast SEO plugin v21.5 - https:\/\/yoast.com\/wordpress\/plugins\/seo\/ -->\n<title>Emrehan SAV - Zeytinburnu Belediyesi<\/title>\n<meta name=\"robots\" content=\"index, follow, max-snippet:-1, max-image-preview:large, max-video-preview:-1\" \/>\n<link rel=\"canonical\" href=\"https:\/\/zeytinburnu.istanbul\/personel\/emrehan-sav\/\" \/>\n<meta property=\"og:locale\" content=\"tr_TR\" \/>\n<meta property=\"og:type\" content=\"article\" \/>\n<meta property=\"og:title\" content=\"Emrehan SAV - Zeytinburnu Belediyesi\" \/>\n<meta property=\"og:description\" content=\"1992 y\u0131l\u0131nda Zeytinburnu&#8217;nda do\u011fdu. \u0130stanbul Arel D\u0131\u015f Ticaret ve Anadolu \u00dcniversitesi \u0130\u015fletme b\u00f6l\u00fcm\u00fcnden mezun oldu. G\u00fcmr\u00fck m\u00fc\u015favirli\u011fi hizmeti veren \u015firket orta\u011f\u0131 olarak \u00e7al\u0131\u015fmaktad\u0131r. 2019 y\u0131l\u0131ndan bu yana AK Parti Zeytinburnu Gen\u00e7lik Kollar\u0131 Ba\u015fkanl\u0131\u011f\u0131 yapmaktad\u0131r. &nbsp;\" \/>\n<meta property=\"og:url\" content=\"https:\/\/zeytinburnu.istanbul\/personel\/emrehan-sav\/\" \/>\n<meta property=\"og:site_name\" content=\"Zeytinburnu Belediyesi\" \/>\n<meta property=\"article:publisher\" content=\"https:\/\/web.facebook.com\/zeytinburnubld\/\" \/>\n<meta property=\"article:modified_time\" content=\"2024-05-10T20:22:27+00:00\" \/>\n<meta property=\"og:image\" content=\"https:\/\/zeytinburnu.istanbul\/wp-content\/uploads\/2024\/04\/emrehan_sav.jpg\" \/>\n\t<meta property=\"og:image:width\" content=\"210\" \/>\n\t<meta property=\"og:image:height\" content=\"208\" \/>\n\t<meta property=\"og:image:type\" content=\"image\/jpeg\" \/>\n<meta name=\"twitter:card\" content=\"summary_large_image\" \/>\n<meta name=\"twitter:site\" content=\"@zeytinburnubld\" \/>\n<meta name=\"twitter:label1\" content=\"Tahmini okuma s\u00fcresi\" \/>\n\t<meta name=\"twitter:data1\" content=\"1 dakika\" \/>\n<script type=\"application\/ld+json\" class=\"yoast-schema-graph\">{\"@context\":\"https:\/\/schema.org\",\"@graph\":[{\"@type\":\"WebPage\",\"@id\":\"https:\/\/zeytinburnu.istanbul\/personel\/emrehan-sav\/\",\"url\":\"https:\/\/zeytinburnu.istanbul\/personel\/emrehan-sav\/\",\"name\":\"Emrehan SAV - Zeytinburnu Belediyesi\",\"isPartOf\":{\"@id\":\"https:\/\/zeytinburnu.istanbul\/#website\"},\"datePublished\":\"2024-05-10T20:00:11+00:00\",\"dateModified\":\"2024-05-10T20:22:27+00:00\",\"breadcrumb\":{\"@id\":\"https:\/\/zeytinburnu.istanbul\/personel\/emrehan-sav\/#breadcrumb\"},\"inLanguage\":\"tr\",\"potentialAction\":[{\"@type\":\"ReadAction\",\"target\":[\"https:\/\/zeytinburnu.istanbul\/personel\/emrehan-sav\/\"]}]},{\"@type\":\"BreadcrumbList\",\"@id\":\"https:\/\/zeytinburnu.istanbul\/personel\/emrehan-sav\/#breadcrumb\",\"itemListElement\":[{\"@type\":\"ListItem\",\"position\":1,\"name\":\"Anasayfa\",\"item\":\"https:\/\/zeytinburnu.istanbul\/\"},{\"@type\":\"ListItem\",\"position\":2,\"name\":\"Emrehan SAV\"}]},{\"@type\":\"WebSite\",\"@id\":\"https:\/\/zeytinburnu.istanbul\/#website\",\"url\":\"https:\/\/zeytinburnu.istanbul\/\",\"name\":\"Zeytinburnu Belediyesi\",\"description\":\"\",\"potentialAction\":[{\"@type\":\"SearchAction\",\"target\":{\"@type\":\"EntryPoint\",\"urlTemplate\":\"https:\/\/zeytinburnu.istanbul\/?s={search_term_string}\"},\"query-input\":\"required name=search_term_string\"}],\"inLanguage\":\"tr\"}]}<\/script>\n<!-- \/ Yoast SEO plugin. -->","yoast_head_json":{"title":"Emrehan SAV - Zeytinburnu Belediyesi","robots":{"index":"index","follow":"follow","max-snippet":"max-snippet:-1","max-image-preview":"max-image-preview:large","max-video-preview":"max-video-preview:-1"},"canonical":"https:\/\/zeytinburnu.istanbul\/personel\/emrehan-sav\/","og_locale":"tr_TR","og_type":"article","og_title":"Emrehan SAV - Zeytinburnu Belediyesi","og_description":"1992 y\u0131l\u0131nda Zeytinburnu&#8217;nda do\u011fdu. \u0130stanbul Arel D\u0131\u015f Ticaret ve Anadolu \u00dcniversitesi \u0130\u015fletme b\u00f6l\u00fcm\u00fcnden mezun oldu. G\u00fcmr\u00fck m\u00fc\u015favirli\u011fi hizmeti veren \u015firket orta\u011f\u0131 olarak \u00e7al\u0131\u015fmaktad\u0131r. 2019 y\u0131l\u0131ndan bu yana AK Parti Zeytinburnu Gen\u00e7lik Kollar\u0131 Ba\u015fkanl\u0131\u011f\u0131 yapmaktad\u0131r. &nbsp;","og_url":"https:\/\/zeytinburnu.istanbul\/personel\/emrehan-sav\/","og_site_name":"Zeytinburnu Belediyesi","article_publisher":"https:\/\/web.facebook.com\/zeytinburnubld\/","article_modified_time":"2024-05-10T20:22:27+00:00","og_image":[{"width":210,"height":208,"url":"https:\/\/zeytinburnu.istanbul\/wp-content\/uploads\/2024\/04\/emrehan_sav.jpg","type":"image\/jpeg"}],"twitter_card":"summary_large_image","twitter_site":"@zeytinburnubld","twitter_misc":{"Tahmini okuma s\u00fcresi":"1 dakika"},"schema":{"@context":"https:\/\/schema.org","@graph":[{"@type":"WebPage","@id":"https:\/\/zeytinburnu.istanbul\/personel\/emrehan-sav\/","url":"https:\/\/zeytinburnu.istanbul\/personel\/emrehan-sav\/","name":"Emrehan SAV - Zeytinburnu Belediyesi","isPartOf":{"@id":"https:\/\/zeytinburnu.istanbul\/#website"},"datePublished":"2024-05-10T20:00:11+00:00","dateModified":"2024-05-10T20:22:27+00:00","breadcrumb":{"@id":"https:\/\/zeytinburnu.istanbul\/personel\/emrehan-sav\/#breadcrumb"},"inLanguage":"tr","potentialAction":[{"@type":"ReadAction","target":["https:\/\/zeytinburnu.istanbul\/personel\/emrehan-sav\/"]}]},{"@type":"BreadcrumbList","@id":"https:\/\/zeytinburnu.istanbul\/personel\/emrehan-sav\/#breadcrumb","itemListElement":[{"@type":"ListItem","position":1,"name":"Anasayfa","item":"https:\/\/zeytinburnu.istanbul\/"},{"@type":"ListItem","position":2,"name":"Emrehan SAV"}]},{"@type":"WebSite","@id":"https:\/\/zeytinburnu.istanbul\/#website","url":"https:\/\/zeytinburnu.istanbul\/","name":"Zeytinburnu Belediyesi","description":"","potentialAction":[{"@type":"SearchAction","target":{"@type":"EntryPoint","urlTemplate":"https:\/\/zeytinburnu.istanbul\/?s={search_term_string}"},"query-input":"required name=search_term_string"}],"inLanguage":"tr"}]}},"meta_data":{"sidebar_tipi":"varsayilan","detay_tipi":false,"uyesi_oldugu_siyasi_parti":"AK PART\u0130","unvan":"","image_details":{"thumbnail":{"url":"https:\/\/zeytinburnu.istanbul\/wp-content\/uploads\/2024\/04\/emrehan_sav.jpg"},"full":{"file":"2024\/04\/emrehan_sav.jpg","width":210,"height":208,"mime_type":"image\/jpeg","url":"https:\/\/zeytinburnu.istanbul\/wp-content\/uploads\/2024\/04\/emrehan_sav.jpg"}}},"_links":{"self":[{"href":"https:\/\/zeytinburnu.istanbul\/api\/wp\/v2\/personel\/63149"}],"collection":[{"href":"https:\/\/zeytinburnu.istanbul\/api\/wp\/v2\/personel"}],"about":[{"href":"https:\/\/zeytinburnu.istanbul\/api\/wp\/v2\/types\/personel"}],"wp:featuredmedia":[{"embeddable":true,"href":"https:\/\/zeytinburnu.istanbul\/api\/wp\/v2\/media\/63176"}],"wp:attachment":[{"href":"https:\/\/zeytinburnu.istanbul\/api\/wp\/v2\/media?parent=63149"}],"wp:term":[{"taxonomy":"gorevlendirme","embeddable":true,"href":"https:\/\/zeytinburnu.istanbul\/api\/wp\/v2\/gorevlendirme?post=63149"}],"curies":[{"name":"wp","href":"https:\/\/api.w.org\/{rel}","templated":true}]}}