

{"id":63147,"date":"2024-05-10T23:10:55","date_gmt":"2024-05-10T20:10:55","guid":{"rendered":"https:\/\/zeytinburnu.istanbul\/?post_type=personel&#038;p=63147"},"modified":"2024-05-10T23:20:28","modified_gmt":"2024-05-10T20:20:28","slug":"abdulkerim-turdi","status":"publish","type":"personel","link":"https:\/\/zeytinburnu.istanbul\/personel\/abdulkerim-turdi\/","title":{"rendered":"Abdulkerim TURD\u0130"},"content":{"rendered":"<p>1976 y\u0131l\u0131nda T\u00fcrk soylu t\u00fcccar bir ailenin ikinci \u00e7ocu\u011fu olarak G\u00fcney T\u00fcrkistan&#8217;da d\u00fcnyaya geldi. \u0130stanbul&#8217;a 1985 y\u0131l\u0131nda g\u00f6\u00e7 ederek ilkokul, ortaokul ve lise tahsilini Zeytinburnu&#8217;nda, lisans e\u011fitimini ABD&#8217;deki Suffulk \u00dcniversitesinde i\u015fletme ve uluslararas\u0131 ticaret b\u00f6l\u00fcmlerinde tamamlad\u0131. Dubai&#8217;de \u00e7ok uluslu aile \u015firketinde on bir y\u0131l faaliyet g\u00f6sterdi. 2012 y\u0131l\u0131nda \u00c7in Y\u0131wu \u015fehrinde T\u00fcrk \u015firketi b\u00fcnyesinde Ortado\u011fu ve Afrika&#8217;ya ihracat yapt\u0131. \u00c7in&#8217;den 2018 y\u0131l\u0131nda T\u00fcrkiye&#8217;ye temelli d\u00f6n\u00fc\u015f\u00fcn\u00fc ger\u00e7ekle\u015ftirdi. Zeytinburnu&#8217;ndaki aile \u015firketinde karde\u015fleri ile birlikte kuma\u015f ve elyaf ticari faaliyetleri devam etmektedir. Ayn\u0131 zamanda kamu yarar\u0131na hizmet veren Harabati Vakf\u0131 ba\u015fkanl\u0131\u011f\u0131n\u0131 \u00fcstlenmi\u015f olup \u0130ngilizce, Fars\u00e7a, Arap\u00e7a, Hint\u00e7e, Urduca ve \u00c7ince bilmektedir.<\/p>\n","protected":false},"featured_media":63175,"template":"","gorevlendirme":[25],"acf":[],"yoast_head":"<!-- This site is optimized with the Yoast SEO plugin v21.5 - https:\/\/yoast.com\/wordpress\/plugins\/seo\/ -->\n<title>Abdulkerim TURD\u0130 - Zeytinburnu Belediyesi<\/title>\n<meta name=\"robots\" content=\"index, follow, max-snippet:-1, max-image-preview:large, max-video-preview:-1\" \/>\n<link rel=\"canonical\" href=\"https:\/\/zeytinburnu.istanbul\/personel\/abdulkerim-turdi\/\" \/>\n<meta property=\"og:locale\" content=\"tr_TR\" \/>\n<meta property=\"og:type\" content=\"article\" \/>\n<meta property=\"og:title\" content=\"Abdulkerim TURD\u0130 - Zeytinburnu Belediyesi\" \/>\n<meta property=\"og:description\" content=\"1976 y\u0131l\u0131nda T\u00fcrk soylu t\u00fcccar bir ailenin ikinci \u00e7ocu\u011fu olarak G\u00fcney T\u00fcrkistan&#8217;da d\u00fcnyaya geldi. \u0130stanbul&#8217;a 1985 y\u0131l\u0131nda g\u00f6\u00e7 ederek ilkokul, ortaokul ve lise tahsilini Zeytinburnu&#8217;nda, lisans e\u011fitimini ABD&#8217;deki Suffulk \u00dcniversitesinde i\u015fletme ve uluslararas\u0131 ticaret b\u00f6l\u00fcmlerinde tamamlad\u0131. Dubai&#8217;de \u00e7ok uluslu aile \u015firketinde on bir y\u0131l faaliyet g\u00f6sterdi. 2012 y\u0131l\u0131nda \u00c7in Y\u0131wu \u015fehrinde T\u00fcrk \u015firketi b\u00fcnyesinde Ortado\u011fu [&hellip;]\" \/>\n<meta property=\"og:url\" content=\"https:\/\/zeytinburnu.istanbul\/personel\/abdulkerim-turdi\/\" \/>\n<meta property=\"og:site_name\" content=\"Zeytinburnu Belediyesi\" \/>\n<meta property=\"article:publisher\" content=\"https:\/\/web.facebook.com\/zeytinburnubld\/\" \/>\n<meta property=\"article:modified_time\" content=\"2024-05-10T20:20:28+00:00\" \/>\n<meta property=\"og:image\" content=\"https:\/\/zeytinburnu.istanbul\/wp-content\/uploads\/2024\/04\/Basliksiz-1.jpg\" \/>\n\t<meta property=\"og:image:width\" content=\"210\" \/>\n\t<meta property=\"og:image:height\" content=\"208\" \/>\n\t<meta property=\"og:image:type\" content=\"image\/jpeg\" \/>\n<meta name=\"twitter:card\" content=\"summary_large_image\" \/>\n<meta name=\"twitter:site\" content=\"@zeytinburnubld\" \/>\n<meta name=\"twitter:label1\" content=\"Tahmini okuma s\u00fcresi\" \/>\n\t<meta name=\"twitter:data1\" content=\"1 dakika\" \/>\n<script type=\"application\/ld+json\" class=\"yoast-schema-graph\">{\"@context\":\"https:\/\/schema.org\",\"@graph\":[{\"@type\":\"WebPage\",\"@id\":\"https:\/\/zeytinburnu.istanbul\/personel\/abdulkerim-turdi\/\",\"url\":\"https:\/\/zeytinburnu.istanbul\/personel\/abdulkerim-turdi\/\",\"name\":\"Abdulkerim TURD\u0130 - Zeytinburnu Belediyesi\",\"isPartOf\":{\"@id\":\"https:\/\/zeytinburnu.istanbul\/#website\"},\"datePublished\":\"2024-05-10T20:10:55+00:00\",\"dateModified\":\"2024-05-10T20:20:28+00:00\",\"breadcrumb\":{\"@id\":\"https:\/\/zeytinburnu.istanbul\/personel\/abdulkerim-turdi\/#breadcrumb\"},\"inLanguage\":\"tr\",\"potentialAction\":[{\"@type\":\"ReadAction\",\"target\":[\"https:\/\/zeytinburnu.istanbul\/personel\/abdulkerim-turdi\/\"]}]},{\"@type\":\"BreadcrumbList\",\"@id\":\"https:\/\/zeytinburnu.istanbul\/personel\/abdulkerim-turdi\/#breadcrumb\",\"itemListElement\":[{\"@type\":\"ListItem\",\"position\":1,\"name\":\"Anasayfa\",\"item\":\"https:\/\/zeytinburnu.istanbul\/\"},{\"@type\":\"ListItem\",\"position\":2,\"name\":\"Abdulkerim TURD\u0130\"}]},{\"@type\":\"WebSite\",\"@id\":\"https:\/\/zeytinburnu.istanbul\/#website\",\"url\":\"https:\/\/zeytinburnu.istanbul\/\",\"name\":\"Zeytinburnu Belediyesi\",\"description\":\"\",\"potentialAction\":[{\"@type\":\"SearchAction\",\"target\":{\"@type\":\"EntryPoint\",\"urlTemplate\":\"https:\/\/zeytinburnu.istanbul\/?s={search_term_string}\"},\"query-input\":\"required name=search_term_string\"}],\"inLanguage\":\"tr\"}]}<\/script>\n<!-- \/ Yoast SEO plugin. -->","yoast_head_json":{"title":"Abdulkerim TURD\u0130 - Zeytinburnu Belediyesi","robots":{"index":"index","follow":"follow","max-snippet":"max-snippet:-1","max-image-preview":"max-image-preview:large","max-video-preview":"max-video-preview:-1"},"canonical":"https:\/\/zeytinburnu.istanbul\/personel\/abdulkerim-turdi\/","og_locale":"tr_TR","og_type":"article","og_title":"Abdulkerim TURD\u0130 - Zeytinburnu Belediyesi","og_description":"1976 y\u0131l\u0131nda T\u00fcrk soylu t\u00fcccar bir ailenin ikinci \u00e7ocu\u011fu olarak G\u00fcney T\u00fcrkistan&#8217;da d\u00fcnyaya geldi. \u0130stanbul&#8217;a 1985 y\u0131l\u0131nda g\u00f6\u00e7 ederek ilkokul, ortaokul ve lise tahsilini Zeytinburnu&#8217;nda, lisans e\u011fitimini ABD&#8217;deki Suffulk \u00dcniversitesinde i\u015fletme ve uluslararas\u0131 ticaret b\u00f6l\u00fcmlerinde tamamlad\u0131. Dubai&#8217;de \u00e7ok uluslu aile \u015firketinde on bir y\u0131l faaliyet g\u00f6sterdi. 2012 y\u0131l\u0131nda \u00c7in Y\u0131wu \u015fehrinde T\u00fcrk \u015firketi b\u00fcnyesinde Ortado\u011fu [&hellip;]","og_url":"https:\/\/zeytinburnu.istanbul\/personel\/abdulkerim-turdi\/","og_site_name":"Zeytinburnu Belediyesi","article_publisher":"https:\/\/web.facebook.com\/zeytinburnubld\/","article_modified_time":"2024-05-10T20:20:28+00:00","og_image":[{"width":210,"height":208,"url":"https:\/\/zeytinburnu.istanbul\/wp-content\/uploads\/2024\/04\/Basliksiz-1.jpg","type":"image\/jpeg"}],"twitter_card":"summary_large_image","twitter_site":"@zeytinburnubld","twitter_misc":{"Tahmini okuma s\u00fcresi":"1 dakika"},"schema":{"@context":"https:\/\/schema.org","@graph":[{"@type":"WebPage","@id":"https:\/\/zeytinburnu.istanbul\/personel\/abdulkerim-turdi\/","url":"https:\/\/zeytinburnu.istanbul\/personel\/abdulkerim-turdi\/","name":"Abdulkerim TURD\u0130 - Zeytinburnu Belediyesi","isPartOf":{"@id":"https:\/\/zeytinburnu.istanbul\/#website"},"datePublished":"2024-05-10T20:10:55+00:00","dateModified":"2024-05-10T20:20:28+00:00","breadcrumb":{"@id":"https:\/\/zeytinburnu.istanbul\/personel\/abdulkerim-turdi\/#breadcrumb"},"inLanguage":"tr","potentialAction":[{"@type":"ReadAction","target":["https:\/\/zeytinburnu.istanbul\/personel\/abdulkerim-turdi\/"]}]},{"@type":"BreadcrumbList","@id":"https:\/\/zeytinburnu.istanbul\/personel\/abdulkerim-turdi\/#breadcrumb","itemListElement":[{"@type":"ListItem","position":1,"name":"Anasayfa","item":"https:\/\/zeytinburnu.istanbul\/"},{"@type":"ListItem","position":2,"name":"Abdulkerim TURD\u0130"}]},{"@type":"WebSite","@id":"https:\/\/zeytinburnu.istanbul\/#website","url":"https:\/\/zeytinburnu.istanbul\/","name":"Zeytinburnu Belediyesi","description":"","potentialAction":[{"@type":"SearchAction","target":{"@type":"EntryPoint","urlTemplate":"https:\/\/zeytinburnu.istanbul\/?s={search_term_string}"},"query-input":"required name=search_term_string"}],"inLanguage":"tr"}]}},"meta_data":{"sidebar_tipi":"varsayilan","detay_tipi":false,"uyesi_oldugu_siyasi_parti":"AK PART\u0130","unvan":"","image_details":{"thumbnail":{"url":"https:\/\/zeytinburnu.istanbul\/wp-content\/uploads\/2024\/04\/Basliksiz-1.jpg"},"full":{"file":"2024\/04\/Basliksiz-1.jpg","width":210,"height":208,"mime_type":"image\/jpeg","url":"https:\/\/zeytinburnu.istanbul\/wp-content\/uploads\/2024\/04\/Basliksiz-1.jpg"}}},"_links":{"self":[{"href":"https:\/\/zeytinburnu.istanbul\/api\/wp\/v2\/personel\/63147"}],"collection":[{"href":"https:\/\/zeytinburnu.istanbul\/api\/wp\/v2\/personel"}],"about":[{"href":"https:\/\/zeytinburnu.istanbul\/api\/wp\/v2\/types\/personel"}],"wp:featuredmedia":[{"embeddable":true,"href":"https:\/\/zeytinburnu.istanbul\/api\/wp\/v2\/media\/63175"}],"wp:attachment":[{"href":"https:\/\/zeytinburnu.istanbul\/api\/wp\/v2\/media?parent=63147"}],"wp:term":[{"taxonomy":"gorevlendirme","embeddable":true,"href":"https:\/\/zeytinburnu.istanbul\/api\/wp\/v2\/gorevlendirme?post=63147"}],"curies":[{"name":"wp","href":"https:\/\/api.w.org\/{rel}","templated":true}]}}