

{"id":63146,"date":"2024-05-10T23:15:56","date_gmt":"2024-05-10T20:15:56","guid":{"rendered":"https:\/\/zeytinburnu.istanbul\/?post_type=personel&#038;p=63146"},"modified":"2025-04-14T13:27:09","modified_gmt":"2025-04-14T10:27:09","slug":"coskun-toraman","status":"publish","type":"personel","link":"https:\/\/zeytinburnu.istanbul\/personel\/coskun-toraman\/","title":{"rendered":"\u00c7o\u015fkun TORAMAN"},"content":{"rendered":"<p>Giresun Piraziz&#8217;de do\u011fdu. AK Parti Zeytinburnu te\u015fkilat\u0131n\u0131n kurucu \u00fcyesidir. 2002-2009 y\u0131llar\u0131 aras\u0131nda Be\u015ftelsiz Mahallesi Ba\u015fkanl\u0131\u011f\u0131 g\u00f6revinde bulundu. Piraziz ve Bulancakl\u0131lar Derne\u011fi y\u00f6netim kurulu ba\u015fkanl\u0131\u011f\u0131n\u0131 \u00fcstlendi. K\u0131z\u0131lay Derne\u011fi \u00fcyesidir. T\u00fcm Giresunlular Derne\u011finde ve \u00e7e\u015fitli sivil toplum kurulu\u015flar\u0131nda g\u00f6rev ald\u0131. Emeklidir. Evli ve \u00fc\u00e7 \u00e7ocuk babas\u0131d\u0131r.<\/p>\n","protected":false},"featured_media":63171,"template":"","gorevlendirme":[25],"acf":[],"yoast_head":"<!-- This site is optimized with the Yoast SEO plugin v21.5 - https:\/\/yoast.com\/wordpress\/plugins\/seo\/ -->\n<title>\u00c7o\u015fkun TORAMAN - Zeytinburnu Belediyesi<\/title>\n<meta name=\"robots\" content=\"index, follow, max-snippet:-1, max-image-preview:large, max-video-preview:-1\" \/>\n<link rel=\"canonical\" href=\"https:\/\/zeytinburnu.istanbul\/personel\/coskun-toraman\/\" \/>\n<meta property=\"og:locale\" content=\"tr_TR\" \/>\n<meta property=\"og:type\" content=\"article\" \/>\n<meta property=\"og:title\" content=\"\u00c7o\u015fkun TORAMAN - Zeytinburnu Belediyesi\" \/>\n<meta property=\"og:description\" content=\"Giresun Piraziz&#8217;de do\u011fdu. AK Parti Zeytinburnu te\u015fkilat\u0131n\u0131n kurucu \u00fcyesidir. 2002-2009 y\u0131llar\u0131 aras\u0131nda Be\u015ftelsiz Mahallesi Ba\u015fkanl\u0131\u011f\u0131 g\u00f6revinde bulundu. Piraziz ve Bulancakl\u0131lar Derne\u011fi y\u00f6netim kurulu ba\u015fkanl\u0131\u011f\u0131n\u0131 \u00fcstlendi. K\u0131z\u0131lay Derne\u011fi \u00fcyesidir. T\u00fcm Giresunlular Derne\u011finde ve \u00e7e\u015fitli sivil toplum kurulu\u015flar\u0131nda g\u00f6rev ald\u0131. Emeklidir. Evli ve \u00fc\u00e7 \u00e7ocuk babas\u0131d\u0131r.\" \/>\n<meta property=\"og:url\" content=\"https:\/\/zeytinburnu.istanbul\/personel\/coskun-toraman\/\" \/>\n<meta property=\"og:site_name\" content=\"Zeytinburnu Belediyesi\" \/>\n<meta property=\"article:publisher\" content=\"https:\/\/web.facebook.com\/zeytinburnubld\/\" \/>\n<meta property=\"article:modified_time\" content=\"2025-04-14T10:27:09+00:00\" \/>\n<meta property=\"og:image\" content=\"https:\/\/zeytinburnu.istanbul\/wp-content\/uploads\/2024\/04\/coskun_toraman.jpg\" \/>\n\t<meta property=\"og:image:width\" content=\"210\" \/>\n\t<meta property=\"og:image:height\" content=\"208\" \/>\n\t<meta property=\"og:image:type\" content=\"image\/jpeg\" \/>\n<meta name=\"twitter:card\" content=\"summary_large_image\" \/>\n<meta name=\"twitter:site\" content=\"@zeytinburnubld\" \/>\n<meta name=\"twitter:label1\" content=\"Tahmini okuma s\u00fcresi\" \/>\n\t<meta name=\"twitter:data1\" content=\"1 dakika\" \/>\n<script type=\"application\/ld+json\" class=\"yoast-schema-graph\">{\"@context\":\"https:\/\/schema.org\",\"@graph\":[{\"@type\":\"WebPage\",\"@id\":\"https:\/\/zeytinburnu.istanbul\/personel\/coskun-toraman\/\",\"url\":\"https:\/\/zeytinburnu.istanbul\/personel\/coskun-toraman\/\",\"name\":\"\u00c7o\u015fkun TORAMAN - Zeytinburnu Belediyesi\",\"isPartOf\":{\"@id\":\"https:\/\/zeytinburnu.istanbul\/#website\"},\"datePublished\":\"2024-05-10T20:15:56+00:00\",\"dateModified\":\"2025-04-14T10:27:09+00:00\",\"breadcrumb\":{\"@id\":\"https:\/\/zeytinburnu.istanbul\/personel\/coskun-toraman\/#breadcrumb\"},\"inLanguage\":\"tr\",\"potentialAction\":[{\"@type\":\"ReadAction\",\"target\":[\"https:\/\/zeytinburnu.istanbul\/personel\/coskun-toraman\/\"]}]},{\"@type\":\"BreadcrumbList\",\"@id\":\"https:\/\/zeytinburnu.istanbul\/personel\/coskun-toraman\/#breadcrumb\",\"itemListElement\":[{\"@type\":\"ListItem\",\"position\":1,\"name\":\"Anasayfa\",\"item\":\"https:\/\/zeytinburnu.istanbul\/\"},{\"@type\":\"ListItem\",\"position\":2,\"name\":\"\u00c7o\u015fkun TORAMAN\"}]},{\"@type\":\"WebSite\",\"@id\":\"https:\/\/zeytinburnu.istanbul\/#website\",\"url\":\"https:\/\/zeytinburnu.istanbul\/\",\"name\":\"Zeytinburnu Belediyesi\",\"description\":\"\",\"potentialAction\":[{\"@type\":\"SearchAction\",\"target\":{\"@type\":\"EntryPoint\",\"urlTemplate\":\"https:\/\/zeytinburnu.istanbul\/?s={search_term_string}\"},\"query-input\":\"required name=search_term_string\"}],\"inLanguage\":\"tr\"}]}<\/script>\n<!-- \/ Yoast SEO plugin. -->","yoast_head_json":{"title":"\u00c7o\u015fkun TORAMAN - Zeytinburnu Belediyesi","robots":{"index":"index","follow":"follow","max-snippet":"max-snippet:-1","max-image-preview":"max-image-preview:large","max-video-preview":"max-video-preview:-1"},"canonical":"https:\/\/zeytinburnu.istanbul\/personel\/coskun-toraman\/","og_locale":"tr_TR","og_type":"article","og_title":"\u00c7o\u015fkun TORAMAN - Zeytinburnu Belediyesi","og_description":"Giresun Piraziz&#8217;de do\u011fdu. AK Parti Zeytinburnu te\u015fkilat\u0131n\u0131n kurucu \u00fcyesidir. 2002-2009 y\u0131llar\u0131 aras\u0131nda Be\u015ftelsiz Mahallesi Ba\u015fkanl\u0131\u011f\u0131 g\u00f6revinde bulundu. Piraziz ve Bulancakl\u0131lar Derne\u011fi y\u00f6netim kurulu ba\u015fkanl\u0131\u011f\u0131n\u0131 \u00fcstlendi. K\u0131z\u0131lay Derne\u011fi \u00fcyesidir. T\u00fcm Giresunlular Derne\u011finde ve \u00e7e\u015fitli sivil toplum kurulu\u015flar\u0131nda g\u00f6rev ald\u0131. Emeklidir. Evli ve \u00fc\u00e7 \u00e7ocuk babas\u0131d\u0131r.","og_url":"https:\/\/zeytinburnu.istanbul\/personel\/coskun-toraman\/","og_site_name":"Zeytinburnu Belediyesi","article_publisher":"https:\/\/web.facebook.com\/zeytinburnubld\/","article_modified_time":"2025-04-14T10:27:09+00:00","og_image":[{"width":210,"height":208,"url":"https:\/\/zeytinburnu.istanbul\/wp-content\/uploads\/2024\/04\/coskun_toraman.jpg","type":"image\/jpeg"}],"twitter_card":"summary_large_image","twitter_site":"@zeytinburnubld","twitter_misc":{"Tahmini okuma s\u00fcresi":"1 dakika"},"schema":{"@context":"https:\/\/schema.org","@graph":[{"@type":"WebPage","@id":"https:\/\/zeytinburnu.istanbul\/personel\/coskun-toraman\/","url":"https:\/\/zeytinburnu.istanbul\/personel\/coskun-toraman\/","name":"\u00c7o\u015fkun TORAMAN - Zeytinburnu Belediyesi","isPartOf":{"@id":"https:\/\/zeytinburnu.istanbul\/#website"},"datePublished":"2024-05-10T20:15:56+00:00","dateModified":"2025-04-14T10:27:09+00:00","breadcrumb":{"@id":"https:\/\/zeytinburnu.istanbul\/personel\/coskun-toraman\/#breadcrumb"},"inLanguage":"tr","potentialAction":[{"@type":"ReadAction","target":["https:\/\/zeytinburnu.istanbul\/personel\/coskun-toraman\/"]}]},{"@type":"BreadcrumbList","@id":"https:\/\/zeytinburnu.istanbul\/personel\/coskun-toraman\/#breadcrumb","itemListElement":[{"@type":"ListItem","position":1,"name":"Anasayfa","item":"https:\/\/zeytinburnu.istanbul\/"},{"@type":"ListItem","position":2,"name":"\u00c7o\u015fkun TORAMAN"}]},{"@type":"WebSite","@id":"https:\/\/zeytinburnu.istanbul\/#website","url":"https:\/\/zeytinburnu.istanbul\/","name":"Zeytinburnu Belediyesi","description":"","potentialAction":[{"@type":"SearchAction","target":{"@type":"EntryPoint","urlTemplate":"https:\/\/zeytinburnu.istanbul\/?s={search_term_string}"},"query-input":"required name=search_term_string"}],"inLanguage":"tr"}]}},"meta_data":{"sidebar_tipi":"varsayilan","detay_tipi":false,"uyesi_oldugu_siyasi_parti":"AK PART\u0130","unvan":"","image_details":{"thumbnail":{"url":"https:\/\/zeytinburnu.istanbul\/wp-content\/uploads\/2024\/04\/coskun_toraman.jpg"},"full":{"file":"2024\/04\/coskun_toraman.jpg","width":210,"height":208,"mime_type":"image\/jpeg","url":"https:\/\/zeytinburnu.istanbul\/wp-content\/uploads\/2024\/04\/coskun_toraman.jpg"}}},"_links":{"self":[{"href":"https:\/\/zeytinburnu.istanbul\/api\/wp\/v2\/personel\/63146"}],"collection":[{"href":"https:\/\/zeytinburnu.istanbul\/api\/wp\/v2\/personel"}],"about":[{"href":"https:\/\/zeytinburnu.istanbul\/api\/wp\/v2\/types\/personel"}],"wp:featuredmedia":[{"embeddable":true,"href":"https:\/\/zeytinburnu.istanbul\/api\/wp\/v2\/media\/63171"}],"wp:attachment":[{"href":"https:\/\/zeytinburnu.istanbul\/api\/wp\/v2\/media?parent=63146"}],"wp:term":[{"taxonomy":"gorevlendirme","embeddable":true,"href":"https:\/\/zeytinburnu.istanbul\/api\/wp\/v2\/gorevlendirme?post=63146"}],"curies":[{"name":"wp","href":"https:\/\/api.w.org\/{rel}","templated":true}]}}