

{"id":599,"date":"2024-05-10T23:17:44","date_gmt":"2024-05-10T20:17:44","guid":{"rendered":"https:\/\/2021.zeytinburnu.istanbul\/?post_type=personel&#038;p=599"},"modified":"2024-05-10T23:18:33","modified_gmt":"2024-05-10T20:18:33","slug":"abdulhakim-kaya","status":"publish","type":"personel","link":"https:\/\/zeytinburnu.istanbul\/personel\/abdulhakim-kaya\/","title":{"rendered":"Abd\u00fclhakim KAYA"},"content":{"rendered":"<p>1975\u2019te Mardin&#8217;in Midyat il\u00e7esinde do\u011fdu. Batum \u00dcniversitesi Eczac\u0131l\u0131k Fak\u00fcltesinde lisans e\u011fitimini tamamlad\u0131. AK Parti Zeytinburnu te\u015fkilat\u0131nda \u00e7e\u015fitli g\u00f6revler \u00fcstlenmi\u015ftir. \u0130stanbul Mardinliler Derne\u011fi Kurucu Ba\u015fkan vekilli\u011fi ve Midyat i\u015f Adamlar\u0131 Derne\u011fi Kurucu Ba\u015fkanl\u0131\u011f\u0131 g\u00f6revini y\u00fcr\u00fctm\u00fc\u015ft\u00fcr. 8. d\u00f6nem Zeytinburnu Belediye meclis \u00fcyesidir. Evli ve d\u00f6rt \u00e7ocuk babas\u0131d\u0131r.<\/p>\n","protected":false},"featured_media":63642,"template":"","gorevlendirme":[25],"acf":[],"yoast_head":"<!-- This site is optimized with the Yoast SEO plugin v21.5 - https:\/\/yoast.com\/wordpress\/plugins\/seo\/ -->\n<title>Abd\u00fclhakim KAYA - Zeytinburnu Belediyesi<\/title>\n<meta name=\"robots\" content=\"index, follow, max-snippet:-1, max-image-preview:large, max-video-preview:-1\" \/>\n<link rel=\"canonical\" href=\"https:\/\/zeytinburnu.istanbul\/personel\/abdulhakim-kaya\/\" \/>\n<meta property=\"og:locale\" content=\"tr_TR\" \/>\n<meta property=\"og:type\" content=\"article\" \/>\n<meta property=\"og:title\" content=\"Abd\u00fclhakim KAYA - Zeytinburnu Belediyesi\" \/>\n<meta property=\"og:description\" content=\"1975\u2019te Mardin&#8217;in Midyat il\u00e7esinde do\u011fdu. Batum \u00dcniversitesi Eczac\u0131l\u0131k Fak\u00fcltesinde lisans e\u011fitimini tamamlad\u0131. AK Parti Zeytinburnu te\u015fkilat\u0131nda \u00e7e\u015fitli g\u00f6revler \u00fcstlenmi\u015ftir. \u0130stanbul Mardinliler Derne\u011fi Kurucu Ba\u015fkan vekilli\u011fi ve Midyat i\u015f Adamlar\u0131 Derne\u011fi Kurucu Ba\u015fkanl\u0131\u011f\u0131 g\u00f6revini y\u00fcr\u00fctm\u00fc\u015ft\u00fcr. 8. d\u00f6nem Zeytinburnu Belediye meclis \u00fcyesidir. Evli ve d\u00f6rt \u00e7ocuk babas\u0131d\u0131r.\" \/>\n<meta property=\"og:url\" content=\"https:\/\/zeytinburnu.istanbul\/personel\/abdulhakim-kaya\/\" \/>\n<meta property=\"og:site_name\" content=\"Zeytinburnu Belediyesi\" \/>\n<meta property=\"article:publisher\" content=\"https:\/\/web.facebook.com\/zeytinburnubld\/\" \/>\n<meta property=\"article:modified_time\" content=\"2024-05-10T20:18:33+00:00\" \/>\n<meta property=\"og:image\" content=\"https:\/\/zeytinburnu.istanbul\/wp-content\/uploads\/2024\/05\/abduhakim_kaya.jpg\" \/>\n\t<meta property=\"og:image:width\" content=\"210\" \/>\n\t<meta property=\"og:image:height\" content=\"208\" \/>\n\t<meta property=\"og:image:type\" content=\"image\/jpeg\" \/>\n<meta name=\"twitter:card\" content=\"summary_large_image\" \/>\n<meta name=\"twitter:site\" content=\"@zeytinburnubld\" \/>\n<meta name=\"twitter:label1\" content=\"Tahmini okuma s\u00fcresi\" \/>\n\t<meta name=\"twitter:data1\" content=\"1 dakika\" \/>\n<script type=\"application\/ld+json\" class=\"yoast-schema-graph\">{\"@context\":\"https:\/\/schema.org\",\"@graph\":[{\"@type\":\"WebPage\",\"@id\":\"https:\/\/zeytinburnu.istanbul\/personel\/abdulhakim-kaya\/\",\"url\":\"https:\/\/zeytinburnu.istanbul\/personel\/abdulhakim-kaya\/\",\"name\":\"Abd\u00fclhakim KAYA - Zeytinburnu Belediyesi\",\"isPartOf\":{\"@id\":\"https:\/\/zeytinburnu.istanbul\/#website\"},\"datePublished\":\"2024-05-10T20:17:44+00:00\",\"dateModified\":\"2024-05-10T20:18:33+00:00\",\"breadcrumb\":{\"@id\":\"https:\/\/zeytinburnu.istanbul\/personel\/abdulhakim-kaya\/#breadcrumb\"},\"inLanguage\":\"tr\",\"potentialAction\":[{\"@type\":\"ReadAction\",\"target\":[\"https:\/\/zeytinburnu.istanbul\/personel\/abdulhakim-kaya\/\"]}]},{\"@type\":\"BreadcrumbList\",\"@id\":\"https:\/\/zeytinburnu.istanbul\/personel\/abdulhakim-kaya\/#breadcrumb\",\"itemListElement\":[{\"@type\":\"ListItem\",\"position\":1,\"name\":\"Anasayfa\",\"item\":\"https:\/\/zeytinburnu.istanbul\/\"},{\"@type\":\"ListItem\",\"position\":2,\"name\":\"Abd\u00fclhakim KAYA\"}]},{\"@type\":\"WebSite\",\"@id\":\"https:\/\/zeytinburnu.istanbul\/#website\",\"url\":\"https:\/\/zeytinburnu.istanbul\/\",\"name\":\"Zeytinburnu Belediyesi\",\"description\":\"\",\"potentialAction\":[{\"@type\":\"SearchAction\",\"target\":{\"@type\":\"EntryPoint\",\"urlTemplate\":\"https:\/\/zeytinburnu.istanbul\/?s={search_term_string}\"},\"query-input\":\"required name=search_term_string\"}],\"inLanguage\":\"tr\"}]}<\/script>\n<!-- \/ Yoast SEO plugin. -->","yoast_head_json":{"title":"Abd\u00fclhakim KAYA - Zeytinburnu Belediyesi","robots":{"index":"index","follow":"follow","max-snippet":"max-snippet:-1","max-image-preview":"max-image-preview:large","max-video-preview":"max-video-preview:-1"},"canonical":"https:\/\/zeytinburnu.istanbul\/personel\/abdulhakim-kaya\/","og_locale":"tr_TR","og_type":"article","og_title":"Abd\u00fclhakim KAYA - Zeytinburnu Belediyesi","og_description":"1975\u2019te Mardin&#8217;in Midyat il\u00e7esinde do\u011fdu. Batum \u00dcniversitesi Eczac\u0131l\u0131k Fak\u00fcltesinde lisans e\u011fitimini tamamlad\u0131. AK Parti Zeytinburnu te\u015fkilat\u0131nda \u00e7e\u015fitli g\u00f6revler \u00fcstlenmi\u015ftir. \u0130stanbul Mardinliler Derne\u011fi Kurucu Ba\u015fkan vekilli\u011fi ve Midyat i\u015f Adamlar\u0131 Derne\u011fi Kurucu Ba\u015fkanl\u0131\u011f\u0131 g\u00f6revini y\u00fcr\u00fctm\u00fc\u015ft\u00fcr. 8. d\u00f6nem Zeytinburnu Belediye meclis \u00fcyesidir. Evli ve d\u00f6rt \u00e7ocuk babas\u0131d\u0131r.","og_url":"https:\/\/zeytinburnu.istanbul\/personel\/abdulhakim-kaya\/","og_site_name":"Zeytinburnu Belediyesi","article_publisher":"https:\/\/web.facebook.com\/zeytinburnubld\/","article_modified_time":"2024-05-10T20:18:33+00:00","og_image":[{"width":210,"height":208,"url":"https:\/\/zeytinburnu.istanbul\/wp-content\/uploads\/2024\/05\/abduhakim_kaya.jpg","type":"image\/jpeg"}],"twitter_card":"summary_large_image","twitter_site":"@zeytinburnubld","twitter_misc":{"Tahmini okuma s\u00fcresi":"1 dakika"},"schema":{"@context":"https:\/\/schema.org","@graph":[{"@type":"WebPage","@id":"https:\/\/zeytinburnu.istanbul\/personel\/abdulhakim-kaya\/","url":"https:\/\/zeytinburnu.istanbul\/personel\/abdulhakim-kaya\/","name":"Abd\u00fclhakim KAYA - Zeytinburnu Belediyesi","isPartOf":{"@id":"https:\/\/zeytinburnu.istanbul\/#website"},"datePublished":"2024-05-10T20:17:44+00:00","dateModified":"2024-05-10T20:18:33+00:00","breadcrumb":{"@id":"https:\/\/zeytinburnu.istanbul\/personel\/abdulhakim-kaya\/#breadcrumb"},"inLanguage":"tr","potentialAction":[{"@type":"ReadAction","target":["https:\/\/zeytinburnu.istanbul\/personel\/abdulhakim-kaya\/"]}]},{"@type":"BreadcrumbList","@id":"https:\/\/zeytinburnu.istanbul\/personel\/abdulhakim-kaya\/#breadcrumb","itemListElement":[{"@type":"ListItem","position":1,"name":"Anasayfa","item":"https:\/\/zeytinburnu.istanbul\/"},{"@type":"ListItem","position":2,"name":"Abd\u00fclhakim KAYA"}]},{"@type":"WebSite","@id":"https:\/\/zeytinburnu.istanbul\/#website","url":"https:\/\/zeytinburnu.istanbul\/","name":"Zeytinburnu Belediyesi","description":"","potentialAction":[{"@type":"SearchAction","target":{"@type":"EntryPoint","urlTemplate":"https:\/\/zeytinburnu.istanbul\/?s={search_term_string}"},"query-input":"required name=search_term_string"}],"inLanguage":"tr"}]}},"meta_data":{"uyesi_oldugu_siyasi_parti":"AK PART\u0130","sidebar_tipi":"varsayilan","detay_tipi":false,"unvan":"","image_details":{"thumbnail":{"url":"https:\/\/zeytinburnu.istanbul\/wp-content\/uploads\/2024\/05\/abduhakim_kaya.jpg"},"full":{"file":"2024\/05\/abduhakim_kaya.jpg","width":210,"height":208,"mime_type":"image\/jpeg","url":"https:\/\/zeytinburnu.istanbul\/wp-content\/uploads\/2024\/05\/abduhakim_kaya.jpg"}}},"_links":{"self":[{"href":"https:\/\/zeytinburnu.istanbul\/api\/wp\/v2\/personel\/599"}],"collection":[{"href":"https:\/\/zeytinburnu.istanbul\/api\/wp\/v2\/personel"}],"about":[{"href":"https:\/\/zeytinburnu.istanbul\/api\/wp\/v2\/types\/personel"}],"wp:featuredmedia":[{"embeddable":true,"href":"https:\/\/zeytinburnu.istanbul\/api\/wp\/v2\/media\/63642"}],"wp:attachment":[{"href":"https:\/\/zeytinburnu.istanbul\/api\/wp\/v2\/media?parent=599"}],"wp:term":[{"taxonomy":"gorevlendirme","embeddable":true,"href":"https:\/\/zeytinburnu.istanbul\/api\/wp\/v2\/gorevlendirme?post=599"}],"curies":[{"name":"wp","href":"https:\/\/api.w.org\/{rel}","templated":true}]}}