

{"id":593,"date":"2024-05-10T23:08:56","date_gmt":"2024-05-10T20:08:56","guid":{"rendered":"https:\/\/2021.zeytinburnu.istanbul\/?post_type=personel&#038;p=593"},"modified":"2024-05-10T23:21:03","modified_gmt":"2024-05-10T20:21:03","slug":"muhammet-kaynar","status":"publish","type":"personel","link":"https:\/\/zeytinburnu.istanbul\/personel\/muhammet-kaynar\/","title":{"rendered":"Muhammet KAYNAR"},"content":{"rendered":"<p>1972 y\u0131l\u0131nda Kastamonu&#8217;nun Ara\u00e7 il\u00e7esinde do\u011fdu. 1990 y\u0131l\u0131nda Kastamonu \u0130mam Hatip Lisesinden, 1994 y\u0131l\u0131nda \u0130stanbul \u00dcniversitesi Hukuk Fak\u00fcltesinden mezun oldu. Ayn\u0131 \u00fcniversitede \u00d6zel Hukuk Anabilim Dal\u0131nda y\u00fcksek lisans yapt\u0131. &#8220;Konut ve \u00c7at\u0131l\u0131 \u0130\u015fyeri Kiralar\u0131nda Kira Bedelinin Belirlenmesi&#8221; konulu y\u00fcksek lisans tezi kitap olarak yay\u0131mland\u0131. 1995 y\u0131l\u0131ndan itibaren avukat olarak \u00e7al\u0131\u015fmaktad\u0131r. Zeytinburnu&#8217;nda avukatl\u0131k b\u00fcrosu bulunmakta ve Zeytinburnu&#8217;nda ikamet etmektedir. \u00dcniversite y\u0131llar\u0131nda Milli Gen\u00e7lik Vakf\u0131nda \u00e7e\u015fitli g\u00f6revlerde bulundu. Siyasete 1995 y\u0131l\u0131nda Refah Partisi Emin\u00f6n\u00fc \u0130l\u00e7e Ba\u015fkan Yard\u0131mc\u0131s\u0131 olarak ba\u015flad\u0131. 1999-2004 ve 2004-2009 d\u00f6nemlerinde Emin\u00f6n\u00fc Belediyesi meclis \u00fcyeli\u011fi, belediye enc\u00fcmen \u00fcyeli\u011fi ve ba\u015fkan dan\u0131\u015fmanl\u0131\u011f\u0131 g\u00f6revlerini yapt\u0131. 2015-2019 d\u00f6nemlerinde AK Parti \u0130stanbul \u0130l Disiplin Kurulu ba\u015fkan vekili olarak g\u00f6rev yapt\u0131. 31 Mart 2019 se\u00e7imlerinde \u0130stanbul B\u00fcy\u00fck\u015fehir Belediyesi ve Zeytinburnu Belediye Meclis \u00fcyesi olarak se\u00e7ildi. 2019-2024 d\u00f6neminde \u0130BB meclisinde Hukuk Komisyonu ba\u015fkan\u0131, Denetim Komisyonu ba\u015fkan\u0131, \u0130ETT Ara\u00e7 Bak\u0131m ve Al\u0131m \u0130haleleri \u0130nceleme Komisyon ba\u015fkan\u0131, \u0130\u015f\u00e7i \u00c7\u0131kartmalar\u0131n\u0131 \u0130nceleme ve Ara\u015ft\u0131rma Komisyonu ba\u015fkan\u0131 olarak ve Zeytinburnu Belediye meclisi AK Parti Grup Ba\u015fkan vekili olarak g\u00f6rev yapt\u0131. 31 Mart 2024 se\u00e7imlerinde tekrar \u0130stanbul B\u00fcy\u00fck\u015fehir Belediyesi ve Zeytinburnu Belediye meclis \u00fcyesi olarak se\u00e7ildi. Kastamonulular Dayan\u0131\u015fma Derne\u011fi (KASDER) Genel Merkez Y\u00f6netim Kurulu \u00fcyesidir. \u00c7e\u015fitli sivil toplum kurulu\u015flar\u0131nda g\u00f6revleri bulunmaktad\u0131r. Evli ve 4 \u00e7ocuk babas\u0131d\u0131r.<\/p>\n","protected":false},"featured_media":63191,"template":"","gorevlendirme":[33,25],"acf":[],"yoast_head":"<!-- This site is optimized with the Yoast SEO plugin v21.5 - https:\/\/yoast.com\/wordpress\/plugins\/seo\/ -->\n<title>Muhammet KAYNAR - Zeytinburnu Belediyesi<\/title>\n<meta name=\"robots\" content=\"index, follow, max-snippet:-1, max-image-preview:large, max-video-preview:-1\" \/>\n<link rel=\"canonical\" href=\"https:\/\/zeytinburnu.istanbul\/personel\/muhammet-kaynar\/\" \/>\n<meta property=\"og:locale\" content=\"tr_TR\" \/>\n<meta property=\"og:type\" content=\"article\" \/>\n<meta property=\"og:title\" content=\"Muhammet KAYNAR - Zeytinburnu Belediyesi\" \/>\n<meta property=\"og:description\" content=\"1972 y\u0131l\u0131nda Kastamonu&#8217;nun Ara\u00e7 il\u00e7esinde do\u011fdu. 1990 y\u0131l\u0131nda Kastamonu \u0130mam Hatip Lisesinden, 1994 y\u0131l\u0131nda \u0130stanbul \u00dcniversitesi Hukuk Fak\u00fcltesinden mezun oldu. Ayn\u0131 \u00fcniversitede \u00d6zel Hukuk Anabilim Dal\u0131nda y\u00fcksek lisans yapt\u0131. &#8220;Konut ve \u00c7at\u0131l\u0131 \u0130\u015fyeri Kiralar\u0131nda Kira Bedelinin Belirlenmesi&#8221; konulu y\u00fcksek lisans tezi kitap olarak yay\u0131mland\u0131. 1995 y\u0131l\u0131ndan itibaren avukat olarak \u00e7al\u0131\u015fmaktad\u0131r. Zeytinburnu&#8217;nda avukatl\u0131k b\u00fcrosu bulunmakta ve [&hellip;]\" \/>\n<meta property=\"og:url\" content=\"https:\/\/zeytinburnu.istanbul\/personel\/muhammet-kaynar\/\" \/>\n<meta property=\"og:site_name\" content=\"Zeytinburnu Belediyesi\" \/>\n<meta property=\"article:publisher\" content=\"https:\/\/web.facebook.com\/zeytinburnubld\/\" \/>\n<meta property=\"article:modified_time\" content=\"2024-05-10T20:21:03+00:00\" \/>\n<meta property=\"og:image\" content=\"https:\/\/zeytinburnu.istanbul\/wp-content\/uploads\/2024\/04\/muhammaet_kaynar.jpg\" \/>\n\t<meta property=\"og:image:width\" content=\"210\" \/>\n\t<meta property=\"og:image:height\" content=\"208\" \/>\n\t<meta property=\"og:image:type\" content=\"image\/jpeg\" \/>\n<meta name=\"twitter:card\" content=\"summary_large_image\" \/>\n<meta name=\"twitter:site\" content=\"@zeytinburnubld\" \/>\n<meta name=\"twitter:label1\" content=\"Tahmini okuma s\u00fcresi\" \/>\n\t<meta name=\"twitter:data1\" content=\"2 dakika\" \/>\n<script type=\"application\/ld+json\" class=\"yoast-schema-graph\">{\"@context\":\"https:\/\/schema.org\",\"@graph\":[{\"@type\":\"WebPage\",\"@id\":\"https:\/\/zeytinburnu.istanbul\/personel\/muhammet-kaynar\/\",\"url\":\"https:\/\/zeytinburnu.istanbul\/personel\/muhammet-kaynar\/\",\"name\":\"Muhammet KAYNAR - Zeytinburnu Belediyesi\",\"isPartOf\":{\"@id\":\"https:\/\/zeytinburnu.istanbul\/#website\"},\"datePublished\":\"2024-05-10T20:08:56+00:00\",\"dateModified\":\"2024-05-10T20:21:03+00:00\",\"breadcrumb\":{\"@id\":\"https:\/\/zeytinburnu.istanbul\/personel\/muhammet-kaynar\/#breadcrumb\"},\"inLanguage\":\"tr\",\"potentialAction\":[{\"@type\":\"ReadAction\",\"target\":[\"https:\/\/zeytinburnu.istanbul\/personel\/muhammet-kaynar\/\"]}]},{\"@type\":\"BreadcrumbList\",\"@id\":\"https:\/\/zeytinburnu.istanbul\/personel\/muhammet-kaynar\/#breadcrumb\",\"itemListElement\":[{\"@type\":\"ListItem\",\"position\":1,\"name\":\"Anasayfa\",\"item\":\"https:\/\/zeytinburnu.istanbul\/\"},{\"@type\":\"ListItem\",\"position\":2,\"name\":\"Muhammet KAYNAR\"}]},{\"@type\":\"WebSite\",\"@id\":\"https:\/\/zeytinburnu.istanbul\/#website\",\"url\":\"https:\/\/zeytinburnu.istanbul\/\",\"name\":\"Zeytinburnu Belediyesi\",\"description\":\"\",\"potentialAction\":[{\"@type\":\"SearchAction\",\"target\":{\"@type\":\"EntryPoint\",\"urlTemplate\":\"https:\/\/zeytinburnu.istanbul\/?s={search_term_string}\"},\"query-input\":\"required name=search_term_string\"}],\"inLanguage\":\"tr\"}]}<\/script>\n<!-- \/ Yoast SEO plugin. -->","yoast_head_json":{"title":"Muhammet KAYNAR - Zeytinburnu Belediyesi","robots":{"index":"index","follow":"follow","max-snippet":"max-snippet:-1","max-image-preview":"max-image-preview:large","max-video-preview":"max-video-preview:-1"},"canonical":"https:\/\/zeytinburnu.istanbul\/personel\/muhammet-kaynar\/","og_locale":"tr_TR","og_type":"article","og_title":"Muhammet KAYNAR - Zeytinburnu Belediyesi","og_description":"1972 y\u0131l\u0131nda Kastamonu&#8217;nun Ara\u00e7 il\u00e7esinde do\u011fdu. 1990 y\u0131l\u0131nda Kastamonu \u0130mam Hatip Lisesinden, 1994 y\u0131l\u0131nda \u0130stanbul \u00dcniversitesi Hukuk Fak\u00fcltesinden mezun oldu. Ayn\u0131 \u00fcniversitede \u00d6zel Hukuk Anabilim Dal\u0131nda y\u00fcksek lisans yapt\u0131. &#8220;Konut ve \u00c7at\u0131l\u0131 \u0130\u015fyeri Kiralar\u0131nda Kira Bedelinin Belirlenmesi&#8221; konulu y\u00fcksek lisans tezi kitap olarak yay\u0131mland\u0131. 1995 y\u0131l\u0131ndan itibaren avukat olarak \u00e7al\u0131\u015fmaktad\u0131r. Zeytinburnu&#8217;nda avukatl\u0131k b\u00fcrosu bulunmakta ve [&hellip;]","og_url":"https:\/\/zeytinburnu.istanbul\/personel\/muhammet-kaynar\/","og_site_name":"Zeytinburnu Belediyesi","article_publisher":"https:\/\/web.facebook.com\/zeytinburnubld\/","article_modified_time":"2024-05-10T20:21:03+00:00","og_image":[{"width":210,"height":208,"url":"https:\/\/zeytinburnu.istanbul\/wp-content\/uploads\/2024\/04\/muhammaet_kaynar.jpg","type":"image\/jpeg"}],"twitter_card":"summary_large_image","twitter_site":"@zeytinburnubld","twitter_misc":{"Tahmini okuma s\u00fcresi":"2 dakika"},"schema":{"@context":"https:\/\/schema.org","@graph":[{"@type":"WebPage","@id":"https:\/\/zeytinburnu.istanbul\/personel\/muhammet-kaynar\/","url":"https:\/\/zeytinburnu.istanbul\/personel\/muhammet-kaynar\/","name":"Muhammet KAYNAR - Zeytinburnu Belediyesi","isPartOf":{"@id":"https:\/\/zeytinburnu.istanbul\/#website"},"datePublished":"2024-05-10T20:08:56+00:00","dateModified":"2024-05-10T20:21:03+00:00","breadcrumb":{"@id":"https:\/\/zeytinburnu.istanbul\/personel\/muhammet-kaynar\/#breadcrumb"},"inLanguage":"tr","potentialAction":[{"@type":"ReadAction","target":["https:\/\/zeytinburnu.istanbul\/personel\/muhammet-kaynar\/"]}]},{"@type":"BreadcrumbList","@id":"https:\/\/zeytinburnu.istanbul\/personel\/muhammet-kaynar\/#breadcrumb","itemListElement":[{"@type":"ListItem","position":1,"name":"Anasayfa","item":"https:\/\/zeytinburnu.istanbul\/"},{"@type":"ListItem","position":2,"name":"Muhammet KAYNAR"}]},{"@type":"WebSite","@id":"https:\/\/zeytinburnu.istanbul\/#website","url":"https:\/\/zeytinburnu.istanbul\/","name":"Zeytinburnu Belediyesi","description":"","potentialAction":[{"@type":"SearchAction","target":{"@type":"EntryPoint","urlTemplate":"https:\/\/zeytinburnu.istanbul\/?s={search_term_string}"},"query-input":"required name=search_term_string"}],"inLanguage":"tr"}]}},"meta_data":{"uyesi_oldugu_siyasi_parti":"AK PART\u0130","sidebar_tipi":"varsayilan","detay_tipi":false,"unvan":"","image_details":{"thumbnail":{"url":"https:\/\/zeytinburnu.istanbul\/wp-content\/uploads\/2024\/04\/muhammaet_kaynar.jpg"},"full":{"file":"2024\/04\/muhammaet_kaynar.jpg","width":210,"height":208,"mime_type":"image\/jpeg","url":"https:\/\/zeytinburnu.istanbul\/wp-content\/uploads\/2024\/04\/muhammaet_kaynar.jpg"}}},"_links":{"self":[{"href":"https:\/\/zeytinburnu.istanbul\/api\/wp\/v2\/personel\/593"}],"collection":[{"href":"https:\/\/zeytinburnu.istanbul\/api\/wp\/v2\/personel"}],"about":[{"href":"https:\/\/zeytinburnu.istanbul\/api\/wp\/v2\/types\/personel"}],"wp:featuredmedia":[{"embeddable":true,"href":"https:\/\/zeytinburnu.istanbul\/api\/wp\/v2\/media\/63191"}],"wp:attachment":[{"href":"https:\/\/zeytinburnu.istanbul\/api\/wp\/v2\/media?parent=593"}],"wp:term":[{"taxonomy":"gorevlendirme","embeddable":true,"href":"https:\/\/zeytinburnu.istanbul\/api\/wp\/v2\/gorevlendirme?post=593"}],"curies":[{"name":"wp","href":"https:\/\/api.w.org\/{rel}","templated":true}]}}