

{"id":1275,"date":"2024-05-10T21:35:36","date_gmt":"2024-05-10T18:35:36","guid":{"rendered":"https:\/\/2021.zeytinburnu.istanbul\/?post_type=personel&#038;p=1275"},"modified":"2024-05-13T09:15:53","modified_gmt":"2024-05-13T06:15:53","slug":"resat-ok","status":"publish","type":"personel","link":"https:\/\/zeytinburnu.istanbul\/personel\/resat-ok\/","title":{"rendered":"Re\u015fat OK"},"content":{"rendered":"<p>1983\u2019te \u0130stanbul\u2019da do\u011fdu. Sel\u00e7uk \u00dcniversitesi \u0130ktisadi \u0130dari Bilimler ve Anadolu \u00dcniversitesi \u0130\u015fletme Fak\u00fcltesi mezunudur. Zeytinburnu \u00dclk\u00fc Ocaklar\u0131 Ba\u015fkanl\u0131\u011f\u0131 ve Milliyet\u00e7i Hareket Partisi \u0130l\u00e7e Ba\u015fkanl\u0131\u011f\u0131 g\u00f6revlerinde bulunmu\u015ftur. 8. ve 9. d\u00f6nem Zeytinburnu Belediye meclis \u00fcyesidir. Evlidir.<\/p>\n","protected":false},"featured_media":63181,"template":"","gorevlendirme":[25],"acf":[],"yoast_head":"<!-- This site is optimized with the Yoast SEO plugin v21.5 - https:\/\/yoast.com\/wordpress\/plugins\/seo\/ -->\n<title>Re\u015fat OK - Zeytinburnu Belediyesi<\/title>\n<meta name=\"robots\" content=\"index, follow, max-snippet:-1, max-image-preview:large, max-video-preview:-1\" \/>\n<link rel=\"canonical\" href=\"https:\/\/zeytinburnu.istanbul\/personel\/resat-ok\/\" \/>\n<meta property=\"og:locale\" content=\"tr_TR\" \/>\n<meta property=\"og:type\" content=\"article\" \/>\n<meta property=\"og:title\" content=\"Re\u015fat OK - Zeytinburnu Belediyesi\" \/>\n<meta property=\"og:description\" content=\"1983\u2019te \u0130stanbul\u2019da do\u011fdu. Sel\u00e7uk \u00dcniversitesi \u0130ktisadi \u0130dari Bilimler ve Anadolu \u00dcniversitesi \u0130\u015fletme Fak\u00fcltesi mezunudur. Zeytinburnu \u00dclk\u00fc Ocaklar\u0131 Ba\u015fkanl\u0131\u011f\u0131 ve Milliyet\u00e7i Hareket Partisi \u0130l\u00e7e Ba\u015fkanl\u0131\u011f\u0131 g\u00f6revlerinde bulunmu\u015ftur. 8. ve 9. d\u00f6nem Zeytinburnu Belediye meclis \u00fcyesidir. Evlidir.\" \/>\n<meta property=\"og:url\" content=\"https:\/\/zeytinburnu.istanbul\/personel\/resat-ok\/\" \/>\n<meta property=\"og:site_name\" content=\"Zeytinburnu Belediyesi\" \/>\n<meta property=\"article:publisher\" content=\"https:\/\/web.facebook.com\/zeytinburnubld\/\" \/>\n<meta property=\"article:modified_time\" content=\"2024-05-13T06:15:53+00:00\" \/>\n<meta property=\"og:image\" content=\"https:\/\/zeytinburnu.istanbul\/wp-content\/uploads\/2024\/04\/resat_ok.jpg\" \/>\n\t<meta property=\"og:image:width\" content=\"210\" \/>\n\t<meta property=\"og:image:height\" content=\"208\" \/>\n\t<meta property=\"og:image:type\" content=\"image\/jpeg\" \/>\n<meta name=\"twitter:card\" content=\"summary_large_image\" \/>\n<meta name=\"twitter:site\" content=\"@zeytinburnubld\" \/>\n<meta name=\"twitter:label1\" content=\"Tahmini okuma s\u00fcresi\" \/>\n\t<meta name=\"twitter:data1\" content=\"1 dakika\" \/>\n<script type=\"application\/ld+json\" class=\"yoast-schema-graph\">{\"@context\":\"https:\/\/schema.org\",\"@graph\":[{\"@type\":\"WebPage\",\"@id\":\"https:\/\/zeytinburnu.istanbul\/personel\/resat-ok\/\",\"url\":\"https:\/\/zeytinburnu.istanbul\/personel\/resat-ok\/\",\"name\":\"Re\u015fat OK - Zeytinburnu Belediyesi\",\"isPartOf\":{\"@id\":\"https:\/\/zeytinburnu.istanbul\/#website\"},\"datePublished\":\"2024-05-10T18:35:36+00:00\",\"dateModified\":\"2024-05-13T06:15:53+00:00\",\"breadcrumb\":{\"@id\":\"https:\/\/zeytinburnu.istanbul\/personel\/resat-ok\/#breadcrumb\"},\"inLanguage\":\"tr\",\"potentialAction\":[{\"@type\":\"ReadAction\",\"target\":[\"https:\/\/zeytinburnu.istanbul\/personel\/resat-ok\/\"]}]},{\"@type\":\"BreadcrumbList\",\"@id\":\"https:\/\/zeytinburnu.istanbul\/personel\/resat-ok\/#breadcrumb\",\"itemListElement\":[{\"@type\":\"ListItem\",\"position\":1,\"name\":\"Anasayfa\",\"item\":\"https:\/\/zeytinburnu.istanbul\/\"},{\"@type\":\"ListItem\",\"position\":2,\"name\":\"Re\u015fat OK\"}]},{\"@type\":\"WebSite\",\"@id\":\"https:\/\/zeytinburnu.istanbul\/#website\",\"url\":\"https:\/\/zeytinburnu.istanbul\/\",\"name\":\"Zeytinburnu Belediyesi\",\"description\":\"\",\"potentialAction\":[{\"@type\":\"SearchAction\",\"target\":{\"@type\":\"EntryPoint\",\"urlTemplate\":\"https:\/\/zeytinburnu.istanbul\/?s={search_term_string}\"},\"query-input\":\"required name=search_term_string\"}],\"inLanguage\":\"tr\"}]}<\/script>\n<!-- \/ Yoast SEO plugin. -->","yoast_head_json":{"title":"Re\u015fat OK - Zeytinburnu Belediyesi","robots":{"index":"index","follow":"follow","max-snippet":"max-snippet:-1","max-image-preview":"max-image-preview:large","max-video-preview":"max-video-preview:-1"},"canonical":"https:\/\/zeytinburnu.istanbul\/personel\/resat-ok\/","og_locale":"tr_TR","og_type":"article","og_title":"Re\u015fat OK - Zeytinburnu Belediyesi","og_description":"1983\u2019te \u0130stanbul\u2019da do\u011fdu. Sel\u00e7uk \u00dcniversitesi \u0130ktisadi \u0130dari Bilimler ve Anadolu \u00dcniversitesi \u0130\u015fletme Fak\u00fcltesi mezunudur. Zeytinburnu \u00dclk\u00fc Ocaklar\u0131 Ba\u015fkanl\u0131\u011f\u0131 ve Milliyet\u00e7i Hareket Partisi \u0130l\u00e7e Ba\u015fkanl\u0131\u011f\u0131 g\u00f6revlerinde bulunmu\u015ftur. 8. ve 9. d\u00f6nem Zeytinburnu Belediye meclis \u00fcyesidir. Evlidir.","og_url":"https:\/\/zeytinburnu.istanbul\/personel\/resat-ok\/","og_site_name":"Zeytinburnu Belediyesi","article_publisher":"https:\/\/web.facebook.com\/zeytinburnubld\/","article_modified_time":"2024-05-13T06:15:53+00:00","og_image":[{"width":210,"height":208,"url":"https:\/\/zeytinburnu.istanbul\/wp-content\/uploads\/2024\/04\/resat_ok.jpg","type":"image\/jpeg"}],"twitter_card":"summary_large_image","twitter_site":"@zeytinburnubld","twitter_misc":{"Tahmini okuma s\u00fcresi":"1 dakika"},"schema":{"@context":"https:\/\/schema.org","@graph":[{"@type":"WebPage","@id":"https:\/\/zeytinburnu.istanbul\/personel\/resat-ok\/","url":"https:\/\/zeytinburnu.istanbul\/personel\/resat-ok\/","name":"Re\u015fat OK - Zeytinburnu Belediyesi","isPartOf":{"@id":"https:\/\/zeytinburnu.istanbul\/#website"},"datePublished":"2024-05-10T18:35:36+00:00","dateModified":"2024-05-13T06:15:53+00:00","breadcrumb":{"@id":"https:\/\/zeytinburnu.istanbul\/personel\/resat-ok\/#breadcrumb"},"inLanguage":"tr","potentialAction":[{"@type":"ReadAction","target":["https:\/\/zeytinburnu.istanbul\/personel\/resat-ok\/"]}]},{"@type":"BreadcrumbList","@id":"https:\/\/zeytinburnu.istanbul\/personel\/resat-ok\/#breadcrumb","itemListElement":[{"@type":"ListItem","position":1,"name":"Anasayfa","item":"https:\/\/zeytinburnu.istanbul\/"},{"@type":"ListItem","position":2,"name":"Re\u015fat OK"}]},{"@type":"WebSite","@id":"https:\/\/zeytinburnu.istanbul\/#website","url":"https:\/\/zeytinburnu.istanbul\/","name":"Zeytinburnu Belediyesi","description":"","potentialAction":[{"@type":"SearchAction","target":{"@type":"EntryPoint","urlTemplate":"https:\/\/zeytinburnu.istanbul\/?s={search_term_string}"},"query-input":"required name=search_term_string"}],"inLanguage":"tr"}]}},"meta_data":{"sidebar_tipi":"varsayilan","detay_tipi":false,"uyesi_oldugu_siyasi_parti":"MHP","unvan":"","image_details":{"thumbnail":{"url":"https:\/\/zeytinburnu.istanbul\/wp-content\/uploads\/2024\/04\/resat_ok.jpg"},"full":{"file":"2024\/04\/resat_ok.jpg","width":210,"height":208,"mime_type":"image\/jpeg","url":"https:\/\/zeytinburnu.istanbul\/wp-content\/uploads\/2024\/04\/resat_ok.jpg"}}},"_links":{"self":[{"href":"https:\/\/zeytinburnu.istanbul\/api\/wp\/v2\/personel\/1275"}],"collection":[{"href":"https:\/\/zeytinburnu.istanbul\/api\/wp\/v2\/personel"}],"about":[{"href":"https:\/\/zeytinburnu.istanbul\/api\/wp\/v2\/types\/personel"}],"wp:featuredmedia":[{"embeddable":true,"href":"https:\/\/zeytinburnu.istanbul\/api\/wp\/v2\/media\/63181"}],"wp:attachment":[{"href":"https:\/\/zeytinburnu.istanbul\/api\/wp\/v2\/media?parent=1275"}],"wp:term":[{"taxonomy":"gorevlendirme","embeddable":true,"href":"https:\/\/zeytinburnu.istanbul\/api\/wp\/v2\/gorevlendirme?post=1275"}],"curies":[{"name":"wp","href":"https:\/\/api.w.org\/{rel}","templated":true}]}}