

{"id":1269,"date":"2024-05-10T08:10:53","date_gmt":"2024-05-10T05:10:53","guid":{"rendered":"https:\/\/2021.zeytinburnu.istanbul\/?post_type=personel&#038;p=1269"},"modified":"2024-05-10T23:07:08","modified_gmt":"2024-05-10T20:07:08","slug":"hasan-huseyin-uskudar","status":"publish","type":"personel","link":"https:\/\/zeytinburnu.istanbul\/personel\/hasan-huseyin-uskudar\/","title":{"rendered":"Hasan H\u00fcseyin \u00dcSK\u00dcDAR"},"content":{"rendered":"<p>1961 y\u0131l\u0131nda Bak\u0131rk\u00f6y&#8217;de do\u011fdu. \u0130lk, orta ve lise e\u011fitimini Zeytinburnu\u2019nda tamamlad\u0131. D\u0130SK Tekstil \u0130\u015f\u2019te sendika temsilcili\u011fi g\u00f6revinde bulundu. 1989-1994 y\u0131llar\u0131 aras\u0131nda 2. d\u00f6nem Zeytinburnu Belediye Meclis \u00dcyeli\u011fi g\u00f6revinde bulundu. 2009-2010 y\u0131llar\u0131 aras\u0131nda Zeytinburnu Atat\u00fcrk\u00e7\u00fc D\u00fc\u015f\u00fcnce Derne\u011fi Zeytinburnu \u015eubesi ba\u015fkanl\u0131\u011f\u0131n\u0131 yapt\u0131. Halen tekstil sekt\u00f6r\u00fcnde ticaret yapmaktad\u0131r. Evli ve iki \u00e7ocuk babas\u0131d\u0131r.<\/p>\n","protected":false},"featured_media":63576,"template":"","gorevlendirme":[25],"acf":[],"yoast_head":"<!-- This site is optimized with the Yoast SEO plugin v21.5 - https:\/\/yoast.com\/wordpress\/plugins\/seo\/ -->\n<title>Hasan H\u00fcseyin \u00dcSK\u00dcDAR - Zeytinburnu Belediyesi<\/title>\n<meta name=\"robots\" content=\"index, follow, max-snippet:-1, max-image-preview:large, max-video-preview:-1\" \/>\n<link rel=\"canonical\" href=\"https:\/\/zeytinburnu.istanbul\/personel\/hasan-huseyin-uskudar\/\" \/>\n<meta property=\"og:locale\" content=\"tr_TR\" \/>\n<meta property=\"og:type\" content=\"article\" \/>\n<meta property=\"og:title\" content=\"Hasan H\u00fcseyin \u00dcSK\u00dcDAR - Zeytinburnu Belediyesi\" \/>\n<meta property=\"og:description\" content=\"1961 y\u0131l\u0131nda Bak\u0131rk\u00f6y&#8217;de do\u011fdu. \u0130lk, orta ve lise e\u011fitimini Zeytinburnu\u2019nda tamamlad\u0131. D\u0130SK Tekstil \u0130\u015f\u2019te sendika temsilcili\u011fi g\u00f6revinde bulundu. 1989-1994 y\u0131llar\u0131 aras\u0131nda 2. d\u00f6nem Zeytinburnu Belediye Meclis \u00dcyeli\u011fi g\u00f6revinde bulundu. 2009-2010 y\u0131llar\u0131 aras\u0131nda Zeytinburnu Atat\u00fcrk\u00e7\u00fc D\u00fc\u015f\u00fcnce Derne\u011fi Zeytinburnu \u015eubesi ba\u015fkanl\u0131\u011f\u0131n\u0131 yapt\u0131. Halen tekstil sekt\u00f6r\u00fcnde ticaret yapmaktad\u0131r. Evli ve iki \u00e7ocuk babas\u0131d\u0131r.\" \/>\n<meta property=\"og:url\" content=\"https:\/\/zeytinburnu.istanbul\/personel\/hasan-huseyin-uskudar\/\" \/>\n<meta property=\"og:site_name\" content=\"Zeytinburnu Belediyesi\" \/>\n<meta property=\"article:publisher\" content=\"https:\/\/web.facebook.com\/zeytinburnubld\/\" \/>\n<meta property=\"article:modified_time\" content=\"2024-05-10T20:07:08+00:00\" \/>\n<meta property=\"og:image\" content=\"https:\/\/zeytinburnu.istanbul\/wp-content\/uploads\/2021\/08\/hasan_huseyin_uskudar.jpg\" \/>\n\t<meta property=\"og:image:width\" content=\"228\" \/>\n\t<meta property=\"og:image:height\" content=\"288\" \/>\n\t<meta property=\"og:image:type\" content=\"image\/jpeg\" \/>\n<meta name=\"twitter:card\" content=\"summary_large_image\" \/>\n<meta name=\"twitter:site\" content=\"@zeytinburnubld\" \/>\n<meta name=\"twitter:label1\" content=\"Tahmini okuma s\u00fcresi\" \/>\n\t<meta name=\"twitter:data1\" content=\"1 dakika\" \/>\n<script type=\"application\/ld+json\" class=\"yoast-schema-graph\">{\"@context\":\"https:\/\/schema.org\",\"@graph\":[{\"@type\":\"WebPage\",\"@id\":\"https:\/\/zeytinburnu.istanbul\/personel\/hasan-huseyin-uskudar\/\",\"url\":\"https:\/\/zeytinburnu.istanbul\/personel\/hasan-huseyin-uskudar\/\",\"name\":\"Hasan H\u00fcseyin \u00dcSK\u00dcDAR - Zeytinburnu Belediyesi\",\"isPartOf\":{\"@id\":\"https:\/\/zeytinburnu.istanbul\/#website\"},\"datePublished\":\"2024-05-10T05:10:53+00:00\",\"dateModified\":\"2024-05-10T20:07:08+00:00\",\"breadcrumb\":{\"@id\":\"https:\/\/zeytinburnu.istanbul\/personel\/hasan-huseyin-uskudar\/#breadcrumb\"},\"inLanguage\":\"tr\",\"potentialAction\":[{\"@type\":\"ReadAction\",\"target\":[\"https:\/\/zeytinburnu.istanbul\/personel\/hasan-huseyin-uskudar\/\"]}]},{\"@type\":\"BreadcrumbList\",\"@id\":\"https:\/\/zeytinburnu.istanbul\/personel\/hasan-huseyin-uskudar\/#breadcrumb\",\"itemListElement\":[{\"@type\":\"ListItem\",\"position\":1,\"name\":\"Anasayfa\",\"item\":\"https:\/\/zeytinburnu.istanbul\/\"},{\"@type\":\"ListItem\",\"position\":2,\"name\":\"Hasan H\u00fcseyin \u00dcSK\u00dcDAR\"}]},{\"@type\":\"WebSite\",\"@id\":\"https:\/\/zeytinburnu.istanbul\/#website\",\"url\":\"https:\/\/zeytinburnu.istanbul\/\",\"name\":\"Zeytinburnu Belediyesi\",\"description\":\"\",\"potentialAction\":[{\"@type\":\"SearchAction\",\"target\":{\"@type\":\"EntryPoint\",\"urlTemplate\":\"https:\/\/zeytinburnu.istanbul\/?s={search_term_string}\"},\"query-input\":\"required name=search_term_string\"}],\"inLanguage\":\"tr\"}]}<\/script>\n<!-- \/ Yoast SEO plugin. -->","yoast_head_json":{"title":"Hasan H\u00fcseyin \u00dcSK\u00dcDAR - Zeytinburnu Belediyesi","robots":{"index":"index","follow":"follow","max-snippet":"max-snippet:-1","max-image-preview":"max-image-preview:large","max-video-preview":"max-video-preview:-1"},"canonical":"https:\/\/zeytinburnu.istanbul\/personel\/hasan-huseyin-uskudar\/","og_locale":"tr_TR","og_type":"article","og_title":"Hasan H\u00fcseyin \u00dcSK\u00dcDAR - Zeytinburnu Belediyesi","og_description":"1961 y\u0131l\u0131nda Bak\u0131rk\u00f6y&#8217;de do\u011fdu. \u0130lk, orta ve lise e\u011fitimini Zeytinburnu\u2019nda tamamlad\u0131. D\u0130SK Tekstil \u0130\u015f\u2019te sendika temsilcili\u011fi g\u00f6revinde bulundu. 1989-1994 y\u0131llar\u0131 aras\u0131nda 2. d\u00f6nem Zeytinburnu Belediye Meclis \u00dcyeli\u011fi g\u00f6revinde bulundu. 2009-2010 y\u0131llar\u0131 aras\u0131nda Zeytinburnu Atat\u00fcrk\u00e7\u00fc D\u00fc\u015f\u00fcnce Derne\u011fi Zeytinburnu \u015eubesi ba\u015fkanl\u0131\u011f\u0131n\u0131 yapt\u0131. Halen tekstil sekt\u00f6r\u00fcnde ticaret yapmaktad\u0131r. Evli ve iki \u00e7ocuk babas\u0131d\u0131r.","og_url":"https:\/\/zeytinburnu.istanbul\/personel\/hasan-huseyin-uskudar\/","og_site_name":"Zeytinburnu Belediyesi","article_publisher":"https:\/\/web.facebook.com\/zeytinburnubld\/","article_modified_time":"2024-05-10T20:07:08+00:00","og_image":[{"width":228,"height":288,"url":"https:\/\/zeytinburnu.istanbul\/wp-content\/uploads\/2021\/08\/hasan_huseyin_uskudar.jpg","type":"image\/jpeg"}],"twitter_card":"summary_large_image","twitter_site":"@zeytinburnubld","twitter_misc":{"Tahmini okuma s\u00fcresi":"1 dakika"},"schema":{"@context":"https:\/\/schema.org","@graph":[{"@type":"WebPage","@id":"https:\/\/zeytinburnu.istanbul\/personel\/hasan-huseyin-uskudar\/","url":"https:\/\/zeytinburnu.istanbul\/personel\/hasan-huseyin-uskudar\/","name":"Hasan H\u00fcseyin \u00dcSK\u00dcDAR - Zeytinburnu Belediyesi","isPartOf":{"@id":"https:\/\/zeytinburnu.istanbul\/#website"},"datePublished":"2024-05-10T05:10:53+00:00","dateModified":"2024-05-10T20:07:08+00:00","breadcrumb":{"@id":"https:\/\/zeytinburnu.istanbul\/personel\/hasan-huseyin-uskudar\/#breadcrumb"},"inLanguage":"tr","potentialAction":[{"@type":"ReadAction","target":["https:\/\/zeytinburnu.istanbul\/personel\/hasan-huseyin-uskudar\/"]}]},{"@type":"BreadcrumbList","@id":"https:\/\/zeytinburnu.istanbul\/personel\/hasan-huseyin-uskudar\/#breadcrumb","itemListElement":[{"@type":"ListItem","position":1,"name":"Anasayfa","item":"https:\/\/zeytinburnu.istanbul\/"},{"@type":"ListItem","position":2,"name":"Hasan H\u00fcseyin \u00dcSK\u00dcDAR"}]},{"@type":"WebSite","@id":"https:\/\/zeytinburnu.istanbul\/#website","url":"https:\/\/zeytinburnu.istanbul\/","name":"Zeytinburnu Belediyesi","description":"","potentialAction":[{"@type":"SearchAction","target":{"@type":"EntryPoint","urlTemplate":"https:\/\/zeytinburnu.istanbul\/?s={search_term_string}"},"query-input":"required name=search_term_string"}],"inLanguage":"tr"}]}},"meta_data":{"sidebar_tipi":"varsayilan","detay_tipi":false,"uyesi_oldugu_siyasi_parti":"CHP","unvan":"","image_details":{"thumbnail":{"url":"https:\/\/zeytinburnu.istanbul\/wp-content\/uploads\/2021\/08\/hasan_huseyin_uskudar.jpg"},"full":{"file":"2021\/08\/hasan_huseyin_uskudar.jpg","width":228,"height":288,"mime_type":"image\/jpeg","url":"https:\/\/zeytinburnu.istanbul\/wp-content\/uploads\/2021\/08\/hasan_huseyin_uskudar.jpg"}}},"_links":{"self":[{"href":"https:\/\/zeytinburnu.istanbul\/api\/wp\/v2\/personel\/1269"}],"collection":[{"href":"https:\/\/zeytinburnu.istanbul\/api\/wp\/v2\/personel"}],"about":[{"href":"https:\/\/zeytinburnu.istanbul\/api\/wp\/v2\/types\/personel"}],"wp:featuredmedia":[{"embeddable":true,"href":"https:\/\/zeytinburnu.istanbul\/api\/wp\/v2\/media\/63576"}],"wp:attachment":[{"href":"https:\/\/zeytinburnu.istanbul\/api\/wp\/v2\/media?parent=1269"}],"wp:term":[{"taxonomy":"gorevlendirme","embeddable":true,"href":"https:\/\/zeytinburnu.istanbul\/api\/wp\/v2\/gorevlendirme?post=1269"}],"curies":[{"name":"wp","href":"https:\/\/api.w.org\/{rel}","templated":true}]}}