

{"id":1262,"date":"2024-05-10T08:08:57","date_gmt":"2024-05-10T05:08:57","guid":{"rendered":"https:\/\/2021.zeytinburnu.istanbul\/?post_type=personel&#038;p=1262"},"modified":"2024-05-10T23:06:31","modified_gmt":"2024-05-10T20:06:31","slug":"satilmis-oral","status":"publish","type":"personel","link":"https:\/\/zeytinburnu.istanbul\/personel\/satilmis-oral\/","title":{"rendered":"Sat\u0131lm\u0131\u015f ORAL"},"content":{"rendered":"<p>1971 y\u0131l\u0131nda Zeytinburnu\u2019nda do\u011fdu. 1965 y\u0131l\u0131nda ailesi Kastamonu\u2019dan Be\u015ftelsiz Mahallesine gelmi\u015ftir. Otuz y\u0131ld\u0131r esnafl\u0131k yapmaktad\u0131r. \u00c7e\u015fitli sivil toplum kurulu\u015flar\u0131nda ve derneklerde y\u00f6netim kadrolar\u0131nda g\u00f6rev alm\u0131\u015ft\u0131r. Yirmi be\u015f y\u0131ld\u0131r aktif olarak siyasetle u\u011fra\u015fmaktad\u0131r. Evli ve bir k\u0131z, bir erkek \u00e7ocuk babas\u0131d\u0131r.<\/p>\n","protected":false},"featured_media":63638,"template":"","gorevlendirme":[25],"acf":[],"yoast_head":"<!-- This site is optimized with the Yoast SEO plugin v21.5 - https:\/\/yoast.com\/wordpress\/plugins\/seo\/ -->\n<title>Sat\u0131lm\u0131\u015f ORAL - Zeytinburnu Belediyesi<\/title>\n<meta name=\"robots\" content=\"index, follow, max-snippet:-1, max-image-preview:large, max-video-preview:-1\" \/>\n<link rel=\"canonical\" href=\"https:\/\/zeytinburnu.istanbul\/personel\/satilmis-oral\/\" \/>\n<meta property=\"og:locale\" content=\"tr_TR\" \/>\n<meta property=\"og:type\" content=\"article\" \/>\n<meta property=\"og:title\" content=\"Sat\u0131lm\u0131\u015f ORAL - Zeytinburnu Belediyesi\" \/>\n<meta property=\"og:description\" content=\"1971 y\u0131l\u0131nda Zeytinburnu\u2019nda do\u011fdu. 1965 y\u0131l\u0131nda ailesi Kastamonu\u2019dan Be\u015ftelsiz Mahallesine gelmi\u015ftir. Otuz y\u0131ld\u0131r esnafl\u0131k yapmaktad\u0131r. \u00c7e\u015fitli sivil toplum kurulu\u015flar\u0131nda ve derneklerde y\u00f6netim kadrolar\u0131nda g\u00f6rev alm\u0131\u015ft\u0131r. Yirmi be\u015f y\u0131ld\u0131r aktif olarak siyasetle u\u011fra\u015fmaktad\u0131r. Evli ve bir k\u0131z, bir erkek \u00e7ocuk babas\u0131d\u0131r.\" \/>\n<meta property=\"og:url\" content=\"https:\/\/zeytinburnu.istanbul\/personel\/satilmis-oral\/\" \/>\n<meta property=\"og:site_name\" content=\"Zeytinburnu Belediyesi\" \/>\n<meta property=\"article:publisher\" content=\"https:\/\/web.facebook.com\/zeytinburnubld\/\" \/>\n<meta property=\"article:modified_time\" content=\"2024-05-10T20:06:31+00:00\" \/>\n<meta property=\"og:image\" content=\"https:\/\/zeytinburnu.istanbul\/wp-content\/uploads\/2024\/05\/saiilmisoral.jpg\" \/>\n\t<meta property=\"og:image:width\" content=\"210\" \/>\n\t<meta property=\"og:image:height\" content=\"208\" \/>\n\t<meta property=\"og:image:type\" content=\"image\/jpeg\" \/>\n<meta name=\"twitter:card\" content=\"summary_large_image\" \/>\n<meta name=\"twitter:site\" content=\"@zeytinburnubld\" \/>\n<meta name=\"twitter:label1\" content=\"Tahmini okuma s\u00fcresi\" \/>\n\t<meta name=\"twitter:data1\" content=\"1 dakika\" \/>\n<script type=\"application\/ld+json\" class=\"yoast-schema-graph\">{\"@context\":\"https:\/\/schema.org\",\"@graph\":[{\"@type\":\"WebPage\",\"@id\":\"https:\/\/zeytinburnu.istanbul\/personel\/satilmis-oral\/\",\"url\":\"https:\/\/zeytinburnu.istanbul\/personel\/satilmis-oral\/\",\"name\":\"Sat\u0131lm\u0131\u015f ORAL - Zeytinburnu Belediyesi\",\"isPartOf\":{\"@id\":\"https:\/\/zeytinburnu.istanbul\/#website\"},\"datePublished\":\"2024-05-10T05:08:57+00:00\",\"dateModified\":\"2024-05-10T20:06:31+00:00\",\"breadcrumb\":{\"@id\":\"https:\/\/zeytinburnu.istanbul\/personel\/satilmis-oral\/#breadcrumb\"},\"inLanguage\":\"tr\",\"potentialAction\":[{\"@type\":\"ReadAction\",\"target\":[\"https:\/\/zeytinburnu.istanbul\/personel\/satilmis-oral\/\"]}]},{\"@type\":\"BreadcrumbList\",\"@id\":\"https:\/\/zeytinburnu.istanbul\/personel\/satilmis-oral\/#breadcrumb\",\"itemListElement\":[{\"@type\":\"ListItem\",\"position\":1,\"name\":\"Anasayfa\",\"item\":\"https:\/\/zeytinburnu.istanbul\/\"},{\"@type\":\"ListItem\",\"position\":2,\"name\":\"Sat\u0131lm\u0131\u015f ORAL\"}]},{\"@type\":\"WebSite\",\"@id\":\"https:\/\/zeytinburnu.istanbul\/#website\",\"url\":\"https:\/\/zeytinburnu.istanbul\/\",\"name\":\"Zeytinburnu Belediyesi\",\"description\":\"\",\"potentialAction\":[{\"@type\":\"SearchAction\",\"target\":{\"@type\":\"EntryPoint\",\"urlTemplate\":\"https:\/\/zeytinburnu.istanbul\/?s={search_term_string}\"},\"query-input\":\"required name=search_term_string\"}],\"inLanguage\":\"tr\"}]}<\/script>\n<!-- \/ Yoast SEO plugin. -->","yoast_head_json":{"title":"Sat\u0131lm\u0131\u015f ORAL - Zeytinburnu Belediyesi","robots":{"index":"index","follow":"follow","max-snippet":"max-snippet:-1","max-image-preview":"max-image-preview:large","max-video-preview":"max-video-preview:-1"},"canonical":"https:\/\/zeytinburnu.istanbul\/personel\/satilmis-oral\/","og_locale":"tr_TR","og_type":"article","og_title":"Sat\u0131lm\u0131\u015f ORAL - Zeytinburnu Belediyesi","og_description":"1971 y\u0131l\u0131nda Zeytinburnu\u2019nda do\u011fdu. 1965 y\u0131l\u0131nda ailesi Kastamonu\u2019dan Be\u015ftelsiz Mahallesine gelmi\u015ftir. Otuz y\u0131ld\u0131r esnafl\u0131k yapmaktad\u0131r. \u00c7e\u015fitli sivil toplum kurulu\u015flar\u0131nda ve derneklerde y\u00f6netim kadrolar\u0131nda g\u00f6rev alm\u0131\u015ft\u0131r. Yirmi be\u015f y\u0131ld\u0131r aktif olarak siyasetle u\u011fra\u015fmaktad\u0131r. Evli ve bir k\u0131z, bir erkek \u00e7ocuk babas\u0131d\u0131r.","og_url":"https:\/\/zeytinburnu.istanbul\/personel\/satilmis-oral\/","og_site_name":"Zeytinburnu Belediyesi","article_publisher":"https:\/\/web.facebook.com\/zeytinburnubld\/","article_modified_time":"2024-05-10T20:06:31+00:00","og_image":[{"width":210,"height":208,"url":"https:\/\/zeytinburnu.istanbul\/wp-content\/uploads\/2024\/05\/saiilmisoral.jpg","type":"image\/jpeg"}],"twitter_card":"summary_large_image","twitter_site":"@zeytinburnubld","twitter_misc":{"Tahmini okuma s\u00fcresi":"1 dakika"},"schema":{"@context":"https:\/\/schema.org","@graph":[{"@type":"WebPage","@id":"https:\/\/zeytinburnu.istanbul\/personel\/satilmis-oral\/","url":"https:\/\/zeytinburnu.istanbul\/personel\/satilmis-oral\/","name":"Sat\u0131lm\u0131\u015f ORAL - Zeytinburnu Belediyesi","isPartOf":{"@id":"https:\/\/zeytinburnu.istanbul\/#website"},"datePublished":"2024-05-10T05:08:57+00:00","dateModified":"2024-05-10T20:06:31+00:00","breadcrumb":{"@id":"https:\/\/zeytinburnu.istanbul\/personel\/satilmis-oral\/#breadcrumb"},"inLanguage":"tr","potentialAction":[{"@type":"ReadAction","target":["https:\/\/zeytinburnu.istanbul\/personel\/satilmis-oral\/"]}]},{"@type":"BreadcrumbList","@id":"https:\/\/zeytinburnu.istanbul\/personel\/satilmis-oral\/#breadcrumb","itemListElement":[{"@type":"ListItem","position":1,"name":"Anasayfa","item":"https:\/\/zeytinburnu.istanbul\/"},{"@type":"ListItem","position":2,"name":"Sat\u0131lm\u0131\u015f ORAL"}]},{"@type":"WebSite","@id":"https:\/\/zeytinburnu.istanbul\/#website","url":"https:\/\/zeytinburnu.istanbul\/","name":"Zeytinburnu Belediyesi","description":"","potentialAction":[{"@type":"SearchAction","target":{"@type":"EntryPoint","urlTemplate":"https:\/\/zeytinburnu.istanbul\/?s={search_term_string}"},"query-input":"required name=search_term_string"}],"inLanguage":"tr"}]}},"meta_data":{"sidebar_tipi":"varsayilan","detay_tipi":false,"uyesi_oldugu_siyasi_parti":"CHP","unvan":"","image_details":{"thumbnail":{"url":"https:\/\/zeytinburnu.istanbul\/wp-content\/uploads\/2024\/05\/saiilmisoral.jpg"},"full":{"file":"2024\/05\/saiilmisoral.jpg","width":210,"height":208,"mime_type":"image\/jpeg","url":"https:\/\/zeytinburnu.istanbul\/wp-content\/uploads\/2024\/05\/saiilmisoral.jpg"}}},"_links":{"self":[{"href":"https:\/\/zeytinburnu.istanbul\/api\/wp\/v2\/personel\/1262"}],"collection":[{"href":"https:\/\/zeytinburnu.istanbul\/api\/wp\/v2\/personel"}],"about":[{"href":"https:\/\/zeytinburnu.istanbul\/api\/wp\/v2\/types\/personel"}],"wp:featuredmedia":[{"embeddable":true,"href":"https:\/\/zeytinburnu.istanbul\/api\/wp\/v2\/media\/63638"}],"wp:attachment":[{"href":"https:\/\/zeytinburnu.istanbul\/api\/wp\/v2\/media?parent=1262"}],"wp:term":[{"taxonomy":"gorevlendirme","embeddable":true,"href":"https:\/\/zeytinburnu.istanbul\/api\/wp\/v2\/gorevlendirme?post=1262"}],"curies":[{"name":"wp","href":"https:\/\/api.w.org\/{rel}","templated":true}]}}