

{"id":1236,"date":"2024-05-10T23:16:02","date_gmt":"2024-05-10T20:16:02","guid":{"rendered":"https:\/\/2021.zeytinburnu.istanbul\/?post_type=personel&#038;p=1236"},"modified":"2024-05-10T23:18:57","modified_gmt":"2024-05-10T20:18:57","slug":"hakan-guler","status":"publish","type":"personel","link":"https:\/\/zeytinburnu.istanbul\/personel\/hakan-guler\/","title":{"rendered":"Hakan G\u00dcLER"},"content":{"rendered":"<p>1979 y\u0131l\u0131nda Zeytinburnu\u2019nda do\u011fdu. Aslen Bat\u0131 Trakyal\u0131d\u0131r. \u0130lkokul, ortaokul ve lise tahsilini Zeytinburnu\u2019nda tamamlad\u0131. \u0130stanbul \u00dcniversitesi (Auzef) Sosyal Hizmetler b\u00f6l\u00fcm\u00fcnden mezun oldu. \u00d6zel bir tekstil firmas\u0131nda i\u015fletme m\u00fcd\u00fcr\u00fc olarak \u00e7al\u0131\u015fmaktad\u0131r. \u0130stanbul Bat\u0131 Trakya T\u00fcrkleri Spor Kul\u00fcb\u00fc Ba\u015fkanl\u0131\u011f\u0131 ve Zeytinburnu Amat\u00f6r Spor Kul\u00fcpleri Birli\u011fi ve Rumeli T\u00fcrkleri Vakf\u0131 y\u00f6netim kurulu \u00fcyeliklerini y\u00fcr\u00fctmektedir. 2016-2018 y\u0131llar\u0131 aras\u0131nda T\u00fcrkiye Futbol Federasyonu Tertip Komitesi \u00fcyeli\u011fi yapm\u0131\u015ft\u0131r. Evli ve iki \u00e7ocuk babas\u0131d\u0131r.<\/p>\n","protected":false},"featured_media":63636,"template":"","gorevlendirme":[25],"acf":[],"yoast_head":"<!-- This site is optimized with the Yoast SEO plugin v21.5 - https:\/\/yoast.com\/wordpress\/plugins\/seo\/ -->\n<title>Hakan G\u00dcLER - Zeytinburnu Belediyesi<\/title>\n<meta name=\"robots\" content=\"index, follow, max-snippet:-1, max-image-preview:large, max-video-preview:-1\" \/>\n<link rel=\"canonical\" href=\"https:\/\/zeytinburnu.istanbul\/personel\/hakan-guler\/\" \/>\n<meta property=\"og:locale\" content=\"tr_TR\" \/>\n<meta property=\"og:type\" content=\"article\" \/>\n<meta property=\"og:title\" content=\"Hakan G\u00dcLER - Zeytinburnu Belediyesi\" \/>\n<meta property=\"og:description\" content=\"1979 y\u0131l\u0131nda Zeytinburnu\u2019nda do\u011fdu. Aslen Bat\u0131 Trakyal\u0131d\u0131r. \u0130lkokul, ortaokul ve lise tahsilini Zeytinburnu\u2019nda tamamlad\u0131. \u0130stanbul \u00dcniversitesi (Auzef) Sosyal Hizmetler b\u00f6l\u00fcm\u00fcnden mezun oldu. \u00d6zel bir tekstil firmas\u0131nda i\u015fletme m\u00fcd\u00fcr\u00fc olarak \u00e7al\u0131\u015fmaktad\u0131r. \u0130stanbul Bat\u0131 Trakya T\u00fcrkleri Spor Kul\u00fcb\u00fc Ba\u015fkanl\u0131\u011f\u0131 ve Zeytinburnu Amat\u00f6r Spor Kul\u00fcpleri Birli\u011fi ve Rumeli T\u00fcrkleri Vakf\u0131 y\u00f6netim kurulu \u00fcyeliklerini y\u00fcr\u00fctmektedir. 2016-2018 y\u0131llar\u0131 aras\u0131nda T\u00fcrkiye [&hellip;]\" \/>\n<meta property=\"og:url\" content=\"https:\/\/zeytinburnu.istanbul\/personel\/hakan-guler\/\" \/>\n<meta property=\"og:site_name\" content=\"Zeytinburnu Belediyesi\" \/>\n<meta property=\"article:publisher\" content=\"https:\/\/web.facebook.com\/zeytinburnubld\/\" \/>\n<meta property=\"article:modified_time\" content=\"2024-05-10T20:18:57+00:00\" \/>\n<meta property=\"og:image\" content=\"https:\/\/zeytinburnu.istanbul\/wp-content\/uploads\/2024\/05\/hakanguler.jpg\" \/>\n\t<meta property=\"og:image:width\" content=\"210\" \/>\n\t<meta property=\"og:image:height\" content=\"208\" \/>\n\t<meta property=\"og:image:type\" content=\"image\/jpeg\" \/>\n<meta name=\"twitter:card\" content=\"summary_large_image\" \/>\n<meta name=\"twitter:site\" content=\"@zeytinburnubld\" \/>\n<meta name=\"twitter:label1\" content=\"Tahmini okuma s\u00fcresi\" \/>\n\t<meta name=\"twitter:data1\" content=\"1 dakika\" \/>\n<script type=\"application\/ld+json\" class=\"yoast-schema-graph\">{\"@context\":\"https:\/\/schema.org\",\"@graph\":[{\"@type\":\"WebPage\",\"@id\":\"https:\/\/zeytinburnu.istanbul\/personel\/hakan-guler\/\",\"url\":\"https:\/\/zeytinburnu.istanbul\/personel\/hakan-guler\/\",\"name\":\"Hakan G\u00dcLER - Zeytinburnu Belediyesi\",\"isPartOf\":{\"@id\":\"https:\/\/zeytinburnu.istanbul\/#website\"},\"datePublished\":\"2024-05-10T20:16:02+00:00\",\"dateModified\":\"2024-05-10T20:18:57+00:00\",\"breadcrumb\":{\"@id\":\"https:\/\/zeytinburnu.istanbul\/personel\/hakan-guler\/#breadcrumb\"},\"inLanguage\":\"tr\",\"potentialAction\":[{\"@type\":\"ReadAction\",\"target\":[\"https:\/\/zeytinburnu.istanbul\/personel\/hakan-guler\/\"]}]},{\"@type\":\"BreadcrumbList\",\"@id\":\"https:\/\/zeytinburnu.istanbul\/personel\/hakan-guler\/#breadcrumb\",\"itemListElement\":[{\"@type\":\"ListItem\",\"position\":1,\"name\":\"Anasayfa\",\"item\":\"https:\/\/zeytinburnu.istanbul\/\"},{\"@type\":\"ListItem\",\"position\":2,\"name\":\"Hakan G\u00dcLER\"}]},{\"@type\":\"WebSite\",\"@id\":\"https:\/\/zeytinburnu.istanbul\/#website\",\"url\":\"https:\/\/zeytinburnu.istanbul\/\",\"name\":\"Zeytinburnu Belediyesi\",\"description\":\"\",\"potentialAction\":[{\"@type\":\"SearchAction\",\"target\":{\"@type\":\"EntryPoint\",\"urlTemplate\":\"https:\/\/zeytinburnu.istanbul\/?s={search_term_string}\"},\"query-input\":\"required name=search_term_string\"}],\"inLanguage\":\"tr\"}]}<\/script>\n<!-- \/ Yoast SEO plugin. -->","yoast_head_json":{"title":"Hakan G\u00dcLER - Zeytinburnu Belediyesi","robots":{"index":"index","follow":"follow","max-snippet":"max-snippet:-1","max-image-preview":"max-image-preview:large","max-video-preview":"max-video-preview:-1"},"canonical":"https:\/\/zeytinburnu.istanbul\/personel\/hakan-guler\/","og_locale":"tr_TR","og_type":"article","og_title":"Hakan G\u00dcLER - Zeytinburnu Belediyesi","og_description":"1979 y\u0131l\u0131nda Zeytinburnu\u2019nda do\u011fdu. Aslen Bat\u0131 Trakyal\u0131d\u0131r. \u0130lkokul, ortaokul ve lise tahsilini Zeytinburnu\u2019nda tamamlad\u0131. \u0130stanbul \u00dcniversitesi (Auzef) Sosyal Hizmetler b\u00f6l\u00fcm\u00fcnden mezun oldu. \u00d6zel bir tekstil firmas\u0131nda i\u015fletme m\u00fcd\u00fcr\u00fc olarak \u00e7al\u0131\u015fmaktad\u0131r. \u0130stanbul Bat\u0131 Trakya T\u00fcrkleri Spor Kul\u00fcb\u00fc Ba\u015fkanl\u0131\u011f\u0131 ve Zeytinburnu Amat\u00f6r Spor Kul\u00fcpleri Birli\u011fi ve Rumeli T\u00fcrkleri Vakf\u0131 y\u00f6netim kurulu \u00fcyeliklerini y\u00fcr\u00fctmektedir. 2016-2018 y\u0131llar\u0131 aras\u0131nda T\u00fcrkiye [&hellip;]","og_url":"https:\/\/zeytinburnu.istanbul\/personel\/hakan-guler\/","og_site_name":"Zeytinburnu Belediyesi","article_publisher":"https:\/\/web.facebook.com\/zeytinburnubld\/","article_modified_time":"2024-05-10T20:18:57+00:00","og_image":[{"width":210,"height":208,"url":"https:\/\/zeytinburnu.istanbul\/wp-content\/uploads\/2024\/05\/hakanguler.jpg","type":"image\/jpeg"}],"twitter_card":"summary_large_image","twitter_site":"@zeytinburnubld","twitter_misc":{"Tahmini okuma s\u00fcresi":"1 dakika"},"schema":{"@context":"https:\/\/schema.org","@graph":[{"@type":"WebPage","@id":"https:\/\/zeytinburnu.istanbul\/personel\/hakan-guler\/","url":"https:\/\/zeytinburnu.istanbul\/personel\/hakan-guler\/","name":"Hakan G\u00dcLER - Zeytinburnu Belediyesi","isPartOf":{"@id":"https:\/\/zeytinburnu.istanbul\/#website"},"datePublished":"2024-05-10T20:16:02+00:00","dateModified":"2024-05-10T20:18:57+00:00","breadcrumb":{"@id":"https:\/\/zeytinburnu.istanbul\/personel\/hakan-guler\/#breadcrumb"},"inLanguage":"tr","potentialAction":[{"@type":"ReadAction","target":["https:\/\/zeytinburnu.istanbul\/personel\/hakan-guler\/"]}]},{"@type":"BreadcrumbList","@id":"https:\/\/zeytinburnu.istanbul\/personel\/hakan-guler\/#breadcrumb","itemListElement":[{"@type":"ListItem","position":1,"name":"Anasayfa","item":"https:\/\/zeytinburnu.istanbul\/"},{"@type":"ListItem","position":2,"name":"Hakan G\u00dcLER"}]},{"@type":"WebSite","@id":"https:\/\/zeytinburnu.istanbul\/#website","url":"https:\/\/zeytinburnu.istanbul\/","name":"Zeytinburnu Belediyesi","description":"","potentialAction":[{"@type":"SearchAction","target":{"@type":"EntryPoint","urlTemplate":"https:\/\/zeytinburnu.istanbul\/?s={search_term_string}"},"query-input":"required name=search_term_string"}],"inLanguage":"tr"}]}},"meta_data":{"sidebar_tipi":"varsayilan","detay_tipi":false,"uyesi_oldugu_siyasi_parti":"AKPART\u0130","unvan":"","image_details":{"thumbnail":{"url":"https:\/\/zeytinburnu.istanbul\/wp-content\/uploads\/2024\/05\/hakanguler.jpg"},"full":{"file":"2024\/05\/hakanguler.jpg","width":210,"height":208,"mime_type":"image\/jpeg","url":"https:\/\/zeytinburnu.istanbul\/wp-content\/uploads\/2024\/05\/hakanguler.jpg"}}},"_links":{"self":[{"href":"https:\/\/zeytinburnu.istanbul\/api\/wp\/v2\/personel\/1236"}],"collection":[{"href":"https:\/\/zeytinburnu.istanbul\/api\/wp\/v2\/personel"}],"about":[{"href":"https:\/\/zeytinburnu.istanbul\/api\/wp\/v2\/types\/personel"}],"wp:featuredmedia":[{"embeddable":true,"href":"https:\/\/zeytinburnu.istanbul\/api\/wp\/v2\/media\/63636"}],"wp:attachment":[{"href":"https:\/\/zeytinburnu.istanbul\/api\/wp\/v2\/media?parent=1236"}],"wp:term":[{"taxonomy":"gorevlendirme","embeddable":true,"href":"https:\/\/zeytinburnu.istanbul\/api\/wp\/v2\/gorevlendirme?post=1236"}],"curies":[{"name":"wp","href":"https:\/\/api.w.org\/{rel}","templated":true}]}}