

{"id":1232,"date":"2024-05-10T21:50:57","date_gmt":"2024-05-10T18:50:57","guid":{"rendered":"https:\/\/2021.zeytinburnu.istanbul\/?post_type=personel&#038;p=1232"},"modified":"2024-05-13T09:12:37","modified_gmt":"2024-05-13T06:12:37","slug":"ridvan-cakar","status":"publish","type":"personel","link":"https:\/\/zeytinburnu.istanbul\/personel\/ridvan-cakar\/","title":{"rendered":"R\u0131dvan \u00c7AKAR"},"content":{"rendered":"<p>1975 y\u0131l\u0131nda Elaz\u0131\u011f&#8217;da do\u011fdu. 2001- 2005 y\u0131llar\u0131 aras\u0131nda \u0130stanbul Umumi G\u00f6mlek\u00e7iler, Penyeciler, \u0130malat\u00e7\u0131lar Odas\u0131 y\u00f6netim kurulu \u00fcyeli\u011fi yapt\u0131. Tekstil sekt\u00f6r\u00fcnde faaliyet g\u00f6stermektedir. 8. d\u00f6nem Zeytinburnu AK Parti meclis \u00fcyeli\u011fine se\u00e7ilmi\u015ftir. Zeytinburnu Tekstil Sanayici \u0130\u015f Adamlar\u0131 Derne\u011fi \u00fcyesi ve T\u00fcm Elaz\u0131\u011f i\u015f Adamlar\u0131 Derne\u011fi Ba\u015fkan Vekilidir. Evli ve \u00fc\u00e7 \u00e7ocuk babas\u0131d\u0131r.<\/p>\n","protected":false},"featured_media":63185,"template":"","gorevlendirme":[25],"acf":[],"yoast_head":"<!-- This site is optimized with the Yoast SEO plugin v21.5 - https:\/\/yoast.com\/wordpress\/plugins\/seo\/ -->\n<title>R\u0131dvan \u00c7AKAR - Zeytinburnu Belediyesi<\/title>\n<meta name=\"robots\" content=\"index, follow, max-snippet:-1, max-image-preview:large, max-video-preview:-1\" \/>\n<link rel=\"canonical\" href=\"https:\/\/zeytinburnu.istanbul\/personel\/ridvan-cakar\/\" \/>\n<meta property=\"og:locale\" content=\"tr_TR\" \/>\n<meta property=\"og:type\" content=\"article\" \/>\n<meta property=\"og:title\" content=\"R\u0131dvan \u00c7AKAR - Zeytinburnu Belediyesi\" \/>\n<meta property=\"og:description\" content=\"1975 y\u0131l\u0131nda Elaz\u0131\u011f&#8217;da do\u011fdu. 2001- 2005 y\u0131llar\u0131 aras\u0131nda \u0130stanbul Umumi G\u00f6mlek\u00e7iler, Penyeciler, \u0130malat\u00e7\u0131lar Odas\u0131 y\u00f6netim kurulu \u00fcyeli\u011fi yapt\u0131. Tekstil sekt\u00f6r\u00fcnde faaliyet g\u00f6stermektedir. 8. d\u00f6nem Zeytinburnu AK Parti meclis \u00fcyeli\u011fine se\u00e7ilmi\u015ftir. Zeytinburnu Tekstil Sanayici \u0130\u015f Adamlar\u0131 Derne\u011fi \u00fcyesi ve T\u00fcm Elaz\u0131\u011f i\u015f Adamlar\u0131 Derne\u011fi Ba\u015fkan Vekilidir. Evli ve \u00fc\u00e7 \u00e7ocuk babas\u0131d\u0131r.\" \/>\n<meta property=\"og:url\" content=\"https:\/\/zeytinburnu.istanbul\/personel\/ridvan-cakar\/\" \/>\n<meta property=\"og:site_name\" content=\"Zeytinburnu Belediyesi\" \/>\n<meta property=\"article:publisher\" content=\"https:\/\/web.facebook.com\/zeytinburnubld\/\" \/>\n<meta property=\"article:modified_time\" content=\"2024-05-13T06:12:37+00:00\" \/>\n<meta property=\"og:image\" content=\"https:\/\/zeytinburnu.istanbul\/wp-content\/uploads\/2021\/08\/ridvan_cakar.jpg\" \/>\n\t<meta property=\"og:image:width\" content=\"210\" \/>\n\t<meta property=\"og:image:height\" content=\"208\" \/>\n\t<meta property=\"og:image:type\" content=\"image\/jpeg\" \/>\n<meta name=\"twitter:card\" content=\"summary_large_image\" \/>\n<meta name=\"twitter:site\" content=\"@zeytinburnubld\" \/>\n<meta name=\"twitter:label1\" content=\"Tahmini okuma s\u00fcresi\" \/>\n\t<meta name=\"twitter:data1\" content=\"1 dakika\" \/>\n<script type=\"application\/ld+json\" class=\"yoast-schema-graph\">{\"@context\":\"https:\/\/schema.org\",\"@graph\":[{\"@type\":\"WebPage\",\"@id\":\"https:\/\/zeytinburnu.istanbul\/personel\/ridvan-cakar\/\",\"url\":\"https:\/\/zeytinburnu.istanbul\/personel\/ridvan-cakar\/\",\"name\":\"R\u0131dvan \u00c7AKAR - Zeytinburnu Belediyesi\",\"isPartOf\":{\"@id\":\"https:\/\/zeytinburnu.istanbul\/#website\"},\"datePublished\":\"2024-05-10T18:50:57+00:00\",\"dateModified\":\"2024-05-13T06:12:37+00:00\",\"breadcrumb\":{\"@id\":\"https:\/\/zeytinburnu.istanbul\/personel\/ridvan-cakar\/#breadcrumb\"},\"inLanguage\":\"tr\",\"potentialAction\":[{\"@type\":\"ReadAction\",\"target\":[\"https:\/\/zeytinburnu.istanbul\/personel\/ridvan-cakar\/\"]}]},{\"@type\":\"BreadcrumbList\",\"@id\":\"https:\/\/zeytinburnu.istanbul\/personel\/ridvan-cakar\/#breadcrumb\",\"itemListElement\":[{\"@type\":\"ListItem\",\"position\":1,\"name\":\"Anasayfa\",\"item\":\"https:\/\/zeytinburnu.istanbul\/\"},{\"@type\":\"ListItem\",\"position\":2,\"name\":\"R\u0131dvan \u00c7AKAR\"}]},{\"@type\":\"WebSite\",\"@id\":\"https:\/\/zeytinburnu.istanbul\/#website\",\"url\":\"https:\/\/zeytinburnu.istanbul\/\",\"name\":\"Zeytinburnu Belediyesi\",\"description\":\"\",\"potentialAction\":[{\"@type\":\"SearchAction\",\"target\":{\"@type\":\"EntryPoint\",\"urlTemplate\":\"https:\/\/zeytinburnu.istanbul\/?s={search_term_string}\"},\"query-input\":\"required name=search_term_string\"}],\"inLanguage\":\"tr\"}]}<\/script>\n<!-- \/ Yoast SEO plugin. -->","yoast_head_json":{"title":"R\u0131dvan \u00c7AKAR - Zeytinburnu Belediyesi","robots":{"index":"index","follow":"follow","max-snippet":"max-snippet:-1","max-image-preview":"max-image-preview:large","max-video-preview":"max-video-preview:-1"},"canonical":"https:\/\/zeytinburnu.istanbul\/personel\/ridvan-cakar\/","og_locale":"tr_TR","og_type":"article","og_title":"R\u0131dvan \u00c7AKAR - Zeytinburnu Belediyesi","og_description":"1975 y\u0131l\u0131nda Elaz\u0131\u011f&#8217;da do\u011fdu. 2001- 2005 y\u0131llar\u0131 aras\u0131nda \u0130stanbul Umumi G\u00f6mlek\u00e7iler, Penyeciler, \u0130malat\u00e7\u0131lar Odas\u0131 y\u00f6netim kurulu \u00fcyeli\u011fi yapt\u0131. Tekstil sekt\u00f6r\u00fcnde faaliyet g\u00f6stermektedir. 8. d\u00f6nem Zeytinburnu AK Parti meclis \u00fcyeli\u011fine se\u00e7ilmi\u015ftir. Zeytinburnu Tekstil Sanayici \u0130\u015f Adamlar\u0131 Derne\u011fi \u00fcyesi ve T\u00fcm Elaz\u0131\u011f i\u015f Adamlar\u0131 Derne\u011fi Ba\u015fkan Vekilidir. Evli ve \u00fc\u00e7 \u00e7ocuk babas\u0131d\u0131r.","og_url":"https:\/\/zeytinburnu.istanbul\/personel\/ridvan-cakar\/","og_site_name":"Zeytinburnu Belediyesi","article_publisher":"https:\/\/web.facebook.com\/zeytinburnubld\/","article_modified_time":"2024-05-13T06:12:37+00:00","og_image":[{"width":210,"height":208,"url":"https:\/\/zeytinburnu.istanbul\/wp-content\/uploads\/2021\/08\/ridvan_cakar.jpg","type":"image\/jpeg"}],"twitter_card":"summary_large_image","twitter_site":"@zeytinburnubld","twitter_misc":{"Tahmini okuma s\u00fcresi":"1 dakika"},"schema":{"@context":"https:\/\/schema.org","@graph":[{"@type":"WebPage","@id":"https:\/\/zeytinburnu.istanbul\/personel\/ridvan-cakar\/","url":"https:\/\/zeytinburnu.istanbul\/personel\/ridvan-cakar\/","name":"R\u0131dvan \u00c7AKAR - Zeytinburnu Belediyesi","isPartOf":{"@id":"https:\/\/zeytinburnu.istanbul\/#website"},"datePublished":"2024-05-10T18:50:57+00:00","dateModified":"2024-05-13T06:12:37+00:00","breadcrumb":{"@id":"https:\/\/zeytinburnu.istanbul\/personel\/ridvan-cakar\/#breadcrumb"},"inLanguage":"tr","potentialAction":[{"@type":"ReadAction","target":["https:\/\/zeytinburnu.istanbul\/personel\/ridvan-cakar\/"]}]},{"@type":"BreadcrumbList","@id":"https:\/\/zeytinburnu.istanbul\/personel\/ridvan-cakar\/#breadcrumb","itemListElement":[{"@type":"ListItem","position":1,"name":"Anasayfa","item":"https:\/\/zeytinburnu.istanbul\/"},{"@type":"ListItem","position":2,"name":"R\u0131dvan \u00c7AKAR"}]},{"@type":"WebSite","@id":"https:\/\/zeytinburnu.istanbul\/#website","url":"https:\/\/zeytinburnu.istanbul\/","name":"Zeytinburnu Belediyesi","description":"","potentialAction":[{"@type":"SearchAction","target":{"@type":"EntryPoint","urlTemplate":"https:\/\/zeytinburnu.istanbul\/?s={search_term_string}"},"query-input":"required name=search_term_string"}],"inLanguage":"tr"}]}},"meta_data":{"sidebar_tipi":"varsayilan","detay_tipi":false,"uyesi_oldugu_siyasi_parti":"AK PART\u0130","unvan":"","image_details":{"thumbnail":{"url":"https:\/\/zeytinburnu.istanbul\/wp-content\/uploads\/2021\/08\/ridvan_cakar.jpg"},"full":{"file":"2021\/08\/ridvan_cakar.jpg","width":210,"height":208,"mime_type":"image\/jpeg","url":"https:\/\/zeytinburnu.istanbul\/wp-content\/uploads\/2021\/08\/ridvan_cakar.jpg"}}},"_links":{"self":[{"href":"https:\/\/zeytinburnu.istanbul\/api\/wp\/v2\/personel\/1232"}],"collection":[{"href":"https:\/\/zeytinburnu.istanbul\/api\/wp\/v2\/personel"}],"about":[{"href":"https:\/\/zeytinburnu.istanbul\/api\/wp\/v2\/types\/personel"}],"wp:featuredmedia":[{"embeddable":true,"href":"https:\/\/zeytinburnu.istanbul\/api\/wp\/v2\/media\/63185"}],"wp:attachment":[{"href":"https:\/\/zeytinburnu.istanbul\/api\/wp\/v2\/media?parent=1232"}],"wp:term":[{"taxonomy":"gorevlendirme","embeddable":true,"href":"https:\/\/zeytinburnu.istanbul\/api\/wp\/v2\/gorevlendirme?post=1232"}],"curies":[{"name":"wp","href":"https:\/\/api.w.org\/{rel}","templated":true}]}}