

{"id":1223,"date":"2024-05-10T21:45:01","date_gmt":"2024-05-10T18:45:01","guid":{"rendered":"https:\/\/2021.zeytinburnu.istanbul\/?post_type=personel&#038;p=1223"},"modified":"2024-05-13T09:13:35","modified_gmt":"2024-05-13T06:13:35","slug":"beytullah-biyik","status":"publish","type":"personel","link":"https:\/\/zeytinburnu.istanbul\/personel\/beytullah-biyik\/","title":{"rendered":"Beytullah BIYIK"},"content":{"rendered":"<p>1981 y\u0131l\u0131nda Zeytinburnu\u2019nda do\u011fdu. Marmara \u00dcniversitesi ileti\u015fim Fak\u00fcltesi ve Radyo Televizyon ve Sinema b\u00f6l\u00fcmlerinden mezun oldu. T\u00fcrkiye\u2019nin \u00f6nde gelen televizyon kanallar\u0131n\u0131n haber m\u00fcd\u00fcrl\u00fcklerinde \u00e7al\u0131\u015ft\u0131ktan sonra uluslararas\u0131 bir \u015firketin reklam ve ileti\u015fim m\u00fcd\u00fcrl\u00fc\u011f\u00fc g\u00f6revini \u00fcstlendi. Bah\u00e7e\u015fehir \u00dcniversitesi \u0130\u015fletme alan\u0131nda y\u00fcksek lisans yapt\u0131. \u00d6zel sekt\u00f6rde edindi\u011fi tecr\u00fcbenin ard\u0131ndan, aile \u015firketine y\u00f6netici olarak d\u00e2hil olmu\u015ftur ve halen bu \u015firkette i\u015f hayat\u0131na devam etmektedir. 8. d\u00f6nem Zeytinburnu AK Parti meclis \u00fcyeli\u011fine se\u00e7ilmi\u015ftir. Zeytinburnu \u0130\u015fadamlar\u0131 Derne\u011fi, K\u0131z\u0131lay Zeytinburnu \u015eubesi, Z\u0130HMENDER ve Ensar Vakf\u0131 y\u00f6netim kurulu \u00fcyesidir. Fenerbah\u00e7e Spor Kul\u00fcb\u00fc kongre \u00fcyesidir. \u0130ngilizce bilmektedir. Evli ve iki \u00e7ocuk babas\u0131d\u0131r.<\/p>\n","protected":false},"featured_media":63183,"template":"","gorevlendirme":[25],"acf":[],"yoast_head":"<!-- This site is optimized with the Yoast SEO plugin v21.5 - https:\/\/yoast.com\/wordpress\/plugins\/seo\/ -->\n<title>Beytullah BIYIK - Zeytinburnu Belediyesi<\/title>\n<meta name=\"robots\" content=\"index, follow, max-snippet:-1, max-image-preview:large, max-video-preview:-1\" \/>\n<link rel=\"canonical\" href=\"https:\/\/zeytinburnu.istanbul\/personel\/beytullah-biyik\/\" \/>\n<meta property=\"og:locale\" content=\"tr_TR\" \/>\n<meta property=\"og:type\" content=\"article\" \/>\n<meta property=\"og:title\" content=\"Beytullah BIYIK - Zeytinburnu Belediyesi\" \/>\n<meta property=\"og:description\" content=\"1981 y\u0131l\u0131nda Zeytinburnu\u2019nda do\u011fdu. Marmara \u00dcniversitesi ileti\u015fim Fak\u00fcltesi ve Radyo Televizyon ve Sinema b\u00f6l\u00fcmlerinden mezun oldu. T\u00fcrkiye\u2019nin \u00f6nde gelen televizyon kanallar\u0131n\u0131n haber m\u00fcd\u00fcrl\u00fcklerinde \u00e7al\u0131\u015ft\u0131ktan sonra uluslararas\u0131 bir \u015firketin reklam ve ileti\u015fim m\u00fcd\u00fcrl\u00fc\u011f\u00fc g\u00f6revini \u00fcstlendi. Bah\u00e7e\u015fehir \u00dcniversitesi \u0130\u015fletme alan\u0131nda y\u00fcksek lisans yapt\u0131. \u00d6zel sekt\u00f6rde edindi\u011fi tecr\u00fcbenin ard\u0131ndan, aile \u015firketine y\u00f6netici olarak d\u00e2hil olmu\u015ftur ve halen bu [&hellip;]\" \/>\n<meta property=\"og:url\" content=\"https:\/\/zeytinburnu.istanbul\/personel\/beytullah-biyik\/\" \/>\n<meta property=\"og:site_name\" content=\"Zeytinburnu Belediyesi\" \/>\n<meta property=\"article:publisher\" content=\"https:\/\/web.facebook.com\/zeytinburnubld\/\" \/>\n<meta property=\"article:modified_time\" content=\"2024-05-13T06:13:35+00:00\" \/>\n<meta property=\"og:image\" content=\"https:\/\/zeytinburnu.istanbul\/wp-content\/uploads\/2021\/08\/beytullah_biyik.jpg\" \/>\n\t<meta property=\"og:image:width\" content=\"210\" \/>\n\t<meta property=\"og:image:height\" content=\"208\" \/>\n\t<meta property=\"og:image:type\" content=\"image\/jpeg\" \/>\n<meta name=\"twitter:card\" content=\"summary_large_image\" \/>\n<meta name=\"twitter:site\" content=\"@zeytinburnubld\" \/>\n<meta name=\"twitter:label1\" content=\"Tahmini okuma s\u00fcresi\" \/>\n\t<meta name=\"twitter:data1\" content=\"1 dakika\" \/>\n<script type=\"application\/ld+json\" class=\"yoast-schema-graph\">{\"@context\":\"https:\/\/schema.org\",\"@graph\":[{\"@type\":\"WebPage\",\"@id\":\"https:\/\/zeytinburnu.istanbul\/personel\/beytullah-biyik\/\",\"url\":\"https:\/\/zeytinburnu.istanbul\/personel\/beytullah-biyik\/\",\"name\":\"Beytullah BIYIK - Zeytinburnu Belediyesi\",\"isPartOf\":{\"@id\":\"https:\/\/zeytinburnu.istanbul\/#website\"},\"datePublished\":\"2024-05-10T18:45:01+00:00\",\"dateModified\":\"2024-05-13T06:13:35+00:00\",\"breadcrumb\":{\"@id\":\"https:\/\/zeytinburnu.istanbul\/personel\/beytullah-biyik\/#breadcrumb\"},\"inLanguage\":\"tr\",\"potentialAction\":[{\"@type\":\"ReadAction\",\"target\":[\"https:\/\/zeytinburnu.istanbul\/personel\/beytullah-biyik\/\"]}]},{\"@type\":\"BreadcrumbList\",\"@id\":\"https:\/\/zeytinburnu.istanbul\/personel\/beytullah-biyik\/#breadcrumb\",\"itemListElement\":[{\"@type\":\"ListItem\",\"position\":1,\"name\":\"Anasayfa\",\"item\":\"https:\/\/zeytinburnu.istanbul\/\"},{\"@type\":\"ListItem\",\"position\":2,\"name\":\"Beytullah BIYIK\"}]},{\"@type\":\"WebSite\",\"@id\":\"https:\/\/zeytinburnu.istanbul\/#website\",\"url\":\"https:\/\/zeytinburnu.istanbul\/\",\"name\":\"Zeytinburnu Belediyesi\",\"description\":\"\",\"potentialAction\":[{\"@type\":\"SearchAction\",\"target\":{\"@type\":\"EntryPoint\",\"urlTemplate\":\"https:\/\/zeytinburnu.istanbul\/?s={search_term_string}\"},\"query-input\":\"required name=search_term_string\"}],\"inLanguage\":\"tr\"}]}<\/script>\n<!-- \/ Yoast SEO plugin. -->","yoast_head_json":{"title":"Beytullah BIYIK - Zeytinburnu Belediyesi","robots":{"index":"index","follow":"follow","max-snippet":"max-snippet:-1","max-image-preview":"max-image-preview:large","max-video-preview":"max-video-preview:-1"},"canonical":"https:\/\/zeytinburnu.istanbul\/personel\/beytullah-biyik\/","og_locale":"tr_TR","og_type":"article","og_title":"Beytullah BIYIK - Zeytinburnu Belediyesi","og_description":"1981 y\u0131l\u0131nda Zeytinburnu\u2019nda do\u011fdu. Marmara \u00dcniversitesi ileti\u015fim Fak\u00fcltesi ve Radyo Televizyon ve Sinema b\u00f6l\u00fcmlerinden mezun oldu. T\u00fcrkiye\u2019nin \u00f6nde gelen televizyon kanallar\u0131n\u0131n haber m\u00fcd\u00fcrl\u00fcklerinde \u00e7al\u0131\u015ft\u0131ktan sonra uluslararas\u0131 bir \u015firketin reklam ve ileti\u015fim m\u00fcd\u00fcrl\u00fc\u011f\u00fc g\u00f6revini \u00fcstlendi. Bah\u00e7e\u015fehir \u00dcniversitesi \u0130\u015fletme alan\u0131nda y\u00fcksek lisans yapt\u0131. \u00d6zel sekt\u00f6rde edindi\u011fi tecr\u00fcbenin ard\u0131ndan, aile \u015firketine y\u00f6netici olarak d\u00e2hil olmu\u015ftur ve halen bu [&hellip;]","og_url":"https:\/\/zeytinburnu.istanbul\/personel\/beytullah-biyik\/","og_site_name":"Zeytinburnu Belediyesi","article_publisher":"https:\/\/web.facebook.com\/zeytinburnubld\/","article_modified_time":"2024-05-13T06:13:35+00:00","og_image":[{"width":210,"height":208,"url":"https:\/\/zeytinburnu.istanbul\/wp-content\/uploads\/2021\/08\/beytullah_biyik.jpg","type":"image\/jpeg"}],"twitter_card":"summary_large_image","twitter_site":"@zeytinburnubld","twitter_misc":{"Tahmini okuma s\u00fcresi":"1 dakika"},"schema":{"@context":"https:\/\/schema.org","@graph":[{"@type":"WebPage","@id":"https:\/\/zeytinburnu.istanbul\/personel\/beytullah-biyik\/","url":"https:\/\/zeytinburnu.istanbul\/personel\/beytullah-biyik\/","name":"Beytullah BIYIK - Zeytinburnu Belediyesi","isPartOf":{"@id":"https:\/\/zeytinburnu.istanbul\/#website"},"datePublished":"2024-05-10T18:45:01+00:00","dateModified":"2024-05-13T06:13:35+00:00","breadcrumb":{"@id":"https:\/\/zeytinburnu.istanbul\/personel\/beytullah-biyik\/#breadcrumb"},"inLanguage":"tr","potentialAction":[{"@type":"ReadAction","target":["https:\/\/zeytinburnu.istanbul\/personel\/beytullah-biyik\/"]}]},{"@type":"BreadcrumbList","@id":"https:\/\/zeytinburnu.istanbul\/personel\/beytullah-biyik\/#breadcrumb","itemListElement":[{"@type":"ListItem","position":1,"name":"Anasayfa","item":"https:\/\/zeytinburnu.istanbul\/"},{"@type":"ListItem","position":2,"name":"Beytullah BIYIK"}]},{"@type":"WebSite","@id":"https:\/\/zeytinburnu.istanbul\/#website","url":"https:\/\/zeytinburnu.istanbul\/","name":"Zeytinburnu Belediyesi","description":"","potentialAction":[{"@type":"SearchAction","target":{"@type":"EntryPoint","urlTemplate":"https:\/\/zeytinburnu.istanbul\/?s={search_term_string}"},"query-input":"required name=search_term_string"}],"inLanguage":"tr"}]}},"meta_data":{"sidebar_tipi":"varsayilan","detay_tipi":false,"uyesi_oldugu_siyasi_parti":"AK PART\u0130","unvan":"","image_details":{"thumbnail":{"url":"https:\/\/zeytinburnu.istanbul\/wp-content\/uploads\/2021\/08\/beytullah_biyik.jpg"},"full":{"file":"2021\/08\/beytullah_biyik.jpg","width":210,"height":208,"mime_type":"image\/jpeg","url":"https:\/\/zeytinburnu.istanbul\/wp-content\/uploads\/2021\/08\/beytullah_biyik.jpg"}}},"_links":{"self":[{"href":"https:\/\/zeytinburnu.istanbul\/api\/wp\/v2\/personel\/1223"}],"collection":[{"href":"https:\/\/zeytinburnu.istanbul\/api\/wp\/v2\/personel"}],"about":[{"href":"https:\/\/zeytinburnu.istanbul\/api\/wp\/v2\/types\/personel"}],"wp:featuredmedia":[{"embeddable":true,"href":"https:\/\/zeytinburnu.istanbul\/api\/wp\/v2\/media\/63183"}],"wp:attachment":[{"href":"https:\/\/zeytinburnu.istanbul\/api\/wp\/v2\/media?parent=1223"}],"wp:term":[{"taxonomy":"gorevlendirme","embeddable":true,"href":"https:\/\/zeytinburnu.istanbul\/api\/wp\/v2\/gorevlendirme?post=1223"}],"curies":[{"name":"wp","href":"https:\/\/api.w.org\/{rel}","templated":true}]}}