

{"id":1193,"date":"2024-05-10T23:13:09","date_gmt":"2024-05-10T20:13:09","guid":{"rendered":"https:\/\/2021.zeytinburnu.istanbul\/?post_type=personel&#038;p=1193"},"modified":"2024-05-10T23:19:57","modified_gmt":"2024-05-10T20:19:57","slug":"cuneyt-tezcan","status":"publish","type":"personel","link":"https:\/\/zeytinburnu.istanbul\/personel\/cuneyt-tezcan\/","title":{"rendered":"C\u00fcneyt TEZCAN"},"content":{"rendered":"<p>1974\u2019te \u0130stanbul\u2019da do\u011fdu. Ayakkab\u0131, tekstil ve g\u0131da sekt\u00f6rlerinde faaliyet g\u00f6stermektedir. Zeytinburnu Rumeli Derne\u011fi, Zeytinburnu \u0130\u015f Adamlar\u0131 Derne\u011fi ve T\u00fcrkiye Ayakkab\u0131c\u0131lar Derne\u011finde g\u00f6rev yapmaktad\u0131r. 8. ve 9. d\u00f6nem Zeytinburnu Belediyesi meclis \u00fcyesidir. Evli ve iki \u00e7ocuk babas\u0131d\u0131r.<\/p>\n","protected":false},"featured_media":63184,"template":"","gorevlendirme":[25],"acf":[],"yoast_head":"<!-- This site is optimized with the Yoast SEO plugin v21.5 - https:\/\/yoast.com\/wordpress\/plugins\/seo\/ -->\n<title>C\u00fcneyt TEZCAN - Zeytinburnu Belediyesi<\/title>\n<meta name=\"robots\" content=\"index, follow, max-snippet:-1, max-image-preview:large, max-video-preview:-1\" \/>\n<link rel=\"canonical\" href=\"https:\/\/zeytinburnu.istanbul\/personel\/cuneyt-tezcan\/\" \/>\n<meta property=\"og:locale\" content=\"tr_TR\" \/>\n<meta property=\"og:type\" content=\"article\" \/>\n<meta property=\"og:title\" content=\"C\u00fcneyt TEZCAN - Zeytinburnu Belediyesi\" \/>\n<meta property=\"og:description\" content=\"1974\u2019te \u0130stanbul\u2019da do\u011fdu. Ayakkab\u0131, tekstil ve g\u0131da sekt\u00f6rlerinde faaliyet g\u00f6stermektedir. Zeytinburnu Rumeli Derne\u011fi, Zeytinburnu \u0130\u015f Adamlar\u0131 Derne\u011fi ve T\u00fcrkiye Ayakkab\u0131c\u0131lar Derne\u011finde g\u00f6rev yapmaktad\u0131r. 8. ve 9. d\u00f6nem Zeytinburnu Belediyesi meclis \u00fcyesidir. Evli ve iki \u00e7ocuk babas\u0131d\u0131r.\" \/>\n<meta property=\"og:url\" content=\"https:\/\/zeytinburnu.istanbul\/personel\/cuneyt-tezcan\/\" \/>\n<meta property=\"og:site_name\" content=\"Zeytinburnu Belediyesi\" \/>\n<meta property=\"article:publisher\" content=\"https:\/\/web.facebook.com\/zeytinburnubld\/\" \/>\n<meta property=\"article:modified_time\" content=\"2024-05-10T20:19:57+00:00\" \/>\n<meta property=\"og:image\" content=\"https:\/\/zeytinburnu.istanbul\/wp-content\/uploads\/2021\/08\/cuneyt_tezcan.jpg\" \/>\n\t<meta property=\"og:image:width\" content=\"210\" \/>\n\t<meta property=\"og:image:height\" content=\"208\" \/>\n\t<meta property=\"og:image:type\" content=\"image\/jpeg\" \/>\n<meta name=\"twitter:card\" content=\"summary_large_image\" \/>\n<meta name=\"twitter:site\" content=\"@zeytinburnubld\" \/>\n<meta name=\"twitter:label1\" content=\"Tahmini okuma s\u00fcresi\" \/>\n\t<meta name=\"twitter:data1\" content=\"1 dakika\" \/>\n<script type=\"application\/ld+json\" class=\"yoast-schema-graph\">{\"@context\":\"https:\/\/schema.org\",\"@graph\":[{\"@type\":\"WebPage\",\"@id\":\"https:\/\/zeytinburnu.istanbul\/personel\/cuneyt-tezcan\/\",\"url\":\"https:\/\/zeytinburnu.istanbul\/personel\/cuneyt-tezcan\/\",\"name\":\"C\u00fcneyt TEZCAN - Zeytinburnu Belediyesi\",\"isPartOf\":{\"@id\":\"https:\/\/zeytinburnu.istanbul\/#website\"},\"datePublished\":\"2024-05-10T20:13:09+00:00\",\"dateModified\":\"2024-05-10T20:19:57+00:00\",\"breadcrumb\":{\"@id\":\"https:\/\/zeytinburnu.istanbul\/personel\/cuneyt-tezcan\/#breadcrumb\"},\"inLanguage\":\"tr\",\"potentialAction\":[{\"@type\":\"ReadAction\",\"target\":[\"https:\/\/zeytinburnu.istanbul\/personel\/cuneyt-tezcan\/\"]}]},{\"@type\":\"BreadcrumbList\",\"@id\":\"https:\/\/zeytinburnu.istanbul\/personel\/cuneyt-tezcan\/#breadcrumb\",\"itemListElement\":[{\"@type\":\"ListItem\",\"position\":1,\"name\":\"Anasayfa\",\"item\":\"https:\/\/zeytinburnu.istanbul\/\"},{\"@type\":\"ListItem\",\"position\":2,\"name\":\"C\u00fcneyt TEZCAN\"}]},{\"@type\":\"WebSite\",\"@id\":\"https:\/\/zeytinburnu.istanbul\/#website\",\"url\":\"https:\/\/zeytinburnu.istanbul\/\",\"name\":\"Zeytinburnu Belediyesi\",\"description\":\"\",\"potentialAction\":[{\"@type\":\"SearchAction\",\"target\":{\"@type\":\"EntryPoint\",\"urlTemplate\":\"https:\/\/zeytinburnu.istanbul\/?s={search_term_string}\"},\"query-input\":\"required name=search_term_string\"}],\"inLanguage\":\"tr\"}]}<\/script>\n<!-- \/ Yoast SEO plugin. -->","yoast_head_json":{"title":"C\u00fcneyt TEZCAN - Zeytinburnu Belediyesi","robots":{"index":"index","follow":"follow","max-snippet":"max-snippet:-1","max-image-preview":"max-image-preview:large","max-video-preview":"max-video-preview:-1"},"canonical":"https:\/\/zeytinburnu.istanbul\/personel\/cuneyt-tezcan\/","og_locale":"tr_TR","og_type":"article","og_title":"C\u00fcneyt TEZCAN - Zeytinburnu Belediyesi","og_description":"1974\u2019te \u0130stanbul\u2019da do\u011fdu. Ayakkab\u0131, tekstil ve g\u0131da sekt\u00f6rlerinde faaliyet g\u00f6stermektedir. Zeytinburnu Rumeli Derne\u011fi, Zeytinburnu \u0130\u015f Adamlar\u0131 Derne\u011fi ve T\u00fcrkiye Ayakkab\u0131c\u0131lar Derne\u011finde g\u00f6rev yapmaktad\u0131r. 8. ve 9. d\u00f6nem Zeytinburnu Belediyesi meclis \u00fcyesidir. Evli ve iki \u00e7ocuk babas\u0131d\u0131r.","og_url":"https:\/\/zeytinburnu.istanbul\/personel\/cuneyt-tezcan\/","og_site_name":"Zeytinburnu Belediyesi","article_publisher":"https:\/\/web.facebook.com\/zeytinburnubld\/","article_modified_time":"2024-05-10T20:19:57+00:00","og_image":[{"width":210,"height":208,"url":"https:\/\/zeytinburnu.istanbul\/wp-content\/uploads\/2021\/08\/cuneyt_tezcan.jpg","type":"image\/jpeg"}],"twitter_card":"summary_large_image","twitter_site":"@zeytinburnubld","twitter_misc":{"Tahmini okuma s\u00fcresi":"1 dakika"},"schema":{"@context":"https:\/\/schema.org","@graph":[{"@type":"WebPage","@id":"https:\/\/zeytinburnu.istanbul\/personel\/cuneyt-tezcan\/","url":"https:\/\/zeytinburnu.istanbul\/personel\/cuneyt-tezcan\/","name":"C\u00fcneyt TEZCAN - Zeytinburnu Belediyesi","isPartOf":{"@id":"https:\/\/zeytinburnu.istanbul\/#website"},"datePublished":"2024-05-10T20:13:09+00:00","dateModified":"2024-05-10T20:19:57+00:00","breadcrumb":{"@id":"https:\/\/zeytinburnu.istanbul\/personel\/cuneyt-tezcan\/#breadcrumb"},"inLanguage":"tr","potentialAction":[{"@type":"ReadAction","target":["https:\/\/zeytinburnu.istanbul\/personel\/cuneyt-tezcan\/"]}]},{"@type":"BreadcrumbList","@id":"https:\/\/zeytinburnu.istanbul\/personel\/cuneyt-tezcan\/#breadcrumb","itemListElement":[{"@type":"ListItem","position":1,"name":"Anasayfa","item":"https:\/\/zeytinburnu.istanbul\/"},{"@type":"ListItem","position":2,"name":"C\u00fcneyt TEZCAN"}]},{"@type":"WebSite","@id":"https:\/\/zeytinburnu.istanbul\/#website","url":"https:\/\/zeytinburnu.istanbul\/","name":"Zeytinburnu Belediyesi","description":"","potentialAction":[{"@type":"SearchAction","target":{"@type":"EntryPoint","urlTemplate":"https:\/\/zeytinburnu.istanbul\/?s={search_term_string}"},"query-input":"required name=search_term_string"}],"inLanguage":"tr"}]}},"meta_data":{"sidebar_tipi":"varsayilan","detay_tipi":false,"uyesi_oldugu_siyasi_parti":"AKPART\u0130","unvan":"","image_details":{"thumbnail":{"url":"https:\/\/zeytinburnu.istanbul\/wp-content\/uploads\/2021\/08\/cuneyt_tezcan.jpg"},"full":{"file":"2021\/08\/cuneyt_tezcan.jpg","width":210,"height":208,"mime_type":"image\/jpeg","url":"https:\/\/zeytinburnu.istanbul\/wp-content\/uploads\/2021\/08\/cuneyt_tezcan.jpg"}}},"_links":{"self":[{"href":"https:\/\/zeytinburnu.istanbul\/api\/wp\/v2\/personel\/1193"}],"collection":[{"href":"https:\/\/zeytinburnu.istanbul\/api\/wp\/v2\/personel"}],"about":[{"href":"https:\/\/zeytinburnu.istanbul\/api\/wp\/v2\/types\/personel"}],"wp:featuredmedia":[{"embeddable":true,"href":"https:\/\/zeytinburnu.istanbul\/api\/wp\/v2\/media\/63184"}],"wp:attachment":[{"href":"https:\/\/zeytinburnu.istanbul\/api\/wp\/v2\/media?parent=1193"}],"wp:term":[{"taxonomy":"gorevlendirme","embeddable":true,"href":"https:\/\/zeytinburnu.istanbul\/api\/wp\/v2\/gorevlendirme?post=1193"}],"curies":[{"name":"wp","href":"https:\/\/api.w.org\/{rel}","templated":true}]}}