

{"id":1187,"date":"2024-05-10T11:00:10","date_gmt":"2024-05-10T08:00:10","guid":{"rendered":"https:\/\/2021.zeytinburnu.istanbul\/?post_type=personel&#038;p=1187"},"modified":"2024-05-10T23:12:15","modified_gmt":"2024-05-10T20:12:15","slug":"duzgun-kaya","status":"publish","type":"personel","link":"https:\/\/zeytinburnu.istanbul\/personel\/duzgun-kaya\/","title":{"rendered":"D\u00fczg\u00fcn KAYA"},"content":{"rendered":"<p>1972 y\u0131l\u0131nda \u0130stanbul\u2019da do\u011fdu. Eski\u015fehir Anadolu \u00dcniversitesi &#8211; \u0130ktisadi ve \u0130\u015fletme Fak\u00fcltesi ve Bright School English&#8217;ten mezun olmas\u0131n\u0131n ard\u0131ndan \u0130stanbul \u00dcniversitesinde y\u00fcksek lisans\u0131n\u0131 (MBA) s\u00fcrd\u00fcrmektedir. Kuma\u015f \u00fcretimiyle u\u011fra\u015fmakta olup, \u015firket m\u00fcd\u00fcrl\u00fc\u011f\u00fc g\u00f6revi devam etmektedir. Ticari kariyeri ile birlikte e\u015f zamanl\u0131 olarak sivil toplum kurulu\u015flar\u0131nda g\u00f6rev alm\u0131\u015ft\u0131r. Uzun s\u00fcredir Erikli Baba Derne\u011fi m\u00fctevelli heyeti \u00fcyeli\u011fi yapmaktad\u0131r. 2014 y\u0131l\u0131nda Zeytinburnu Belediye meclis \u00fcyeli\u011fi g\u00f6reviyle siyasi kariyerine ba\u015flam\u0131\u015ft\u0131r. Zeytinburnu Belediye Plan ve B\u00fct\u00e7e Komisyon \u00fcyeli\u011fi yapm\u0131\u015ft\u0131r. 2019 y\u0131l\u0131nda \u0130stanbul B\u00fcy\u00fck\u015fehir Belediye Meclis \u00fcyeli\u011fine se\u00e7ilmi\u015f, Tarife ve Denetim komisyonlar\u0131nda g\u00f6rev alm\u0131\u015ft\u0131r. 2024 y\u0131l\u0131nda \u0130stanbul B\u00fcy\u00fck\u015fehir Belediye Meclis grup y\u00f6netiminde yer almaktad\u0131r. Evli ve iki \u00e7ocuk babas\u0131d\u0131r.<\/p>\n","protected":false},"featured_media":63572,"template":"","gorevlendirme":[33,25],"acf":[],"yoast_head":"<!-- This site is optimized with the Yoast SEO plugin v21.5 - https:\/\/yoast.com\/wordpress\/plugins\/seo\/ -->\n<title>D\u00fczg\u00fcn KAYA - Zeytinburnu Belediyesi<\/title>\n<meta name=\"robots\" content=\"index, follow, max-snippet:-1, max-image-preview:large, max-video-preview:-1\" \/>\n<link rel=\"canonical\" href=\"https:\/\/zeytinburnu.istanbul\/personel\/duzgun-kaya\/\" \/>\n<meta property=\"og:locale\" content=\"tr_TR\" \/>\n<meta property=\"og:type\" content=\"article\" \/>\n<meta property=\"og:title\" content=\"D\u00fczg\u00fcn KAYA - Zeytinburnu Belediyesi\" \/>\n<meta property=\"og:description\" content=\"1972 y\u0131l\u0131nda \u0130stanbul\u2019da do\u011fdu. Eski\u015fehir Anadolu \u00dcniversitesi &#8211; \u0130ktisadi ve \u0130\u015fletme Fak\u00fcltesi ve Bright School English&#8217;ten mezun olmas\u0131n\u0131n ard\u0131ndan \u0130stanbul \u00dcniversitesinde y\u00fcksek lisans\u0131n\u0131 (MBA) s\u00fcrd\u00fcrmektedir. Kuma\u015f \u00fcretimiyle u\u011fra\u015fmakta olup, \u015firket m\u00fcd\u00fcrl\u00fc\u011f\u00fc g\u00f6revi devam etmektedir. Ticari kariyeri ile birlikte e\u015f zamanl\u0131 olarak sivil toplum kurulu\u015flar\u0131nda g\u00f6rev alm\u0131\u015ft\u0131r. Uzun s\u00fcredir Erikli Baba Derne\u011fi m\u00fctevelli heyeti \u00fcyeli\u011fi yapmaktad\u0131r. [&hellip;]\" \/>\n<meta property=\"og:url\" content=\"https:\/\/zeytinburnu.istanbul\/personel\/duzgun-kaya\/\" \/>\n<meta property=\"og:site_name\" content=\"Zeytinburnu Belediyesi\" \/>\n<meta property=\"article:publisher\" content=\"https:\/\/web.facebook.com\/zeytinburnubld\/\" \/>\n<meta property=\"article:modified_time\" content=\"2024-05-10T20:12:15+00:00\" \/>\n<meta property=\"og:image\" content=\"https:\/\/zeytinburnu.istanbul\/wp-content\/uploads\/2021\/08\/duzgun_kaya.jpg\" \/>\n\t<meta property=\"og:image:width\" content=\"228\" \/>\n\t<meta property=\"og:image:height\" content=\"288\" \/>\n\t<meta property=\"og:image:type\" content=\"image\/jpeg\" \/>\n<meta name=\"twitter:card\" content=\"summary_large_image\" \/>\n<meta name=\"twitter:site\" content=\"@zeytinburnubld\" \/>\n<meta name=\"twitter:label1\" content=\"Tahmini okuma s\u00fcresi\" \/>\n\t<meta name=\"twitter:data1\" content=\"1 dakika\" \/>\n<script type=\"application\/ld+json\" class=\"yoast-schema-graph\">{\"@context\":\"https:\/\/schema.org\",\"@graph\":[{\"@type\":\"WebPage\",\"@id\":\"https:\/\/zeytinburnu.istanbul\/personel\/duzgun-kaya\/\",\"url\":\"https:\/\/zeytinburnu.istanbul\/personel\/duzgun-kaya\/\",\"name\":\"D\u00fczg\u00fcn KAYA - Zeytinburnu Belediyesi\",\"isPartOf\":{\"@id\":\"https:\/\/zeytinburnu.istanbul\/#website\"},\"datePublished\":\"2024-05-10T08:00:10+00:00\",\"dateModified\":\"2024-05-10T20:12:15+00:00\",\"breadcrumb\":{\"@id\":\"https:\/\/zeytinburnu.istanbul\/personel\/duzgun-kaya\/#breadcrumb\"},\"inLanguage\":\"tr\",\"potentialAction\":[{\"@type\":\"ReadAction\",\"target\":[\"https:\/\/zeytinburnu.istanbul\/personel\/duzgun-kaya\/\"]}]},{\"@type\":\"BreadcrumbList\",\"@id\":\"https:\/\/zeytinburnu.istanbul\/personel\/duzgun-kaya\/#breadcrumb\",\"itemListElement\":[{\"@type\":\"ListItem\",\"position\":1,\"name\":\"Anasayfa\",\"item\":\"https:\/\/zeytinburnu.istanbul\/\"},{\"@type\":\"ListItem\",\"position\":2,\"name\":\"D\u00fczg\u00fcn KAYA\"}]},{\"@type\":\"WebSite\",\"@id\":\"https:\/\/zeytinburnu.istanbul\/#website\",\"url\":\"https:\/\/zeytinburnu.istanbul\/\",\"name\":\"Zeytinburnu Belediyesi\",\"description\":\"\",\"potentialAction\":[{\"@type\":\"SearchAction\",\"target\":{\"@type\":\"EntryPoint\",\"urlTemplate\":\"https:\/\/zeytinburnu.istanbul\/?s={search_term_string}\"},\"query-input\":\"required name=search_term_string\"}],\"inLanguage\":\"tr\"}]}<\/script>\n<!-- \/ Yoast SEO plugin. -->","yoast_head_json":{"title":"D\u00fczg\u00fcn KAYA - Zeytinburnu Belediyesi","robots":{"index":"index","follow":"follow","max-snippet":"max-snippet:-1","max-image-preview":"max-image-preview:large","max-video-preview":"max-video-preview:-1"},"canonical":"https:\/\/zeytinburnu.istanbul\/personel\/duzgun-kaya\/","og_locale":"tr_TR","og_type":"article","og_title":"D\u00fczg\u00fcn KAYA - Zeytinburnu Belediyesi","og_description":"1972 y\u0131l\u0131nda \u0130stanbul\u2019da do\u011fdu. Eski\u015fehir Anadolu \u00dcniversitesi &#8211; \u0130ktisadi ve \u0130\u015fletme Fak\u00fcltesi ve Bright School English&#8217;ten mezun olmas\u0131n\u0131n ard\u0131ndan \u0130stanbul \u00dcniversitesinde y\u00fcksek lisans\u0131n\u0131 (MBA) s\u00fcrd\u00fcrmektedir. Kuma\u015f \u00fcretimiyle u\u011fra\u015fmakta olup, \u015firket m\u00fcd\u00fcrl\u00fc\u011f\u00fc g\u00f6revi devam etmektedir. Ticari kariyeri ile birlikte e\u015f zamanl\u0131 olarak sivil toplum kurulu\u015flar\u0131nda g\u00f6rev alm\u0131\u015ft\u0131r. Uzun s\u00fcredir Erikli Baba Derne\u011fi m\u00fctevelli heyeti \u00fcyeli\u011fi yapmaktad\u0131r. [&hellip;]","og_url":"https:\/\/zeytinburnu.istanbul\/personel\/duzgun-kaya\/","og_site_name":"Zeytinburnu Belediyesi","article_publisher":"https:\/\/web.facebook.com\/zeytinburnubld\/","article_modified_time":"2024-05-10T20:12:15+00:00","og_image":[{"width":228,"height":288,"url":"https:\/\/zeytinburnu.istanbul\/wp-content\/uploads\/2021\/08\/duzgun_kaya.jpg","type":"image\/jpeg"}],"twitter_card":"summary_large_image","twitter_site":"@zeytinburnubld","twitter_misc":{"Tahmini okuma s\u00fcresi":"1 dakika"},"schema":{"@context":"https:\/\/schema.org","@graph":[{"@type":"WebPage","@id":"https:\/\/zeytinburnu.istanbul\/personel\/duzgun-kaya\/","url":"https:\/\/zeytinburnu.istanbul\/personel\/duzgun-kaya\/","name":"D\u00fczg\u00fcn KAYA - Zeytinburnu Belediyesi","isPartOf":{"@id":"https:\/\/zeytinburnu.istanbul\/#website"},"datePublished":"2024-05-10T08:00:10+00:00","dateModified":"2024-05-10T20:12:15+00:00","breadcrumb":{"@id":"https:\/\/zeytinburnu.istanbul\/personel\/duzgun-kaya\/#breadcrumb"},"inLanguage":"tr","potentialAction":[{"@type":"ReadAction","target":["https:\/\/zeytinburnu.istanbul\/personel\/duzgun-kaya\/"]}]},{"@type":"BreadcrumbList","@id":"https:\/\/zeytinburnu.istanbul\/personel\/duzgun-kaya\/#breadcrumb","itemListElement":[{"@type":"ListItem","position":1,"name":"Anasayfa","item":"https:\/\/zeytinburnu.istanbul\/"},{"@type":"ListItem","position":2,"name":"D\u00fczg\u00fcn KAYA"}]},{"@type":"WebSite","@id":"https:\/\/zeytinburnu.istanbul\/#website","url":"https:\/\/zeytinburnu.istanbul\/","name":"Zeytinburnu Belediyesi","description":"","potentialAction":[{"@type":"SearchAction","target":{"@type":"EntryPoint","urlTemplate":"https:\/\/zeytinburnu.istanbul\/?s={search_term_string}"},"query-input":"required name=search_term_string"}],"inLanguage":"tr"}]}},"meta_data":{"sidebar_tipi":"varsayilan","detay_tipi":false,"uyesi_oldugu_siyasi_parti":"CHP","unvan":"","image_details":{"thumbnail":{"url":"https:\/\/zeytinburnu.istanbul\/wp-content\/uploads\/2021\/08\/duzgun_kaya.jpg"},"full":{"file":"2021\/08\/duzgun_kaya.jpg","width":228,"height":288,"mime_type":"image\/jpeg","url":"https:\/\/zeytinburnu.istanbul\/wp-content\/uploads\/2021\/08\/duzgun_kaya.jpg"}}},"_links":{"self":[{"href":"https:\/\/zeytinburnu.istanbul\/api\/wp\/v2\/personel\/1187"}],"collection":[{"href":"https:\/\/zeytinburnu.istanbul\/api\/wp\/v2\/personel"}],"about":[{"href":"https:\/\/zeytinburnu.istanbul\/api\/wp\/v2\/types\/personel"}],"wp:featuredmedia":[{"embeddable":true,"href":"https:\/\/zeytinburnu.istanbul\/api\/wp\/v2\/media\/63572"}],"wp:attachment":[{"href":"https:\/\/zeytinburnu.istanbul\/api\/wp\/v2\/media?parent=1187"}],"wp:term":[{"taxonomy":"gorevlendirme","embeddable":true,"href":"https:\/\/zeytinburnu.istanbul\/api\/wp\/v2\/gorevlendirme?post=1187"}],"curies":[{"name":"wp","href":"https:\/\/api.w.org\/{rel}","templated":true}]}}