

{"id":1078,"date":"2021-08-10T13:02:09","date_gmt":"2021-08-10T10:02:09","guid":{"rendered":"https:\/\/2021.zeytinburnu.istanbul\/?post_type=personel&#038;p=1078"},"modified":"2026-04-09T16:00:29","modified_gmt":"2026-04-09T13:00:29","slug":"muhammet-kisa","status":"publish","type":"personel","link":"https:\/\/zeytinburnu.istanbul\/personel\/muhammet-kisa\/","title":{"rendered":"Muhammet KISA"},"content":{"rendered":"<div class=\"personnelHiddenArea\">\n<div>\n<p style=\"text-align: left;\" align=\"justify\">1980 y\u0131l\u0131nda Sakarya\u2019da do\u011fdu. 2006 y\u0131l\u0131nda Anadolu \u00dcniversitesi Halkla \u0130li\u015fkiler ve Kamu Y\u00f6netimi b\u00f6l\u00fcmlerinden mezun oldu. 2002-2008 y\u0131llar\u0131 aras\u0131nda T\u00fcrk Silahl\u0131 Kuvvetlerinde g\u00f6rev yapt\u0131. 2009 y\u0131l\u0131nda Zeytinburnu Belediyesi Bilgi \u0130\u015flem M\u00fcd\u00fcrl\u00fc\u011f\u00fcnde g\u00f6reve ba\u015flad\u0131. 2015-2019 y\u0131llar\u0131 aras\u0131nda Zab\u0131ta M\u00fcd\u00fcr\u00fc olarak \u00e7al\u0131\u015ft\u0131. H\u00e2len Zeytinburnu Belediyesi\u2019nde \u00c7evre Koruma ve Kontrol M\u00fcd\u00fcr\u00fc\u2019d\u00fcr. Evli ve bir \u00e7ocuk babas\u0131d\u0131r.<\/p>\n<\/div>\n<\/div>\n<div class=\"units-bottom-box\"><\/div>\n","protected":false},"featured_media":59282,"template":"","gorevlendirme":[28],"acf":[],"yoast_head":"<!-- This site is optimized with the Yoast SEO plugin v21.5 - https:\/\/yoast.com\/wordpress\/plugins\/seo\/ -->\n<title>Muhammet KISA - Zeytinburnu Belediyesi<\/title>\n<meta name=\"robots\" content=\"index, follow, max-snippet:-1, max-image-preview:large, max-video-preview:-1\" \/>\n<link rel=\"canonical\" href=\"https:\/\/zeytinburnu.istanbul\/personel\/muhammet-kisa\/\" \/>\n<meta property=\"og:locale\" content=\"tr_TR\" \/>\n<meta property=\"og:type\" content=\"article\" \/>\n<meta property=\"og:title\" content=\"Muhammet KISA - Zeytinburnu Belediyesi\" \/>\n<meta property=\"og:description\" content=\"1980 y\u0131l\u0131nda Sakarya\u2019da do\u011fdu. 2006 y\u0131l\u0131nda Anadolu \u00dcniversitesi Halkla \u0130li\u015fkiler ve Kamu Y\u00f6netimi b\u00f6l\u00fcmlerinden mezun oldu. 2002-2008 y\u0131llar\u0131 aras\u0131nda T\u00fcrk Silahl\u0131 Kuvvetlerinde g\u00f6rev yapt\u0131. 2009 y\u0131l\u0131nda Zeytinburnu Belediyesi Bilgi \u0130\u015flem M\u00fcd\u00fcrl\u00fc\u011f\u00fcnde g\u00f6reve ba\u015flad\u0131. 2015-2019 y\u0131llar\u0131 aras\u0131nda Zab\u0131ta M\u00fcd\u00fcr\u00fc olarak \u00e7al\u0131\u015ft\u0131. H\u00e2len Zeytinburnu Belediyesi\u2019nde \u00c7evre Koruma ve Kontrol M\u00fcd\u00fcr\u00fc\u2019d\u00fcr. Evli ve bir \u00e7ocuk babas\u0131d\u0131r.\" \/>\n<meta property=\"og:url\" content=\"https:\/\/zeytinburnu.istanbul\/personel\/muhammet-kisa\/\" \/>\n<meta property=\"og:site_name\" content=\"Zeytinburnu Belediyesi\" \/>\n<meta property=\"article:publisher\" content=\"https:\/\/web.facebook.com\/zeytinburnubld\/\" \/>\n<meta property=\"article:modified_time\" content=\"2026-04-09T13:00:29+00:00\" \/>\n<meta property=\"og:image\" content=\"https:\/\/zeytinburnu.istanbul\/wp-content\/uploads\/2023\/05\/muhammet_kisa-004.jpg\" \/>\n\t<meta property=\"og:image:width\" content=\"1200\" \/>\n\t<meta property=\"og:image:height\" content=\"1200\" \/>\n\t<meta property=\"og:image:type\" content=\"image\/jpeg\" \/>\n<meta name=\"twitter:card\" content=\"summary_large_image\" \/>\n<meta name=\"twitter:site\" content=\"@zeytinburnubld\" \/>\n<meta name=\"twitter:label1\" content=\"Tahmini okuma s\u00fcresi\" \/>\n\t<meta name=\"twitter:data1\" content=\"1 dakika\" \/>\n<script type=\"application\/ld+json\" class=\"yoast-schema-graph\">{\"@context\":\"https:\/\/schema.org\",\"@graph\":[{\"@type\":\"WebPage\",\"@id\":\"https:\/\/zeytinburnu.istanbul\/personel\/muhammet-kisa\/\",\"url\":\"https:\/\/zeytinburnu.istanbul\/personel\/muhammet-kisa\/\",\"name\":\"Muhammet KISA - Zeytinburnu Belediyesi\",\"isPartOf\":{\"@id\":\"https:\/\/zeytinburnu.istanbul\/#website\"},\"datePublished\":\"2021-08-10T10:02:09+00:00\",\"dateModified\":\"2026-04-09T13:00:29+00:00\",\"breadcrumb\":{\"@id\":\"https:\/\/zeytinburnu.istanbul\/personel\/muhammet-kisa\/#breadcrumb\"},\"inLanguage\":\"tr\",\"potentialAction\":[{\"@type\":\"ReadAction\",\"target\":[\"https:\/\/zeytinburnu.istanbul\/personel\/muhammet-kisa\/\"]}]},{\"@type\":\"BreadcrumbList\",\"@id\":\"https:\/\/zeytinburnu.istanbul\/personel\/muhammet-kisa\/#breadcrumb\",\"itemListElement\":[{\"@type\":\"ListItem\",\"position\":1,\"name\":\"Anasayfa\",\"item\":\"https:\/\/zeytinburnu.istanbul\/\"},{\"@type\":\"ListItem\",\"position\":2,\"name\":\"Muhammet KISA\"}]},{\"@type\":\"WebSite\",\"@id\":\"https:\/\/zeytinburnu.istanbul\/#website\",\"url\":\"https:\/\/zeytinburnu.istanbul\/\",\"name\":\"Zeytinburnu Belediyesi\",\"description\":\"\",\"potentialAction\":[{\"@type\":\"SearchAction\",\"target\":{\"@type\":\"EntryPoint\",\"urlTemplate\":\"https:\/\/zeytinburnu.istanbul\/?s={search_term_string}\"},\"query-input\":\"required name=search_term_string\"}],\"inLanguage\":\"tr\"}]}<\/script>\n<!-- \/ Yoast SEO plugin. -->","yoast_head_json":{"title":"Muhammet KISA - Zeytinburnu Belediyesi","robots":{"index":"index","follow":"follow","max-snippet":"max-snippet:-1","max-image-preview":"max-image-preview:large","max-video-preview":"max-video-preview:-1"},"canonical":"https:\/\/zeytinburnu.istanbul\/personel\/muhammet-kisa\/","og_locale":"tr_TR","og_type":"article","og_title":"Muhammet KISA - Zeytinburnu Belediyesi","og_description":"1980 y\u0131l\u0131nda Sakarya\u2019da do\u011fdu. 2006 y\u0131l\u0131nda Anadolu \u00dcniversitesi Halkla \u0130li\u015fkiler ve Kamu Y\u00f6netimi b\u00f6l\u00fcmlerinden mezun oldu. 2002-2008 y\u0131llar\u0131 aras\u0131nda T\u00fcrk Silahl\u0131 Kuvvetlerinde g\u00f6rev yapt\u0131. 2009 y\u0131l\u0131nda Zeytinburnu Belediyesi Bilgi \u0130\u015flem M\u00fcd\u00fcrl\u00fc\u011f\u00fcnde g\u00f6reve ba\u015flad\u0131. 2015-2019 y\u0131llar\u0131 aras\u0131nda Zab\u0131ta M\u00fcd\u00fcr\u00fc olarak \u00e7al\u0131\u015ft\u0131. H\u00e2len Zeytinburnu Belediyesi\u2019nde \u00c7evre Koruma ve Kontrol M\u00fcd\u00fcr\u00fc\u2019d\u00fcr. Evli ve bir \u00e7ocuk babas\u0131d\u0131r.","og_url":"https:\/\/zeytinburnu.istanbul\/personel\/muhammet-kisa\/","og_site_name":"Zeytinburnu Belediyesi","article_publisher":"https:\/\/web.facebook.com\/zeytinburnubld\/","article_modified_time":"2026-04-09T13:00:29+00:00","og_image":[{"width":1200,"height":1200,"url":"https:\/\/zeytinburnu.istanbul\/wp-content\/uploads\/2023\/05\/muhammet_kisa-004.jpg","type":"image\/jpeg"}],"twitter_card":"summary_large_image","twitter_site":"@zeytinburnubld","twitter_misc":{"Tahmini okuma s\u00fcresi":"1 dakika"},"schema":{"@context":"https:\/\/schema.org","@graph":[{"@type":"WebPage","@id":"https:\/\/zeytinburnu.istanbul\/personel\/muhammet-kisa\/","url":"https:\/\/zeytinburnu.istanbul\/personel\/muhammet-kisa\/","name":"Muhammet KISA - Zeytinburnu Belediyesi","isPartOf":{"@id":"https:\/\/zeytinburnu.istanbul\/#website"},"datePublished":"2021-08-10T10:02:09+00:00","dateModified":"2026-04-09T13:00:29+00:00","breadcrumb":{"@id":"https:\/\/zeytinburnu.istanbul\/personel\/muhammet-kisa\/#breadcrumb"},"inLanguage":"tr","potentialAction":[{"@type":"ReadAction","target":["https:\/\/zeytinburnu.istanbul\/personel\/muhammet-kisa\/"]}]},{"@type":"BreadcrumbList","@id":"https:\/\/zeytinburnu.istanbul\/personel\/muhammet-kisa\/#breadcrumb","itemListElement":[{"@type":"ListItem","position":1,"name":"Anasayfa","item":"https:\/\/zeytinburnu.istanbul\/"},{"@type":"ListItem","position":2,"name":"Muhammet KISA"}]},{"@type":"WebSite","@id":"https:\/\/zeytinburnu.istanbul\/#website","url":"https:\/\/zeytinburnu.istanbul\/","name":"Zeytinburnu Belediyesi","description":"","potentialAction":[{"@type":"SearchAction","target":{"@type":"EntryPoint","urlTemplate":"https:\/\/zeytinburnu.istanbul\/?s={search_term_string}"},"query-input":"required name=search_term_string"}],"inLanguage":"tr"}]}},"meta_data":{"sidebar_tipi":"varsayilan","detay_tipi":true,"uyesi_oldugu_siyasi_parti":"","unvan":"\u00c7evre Koruma ve Kontrol M\u00fcd\u00fcr\u00fc","detayli_bilgiler":{"telefon":"(0212) 413 11 11","santral":"1194","faks":"","adres":"Be\u015ftelsiz Mahallesi. Belediye Caddesi. No:5 Zeytinburnu \/ \u0130STANBUL","eposta":"mkisa@zeytinburnu.bel.tr","gorevler":"<div class=\"personnelHiddenArea\">\n<div>\n<p style=\"text-align: left;\"><b>Anayasam\u0131z\u0131n 56. maddesinde \u201cHerkes sa\u011fl\u0131kl\u0131 ve dengeli bir \u00e7evrede ya\u015fama hakk\u0131na sahiptir. \u00c7evreyi geli\u015ftirmek, \u00e7evre sa\u011fl\u0131\u011f\u0131n\u0131 korumak ve \u00e7evre kirlenmesini \u00f6nlemek devletin ve vatanda\u015f\u0131n \u00f6devidir.\u201d denilmektedir.<\/b><\/p>\n<p style=\"text-align: left;\">M\u00fcd\u00fcrl\u00fc\u011f\u00fcm\u00fcz; 2872 say\u0131l\u0131 \u00c7evre Kanunu, 5216 say\u0131l\u0131 B\u00fcy\u00fck\u015fehir Belediyesi Kanunu, 5393 say\u0131l\u0131 Belediye Kanunu, 2872 say\u0131l\u0131 \u00c7evre Kanunu esaslar\u0131na dayan\u0131larak y\u00fcr\u00fcrl\u00fc\u011fe giren y\u00f6netmelikler ve di\u011fer mer\u2019i mevzuat kapsam\u0131nda g\u00f6rev yapmaktad\u0131r.<\/p>\n<p style=\"text-align: left;\" align=\"justify\">Zeytinburnu Belediye Ba\u015fkanl\u0131\u011f\u0131\u2019n\u0131n ama\u00e7lar\u0131, prensip ve politikalar\u0131 ile ba\u011fl\u0131 bulunulan mevzuat ve Belediye Ba\u015fkan\u0131&#8217;n\u0131n belirleyece\u011fi esaslar \u00e7er\u00e7evesinde, Ba\u015fkanl\u0131k Makam\u0131n\u0131n emir ve direktifleri do\u011frultusunda M\u00fcd\u00fcrl\u00fc\u011f\u00fcm\u00fcz; Zeytinburnu Belediyesi s\u0131n\u0131rlar\u0131 i\u00e7erisinde sa\u011fl\u0131kl\u0131 bir ya\u015fam, temiz bir \u00e7evre olu\u015fturulabilmesi i\u00e7in \u00e7\u00f6p ve kat\u0131 at\u0131k toplama i\u015flemlerinin aksat\u0131lmaks\u0131z\u0131n y\u00fcr\u00fct\u00fclmesini sa\u011flamaktan, pazar yerlerinin s\u00fcp\u00fcr\u00fclmesi ve y\u0131kanmas\u0131ndan, k\u00e2\u011f\u0131t, cam, metal, plastik, kompozit, elektronik at\u0131klar ile at\u0131k pil, bitkisel at\u0131k ya\u011flar ve \u00f6mr\u00fcn\u00fc tamamlam\u0131\u015f lastikler gibi geri d\u00f6n\u00fc\u015f\u00fcm\u00fc m\u00fcmk\u00fcn at\u0131klar\u0131n toplanmas\u0131ndan ve de\u011ferlendirilmesinden, do\u011fal g\u00fczelliklerin korunmas\u0131na katk\u0131da bulunmaktan, \u00e7evre sa\u011fl\u0131\u011f\u0131 ile ilgili yap\u0131lan \u00e7al\u0131\u015fmalar\u0131 takip etmekten, t\u00fcm mahallelerdeki meydan, cadde ve sokaklar\u0131n semt pazarlar\u0131n\u0131n s\u00fcp\u00fcr\u00fclmesi, temizlenmesi ve bu alanlar ile okullar\u0131n, hastanelerin, camilerin ve i\u015f yerlerinin \u00e7\u00f6plerinin toplanmas\u0131 \u00e7\u00f6p al\u0131m yerlerinin temizli\u011fi ile bu \u00e7\u00f6plerin B\u00fcy\u00fck\u015fehir Belediyesinin g\u00f6sterece\u011fi \u00e7\u00f6p imha sahas\u0131na ta\u015f\u0131nmas\u0131ndan, gerekli g\u00f6r\u00fclen yerlerin y\u0131kanmas\u0131ndan ve yaz aylar\u0131nda tozlanmaya kar\u015f\u0131 \u0131slat\u0131lmas\u0131ndan, hava, g\u00fcr\u00fclt\u00fc ve \u00e7evre kirlili\u011fini \u00f6nleyici \u00e7al\u0131\u015fmalar yapmaktan, Zeytinburnu halk\u0131n\u0131n \u00e7evreye duyarl\u0131 davranmas\u0131n\u0131 sa\u011flamak amac\u0131yla gerekli bilgilendirme \u00e7al\u0131\u015fmalar\u0131n\u0131 yapmaktan, halk\u0131n sa\u011fl\u0131k ve huzurunu sa\u011flamak i\u00e7in \u00e7evre ve \u00e7evre kaynaklar\u0131n\u0131 korumak; hava, su ve toprak kirlili\u011fini kontrol etmek, izlemek ve gerekli yaz\u0131\u015fmalar\u0131 yapmaktan, \u00e7evre bilincini geli\u015ftirici \u00e7al\u0131\u015fmalar yapmaktan, at\u0131klar\u0131n kayna\u011f\u0131nda azalt\u0131lmas\u0131, de\u011ferlendirilmesi, sa\u011fl\u0131kl\u0131 bir bi\u00e7imde imhas\u0131 i\u00e7in gerekli \u00e7al\u0131\u015fmalar\u0131 yapmak ve desteklemekten, belediyenin ekonomik olma politikas\u0131 do\u011frultusunda geri d\u00f6n\u00fc\u015f\u00fcm\u00fc sa\u011flanabilecek malzemeler hakk\u0131nda ara\u015ft\u0131rma yapmak, uygulamaya ge\u00e7irmek i\u00e7in ilgili m\u00fcd\u00fcrl\u00fcklerle koordineli \u00e7al\u0131\u015fmaktan sorumludur.<\/p>\n<\/div>\n<\/div>\n<div class=\"units-bottom-box\" style=\"text-align: left;\"><\/div>\n","belgeler_ve_detaylar":"<h4>H\u0130ZMET STANDARTLARI TABLOSU<\/h4>\n<ul>\n<li><a href=\"https:\/\/zeytinburnu.istanbul\/wp-content\/uploads\/2021\/08\/dokuman-9768f15e-21c1-4acc-b646-2de7c6117a4a.pdf\" target=\"_blank\" rel=\"noopener\">\u00c7evre Koruma ve Kontrol M\u00fcd\u00fcrl\u00fc\u011f\u00fc Hizmet Standartlar\u0131 Tablosu<\/a><\/li>\n<\/ul>\n<h4>Y\u00d6NETMEL\u0130KLER VE \u0130LG\u0130L\u0130 D\u00d6K\u00dcMANLAR<\/h4>\n<ul>\n<li><a href=\"https:\/\/zeytinburnu.istanbul\/wp-content\/uploads\/2021\/08\/dokuman-58f1b28c-5022-470a-9693-336f781c76c4.pdf\" target=\"_blank\" rel=\"noopener\">\u00c7evre Koruma ve Kontrol M\u00fcd\u00fcrl\u00fc\u011f\u00fc G\u00f6rev ve \u00c7al\u0131\u015fma Y\u00f6netmeli\u011fi<\/a><\/li>\n<li><a href=\"https:\/\/zeytinburnu.istanbul\/wp-content\/uploads\/2021\/08\/dokuman-e5cf3a6a.pdf\" target=\"_blank\" rel=\"noopener\">\u0130\u015f Sa\u011fl\u0131\u011f\u0131 ve G\u00fcvenli\u011fi Y\u00f6netmeli\u011fi<\/a><\/li>\n<\/ul>\n<h4>FAAL\u0130YET RAPORLARI<\/h4>\n<ul>\n<li><a href=\"https:\/\/zeytinburnu.istanbul\/wp-content\/uploads\/2026\/04\/15-m_cevre-koruma.pdf\" target=\"_blank\" rel=\"noopener\">2025 Y\u0131l\u0131 Faaliyet Raporu<\/a><\/li>\n<\/ul>\n","mevzuat":""},"image_details":{"thumbnail":{"file":"muhammet_kisa-004-720x540.jpg","width":720,"height":540,"mime-type":"image\/jpeg","filesize":38080,"url":"https:\/\/zeytinburnu.istanbul\/wp-content\/uploads\/2023\/05\/muhammet_kisa-004-720x540.jpg"},"full":{"file":"2023\/05\/muhammet_kisa-004.jpg","width":1200,"height":1200,"mime_type":"image\/jpeg","url":"https:\/\/zeytinburnu.istanbul\/wp-content\/uploads\/2023\/05\/muhammet_kisa-004.jpg"}}},"_links":{"self":[{"href":"https:\/\/zeytinburnu.istanbul\/api\/wp\/v2\/personel\/1078"}],"collection":[{"href":"https:\/\/zeytinburnu.istanbul\/api\/wp\/v2\/personel"}],"about":[{"href":"https:\/\/zeytinburnu.istanbul\/api\/wp\/v2\/types\/personel"}],"wp:featuredmedia":[{"embeddable":true,"href":"https:\/\/zeytinburnu.istanbul\/api\/wp\/v2\/media\/59282"}],"wp:attachment":[{"href":"https:\/\/zeytinburnu.istanbul\/api\/wp\/v2\/media?parent=1078"}],"wp:term":[{"taxonomy":"gorevlendirme","embeddable":true,"href":"https:\/\/zeytinburnu.istanbul\/api\/wp\/v2\/gorevlendirme?post=1078"}],"curies":[{"name":"wp","href":"https:\/\/api.w.org\/{rel}","templated":true}]}}