

{"id":7073,"date":"2021-12-29T10:38:02","date_gmt":"2021-12-29T07:38:02","guid":{"rendered":"https:\/\/2021.zeytinburnu.istanbul\/?page_id=7073"},"modified":"2022-12-08T10:28:01","modified_gmt":"2022-12-08T07:28:01","slug":"belediyenin-yetki-alanlari","status":"publish","type":"page","link":"https:\/\/zeytinburnu.istanbul\/zeytinburnu-kurumsal\/belediyenin-yetki-alanlari\/","title":{"rendered":"Belediyenin Yetki Alanlar\u0131"},"content":{"rendered":"<p style=\"text-align: left;\">Zeytinburnu, Trakya\u2019n\u0131n g\u00fcneydo\u011fusunda, \u00c7atalca Yar\u0131madas\u0131\u2019n\u0131n Marmara Denizi\u2019ne bakan yama\u00e7lar\u0131n\u0131n, bu denizle birle\u015fti\u011fi yerdedir. Tarihi yar\u0131mada ile surlarla ayr\u0131lm\u0131\u015ft\u0131r. Do\u011fusunda Fatih, bat\u0131s\u0131nda Bak\u0131rk\u00f6y ve G\u00fcng\u00f6ren, kuzeyinde Bayrampa\u015fa ve Ey\u00fcp, g\u00fcneyinde Marmara Denizi bulunmaktad\u0131r. Bu y\u00fczden il\u00e7enin ikliminde nem etkili rol oynar. \u0130l\u00e7e topraklar\u0131n\u0131n denizden ortalama y\u00fcksekli\u011fi 30- 35 metredir. Deniz k\u0131y\u0131s\u0131ndan i\u00e7erilere do\u011fru hi\u00e7bir engele rastlanmaz. \u0130l\u00e7enin do\u011fu kesimi, Marmara Denizi\u2019nden kuzeye do\u011fru az bir meyille y\u00fckselir. G\u00fcney k\u0131sm\u0131, Yedikule\u2019den Yenimahalle\u2019deki S\u00fcmerbank Fabrikas\u0131\u2019na kadar d\u00fcz bir ova g\u00f6r\u00fcn\u00fcm\u00fcndedir. \u0130l\u00e7e topraklar\u0131n\u0131n g\u00fcneyden kuzeye uzunlu\u011fu 5.5 km., do\u011fu-bat\u0131 do\u011frultusundaki geni\u015fli\u011fi 2.5 km.\u2019yi bulmaktad\u0131r. \u0130l\u00e7e topraklar\u0131, 29 derece do\u011fu boylam\u0131 ve 41 derece kuzey enlemi \u00fczerinde bulunmaktad\u0131r. Bu enlem ve boylam dereceleri \u00fczerinde yakla\u015f\u0131k olarak bir dikd\u00f6rtgene benzeyen \u015fekliyle 11.39 km2\u2019lik yer kaplamaktad\u0131r. Bu alan\u0131yla Zeytinburnu, \u0130stanbul\u2019un 39 il\u00e7esi i\u00e7erisinde 34. S\u0131rada yer almaktad\u0131r. Sirkeci-Florya sahil yolu il\u00e7enin g\u00fcneyinden Avrupa ve Asya k\u0131tas\u0131n\u0131 ba\u011flayan uluslararas\u0131 E-5 Karayolu da il\u00e7e s\u0131n\u0131rlar\u0131 i\u00e7erisinden ge\u00e7mektedir. \u0130l\u00e7enin g\u00fcneyinden \u0130stanbul\u2019u Avrupa\u2019ya ba\u011flayan demiryolu ge\u00e7mekte olup; Marmaray ve Avrasya T\u00fcneli de Zeytinburnu merkezlidir.<\/p>\n<p style=\"text-align: left;\">1953 y\u0131l\u0131na kadar do\u011fusu Fatih, bat\u0131s\u0131 Bak\u0131rk\u00f6y il\u00e7esine ba\u011fl\u0131 bir b\u00f6lge iken, 30 Temmuz 1953 tarihinde Fatih il\u00e7esine ba\u011fl\u0131 Zeytinburnu buca\u011f\u0131, 1 Eyl\u00fcl 1957 tarihinde ise \u0130stanbul\u2019un 14. il\u00e7esi olmu\u015ftur. \u0130stanbul Belediyesi\u2019ne ba\u011fl\u0131 \u015eube M\u00fcd\u00fcrl\u00fc\u011f\u00fc olarak belediyecilik hizmet ve faaliyetlerini y\u00fcr\u00fcten Zeytinburnu, 09.07.1984 tarih ve 18453 say\u0131l\u0131 Resmi Gazetede 22 yay\u0131mlanan 3030 say\u0131l\u0131 Kanun ile \u0130l\u00e7e Belediyesi stat\u00fcs\u00fcne kavu\u015fmu\u015ftur. M\u00fccavir alan\u0131 olmayan ve \u015fehir merkezinde bulunan Zeytinburnu, idari bak\u0131mdan mahallelere ayr\u0131lm\u0131\u015ft\u0131r. \u0130l\u00e7ede; 13 mahalle, 30 park, 48 cadde, 1 bulvar, 35 ana arter, 972 sokak ve 14.842 bina bulunmaktad\u0131r.<\/p>\n<p style=\"text-align: left;\">Zeytinburnu&#8217;nun n\u00fcfusu, 2020 y\u0131l\u0131nda yap\u0131lan T\u00dc\u0130K verilerine g\u00f6re 283.657\u2019dir.<\/p>\n<div><a class=\"btn btn--primary btn--i-right mb-2\" href=\"https:\/\/zeytinburnu.istanbul\/wp-content\/uploads\/2021\/12\/dokuman_5393_belediye_kanunu.doc\" target=\"_blank\"><span class=\"btn__txt\">5393 Say\u0131l\u0131 Belediye Kanunu Mevzuat\u0131 <\/span><span class=\"btn__icon icon-font\"><svg class=\"icon icon-font\"><use xlink:href=\"https:\/\/zeytinburnu.istanbul\/wp-content\/themes\/zb-theme\/assets\/icons\/icons.svg#icon-arrow-r\"><\/use><\/svg><\/span><\/a><\/div>\n","protected":false},"excerpt":{"rendered":"<p>Zeytinburnu, Trakya\u2019n\u0131n g\u00fcneydo\u011fusunda, \u00c7atalca Yar\u0131madas\u0131\u2019n\u0131n Marmara Denizi\u2019ne bakan yama\u00e7lar\u0131n\u0131n, bu denizle birle\u015fti\u011fi yerdedir. Tarihi yar\u0131mada ile surlarla ayr\u0131lm\u0131\u015ft\u0131r. Do\u011fusunda Fatih, bat\u0131s\u0131nda Bak\u0131rk\u00f6y ve G\u00fcng\u00f6ren, kuzeyinde Bayrampa\u015fa ve Ey\u00fcp, g\u00fcneyinde Marmara Denizi bulunmaktad\u0131r. Bu y\u00fczden il\u00e7enin ikliminde nem etkili rol oynar. \u0130l\u00e7e topraklar\u0131n\u0131n denizden ortalama y\u00fcksekli\u011fi 30- 35 metredir. Deniz k\u0131y\u0131s\u0131ndan i\u00e7erilere do\u011fru hi\u00e7bir engele rastlanmaz. [&hellip;]<\/p>\n","protected":false},"author":1,"featured_media":0,"parent":49,"menu_order":20,"comment_status":"closed","ping_status":"closed","template":"page-twocolon.php","meta":{"inline_featured_image":false,"footnotes":""},"acf":[],"yoast_head":"<!-- This site is optimized with the Yoast SEO plugin v21.5 - https:\/\/yoast.com\/wordpress\/plugins\/seo\/ -->\n<title>Belediyenin Yetki Alanlar\u0131 - Zeytinburnu Belediyesi<\/title>\n<meta name=\"robots\" content=\"index, follow, max-snippet:-1, max-image-preview:large, max-video-preview:-1\" \/>\n<link rel=\"canonical\" href=\"https:\/\/zeytinburnu.istanbul\/zeytinburnu-kurumsal\/belediyenin-yetki-alanlari\/\" \/>\n<meta property=\"og:locale\" content=\"tr_TR\" \/>\n<meta property=\"og:type\" content=\"article\" \/>\n<meta property=\"og:title\" content=\"Belediyenin Yetki Alanlar\u0131 - Zeytinburnu Belediyesi\" \/>\n<meta property=\"og:description\" content=\"Zeytinburnu, Trakya\u2019n\u0131n g\u00fcneydo\u011fusunda, \u00c7atalca Yar\u0131madas\u0131\u2019n\u0131n Marmara Denizi\u2019ne bakan yama\u00e7lar\u0131n\u0131n, bu denizle birle\u015fti\u011fi yerdedir. Tarihi yar\u0131mada ile surlarla ayr\u0131lm\u0131\u015ft\u0131r. Do\u011fusunda Fatih, bat\u0131s\u0131nda Bak\u0131rk\u00f6y ve G\u00fcng\u00f6ren, kuzeyinde Bayrampa\u015fa ve Ey\u00fcp, g\u00fcneyinde Marmara Denizi bulunmaktad\u0131r. Bu y\u00fczden il\u00e7enin ikliminde nem etkili rol oynar. \u0130l\u00e7e topraklar\u0131n\u0131n denizden ortalama y\u00fcksekli\u011fi 30- 35 metredir. Deniz k\u0131y\u0131s\u0131ndan i\u00e7erilere do\u011fru hi\u00e7bir engele rastlanmaz. [&hellip;]\" \/>\n<meta property=\"og:url\" content=\"https:\/\/zeytinburnu.istanbul\/zeytinburnu-kurumsal\/belediyenin-yetki-alanlari\/\" \/>\n<meta property=\"og:site_name\" content=\"Zeytinburnu Belediyesi\" \/>\n<meta property=\"article:publisher\" content=\"https:\/\/web.facebook.com\/zeytinburnubld\/\" \/>\n<meta property=\"article:modified_time\" content=\"2022-12-08T07:28:01+00:00\" \/>\n<meta property=\"og:image\" content=\"https:\/\/zeytinburnu.istanbul\/wp-content\/uploads\/2021\/08\/zeytinburnu-belediyesi-yatay-logo-kapak.jpg\" \/>\n\t<meta property=\"og:image:width\" content=\"1579\" \/>\n\t<meta property=\"og:image:height\" content=\"1117\" \/>\n\t<meta property=\"og:image:type\" content=\"image\/jpeg\" \/>\n<meta name=\"twitter:card\" content=\"summary_large_image\" \/>\n<meta name=\"twitter:site\" content=\"@zeytinburnubld\" \/>\n<meta name=\"twitter:label1\" content=\"Tahmini okuma s\u00fcresi\" \/>\n\t<meta name=\"twitter:data1\" content=\"2 dakika\" \/>\n<script type=\"application\/ld+json\" class=\"yoast-schema-graph\">{\"@context\":\"https:\/\/schema.org\",\"@graph\":[{\"@type\":\"WebPage\",\"@id\":\"https:\/\/zeytinburnu.istanbul\/zeytinburnu-kurumsal\/belediyenin-yetki-alanlari\/\",\"url\":\"https:\/\/zeytinburnu.istanbul\/zeytinburnu-kurumsal\/belediyenin-yetki-alanlari\/\",\"name\":\"Belediyenin Yetki Alanlar\u0131 - Zeytinburnu Belediyesi\",\"isPartOf\":{\"@id\":\"https:\/\/zeytinburnu.istanbul\/#website\"},\"datePublished\":\"2021-12-29T07:38:02+00:00\",\"dateModified\":\"2022-12-08T07:28:01+00:00\",\"breadcrumb\":{\"@id\":\"https:\/\/zeytinburnu.istanbul\/zeytinburnu-kurumsal\/belediyenin-yetki-alanlari\/#breadcrumb\"},\"inLanguage\":\"tr\",\"potentialAction\":[{\"@type\":\"ReadAction\",\"target\":[\"https:\/\/zeytinburnu.istanbul\/zeytinburnu-kurumsal\/belediyenin-yetki-alanlari\/\"]}]},{\"@type\":\"BreadcrumbList\",\"@id\":\"https:\/\/zeytinburnu.istanbul\/zeytinburnu-kurumsal\/belediyenin-yetki-alanlari\/#breadcrumb\",\"itemListElement\":[{\"@type\":\"ListItem\",\"position\":1,\"name\":\"Anasayfa\",\"item\":\"https:\/\/zeytinburnu.istanbul\/\"},{\"@type\":\"ListItem\",\"position\":2,\"name\":\"Zeytinburnu Kurumsal\",\"item\":\"https:\/\/zeytinburnu.istanbul\/zeytinburnu-kurumsal\/\"},{\"@type\":\"ListItem\",\"position\":3,\"name\":\"Belediyenin Yetki Alanlar\u0131\"}]},{\"@type\":\"WebSite\",\"@id\":\"https:\/\/zeytinburnu.istanbul\/#website\",\"url\":\"https:\/\/zeytinburnu.istanbul\/\",\"name\":\"Zeytinburnu Belediyesi\",\"description\":\"\",\"potentialAction\":[{\"@type\":\"SearchAction\",\"target\":{\"@type\":\"EntryPoint\",\"urlTemplate\":\"https:\/\/zeytinburnu.istanbul\/?s={search_term_string}\"},\"query-input\":\"required name=search_term_string\"}],\"inLanguage\":\"tr\"}]}<\/script>\n<!-- \/ Yoast SEO plugin. -->","yoast_head_json":{"title":"Belediyenin Yetki Alanlar\u0131 - Zeytinburnu Belediyesi","robots":{"index":"index","follow":"follow","max-snippet":"max-snippet:-1","max-image-preview":"max-image-preview:large","max-video-preview":"max-video-preview:-1"},"canonical":"https:\/\/zeytinburnu.istanbul\/zeytinburnu-kurumsal\/belediyenin-yetki-alanlari\/","og_locale":"tr_TR","og_type":"article","og_title":"Belediyenin Yetki Alanlar\u0131 - Zeytinburnu Belediyesi","og_description":"Zeytinburnu, Trakya\u2019n\u0131n g\u00fcneydo\u011fusunda, \u00c7atalca Yar\u0131madas\u0131\u2019n\u0131n Marmara Denizi\u2019ne bakan yama\u00e7lar\u0131n\u0131n, bu denizle birle\u015fti\u011fi yerdedir. Tarihi yar\u0131mada ile surlarla ayr\u0131lm\u0131\u015ft\u0131r. Do\u011fusunda Fatih, bat\u0131s\u0131nda Bak\u0131rk\u00f6y ve G\u00fcng\u00f6ren, kuzeyinde Bayrampa\u015fa ve Ey\u00fcp, g\u00fcneyinde Marmara Denizi bulunmaktad\u0131r. Bu y\u00fczden il\u00e7enin ikliminde nem etkili rol oynar. \u0130l\u00e7e topraklar\u0131n\u0131n denizden ortalama y\u00fcksekli\u011fi 30- 35 metredir. Deniz k\u0131y\u0131s\u0131ndan i\u00e7erilere do\u011fru hi\u00e7bir engele rastlanmaz. [&hellip;]","og_url":"https:\/\/zeytinburnu.istanbul\/zeytinburnu-kurumsal\/belediyenin-yetki-alanlari\/","og_site_name":"Zeytinburnu Belediyesi","article_publisher":"https:\/\/web.facebook.com\/zeytinburnubld\/","article_modified_time":"2022-12-08T07:28:01+00:00","og_image":[{"width":1579,"height":1117,"url":"https:\/\/zeytinburnu.istanbul\/wp-content\/uploads\/2021\/08\/zeytinburnu-belediyesi-yatay-logo-kapak.jpg","type":"image\/jpeg"}],"twitter_card":"summary_large_image","twitter_site":"@zeytinburnubld","twitter_misc":{"Tahmini okuma s\u00fcresi":"2 dakika"},"schema":{"@context":"https:\/\/schema.org","@graph":[{"@type":"WebPage","@id":"https:\/\/zeytinburnu.istanbul\/zeytinburnu-kurumsal\/belediyenin-yetki-alanlari\/","url":"https:\/\/zeytinburnu.istanbul\/zeytinburnu-kurumsal\/belediyenin-yetki-alanlari\/","name":"Belediyenin Yetki Alanlar\u0131 - Zeytinburnu Belediyesi","isPartOf":{"@id":"https:\/\/zeytinburnu.istanbul\/#website"},"datePublished":"2021-12-29T07:38:02+00:00","dateModified":"2022-12-08T07:28:01+00:00","breadcrumb":{"@id":"https:\/\/zeytinburnu.istanbul\/zeytinburnu-kurumsal\/belediyenin-yetki-alanlari\/#breadcrumb"},"inLanguage":"tr","potentialAction":[{"@type":"ReadAction","target":["https:\/\/zeytinburnu.istanbul\/zeytinburnu-kurumsal\/belediyenin-yetki-alanlari\/"]}]},{"@type":"BreadcrumbList","@id":"https:\/\/zeytinburnu.istanbul\/zeytinburnu-kurumsal\/belediyenin-yetki-alanlari\/#breadcrumb","itemListElement":[{"@type":"ListItem","position":1,"name":"Anasayfa","item":"https:\/\/zeytinburnu.istanbul\/"},{"@type":"ListItem","position":2,"name":"Zeytinburnu Kurumsal","item":"https:\/\/zeytinburnu.istanbul\/zeytinburnu-kurumsal\/"},{"@type":"ListItem","position":3,"name":"Belediyenin Yetki Alanlar\u0131"}]},{"@type":"WebSite","@id":"https:\/\/zeytinburnu.istanbul\/#website","url":"https:\/\/zeytinburnu.istanbul\/","name":"Zeytinburnu Belediyesi","description":"","potentialAction":[{"@type":"SearchAction","target":{"@type":"EntryPoint","urlTemplate":"https:\/\/zeytinburnu.istanbul\/?s={search_term_string}"},"query-input":"required name=search_term_string"}],"inLanguage":"tr"}]}},"meta_data":{"ikincil_baslik":"","giris_metni":"","sidebar_tipi":"varsayilan","genel_galeri_basligi":"Galeri","genel_galeri":false,"galeri_post_secimi":"","sag_kolon_icerigi":"<p>&nbsp;<\/p>\n<p><img decoding=\"async\" loading=\"lazy\" class=\"alignnone size-medium wp-image-21818\" src=\"https:\/\/zeytinburnu.istanbul\/wp-content\/uploads\/2022\/01\/zb_belediye_yetki_alanlari-960x944.jpg\" alt=\"\" width=\"960\" height=\"944\" srcset=\"https:\/\/zeytinburnu.istanbul\/wp-content\/uploads\/2022\/01\/zb_belediye_yetki_alanlari-960x944.jpg 960w, https:\/\/zeytinburnu.istanbul\/wp-content\/uploads\/2022\/01\/zb_belediye_yetki_alanlari-768x755.jpg 768w, https:\/\/zeytinburnu.istanbul\/wp-content\/uploads\/2022\/01\/zb_belediye_yetki_alanlari.jpg 1041w\" sizes=\"(max-width: 960px) 100vw, 960px\" \/><\/p>\n","image_details":{"thumbnail":{"url":false},"full":{"file":null,"width":null,"height":null,"mime_type":"","url":false}}},"_links":{"self":[{"href":"https:\/\/zeytinburnu.istanbul\/api\/wp\/v2\/pages\/7073"}],"collection":[{"href":"https:\/\/zeytinburnu.istanbul\/api\/wp\/v2\/pages"}],"about":[{"href":"https:\/\/zeytinburnu.istanbul\/api\/wp\/v2\/types\/page"}],"author":[{"embeddable":true,"href":"https:\/\/zeytinburnu.istanbul\/api\/wp\/v2\/users\/1"}],"replies":[{"embeddable":true,"href":"https:\/\/zeytinburnu.istanbul\/api\/wp\/v2\/comments?post=7073"}],"version-history":[{"count":9,"href":"https:\/\/zeytinburnu.istanbul\/api\/wp\/v2\/pages\/7073\/revisions"}],"predecessor-version":[{"id":56599,"href":"https:\/\/zeytinburnu.istanbul\/api\/wp\/v2\/pages\/7073\/revisions\/56599"}],"up":[{"embeddable":true,"href":"https:\/\/zeytinburnu.istanbul\/api\/wp\/v2\/pages\/49"}],"wp:attachment":[{"href":"https:\/\/zeytinburnu.istanbul\/api\/wp\/v2\/media?parent=7073"}],"curies":[{"name":"wp","href":"https:\/\/api.w.org\/{rel}","templated":true}]}}