

{"id":6653,"date":"2021-11-15T09:53:04","date_gmt":"2021-11-15T06:53:04","guid":{"rendered":"https:\/\/2021.zeytinburnu.istanbul\/?page_id=6653"},"modified":"2021-11-15T11:36:21","modified_gmt":"2021-11-15T08:36:21","slug":"zeytinburnu-fotograf-yarismasi","status":"publish","type":"page","link":"https:\/\/zeytinburnu.istanbul\/projeler\/kultur-projeleri\/tanitim-projeleri\/zeytinburnu-fotograf-yarismasi\/","title":{"rendered":"Zeytinburnu Foto\u011fraf Yar\u0131\u015fmas\u0131"},"content":{"rendered":"<p>Konusu Zeytinburnu olan yar\u0131\u015fmam\u0131z on y\u0131ld\u0131r devam ediyor. Zeytinburnu\u2019nu foto\u011fraf merakl\u0131lar\u0131n\u0131n ve sanat\u00e7\u0131lar\u0131n ilgi oda\u011f\u0131 yapmay\u0131 ama\u00e7layan yar\u0131\u015fmam\u0131z, il\u00e7enin tan\u0131t\u0131m\u0131na ve yerel turizmin geli\u015fimine de katk\u0131 sa\u011fl\u0131yor. Geleneksel hale gelen yar\u0131\u015fma; ayn\u0131 zamanda ortak haf\u0131za ve ge\u00e7mi\u015fimizi, insanlar\u0131n k\u0131ymetli hik\u00e2yelerini, \u00f6nemli mek\u00e2nlar\u0131 gelece\u011fe ta\u015f\u0131yan bir kaynak. T\u00fcrkiye Foto\u011fraf Sanat\u0131 Federasyonu ile birlikte d\u00fczenledi\u011fimiz yar\u0131\u015fma, Zeytinburnu ve \u0130stanbul\u2019un g\u00f6rsel tarihini zenginle\u015ftirmeye devam ediyor.<\/p>\n","protected":false},"excerpt":{"rendered":"<p>Konusu Zeytinburnu olan yar\u0131\u015fmam\u0131z on y\u0131ld\u0131r devam ediyor. Zeytinburnu\u2019nu foto\u011fraf merakl\u0131lar\u0131n\u0131n ve sanat\u00e7\u0131lar\u0131n ilgi oda\u011f\u0131 yapmay\u0131 ama\u00e7layan yar\u0131\u015fmam\u0131z, il\u00e7enin tan\u0131t\u0131m\u0131na ve yerel turizmin geli\u015fimine de katk\u0131 sa\u011fl\u0131yor. Geleneksel hale gelen yar\u0131\u015fma; ayn\u0131 zamanda ortak haf\u0131za ve ge\u00e7mi\u015fimizi, insanlar\u0131n k\u0131ymetli hik\u00e2yelerini, \u00f6nemli mek\u00e2nlar\u0131 gelece\u011fe ta\u015f\u0131yan bir kaynak. T\u00fcrkiye Foto\u011fraf Sanat\u0131 Federasyonu ile birlikte d\u00fczenledi\u011fimiz yar\u0131\u015fma, Zeytinburnu [&hellip;]<\/p>\n","protected":false},"author":1,"featured_media":6675,"parent":6630,"menu_order":88,"comment_status":"closed","ping_status":"closed","template":"","meta":{"inline_featured_image":false,"footnotes":""},"acf":[],"yoast_head":"<!-- This site is optimized with the Yoast SEO plugin v21.5 - https:\/\/yoast.com\/wordpress\/plugins\/seo\/ -->\n<title>Zeytinburnu Foto\u011fraf Yar\u0131\u015fmas\u0131 - Zeytinburnu Belediyesi<\/title>\n<meta name=\"robots\" content=\"index, follow, max-snippet:-1, max-image-preview:large, max-video-preview:-1\" \/>\n<link rel=\"canonical\" href=\"https:\/\/zeytinburnu.istanbul\/projeler\/kultur-projeleri\/tanitim-projeleri\/zeytinburnu-fotograf-yarismasi\/\" \/>\n<meta property=\"og:locale\" content=\"tr_TR\" \/>\n<meta property=\"og:type\" content=\"article\" \/>\n<meta property=\"og:title\" content=\"Zeytinburnu Foto\u011fraf Yar\u0131\u015fmas\u0131 - Zeytinburnu Belediyesi\" \/>\n<meta property=\"og:description\" content=\"Konusu Zeytinburnu olan yar\u0131\u015fmam\u0131z on y\u0131ld\u0131r devam ediyor. Zeytinburnu\u2019nu foto\u011fraf merakl\u0131lar\u0131n\u0131n ve sanat\u00e7\u0131lar\u0131n ilgi oda\u011f\u0131 yapmay\u0131 ama\u00e7layan yar\u0131\u015fmam\u0131z, il\u00e7enin tan\u0131t\u0131m\u0131na ve yerel turizmin geli\u015fimine de katk\u0131 sa\u011fl\u0131yor. Geleneksel hale gelen yar\u0131\u015fma; ayn\u0131 zamanda ortak haf\u0131za ve ge\u00e7mi\u015fimizi, insanlar\u0131n k\u0131ymetli hik\u00e2yelerini, \u00f6nemli mek\u00e2nlar\u0131 gelece\u011fe ta\u015f\u0131yan bir kaynak. T\u00fcrkiye Foto\u011fraf Sanat\u0131 Federasyonu ile birlikte d\u00fczenledi\u011fimiz yar\u0131\u015fma, Zeytinburnu [&hellip;]\" \/>\n<meta property=\"og:url\" content=\"https:\/\/zeytinburnu.istanbul\/projeler\/kultur-projeleri\/tanitim-projeleri\/zeytinburnu-fotograf-yarismasi\/\" \/>\n<meta property=\"og:site_name\" content=\"Zeytinburnu Belediyesi\" \/>\n<meta property=\"article:publisher\" content=\"https:\/\/web.facebook.com\/zeytinburnubld\/\" \/>\n<meta property=\"article:modified_time\" content=\"2021-11-15T08:36:21+00:00\" \/>\n<meta property=\"og:image\" content=\"https:\/\/zeytinburnu.istanbul\/wp-content\/uploads\/2021\/11\/fotograf_yarismasi_4.jpg\" \/>\n\t<meta property=\"og:image:width\" content=\"1200\" \/>\n\t<meta property=\"og:image:height\" content=\"750\" \/>\n\t<meta property=\"og:image:type\" content=\"image\/jpeg\" \/>\n<meta name=\"twitter:card\" content=\"summary_large_image\" \/>\n<meta name=\"twitter:site\" content=\"@zeytinburnubld\" \/>\n<meta name=\"twitter:label1\" content=\"Tahmini okuma s\u00fcresi\" \/>\n\t<meta name=\"twitter:data1\" content=\"1 dakika\" \/>\n<script type=\"application\/ld+json\" class=\"yoast-schema-graph\">{\"@context\":\"https:\/\/schema.org\",\"@graph\":[{\"@type\":\"WebPage\",\"@id\":\"https:\/\/zeytinburnu.istanbul\/projeler\/kultur-projeleri\/tanitim-projeleri\/zeytinburnu-fotograf-yarismasi\/\",\"url\":\"https:\/\/zeytinburnu.istanbul\/projeler\/kultur-projeleri\/tanitim-projeleri\/zeytinburnu-fotograf-yarismasi\/\",\"name\":\"Zeytinburnu Foto\u011fraf Yar\u0131\u015fmas\u0131 - Zeytinburnu Belediyesi\",\"isPartOf\":{\"@id\":\"https:\/\/zeytinburnu.istanbul\/#website\"},\"datePublished\":\"2021-11-15T06:53:04+00:00\",\"dateModified\":\"2021-11-15T08:36:21+00:00\",\"breadcrumb\":{\"@id\":\"https:\/\/zeytinburnu.istanbul\/projeler\/kultur-projeleri\/tanitim-projeleri\/zeytinburnu-fotograf-yarismasi\/#breadcrumb\"},\"inLanguage\":\"tr\",\"potentialAction\":[{\"@type\":\"ReadAction\",\"target\":[\"https:\/\/zeytinburnu.istanbul\/projeler\/kultur-projeleri\/tanitim-projeleri\/zeytinburnu-fotograf-yarismasi\/\"]}]},{\"@type\":\"BreadcrumbList\",\"@id\":\"https:\/\/zeytinburnu.istanbul\/projeler\/kultur-projeleri\/tanitim-projeleri\/zeytinburnu-fotograf-yarismasi\/#breadcrumb\",\"itemListElement\":[{\"@type\":\"ListItem\",\"position\":1,\"name\":\"Anasayfa\",\"item\":\"https:\/\/zeytinburnu.istanbul\/\"},{\"@type\":\"ListItem\",\"position\":2,\"name\":\"Projeler\",\"item\":\"https:\/\/zeytinburnu.istanbul\/projeler\/\"},{\"@type\":\"ListItem\",\"position\":3,\"name\":\"K\u00fclt\u00fcr Projeleri\",\"item\":\"https:\/\/zeytinburnu.istanbul\/projeler\/kultur-projeleri\/\"},{\"@type\":\"ListItem\",\"position\":4,\"name\":\"Zeytinburnu Tan\u0131t\u0131m Projeleri\",\"item\":\"https:\/\/zeytinburnu.istanbul\/projeler\/kultur-projeleri\/tanitim-projeleri\/\"},{\"@type\":\"ListItem\",\"position\":5,\"name\":\"Zeytinburnu Foto\u011fraf Yar\u0131\u015fmas\u0131\"}]},{\"@type\":\"WebSite\",\"@id\":\"https:\/\/zeytinburnu.istanbul\/#website\",\"url\":\"https:\/\/zeytinburnu.istanbul\/\",\"name\":\"Zeytinburnu Belediyesi\",\"description\":\"\",\"potentialAction\":[{\"@type\":\"SearchAction\",\"target\":{\"@type\":\"EntryPoint\",\"urlTemplate\":\"https:\/\/zeytinburnu.istanbul\/?s={search_term_string}\"},\"query-input\":\"required name=search_term_string\"}],\"inLanguage\":\"tr\"}]}<\/script>\n<!-- \/ Yoast SEO plugin. -->","yoast_head_json":{"title":"Zeytinburnu Foto\u011fraf Yar\u0131\u015fmas\u0131 - Zeytinburnu Belediyesi","robots":{"index":"index","follow":"follow","max-snippet":"max-snippet:-1","max-image-preview":"max-image-preview:large","max-video-preview":"max-video-preview:-1"},"canonical":"https:\/\/zeytinburnu.istanbul\/projeler\/kultur-projeleri\/tanitim-projeleri\/zeytinburnu-fotograf-yarismasi\/","og_locale":"tr_TR","og_type":"article","og_title":"Zeytinburnu Foto\u011fraf Yar\u0131\u015fmas\u0131 - Zeytinburnu Belediyesi","og_description":"Konusu Zeytinburnu olan yar\u0131\u015fmam\u0131z on y\u0131ld\u0131r devam ediyor. Zeytinburnu\u2019nu foto\u011fraf merakl\u0131lar\u0131n\u0131n ve sanat\u00e7\u0131lar\u0131n ilgi oda\u011f\u0131 yapmay\u0131 ama\u00e7layan yar\u0131\u015fmam\u0131z, il\u00e7enin tan\u0131t\u0131m\u0131na ve yerel turizmin geli\u015fimine de katk\u0131 sa\u011fl\u0131yor. Geleneksel hale gelen yar\u0131\u015fma; ayn\u0131 zamanda ortak haf\u0131za ve ge\u00e7mi\u015fimizi, insanlar\u0131n k\u0131ymetli hik\u00e2yelerini, \u00f6nemli mek\u00e2nlar\u0131 gelece\u011fe ta\u015f\u0131yan bir kaynak. T\u00fcrkiye Foto\u011fraf Sanat\u0131 Federasyonu ile birlikte d\u00fczenledi\u011fimiz yar\u0131\u015fma, Zeytinburnu [&hellip;]","og_url":"https:\/\/zeytinburnu.istanbul\/projeler\/kultur-projeleri\/tanitim-projeleri\/zeytinburnu-fotograf-yarismasi\/","og_site_name":"Zeytinburnu Belediyesi","article_publisher":"https:\/\/web.facebook.com\/zeytinburnubld\/","article_modified_time":"2021-11-15T08:36:21+00:00","og_image":[{"width":1200,"height":750,"url":"https:\/\/zeytinburnu.istanbul\/wp-content\/uploads\/2021\/11\/fotograf_yarismasi_4.jpg","type":"image\/jpeg"}],"twitter_card":"summary_large_image","twitter_site":"@zeytinburnubld","twitter_misc":{"Tahmini okuma s\u00fcresi":"1 dakika"},"schema":{"@context":"https:\/\/schema.org","@graph":[{"@type":"WebPage","@id":"https:\/\/zeytinburnu.istanbul\/projeler\/kultur-projeleri\/tanitim-projeleri\/zeytinburnu-fotograf-yarismasi\/","url":"https:\/\/zeytinburnu.istanbul\/projeler\/kultur-projeleri\/tanitim-projeleri\/zeytinburnu-fotograf-yarismasi\/","name":"Zeytinburnu Foto\u011fraf Yar\u0131\u015fmas\u0131 - Zeytinburnu Belediyesi","isPartOf":{"@id":"https:\/\/zeytinburnu.istanbul\/#website"},"datePublished":"2021-11-15T06:53:04+00:00","dateModified":"2021-11-15T08:36:21+00:00","breadcrumb":{"@id":"https:\/\/zeytinburnu.istanbul\/projeler\/kultur-projeleri\/tanitim-projeleri\/zeytinburnu-fotograf-yarismasi\/#breadcrumb"},"inLanguage":"tr","potentialAction":[{"@type":"ReadAction","target":["https:\/\/zeytinburnu.istanbul\/projeler\/kultur-projeleri\/tanitim-projeleri\/zeytinburnu-fotograf-yarismasi\/"]}]},{"@type":"BreadcrumbList","@id":"https:\/\/zeytinburnu.istanbul\/projeler\/kultur-projeleri\/tanitim-projeleri\/zeytinburnu-fotograf-yarismasi\/#breadcrumb","itemListElement":[{"@type":"ListItem","position":1,"name":"Anasayfa","item":"https:\/\/zeytinburnu.istanbul\/"},{"@type":"ListItem","position":2,"name":"Projeler","item":"https:\/\/zeytinburnu.istanbul\/projeler\/"},{"@type":"ListItem","position":3,"name":"K\u00fclt\u00fcr Projeleri","item":"https:\/\/zeytinburnu.istanbul\/projeler\/kultur-projeleri\/"},{"@type":"ListItem","position":4,"name":"Zeytinburnu Tan\u0131t\u0131m Projeleri","item":"https:\/\/zeytinburnu.istanbul\/projeler\/kultur-projeleri\/tanitim-projeleri\/"},{"@type":"ListItem","position":5,"name":"Zeytinburnu Foto\u011fraf Yar\u0131\u015fmas\u0131"}]},{"@type":"WebSite","@id":"https:\/\/zeytinburnu.istanbul\/#website","url":"https:\/\/zeytinburnu.istanbul\/","name":"Zeytinburnu Belediyesi","description":"","potentialAction":[{"@type":"SearchAction","target":{"@type":"EntryPoint","urlTemplate":"https:\/\/zeytinburnu.istanbul\/?s={search_term_string}"},"query-input":"required name=search_term_string"}],"inLanguage":"tr"}]}},"meta_data":{"ikincil_baslik":"","giris_metni":"","sidebar_tipi":"varsayilan","sayfa_basina_gorsel_adedi":"3","galeri_gorselleri":[{"ID":2064,"id":2064,"title":"zeytinburnu-belediyesi-kentsel-donusum-projesi-telsiz-3","filename":"zeytinburnu-belediyesi-kentsel-donusum-projesi-telsiz-3.jpg","filesize":100690,"url":"https:\/\/zeytinburnu.istanbul\/wp-content\/uploads\/2021\/08\/zeytinburnu-belediyesi-kentsel-donusum-projesi-telsiz-3.jpg","link":"https:\/\/zeytinburnu.istanbul\/projeler\/kentsel-donusum-kalici-cozum\/telsiz-donusum-projesi\/attachment\/zeytinburnu-belediyesi-kentsel-donusum-projesi-telsiz-3\/","alt":"","author":"1","description":"","caption":"","name":"zeytinburnu-belediyesi-kentsel-donusum-projesi-telsiz-3","status":"inherit","uploaded_to":2063,"date":"2021-08-20 19:03:44","modified":"2021-08-20 19:07:50","menu_order":0,"mime_type":"image\/jpeg","type":"image","subtype":"jpeg","icon":"https:\/\/zeytinburnu.istanbul\/wp-includes\/images\/media\/default.png","width":1200,"height":458,"sizes":{"thumbnail":"https:\/\/zeytinburnu.istanbul\/wp-content\/uploads\/2021\/08\/zeytinburnu-belediyesi-kentsel-donusum-projesi-telsiz-3-720x458.jpg","thumbnail-width":720,"thumbnail-height":458,"medium":"https:\/\/zeytinburnu.istanbul\/wp-content\/uploads\/2021\/08\/zeytinburnu-belediyesi-kentsel-donusum-projesi-telsiz-3-960x366.jpg","medium-width":960,"medium-height":366,"medium_large":"https:\/\/zeytinburnu.istanbul\/wp-content\/uploads\/2021\/08\/zeytinburnu-belediyesi-kentsel-donusum-projesi-telsiz-3-768x293.jpg","medium_large-width":768,"medium_large-height":293,"large":"https:\/\/zeytinburnu.istanbul\/wp-content\/uploads\/2021\/08\/zeytinburnu-belediyesi-kentsel-donusum-projesi-telsiz-3.jpg","large-width":1200,"large-height":458,"1536x1536":"https:\/\/zeytinburnu.istanbul\/wp-content\/uploads\/2021\/08\/zeytinburnu-belediyesi-kentsel-donusum-projesi-telsiz-3.jpg","1536x1536-width":1200,"1536x1536-height":458,"2048x2048":"https:\/\/zeytinburnu.istanbul\/wp-content\/uploads\/2021\/08\/zeytinburnu-belediyesi-kentsel-donusum-projesi-telsiz-3.jpg","2048x2048-width":1200,"2048x2048-height":458}},{"ID":2065,"id":2065,"title":"zeytinburnu-belediyesi-kentsel-donusum-projesi-telsiz-2","filename":"zeytinburnu-belediyesi-kentsel-donusum-projesi-telsiz-2.jpg","filesize":177638,"url":"https:\/\/zeytinburnu.istanbul\/wp-content\/uploads\/2021\/08\/zeytinburnu-belediyesi-kentsel-donusum-projesi-telsiz-2.jpg","link":"https:\/\/zeytinburnu.istanbul\/projeler\/kentsel-donusum-kalici-cozum\/telsiz-donusum-projesi\/attachment\/zeytinburnu-belediyesi-kentsel-donusum-projesi-telsiz-2\/","alt":"","author":"1","description":"","caption":"","name":"zeytinburnu-belediyesi-kentsel-donusum-projesi-telsiz-2","status":"inherit","uploaded_to":2063,"date":"2021-08-20 19:03:46","modified":"2021-08-20 19:03:46","menu_order":0,"mime_type":"image\/jpeg","type":"image","subtype":"jpeg","icon":"https:\/\/zeytinburnu.istanbul\/wp-includes\/images\/media\/default.png","width":1200,"height":750,"sizes":{"thumbnail":"https:\/\/zeytinburnu.istanbul\/wp-content\/uploads\/2021\/08\/zeytinburnu-belediyesi-kentsel-donusum-projesi-telsiz-2-720x540.jpg","thumbnail-width":720,"thumbnail-height":540,"medium":"https:\/\/zeytinburnu.istanbul\/wp-content\/uploads\/2021\/08\/zeytinburnu-belediyesi-kentsel-donusum-projesi-telsiz-2-960x600.jpg","medium-width":960,"medium-height":600,"medium_large":"https:\/\/zeytinburnu.istanbul\/wp-content\/uploads\/2021\/08\/zeytinburnu-belediyesi-kentsel-donusum-projesi-telsiz-2-768x480.jpg","medium_large-width":768,"medium_large-height":480,"large":"https:\/\/zeytinburnu.istanbul\/wp-content\/uploads\/2021\/08\/zeytinburnu-belediyesi-kentsel-donusum-projesi-telsiz-2.jpg","large-width":1200,"large-height":750,"1536x1536":"https:\/\/zeytinburnu.istanbul\/wp-content\/uploads\/2021\/08\/zeytinburnu-belediyesi-kentsel-donusum-projesi-telsiz-2.jpg","1536x1536-width":1200,"1536x1536-height":750,"2048x2048":"https:\/\/zeytinburnu.istanbul\/wp-content\/uploads\/2021\/08\/zeytinburnu-belediyesi-kentsel-donusum-projesi-telsiz-2.jpg","2048x2048-width":1200,"2048x2048-height":750}},{"ID":2066,"id":2066,"title":"zeytinburnu-belediyesi-kentsel-donusum-projesi-telsiz-1","filename":"zeytinburnu-belediyesi-kentsel-donusum-projesi-telsiz-1.jpg","filesize":174754,"url":"https:\/\/zeytinburnu.istanbul\/wp-content\/uploads\/2021\/08\/zeytinburnu-belediyesi-kentsel-donusum-projesi-telsiz-1.jpg","link":"https:\/\/zeytinburnu.istanbul\/projeler\/kentsel-donusum-kalici-cozum\/telsiz-donusum-projesi\/attachment\/zeytinburnu-belediyesi-kentsel-donusum-projesi-telsiz-1\/","alt":"","author":"1","description":"","caption":"","name":"zeytinburnu-belediyesi-kentsel-donusum-projesi-telsiz-1","status":"inherit","uploaded_to":2063,"date":"2021-08-20 19:03:47","modified":"2021-08-20 19:03:47","menu_order":0,"mime_type":"image\/jpeg","type":"image","subtype":"jpeg","icon":"https:\/\/zeytinburnu.istanbul\/wp-includes\/images\/media\/default.png","width":1200,"height":750,"sizes":{"thumbnail":"https:\/\/zeytinburnu.istanbul\/wp-content\/uploads\/2021\/08\/zeytinburnu-belediyesi-kentsel-donusum-projesi-telsiz-1-720x540.jpg","thumbnail-width":720,"thumbnail-height":540,"medium":"https:\/\/zeytinburnu.istanbul\/wp-content\/uploads\/2021\/08\/zeytinburnu-belediyesi-kentsel-donusum-projesi-telsiz-1-960x600.jpg","medium-width":960,"medium-height":600,"medium_large":"https:\/\/zeytinburnu.istanbul\/wp-content\/uploads\/2021\/08\/zeytinburnu-belediyesi-kentsel-donusum-projesi-telsiz-1-768x480.jpg","medium_large-width":768,"medium_large-height":480,"large":"https:\/\/zeytinburnu.istanbul\/wp-content\/uploads\/2021\/08\/zeytinburnu-belediyesi-kentsel-donusum-projesi-telsiz-1.jpg","large-width":1200,"large-height":750,"1536x1536":"https:\/\/zeytinburnu.istanbul\/wp-content\/uploads\/2021\/08\/zeytinburnu-belediyesi-kentsel-donusum-projesi-telsiz-1.jpg","1536x1536-width":1200,"1536x1536-height":750,"2048x2048":"https:\/\/zeytinburnu.istanbul\/wp-content\/uploads\/2021\/08\/zeytinburnu-belediyesi-kentsel-donusum-projesi-telsiz-1.jpg","2048x2048-width":1200,"2048x2048-height":750}}],"genel_galeri_basligi":"Proje G\u00f6rselleri","galeri_post_secimi":"","genel_galeri":[{"ID":6672,"id":6672,"title":"fotograf_yarismas2","filename":"fotograf_yarismas2.jpg","filesize":218984,"url":"https:\/\/zeytinburnu.istanbul\/wp-content\/uploads\/2021\/11\/fotograf_yarismas2.jpg","link":"https:\/\/zeytinburnu.istanbul\/projeler\/kultur-projeleri\/tanitim-projeleri\/zeytinburnu-fotograf-yarismasi\/attachment\/fotograf_yarismas2\/","alt":"","author":"1","description":"","caption":"","name":"fotograf_yarismas2","status":"inherit","uploaded_to":6653,"date":"2021-11-15 07:08:44","modified":"2021-11-15 07:08:57","menu_order":0,"mime_type":"image\/jpeg","type":"image","subtype":"jpeg","icon":"https:\/\/zeytinburnu.istanbul\/wp-includes\/images\/media\/default.png","width":1200,"height":750,"sizes":{"thumbnail":"https:\/\/zeytinburnu.istanbul\/wp-content\/uploads\/2021\/11\/fotograf_yarismas2-720x540.jpg","thumbnail-width":720,"thumbnail-height":540,"medium":"https:\/\/zeytinburnu.istanbul\/wp-content\/uploads\/2021\/11\/fotograf_yarismas2-960x600.jpg","medium-width":960,"medium-height":600,"medium_large":"https:\/\/zeytinburnu.istanbul\/wp-content\/uploads\/2021\/11\/fotograf_yarismas2-768x480.jpg","medium_large-width":768,"medium_large-height":480,"large":"https:\/\/zeytinburnu.istanbul\/wp-content\/uploads\/2021\/11\/fotograf_yarismas2.jpg","large-width":1200,"large-height":750,"1536x1536":"https:\/\/zeytinburnu.istanbul\/wp-content\/uploads\/2021\/11\/fotograf_yarismas2.jpg","1536x1536-width":1200,"1536x1536-height":750,"2048x2048":"https:\/\/zeytinburnu.istanbul\/wp-content\/uploads\/2021\/11\/fotograf_yarismas2.jpg","2048x2048-width":1200,"2048x2048-height":750}},{"ID":6673,"id":6673,"title":"fotograf_yarismasi_1","filename":"fotograf_yarismasi_1.jpg","filesize":279280,"url":"https:\/\/zeytinburnu.istanbul\/wp-content\/uploads\/2021\/11\/fotograf_yarismasi_1.jpg","link":"https:\/\/zeytinburnu.istanbul\/projeler\/kultur-projeleri\/tanitim-projeleri\/zeytinburnu-fotograf-yarismasi\/attachment\/fotograf_yarismasi_1-2\/","alt":"","author":"1","description":"","caption":"","name":"fotograf_yarismasi_1-2","status":"inherit","uploaded_to":6653,"date":"2021-11-15 07:08:45","modified":"2021-11-15 07:08:45","menu_order":0,"mime_type":"image\/jpeg","type":"image","subtype":"jpeg","icon":"https:\/\/zeytinburnu.istanbul\/wp-includes\/images\/media\/default.png","width":1200,"height":750,"sizes":{"thumbnail":"https:\/\/zeytinburnu.istanbul\/wp-content\/uploads\/2021\/11\/fotograf_yarismasi_1-720x540.jpg","thumbnail-width":720,"thumbnail-height":540,"medium":"https:\/\/zeytinburnu.istanbul\/wp-content\/uploads\/2021\/11\/fotograf_yarismasi_1-960x600.jpg","medium-width":960,"medium-height":600,"medium_large":"https:\/\/zeytinburnu.istanbul\/wp-content\/uploads\/2021\/11\/fotograf_yarismasi_1-768x480.jpg","medium_large-width":768,"medium_large-height":480,"large":"https:\/\/zeytinburnu.istanbul\/wp-content\/uploads\/2021\/11\/fotograf_yarismasi_1.jpg","large-width":1200,"large-height":750,"1536x1536":"https:\/\/zeytinburnu.istanbul\/wp-content\/uploads\/2021\/11\/fotograf_yarismasi_1.jpg","1536x1536-width":1200,"1536x1536-height":750,"2048x2048":"https:\/\/zeytinburnu.istanbul\/wp-content\/uploads\/2021\/11\/fotograf_yarismasi_1.jpg","2048x2048-width":1200,"2048x2048-height":750}},{"ID":6674,"id":6674,"title":"fotograf_yarismasi_3","filename":"fotograf_yarismasi_3.jpg","filesize":416999,"url":"https:\/\/zeytinburnu.istanbul\/wp-content\/uploads\/2021\/11\/fotograf_yarismasi_3.jpg","link":"https:\/\/zeytinburnu.istanbul\/projeler\/kultur-projeleri\/tanitim-projeleri\/zeytinburnu-fotograf-yarismasi\/attachment\/fotograf_yarismasi_3-2\/","alt":"","author":"1","description":"","caption":"","name":"fotograf_yarismasi_3-2","status":"inherit","uploaded_to":6653,"date":"2021-11-15 07:08:47","modified":"2021-11-15 07:08:47","menu_order":0,"mime_type":"image\/jpeg","type":"image","subtype":"jpeg","icon":"https:\/\/zeytinburnu.istanbul\/wp-includes\/images\/media\/default.png","width":1200,"height":750,"sizes":{"thumbnail":"https:\/\/zeytinburnu.istanbul\/wp-content\/uploads\/2021\/11\/fotograf_yarismasi_3-720x540.jpg","thumbnail-width":720,"thumbnail-height":540,"medium":"https:\/\/zeytinburnu.istanbul\/wp-content\/uploads\/2021\/11\/fotograf_yarismasi_3-960x600.jpg","medium-width":960,"medium-height":600,"medium_large":"https:\/\/zeytinburnu.istanbul\/wp-content\/uploads\/2021\/11\/fotograf_yarismasi_3-768x480.jpg","medium_large-width":768,"medium_large-height":480,"large":"https:\/\/zeytinburnu.istanbul\/wp-content\/uploads\/2021\/11\/fotograf_yarismasi_3.jpg","large-width":1200,"large-height":750,"1536x1536":"https:\/\/zeytinburnu.istanbul\/wp-content\/uploads\/2021\/11\/fotograf_yarismasi_3.jpg","1536x1536-width":1200,"1536x1536-height":750,"2048x2048":"https:\/\/zeytinburnu.istanbul\/wp-content\/uploads\/2021\/11\/fotograf_yarismasi_3.jpg","2048x2048-width":1200,"2048x2048-height":750}},{"ID":6676,"id":6676,"title":"fotograf_yarismasi_5","filename":"fotograf_yarismasi_5.jpg","filesize":138064,"url":"https:\/\/zeytinburnu.istanbul\/wp-content\/uploads\/2021\/11\/fotograf_yarismasi_5.jpg","link":"https:\/\/zeytinburnu.istanbul\/projeler\/kultur-projeleri\/tanitim-projeleri\/zeytinburnu-fotograf-yarismasi\/attachment\/fotograf_yarismasi_5-2\/","alt":"","author":"1","description":"","caption":"","name":"fotograf_yarismasi_5-2","status":"inherit","uploaded_to":6653,"date":"2021-11-15 07:08:50","modified":"2021-11-15 07:08:50","menu_order":0,"mime_type":"image\/jpeg","type":"image","subtype":"jpeg","icon":"https:\/\/zeytinburnu.istanbul\/wp-includes\/images\/media\/default.png","width":1200,"height":750,"sizes":{"thumbnail":"https:\/\/zeytinburnu.istanbul\/wp-content\/uploads\/2021\/11\/fotograf_yarismasi_5-720x540.jpg","thumbnail-width":720,"thumbnail-height":540,"medium":"https:\/\/zeytinburnu.istanbul\/wp-content\/uploads\/2021\/11\/fotograf_yarismasi_5-960x600.jpg","medium-width":960,"medium-height":600,"medium_large":"https:\/\/zeytinburnu.istanbul\/wp-content\/uploads\/2021\/11\/fotograf_yarismasi_5-768x480.jpg","medium_large-width":768,"medium_large-height":480,"large":"https:\/\/zeytinburnu.istanbul\/wp-content\/uploads\/2021\/11\/fotograf_yarismasi_5.jpg","large-width":1200,"large-height":750,"1536x1536":"https:\/\/zeytinburnu.istanbul\/wp-content\/uploads\/2021\/11\/fotograf_yarismasi_5.jpg","1536x1536-width":1200,"1536x1536-height":750,"2048x2048":"https:\/\/zeytinburnu.istanbul\/wp-content\/uploads\/2021\/11\/fotograf_yarismasi_5.jpg","2048x2048-width":1200,"2048x2048-height":750}},{"ID":6677,"id":6677,"title":"fotograf_yarismasi_6","filename":"fotograf_yarismasi_6.jpg","filesize":131553,"url":"https:\/\/zeytinburnu.istanbul\/wp-content\/uploads\/2021\/11\/fotograf_yarismasi_6.jpg","link":"https:\/\/zeytinburnu.istanbul\/projeler\/kultur-projeleri\/tanitim-projeleri\/zeytinburnu-fotograf-yarismasi\/attachment\/fotograf_yarismasi_6-2\/","alt":"","author":"1","description":"","caption":"","name":"fotograf_yarismasi_6-2","status":"inherit","uploaded_to":6653,"date":"2021-11-15 07:08:51","modified":"2021-11-15 07:08:51","menu_order":0,"mime_type":"image\/jpeg","type":"image","subtype":"jpeg","icon":"https:\/\/zeytinburnu.istanbul\/wp-includes\/images\/media\/default.png","width":1200,"height":750,"sizes":{"thumbnail":"https:\/\/zeytinburnu.istanbul\/wp-content\/uploads\/2021\/11\/fotograf_yarismasi_6-720x540.jpg","thumbnail-width":720,"thumbnail-height":540,"medium":"https:\/\/zeytinburnu.istanbul\/wp-content\/uploads\/2021\/11\/fotograf_yarismasi_6-960x600.jpg","medium-width":960,"medium-height":600,"medium_large":"https:\/\/zeytinburnu.istanbul\/wp-content\/uploads\/2021\/11\/fotograf_yarismasi_6-768x480.jpg","medium_large-width":768,"medium_large-height":480,"large":"https:\/\/zeytinburnu.istanbul\/wp-content\/uploads\/2021\/11\/fotograf_yarismasi_6.jpg","large-width":1200,"large-height":750,"1536x1536":"https:\/\/zeytinburnu.istanbul\/wp-content\/uploads\/2021\/11\/fotograf_yarismasi_6.jpg","1536x1536-width":1200,"1536x1536-height":750,"2048x2048":"https:\/\/zeytinburnu.istanbul\/wp-content\/uploads\/2021\/11\/fotograf_yarismasi_6.jpg","2048x2048-width":1200,"2048x2048-height":750}},{"ID":6678,"id":6678,"title":"fotograf_yarismasi_7","filename":"fotograf_yarismasi_7.jpg","filesize":169604,"url":"https:\/\/zeytinburnu.istanbul\/wp-content\/uploads\/2021\/11\/fotograf_yarismasi_7.jpg","link":"https:\/\/zeytinburnu.istanbul\/projeler\/kultur-projeleri\/tanitim-projeleri\/zeytinburnu-fotograf-yarismasi\/attachment\/fotograf_yarismasi_7-2\/","alt":"","author":"1","description":"","caption":"","name":"fotograf_yarismasi_7-2","status":"inherit","uploaded_to":6653,"date":"2021-11-15 07:08:53","modified":"2021-11-15 07:08:53","menu_order":0,"mime_type":"image\/jpeg","type":"image","subtype":"jpeg","icon":"https:\/\/zeytinburnu.istanbul\/wp-includes\/images\/media\/default.png","width":1200,"height":750,"sizes":{"thumbnail":"https:\/\/zeytinburnu.istanbul\/wp-content\/uploads\/2021\/11\/fotograf_yarismasi_7-720x540.jpg","thumbnail-width":720,"thumbnail-height":540,"medium":"https:\/\/zeytinburnu.istanbul\/wp-content\/uploads\/2021\/11\/fotograf_yarismasi_7-960x600.jpg","medium-width":960,"medium-height":600,"medium_large":"https:\/\/zeytinburnu.istanbul\/wp-content\/uploads\/2021\/11\/fotograf_yarismasi_7-768x480.jpg","medium_large-width":768,"medium_large-height":480,"large":"https:\/\/zeytinburnu.istanbul\/wp-content\/uploads\/2021\/11\/fotograf_yarismasi_7.jpg","large-width":1200,"large-height":750,"1536x1536":"https:\/\/zeytinburnu.istanbul\/wp-content\/uploads\/2021\/11\/fotograf_yarismasi_7.jpg","1536x1536-width":1200,"1536x1536-height":750,"2048x2048":"https:\/\/zeytinburnu.istanbul\/wp-content\/uploads\/2021\/11\/fotograf_yarismasi_7.jpg","2048x2048-width":1200,"2048x2048-height":750}},{"ID":6679,"id":6679,"title":"fotograf_yarismasi","filename":"fotograf_yarismasi.jpg","filesize":179938,"url":"https:\/\/zeytinburnu.istanbul\/wp-content\/uploads\/2021\/11\/fotograf_yarismasi.jpg","link":"https:\/\/zeytinburnu.istanbul\/projeler\/kultur-projeleri\/tanitim-projeleri\/zeytinburnu-fotograf-yarismasi\/attachment\/fotograf_yarismasi-2\/","alt":"","author":"1","description":"","caption":"","name":"fotograf_yarismasi-2","status":"inherit","uploaded_to":6653,"date":"2021-11-15 07:08:54","modified":"2021-11-15 07:08:54","menu_order":0,"mime_type":"image\/jpeg","type":"image","subtype":"jpeg","icon":"https:\/\/zeytinburnu.istanbul\/wp-includes\/images\/media\/default.png","width":1200,"height":750,"sizes":{"thumbnail":"https:\/\/zeytinburnu.istanbul\/wp-content\/uploads\/2021\/11\/fotograf_yarismasi-720x540.jpg","thumbnail-width":720,"thumbnail-height":540,"medium":"https:\/\/zeytinburnu.istanbul\/wp-content\/uploads\/2021\/11\/fotograf_yarismasi-960x600.jpg","medium-width":960,"medium-height":600,"medium_large":"https:\/\/zeytinburnu.istanbul\/wp-content\/uploads\/2021\/11\/fotograf_yarismasi-768x480.jpg","medium_large-width":768,"medium_large-height":480,"large":"https:\/\/zeytinburnu.istanbul\/wp-content\/uploads\/2021\/11\/fotograf_yarismasi.jpg","large-width":1200,"large-height":750,"1536x1536":"https:\/\/zeytinburnu.istanbul\/wp-content\/uploads\/2021\/11\/fotograf_yarismasi.jpg","1536x1536-width":1200,"1536x1536-height":750,"2048x2048":"https:\/\/zeytinburnu.istanbul\/wp-content\/uploads\/2021\/11\/fotograf_yarismasi.jpg","2048x2048-width":1200,"2048x2048-height":750}}],"kapak_gorseli_icerige_eklensin":true,"kartlar":false,"image_details":{"thumbnail":{"file":"fotograf_yarismasi_4-720x540.jpg","width":720,"height":540,"mime-type":"image\/jpeg","url":"https:\/\/zeytinburnu.istanbul\/wp-content\/uploads\/2021\/11\/fotograf_yarismasi_4-720x540.jpg"},"full":{"file":"2021\/11\/fotograf_yarismasi_4.jpg","width":1200,"height":750,"mime_type":"image\/jpeg","url":"https:\/\/zeytinburnu.istanbul\/wp-content\/uploads\/2021\/11\/fotograf_yarismasi_4.jpg"}}},"_links":{"self":[{"href":"https:\/\/zeytinburnu.istanbul\/api\/wp\/v2\/pages\/6653"}],"collection":[{"href":"https:\/\/zeytinburnu.istanbul\/api\/wp\/v2\/pages"}],"about":[{"href":"https:\/\/zeytinburnu.istanbul\/api\/wp\/v2\/types\/page"}],"author":[{"embeddable":true,"href":"https:\/\/zeytinburnu.istanbul\/api\/wp\/v2\/users\/1"}],"replies":[{"embeddable":true,"href":"https:\/\/zeytinburnu.istanbul\/api\/wp\/v2\/comments?post=6653"}],"version-history":[{"count":3,"href":"https:\/\/zeytinburnu.istanbul\/api\/wp\/v2\/pages\/6653\/revisions"}],"predecessor-version":[{"id":6753,"href":"https:\/\/zeytinburnu.istanbul\/api\/wp\/v2\/pages\/6653\/revisions\/6753"}],"up":[{"embeddable":true,"href":"https:\/\/zeytinburnu.istanbul\/api\/wp\/v2\/pages\/6630"}],"wp:featuredmedia":[{"embeddable":true,"href":"https:\/\/zeytinburnu.istanbul\/api\/wp\/v2\/media\/6675"}],"wp:attachment":[{"href":"https:\/\/zeytinburnu.istanbul\/api\/wp\/v2\/media?parent=6653"}],"curies":[{"name":"wp","href":"https:\/\/api.w.org\/{rel}","templated":true}]}}