

{"id":2117,"date":"2021-08-21T11:04:09","date_gmt":"2021-08-21T08:04:09","guid":{"rendered":"https:\/\/2021.zeytinburnu.istanbul\/?page_id=2117"},"modified":"2021-10-31T14:47:18","modified_gmt":"2021-10-31T11:47:18","slug":"insan-haklari-kenti-projesi","status":"publish","type":"page","link":"https:\/\/zeytinburnu.istanbul\/projeler\/sosyal-projeler\/insan-haklari-kenti-projesi\/","title":{"rendered":"\u0130nsan Haklar\u0131 Kenti Projesi"},"content":{"rendered":"<p><strong>Ama\u00e7<\/strong>: T\u00fcrkiye\u2019de belediyelerde ya\u015fl\u0131, engelli, kad\u0131n, \u00e7ocuk ve s\u0131\u011f\u0131nmac\u0131\/g\u00f6\u00e7men gruplar\u0131n\u0131n uluslararas\u0131 ve ulusal yasalar taraf\u0131ndan garanti alt\u0131na al\u0131nm\u0131\u015f haklar\u0131n\u0131n kent ya\u015fam\u0131nda prati\u011fe ge\u00e7irilmesini, g\u00fcndelik hayata uyarlanmas\u0131n\u0131 ve belediye hizmetlerine yans\u0131t\u0131lmas\u0131n\u0131 hedeflemektedir.<\/p>\n<p>Proje, s\u00f6z konusu alanlarda somut politika \u00f6nerileri \u00fcretme amac\u0131yla ba\u015fta belediyeler ve akademi olmak \u00fczere, bu ba\u015fl\u0131klarda \u00e7al\u0131\u015fan meslek kurulu\u015flar\u0131, kamu kurumlar\u0131, sivil toplum kurulu\u015flar\u0131 ve uluslararas\u0131 kurulu\u015flar\u0131n yer alabilece\u011fi kat\u0131l\u0131mc\u0131 ve kapsay\u0131c\u0131 ortak platformlar olu\u015fturmay\u0131 da hedeflemektedir.<\/p>\n<p>Projenin bir ikincil hedefi ise, yukar\u0131da de\u011finilen alanlarda T\u00fcrkiye\u2019deki akademinin e\u011fitim ve ara\u015ft\u0131rma kapasitesini g\u00fc\u00e7lendirmek ve bu \u00e7er\u00e7evede yerel y\u00f6netim-akademi i\u015f birli\u011fini geli\u015ftirmektir. Bu ba\u015fl\u0131klarda \u00e7al\u0131\u015fan akademisyenlerin say\u0131s\u0131n\u0131n ve niteliklerinin artt\u0131r\u0131lmas\u0131, akademisyen ve programlar\u0131n, ayn\u0131 alanlarda \u00e7al\u0131\u015fan yurtd\u0131\u015f\u0131 akademilerle ili\u015fkilerinin g\u00fc\u00e7lendirilmesi, yine bu projenin hedefleri aras\u0131ndad\u0131r.<\/p>\n<p>\u00d6zellikle Kad\u0131n, Engelli, \u00c7ocuk, Ya\u015fl\u0131 ve S\u0131\u011f\u0131nmac\u0131\/G\u00f6\u00e7men olarak belirlenen 5 ayr\u0131 grubun kentle ili\u015fkisi, g\u00fcvenlik, eri\u015filebilirlik vekat\u0131l\u0131mc\u0131l\u0131k boyutlar\u0131, o kentteki ihtiya\u00e7lar do\u011frultusunda, farkl\u0131 akt\u00f6rlerin katk\u0131s\u0131yla ve yerel yetkililerin deste\u011fiyle geli\u015ftirilmeye \u00e7al\u0131\u015f\u0131lmaktad\u0131r.<\/p>\n<p><strong>Proje Pilot Belediyeleri:<\/strong><\/p>\n<ul>\n<li>Ankara Alt\u0131nda\u011f Belediyesi: \u00c7ocuk\/ Kad\u0131n<\/li>\n<li>Ankara \u00c7ankaya Belediyesi: \u00c7ocuk\/Engelli\/ Kad\u0131n\/Ya\u015fl\u0131<\/li>\n<li>Antalya Muratpa\u015fa Belediyesi: \u00c7ocuk\/ Kad\u0131n\/ Ya\u015fl\u0131<\/li>\n<li>Gaziantep \u015eahinbey Belediyesi: \u00c7ocuk\/ S\u0131\u011f\u0131nmac\u0131<\/li>\n<li>\u0130stanbul Maltepe Belediyesi: \u00c7ocuk\/ Kad\u0131n<\/li>\n<li>\u0130stanbul Zeytinburnu Belediyesi: \u00c7ocuk\/ Kad\u0131n\/ S\u0131\u011f\u0131nmac\u0131<\/li>\n<li>Mersin B\u00fcy\u00fck\u015fehir Belediyesi: \u00c7ocuk\/ Engelli\/ S\u0131\u011f\u0131nmac\u0131\/ Kad\u0131n\/ Ya\u015fl\u0131<\/li>\n<\/ul>\n<p><strong>\u0130\u015f Birli\u011fi<\/strong>: \u0130sve\u00e7 Lund \u00dcniversitesi, Raoul Wallenberg Enstit\u00fcs\u00fc, T\u00fcrk D\u00fcnyas\u0131 Belediyeler Birli\u011fi<\/p>\n","protected":false},"excerpt":{"rendered":"<p>Ama\u00e7: T\u00fcrkiye\u2019de belediyelerde ya\u015fl\u0131, engelli, kad\u0131n, \u00e7ocuk ve s\u0131\u011f\u0131nmac\u0131\/g\u00f6\u00e7men gruplar\u0131n\u0131n uluslararas\u0131 ve ulusal yasalar taraf\u0131ndan garanti alt\u0131na al\u0131nm\u0131\u015f haklar\u0131n\u0131n kent ya\u015fam\u0131nda prati\u011fe ge\u00e7irilmesini, g\u00fcndelik hayata uyarlanmas\u0131n\u0131 ve belediye hizmetlerine yans\u0131t\u0131lmas\u0131n\u0131 hedeflemektedir. Proje, s\u00f6z konusu alanlarda somut politika \u00f6nerileri \u00fcretme amac\u0131yla ba\u015fta belediyeler ve akademi olmak \u00fczere, bu ba\u015fl\u0131klarda \u00e7al\u0131\u015fan meslek kurulu\u015flar\u0131, kamu kurumlar\u0131, sivil toplum [&hellip;]<\/p>\n","protected":false},"author":1,"featured_media":5605,"parent":2095,"menu_order":126,"comment_status":"closed","ping_status":"closed","template":"","meta":{"inline_featured_image":false,"footnotes":""},"acf":[],"yoast_head":"<!-- This site is optimized with the Yoast SEO plugin v21.5 - https:\/\/yoast.com\/wordpress\/plugins\/seo\/ -->\n<title>\u0130nsan Haklar\u0131 Kenti Projesi - Zeytinburnu Belediyesi<\/title>\n<meta name=\"robots\" content=\"index, follow, max-snippet:-1, max-image-preview:large, max-video-preview:-1\" \/>\n<link rel=\"canonical\" href=\"https:\/\/zeytinburnu.istanbul\/projeler\/sosyal-projeler\/insan-haklari-kenti-projesi\/\" \/>\n<meta property=\"og:locale\" content=\"tr_TR\" \/>\n<meta property=\"og:type\" content=\"article\" \/>\n<meta property=\"og:title\" content=\"\u0130nsan Haklar\u0131 Kenti Projesi - Zeytinburnu Belediyesi\" \/>\n<meta property=\"og:description\" content=\"Ama\u00e7: T\u00fcrkiye\u2019de belediyelerde ya\u015fl\u0131, engelli, kad\u0131n, \u00e7ocuk ve s\u0131\u011f\u0131nmac\u0131\/g\u00f6\u00e7men gruplar\u0131n\u0131n uluslararas\u0131 ve ulusal yasalar taraf\u0131ndan garanti alt\u0131na al\u0131nm\u0131\u015f haklar\u0131n\u0131n kent ya\u015fam\u0131nda prati\u011fe ge\u00e7irilmesini, g\u00fcndelik hayata uyarlanmas\u0131n\u0131 ve belediye hizmetlerine yans\u0131t\u0131lmas\u0131n\u0131 hedeflemektedir. Proje, s\u00f6z konusu alanlarda somut politika \u00f6nerileri \u00fcretme amac\u0131yla ba\u015fta belediyeler ve akademi olmak \u00fczere, bu ba\u015fl\u0131klarda \u00e7al\u0131\u015fan meslek kurulu\u015flar\u0131, kamu kurumlar\u0131, sivil toplum [&hellip;]\" \/>\n<meta property=\"og:url\" content=\"https:\/\/zeytinburnu.istanbul\/projeler\/sosyal-projeler\/insan-haklari-kenti-projesi\/\" \/>\n<meta property=\"og:site_name\" content=\"Zeytinburnu Belediyesi\" \/>\n<meta property=\"article:publisher\" content=\"https:\/\/web.facebook.com\/zeytinburnubld\/\" \/>\n<meta property=\"article:modified_time\" content=\"2021-10-31T11:47:18+00:00\" \/>\n<meta property=\"og:image\" content=\"https:\/\/zeytinburnu.istanbul\/wp-content\/uploads\/2021\/10\/1-ihk.jpg\" \/>\n\t<meta property=\"og:image:width\" content=\"1200\" \/>\n\t<meta property=\"og:image:height\" content=\"600\" \/>\n\t<meta property=\"og:image:type\" content=\"image\/jpeg\" \/>\n<meta name=\"twitter:card\" content=\"summary_large_image\" \/>\n<meta name=\"twitter:site\" content=\"@zeytinburnubld\" \/>\n<meta name=\"twitter:label1\" content=\"Tahmini okuma s\u00fcresi\" \/>\n\t<meta name=\"twitter:data1\" content=\"1 dakika\" \/>\n<script type=\"application\/ld+json\" class=\"yoast-schema-graph\">{\"@context\":\"https:\/\/schema.org\",\"@graph\":[{\"@type\":\"WebPage\",\"@id\":\"https:\/\/zeytinburnu.istanbul\/projeler\/sosyal-projeler\/insan-haklari-kenti-projesi\/\",\"url\":\"https:\/\/zeytinburnu.istanbul\/projeler\/sosyal-projeler\/insan-haklari-kenti-projesi\/\",\"name\":\"\u0130nsan Haklar\u0131 Kenti Projesi - Zeytinburnu Belediyesi\",\"isPartOf\":{\"@id\":\"https:\/\/zeytinburnu.istanbul\/#website\"},\"datePublished\":\"2021-08-21T08:04:09+00:00\",\"dateModified\":\"2021-10-31T11:47:18+00:00\",\"breadcrumb\":{\"@id\":\"https:\/\/zeytinburnu.istanbul\/projeler\/sosyal-projeler\/insan-haklari-kenti-projesi\/#breadcrumb\"},\"inLanguage\":\"tr\",\"potentialAction\":[{\"@type\":\"ReadAction\",\"target\":[\"https:\/\/zeytinburnu.istanbul\/projeler\/sosyal-projeler\/insan-haklari-kenti-projesi\/\"]}]},{\"@type\":\"BreadcrumbList\",\"@id\":\"https:\/\/zeytinburnu.istanbul\/projeler\/sosyal-projeler\/insan-haklari-kenti-projesi\/#breadcrumb\",\"itemListElement\":[{\"@type\":\"ListItem\",\"position\":1,\"name\":\"Anasayfa\",\"item\":\"https:\/\/zeytinburnu.istanbul\/\"},{\"@type\":\"ListItem\",\"position\":2,\"name\":\"Projeler\",\"item\":\"https:\/\/zeytinburnu.istanbul\/projeler\/\"},{\"@type\":\"ListItem\",\"position\":3,\"name\":\"Sosyal Projeler\",\"item\":\"https:\/\/zeytinburnu.istanbul\/projeler\/sosyal-projeler\/\"},{\"@type\":\"ListItem\",\"position\":4,\"name\":\"\u0130nsan Haklar\u0131 Kenti Projesi\"}]},{\"@type\":\"WebSite\",\"@id\":\"https:\/\/zeytinburnu.istanbul\/#website\",\"url\":\"https:\/\/zeytinburnu.istanbul\/\",\"name\":\"Zeytinburnu Belediyesi\",\"description\":\"\",\"potentialAction\":[{\"@type\":\"SearchAction\",\"target\":{\"@type\":\"EntryPoint\",\"urlTemplate\":\"https:\/\/zeytinburnu.istanbul\/?s={search_term_string}\"},\"query-input\":\"required name=search_term_string\"}],\"inLanguage\":\"tr\"}]}<\/script>\n<!-- \/ Yoast SEO plugin. -->","yoast_head_json":{"title":"\u0130nsan Haklar\u0131 Kenti Projesi - Zeytinburnu Belediyesi","robots":{"index":"index","follow":"follow","max-snippet":"max-snippet:-1","max-image-preview":"max-image-preview:large","max-video-preview":"max-video-preview:-1"},"canonical":"https:\/\/zeytinburnu.istanbul\/projeler\/sosyal-projeler\/insan-haklari-kenti-projesi\/","og_locale":"tr_TR","og_type":"article","og_title":"\u0130nsan Haklar\u0131 Kenti Projesi - Zeytinburnu Belediyesi","og_description":"Ama\u00e7: T\u00fcrkiye\u2019de belediyelerde ya\u015fl\u0131, engelli, kad\u0131n, \u00e7ocuk ve s\u0131\u011f\u0131nmac\u0131\/g\u00f6\u00e7men gruplar\u0131n\u0131n uluslararas\u0131 ve ulusal yasalar taraf\u0131ndan garanti alt\u0131na al\u0131nm\u0131\u015f haklar\u0131n\u0131n kent ya\u015fam\u0131nda prati\u011fe ge\u00e7irilmesini, g\u00fcndelik hayata uyarlanmas\u0131n\u0131 ve belediye hizmetlerine yans\u0131t\u0131lmas\u0131n\u0131 hedeflemektedir. Proje, s\u00f6z konusu alanlarda somut politika \u00f6nerileri \u00fcretme amac\u0131yla ba\u015fta belediyeler ve akademi olmak \u00fczere, bu ba\u015fl\u0131klarda \u00e7al\u0131\u015fan meslek kurulu\u015flar\u0131, kamu kurumlar\u0131, sivil toplum [&hellip;]","og_url":"https:\/\/zeytinburnu.istanbul\/projeler\/sosyal-projeler\/insan-haklari-kenti-projesi\/","og_site_name":"Zeytinburnu Belediyesi","article_publisher":"https:\/\/web.facebook.com\/zeytinburnubld\/","article_modified_time":"2021-10-31T11:47:18+00:00","og_image":[{"width":1200,"height":600,"url":"https:\/\/zeytinburnu.istanbul\/wp-content\/uploads\/2021\/10\/1-ihk.jpg","type":"image\/jpeg"}],"twitter_card":"summary_large_image","twitter_site":"@zeytinburnubld","twitter_misc":{"Tahmini okuma s\u00fcresi":"1 dakika"},"schema":{"@context":"https:\/\/schema.org","@graph":[{"@type":"WebPage","@id":"https:\/\/zeytinburnu.istanbul\/projeler\/sosyal-projeler\/insan-haklari-kenti-projesi\/","url":"https:\/\/zeytinburnu.istanbul\/projeler\/sosyal-projeler\/insan-haklari-kenti-projesi\/","name":"\u0130nsan Haklar\u0131 Kenti Projesi - Zeytinburnu Belediyesi","isPartOf":{"@id":"https:\/\/zeytinburnu.istanbul\/#website"},"datePublished":"2021-08-21T08:04:09+00:00","dateModified":"2021-10-31T11:47:18+00:00","breadcrumb":{"@id":"https:\/\/zeytinburnu.istanbul\/projeler\/sosyal-projeler\/insan-haklari-kenti-projesi\/#breadcrumb"},"inLanguage":"tr","potentialAction":[{"@type":"ReadAction","target":["https:\/\/zeytinburnu.istanbul\/projeler\/sosyal-projeler\/insan-haklari-kenti-projesi\/"]}]},{"@type":"BreadcrumbList","@id":"https:\/\/zeytinburnu.istanbul\/projeler\/sosyal-projeler\/insan-haklari-kenti-projesi\/#breadcrumb","itemListElement":[{"@type":"ListItem","position":1,"name":"Anasayfa","item":"https:\/\/zeytinburnu.istanbul\/"},{"@type":"ListItem","position":2,"name":"Projeler","item":"https:\/\/zeytinburnu.istanbul\/projeler\/"},{"@type":"ListItem","position":3,"name":"Sosyal Projeler","item":"https:\/\/zeytinburnu.istanbul\/projeler\/sosyal-projeler\/"},{"@type":"ListItem","position":4,"name":"\u0130nsan Haklar\u0131 Kenti Projesi"}]},{"@type":"WebSite","@id":"https:\/\/zeytinburnu.istanbul\/#website","url":"https:\/\/zeytinburnu.istanbul\/","name":"Zeytinburnu Belediyesi","description":"","potentialAction":[{"@type":"SearchAction","target":{"@type":"EntryPoint","urlTemplate":"https:\/\/zeytinburnu.istanbul\/?s={search_term_string}"},"query-input":"required name=search_term_string"}],"inLanguage":"tr"}]}},"meta_data":{"ikincil_baslik":"","giris_metni":"","sidebar_tipi":"varsayilan","sayfa_basina_gorsel_adedi":"3","galeri_gorselleri":[{"ID":2064,"id":2064,"title":"zeytinburnu-belediyesi-kentsel-donusum-projesi-telsiz-3","filename":"zeytinburnu-belediyesi-kentsel-donusum-projesi-telsiz-3.jpg","filesize":100690,"url":"https:\/\/zeytinburnu.istanbul\/wp-content\/uploads\/2021\/08\/zeytinburnu-belediyesi-kentsel-donusum-projesi-telsiz-3.jpg","link":"https:\/\/zeytinburnu.istanbul\/projeler\/kentsel-donusum-kalici-cozum\/telsiz-donusum-projesi\/attachment\/zeytinburnu-belediyesi-kentsel-donusum-projesi-telsiz-3\/","alt":"","author":"1","description":"","caption":"","name":"zeytinburnu-belediyesi-kentsel-donusum-projesi-telsiz-3","status":"inherit","uploaded_to":2063,"date":"2021-08-20 19:03:44","modified":"2021-08-20 19:07:50","menu_order":0,"mime_type":"image\/jpeg","type":"image","subtype":"jpeg","icon":"https:\/\/zeytinburnu.istanbul\/wp-includes\/images\/media\/default.png","width":1200,"height":458,"sizes":{"thumbnail":"https:\/\/zeytinburnu.istanbul\/wp-content\/uploads\/2021\/08\/zeytinburnu-belediyesi-kentsel-donusum-projesi-telsiz-3-720x458.jpg","thumbnail-width":720,"thumbnail-height":458,"medium":"https:\/\/zeytinburnu.istanbul\/wp-content\/uploads\/2021\/08\/zeytinburnu-belediyesi-kentsel-donusum-projesi-telsiz-3-960x366.jpg","medium-width":960,"medium-height":366,"medium_large":"https:\/\/zeytinburnu.istanbul\/wp-content\/uploads\/2021\/08\/zeytinburnu-belediyesi-kentsel-donusum-projesi-telsiz-3-768x293.jpg","medium_large-width":768,"medium_large-height":293,"large":"https:\/\/zeytinburnu.istanbul\/wp-content\/uploads\/2021\/08\/zeytinburnu-belediyesi-kentsel-donusum-projesi-telsiz-3.jpg","large-width":1200,"large-height":458,"1536x1536":"https:\/\/zeytinburnu.istanbul\/wp-content\/uploads\/2021\/08\/zeytinburnu-belediyesi-kentsel-donusum-projesi-telsiz-3.jpg","1536x1536-width":1200,"1536x1536-height":458,"2048x2048":"https:\/\/zeytinburnu.istanbul\/wp-content\/uploads\/2021\/08\/zeytinburnu-belediyesi-kentsel-donusum-projesi-telsiz-3.jpg","2048x2048-width":1200,"2048x2048-height":458}},{"ID":2065,"id":2065,"title":"zeytinburnu-belediyesi-kentsel-donusum-projesi-telsiz-2","filename":"zeytinburnu-belediyesi-kentsel-donusum-projesi-telsiz-2.jpg","filesize":177638,"url":"https:\/\/zeytinburnu.istanbul\/wp-content\/uploads\/2021\/08\/zeytinburnu-belediyesi-kentsel-donusum-projesi-telsiz-2.jpg","link":"https:\/\/zeytinburnu.istanbul\/projeler\/kentsel-donusum-kalici-cozum\/telsiz-donusum-projesi\/attachment\/zeytinburnu-belediyesi-kentsel-donusum-projesi-telsiz-2\/","alt":"","author":"1","description":"","caption":"","name":"zeytinburnu-belediyesi-kentsel-donusum-projesi-telsiz-2","status":"inherit","uploaded_to":2063,"date":"2021-08-20 19:03:46","modified":"2021-08-20 19:03:46","menu_order":0,"mime_type":"image\/jpeg","type":"image","subtype":"jpeg","icon":"https:\/\/zeytinburnu.istanbul\/wp-includes\/images\/media\/default.png","width":1200,"height":750,"sizes":{"thumbnail":"https:\/\/zeytinburnu.istanbul\/wp-content\/uploads\/2021\/08\/zeytinburnu-belediyesi-kentsel-donusum-projesi-telsiz-2-720x540.jpg","thumbnail-width":720,"thumbnail-height":540,"medium":"https:\/\/zeytinburnu.istanbul\/wp-content\/uploads\/2021\/08\/zeytinburnu-belediyesi-kentsel-donusum-projesi-telsiz-2-960x600.jpg","medium-width":960,"medium-height":600,"medium_large":"https:\/\/zeytinburnu.istanbul\/wp-content\/uploads\/2021\/08\/zeytinburnu-belediyesi-kentsel-donusum-projesi-telsiz-2-768x480.jpg","medium_large-width":768,"medium_large-height":480,"large":"https:\/\/zeytinburnu.istanbul\/wp-content\/uploads\/2021\/08\/zeytinburnu-belediyesi-kentsel-donusum-projesi-telsiz-2.jpg","large-width":1200,"large-height":750,"1536x1536":"https:\/\/zeytinburnu.istanbul\/wp-content\/uploads\/2021\/08\/zeytinburnu-belediyesi-kentsel-donusum-projesi-telsiz-2.jpg","1536x1536-width":1200,"1536x1536-height":750,"2048x2048":"https:\/\/zeytinburnu.istanbul\/wp-content\/uploads\/2021\/08\/zeytinburnu-belediyesi-kentsel-donusum-projesi-telsiz-2.jpg","2048x2048-width":1200,"2048x2048-height":750}},{"ID":2066,"id":2066,"title":"zeytinburnu-belediyesi-kentsel-donusum-projesi-telsiz-1","filename":"zeytinburnu-belediyesi-kentsel-donusum-projesi-telsiz-1.jpg","filesize":174754,"url":"https:\/\/zeytinburnu.istanbul\/wp-content\/uploads\/2021\/08\/zeytinburnu-belediyesi-kentsel-donusum-projesi-telsiz-1.jpg","link":"https:\/\/zeytinburnu.istanbul\/projeler\/kentsel-donusum-kalici-cozum\/telsiz-donusum-projesi\/attachment\/zeytinburnu-belediyesi-kentsel-donusum-projesi-telsiz-1\/","alt":"","author":"1","description":"","caption":"","name":"zeytinburnu-belediyesi-kentsel-donusum-projesi-telsiz-1","status":"inherit","uploaded_to":2063,"date":"2021-08-20 19:03:47","modified":"2021-08-20 19:03:47","menu_order":0,"mime_type":"image\/jpeg","type":"image","subtype":"jpeg","icon":"https:\/\/zeytinburnu.istanbul\/wp-includes\/images\/media\/default.png","width":1200,"height":750,"sizes":{"thumbnail":"https:\/\/zeytinburnu.istanbul\/wp-content\/uploads\/2021\/08\/zeytinburnu-belediyesi-kentsel-donusum-projesi-telsiz-1-720x540.jpg","thumbnail-width":720,"thumbnail-height":540,"medium":"https:\/\/zeytinburnu.istanbul\/wp-content\/uploads\/2021\/08\/zeytinburnu-belediyesi-kentsel-donusum-projesi-telsiz-1-960x600.jpg","medium-width":960,"medium-height":600,"medium_large":"https:\/\/zeytinburnu.istanbul\/wp-content\/uploads\/2021\/08\/zeytinburnu-belediyesi-kentsel-donusum-projesi-telsiz-1-768x480.jpg","medium_large-width":768,"medium_large-height":480,"large":"https:\/\/zeytinburnu.istanbul\/wp-content\/uploads\/2021\/08\/zeytinburnu-belediyesi-kentsel-donusum-projesi-telsiz-1.jpg","large-width":1200,"large-height":750,"1536x1536":"https:\/\/zeytinburnu.istanbul\/wp-content\/uploads\/2021\/08\/zeytinburnu-belediyesi-kentsel-donusum-projesi-telsiz-1.jpg","1536x1536-width":1200,"1536x1536-height":750,"2048x2048":"https:\/\/zeytinburnu.istanbul\/wp-content\/uploads\/2021\/08\/zeytinburnu-belediyesi-kentsel-donusum-projesi-telsiz-1.jpg","2048x2048-width":1200,"2048x2048-height":750}}],"genel_galeri_basligi":"Proje G\u00f6rselleri","galeri_post_secimi":"","genel_galeri":[{"ID":5605,"id":5605,"title":"1-ihk","filename":"1-ihk.jpg","filesize":93878,"url":"https:\/\/zeytinburnu.istanbul\/wp-content\/uploads\/2021\/10\/1-ihk.jpg","link":"https:\/\/zeytinburnu.istanbul\/projeler\/sosyal-projeler\/insan-haklari-kenti-projesi\/attachment\/1-ihk\/","alt":"","author":"1","description":"","caption":"","name":"1-ihk","status":"inherit","uploaded_to":2117,"date":"2021-10-25 13:34:21","modified":"2021-10-25 13:34:24","menu_order":0,"mime_type":"image\/jpeg","type":"image","subtype":"jpeg","icon":"https:\/\/zeytinburnu.istanbul\/wp-includes\/images\/media\/default.png","width":1200,"height":600,"sizes":{"thumbnail":"https:\/\/zeytinburnu.istanbul\/wp-content\/uploads\/2021\/10\/1-ihk-720x540.jpg","thumbnail-width":720,"thumbnail-height":540,"medium":"https:\/\/zeytinburnu.istanbul\/wp-content\/uploads\/2021\/10\/1-ihk-960x480.jpg","medium-width":960,"medium-height":480,"medium_large":"https:\/\/zeytinburnu.istanbul\/wp-content\/uploads\/2021\/10\/1-ihk-768x384.jpg","medium_large-width":768,"medium_large-height":384,"large":"https:\/\/zeytinburnu.istanbul\/wp-content\/uploads\/2021\/10\/1-ihk.jpg","large-width":1200,"large-height":600,"1536x1536":"https:\/\/zeytinburnu.istanbul\/wp-content\/uploads\/2021\/10\/1-ihk.jpg","1536x1536-width":1200,"1536x1536-height":600,"2048x2048":"https:\/\/zeytinburnu.istanbul\/wp-content\/uploads\/2021\/10\/1-ihk.jpg","2048x2048-width":1200,"2048x2048-height":600}},{"ID":5606,"id":5606,"title":"2-ihk","filename":"2-ihk.jpg","filesize":155113,"url":"https:\/\/zeytinburnu.istanbul\/wp-content\/uploads\/2021\/10\/2-ihk.jpg","link":"https:\/\/zeytinburnu.istanbul\/projeler\/sosyal-projeler\/insan-haklari-kenti-projesi\/attachment\/2-ihk\/","alt":"","author":"1","description":"","caption":"","name":"2-ihk","status":"inherit","uploaded_to":2117,"date":"2021-10-25 13:34:22","modified":"2021-10-25 13:34:22","menu_order":0,"mime_type":"image\/jpeg","type":"image","subtype":"jpeg","icon":"https:\/\/zeytinburnu.istanbul\/wp-includes\/images\/media\/default.png","width":1200,"height":600,"sizes":{"thumbnail":"https:\/\/zeytinburnu.istanbul\/wp-content\/uploads\/2021\/10\/2-ihk-720x540.jpg","thumbnail-width":720,"thumbnail-height":540,"medium":"https:\/\/zeytinburnu.istanbul\/wp-content\/uploads\/2021\/10\/2-ihk-960x480.jpg","medium-width":960,"medium-height":480,"medium_large":"https:\/\/zeytinburnu.istanbul\/wp-content\/uploads\/2021\/10\/2-ihk-768x384.jpg","medium_large-width":768,"medium_large-height":384,"large":"https:\/\/zeytinburnu.istanbul\/wp-content\/uploads\/2021\/10\/2-ihk.jpg","large-width":1200,"large-height":600,"1536x1536":"https:\/\/zeytinburnu.istanbul\/wp-content\/uploads\/2021\/10\/2-ihk.jpg","1536x1536-width":1200,"1536x1536-height":600,"2048x2048":"https:\/\/zeytinburnu.istanbul\/wp-content\/uploads\/2021\/10\/2-ihk.jpg","2048x2048-width":1200,"2048x2048-height":600}}],"kapak_gorseli_icerige_eklensin":false,"image_details":{"thumbnail":{"file":"1-ihk-720x540.jpg","width":720,"height":540,"mime-type":"image\/jpeg","url":"https:\/\/zeytinburnu.istanbul\/wp-content\/uploads\/2021\/10\/1-ihk-720x540.jpg"},"full":{"file":"2021\/10\/1-ihk.jpg","width":1200,"height":600,"mime_type":"image\/jpeg","url":"https:\/\/zeytinburnu.istanbul\/wp-content\/uploads\/2021\/10\/1-ihk.jpg"}}},"_links":{"self":[{"href":"https:\/\/zeytinburnu.istanbul\/api\/wp\/v2\/pages\/2117"}],"collection":[{"href":"https:\/\/zeytinburnu.istanbul\/api\/wp\/v2\/pages"}],"about":[{"href":"https:\/\/zeytinburnu.istanbul\/api\/wp\/v2\/types\/page"}],"author":[{"embeddable":true,"href":"https:\/\/zeytinburnu.istanbul\/api\/wp\/v2\/users\/1"}],"replies":[{"embeddable":true,"href":"https:\/\/zeytinburnu.istanbul\/api\/wp\/v2\/comments?post=2117"}],"version-history":[{"count":1,"href":"https:\/\/zeytinburnu.istanbul\/api\/wp\/v2\/pages\/2117\/revisions"}],"predecessor-version":[{"id":5607,"href":"https:\/\/zeytinburnu.istanbul\/api\/wp\/v2\/pages\/2117\/revisions\/5607"}],"up":[{"embeddable":true,"href":"https:\/\/zeytinburnu.istanbul\/api\/wp\/v2\/pages\/2095"}],"wp:featuredmedia":[{"embeddable":true,"href":"https:\/\/zeytinburnu.istanbul\/api\/wp\/v2\/media\/5605"}],"wp:attachment":[{"href":"https:\/\/zeytinburnu.istanbul\/api\/wp\/v2\/media?parent=2117"}],"curies":[{"name":"wp","href":"https:\/\/api.w.org\/{rel}","templated":true}]}}