

{"id":1924,"date":"2021-08-20T17:15:07","date_gmt":"2021-08-20T14:15:07","guid":{"rendered":"https:\/\/2021.zeytinburnu.istanbul\/?page_id=1924"},"modified":"2025-06-17T14:53:07","modified_gmt":"2025-06-17T11:53:07","slug":"etik-komisyonu","status":"publish","type":"page","link":"https:\/\/zeytinburnu.istanbul\/zeytinburnu-kurumsal\/etik-komisyonu\/","title":{"rendered":"Etik Komisyonu"},"content":{"rendered":"<p>5176 Say\u0131l\u0131 Kanuna dayan\u0131larak haz\u0131rlanan ve 13\/04\/2005 tarihinde y\u00fcr\u00fcrl\u00fc\u011fe giren \u201cKamu G\u00f6revlileri Etik Davran\u0131\u015f \u0130lkeleri \u0130le Ba\u015fvuru Usul ve Esaslar\u0131 Hakk\u0131nda Y\u00f6netmelik\u201d in 29. maddesi gere\u011fince kurum ve kurulu\u015flarda etik k\u00fclt\u00fcr\u00fcn\u00fc yerle\u015ftirmek ve geli\u015ftirmek, personelin etik davran\u0131\u015f ilkeleri konusunda kar\u015f\u0131la\u015ft\u0131klar\u0131 sorunlarla ilgili olarak tavsiyelerde ve y\u00f6nlendirmelerde bulunmak ve etik uygulamalar\u0131 de\u011ferlendirmek \u00fczere, Ba\u015fkanl\u0131\u011f\u0131m\u0131z b\u00fcnyesinde ilk kez 03\/06\/2005 tarihinde Zeytinburnu Belediye Ba\u015fkanl\u0131\u011f\u0131 Etik Komisyonu olu\u015fturulmu\u015f olup, idari g\u00f6revliler aras\u0131ndan olu\u015fturulan komisyonun hali haz\u0131rda g\u00f6rev yapan \u00fcyelerine ait bilgiler a\u015fa\u011f\u0131da yer almaktad\u0131r. Etik Komisyonu \u00fcyelerine ait bilgiler ve komisyon \u00fcyelerine ait de\u011fi\u015fiklikler ayn\u0131 zamanda Ba\u015fbakanl\u0131k Kamu G\u00f6revlileri Etik Kuruluna da g\u00f6nderilmektedir.<\/p>\n<h3>Komisyon Faaliyetleri<\/h3>\n<p>1- Kamu G\u00f6revlileri Etik Davran\u0131\u015f \u0130lkeleri \u0130le Ba\u015fvuru Usul ve Esaslar\u0131 Hakk\u0131ndaki Y\u00f6netmelik y\u00fcr\u00fcrl\u00fc\u011fe girdi\u011fi tarihten sonra, y\u00f6netmelik ekinde \u00f6rne\u011fi yer alan \u201cKamu G\u00f6revlileri Etik S\u00f6zle\u015fmesi\u201d t\u00fcm personele imzalat\u0131larak \u00f6zl\u00fck dosyalar\u0131nda muhafaza edilmi\u015ftir. Bu tarihten sonra g\u00f6reve yeni ba\u015flayan t\u00fcm personellere de g\u00f6revlerine ba\u015flad\u0131klar\u0131 tarihten itibaren imzalat\u0131larak \u00f6zl\u00fck dosyalar\u0131na konulmaya devam edilmektedir.<\/p>\n<p>2- Ba\u015fkanl\u0131\u011f\u0131m\u0131zca, belediyemiz b\u00fcnyesindeki t\u00fcm personelin bilin\u00e7lendirilmesi ve etik davran\u0131\u015f ilkelerine uygun hareket etmelerinin sa\u011flanmas\u0131 amac\u0131yla, 23 Kas\u0131m 2010 tarihinde \u201cKamu Etik Kurallar\u0131 ve Davran\u0131\u015f \u0130lkeleri\u201d konulu hizmet i\u00e7i e\u011fitim program\u0131 d\u00fczenlenmi\u015ftir. Sakarya \u00dcniversitesi \u00d6\u011fretim \u00dcyesi Prof. Dr. Musa Eken taraf\u0131ndan verilen e\u011fitimde, d\u00fcnyada ve \u00fclkemizdeki etik mevzuat ve konu ile ilgili \u00e7al\u0131\u015fmalar hakk\u0131nda gerekli bilgiler verilmi\u015f, bilahare personelin etik davran\u0131\u015f ilkelerini benimsemeleri amac\u0131yla \u00e7e\u015fitli \u00f6rneklemelerle kamudaki etik kurallar ve uygulamalar hakk\u0131nda kar\u015f\u0131l\u0131kl\u0131 g\u00f6r\u00fc\u015fleri de i\u00e7eren bir bilin\u00e7lendirme \u00e7al\u0131\u015fmas\u0131 ger\u00e7ekle\u015ftirilmi\u015ftir.<\/p>\n<p>3- Belediyemiz Etik Komisyonu \u00fcyeleri ile Belediyemizce etik davran\u0131\u015f ilkeleri \u00e7er\u00e7evesinde ger\u00e7ekle\u015ftirilen faaliyetler ve ilgili mevzuata ili\u015fkin t\u00fcm bilgileri i\u00e7eren bir duyuru yaz\u0131s\u0131 haz\u0131rlanarak 26\/05\/2011 tarihinde t\u00fcm birimlere g\u00f6nderilmi\u015f, Ba\u015fkanl\u0131\u011f\u0131m\u0131zda \u00e7al\u0131\u015fan t\u00fcm personelin konu hakk\u0131nda bilgilerinin g\u00fcncellenmesi sa\u011flanm\u0131\u015ft\u0131r.<\/p>\n<p>4- Kamu G\u00f6revlileri Etik Kurulunun kurulu\u015funa ili\u015fkin 5176 say\u0131l\u0131 kanun 25 May\u0131s 2004 tarihinde TBMM\u2019de kabul edilmi\u015ftir. Kamuda etik k\u00fclt\u00fcr\u00fcn\u00fc yerle\u015ftirmek \u00fczere \u00e7al\u0131\u015fmalar yapmak veya yapt\u0131rmak, bu konuda yap\u0131lacak \u00e7al\u0131\u015fmalara destek olmak ve etik uygulamay\u0131 g\u00f6zetmek g\u00f6rev ve yetkisi \u00e7er\u00e7evesinde olu\u015fturulan Kamu G\u00f6revlileri Etik Kurulu 2008 y\u0131l\u0131ndan itibaren her y\u0131l 25 May\u0131s g\u00fcn\u00fcn\u00fcn \u00fclke genelinde \u201cEtik G\u00fcn\u00fc\u201d, ayn\u0131 g\u00fcn\u00fcn yer ald\u0131\u011f\u0131 haftan\u0131n da \u201cEtik Haftas\u0131\u201d olarak kutlanmas\u0131n\u0131 kararla\u015ft\u0131rm\u0131\u015ft\u0131r. Bu kapsamda 2012 -2013-2014 y\u0131llar\u0131nda Etik Haftas\u0131 s\u00fcresince Etik Komisyonumuz taraf\u0131ndan haz\u0131rlanan afi\u015fler belediyemiz ilan panosuna as\u0131lmak ve mail yoluyla t\u00fcm personele g\u00f6nderilmek suretiyle hem personelimizin, hem de vatanda\u015flar\u0131m\u0131z\u0131n bilgilendirilmeleri ve bilin\u00e7lendirilmeleri sa\u011flanm\u0131\u015ft\u0131r.<\/p>\n<p>5- 23\/12\/2016 tarihinde t\u00fcm personelimize y\u00f6nelik \u201cEtik Davran\u0131\u015f \u0130lkeleri\u201d konulu hizmet i\u00e7i e\u011fitim program\u0131 d\u00fczenlenmi\u015ftir. Levent \u00c7\u0130NKO taraf\u0131ndan verilen e\u011fitim ile personelin etik davran\u0131\u015f ilkelerini benimsemeleri ve g\u00f6revlerini yerine getirirken dikkat etmeleri gereken etik kurallar ve etik ilkeler konusunda bilin\u00e7lendirilmeleri, bilgilerini g\u00fcncellemeleri hedeflenmi\u015ftir.<\/p>\n<p>6- 25-31 May\u0131s 2019 Etik Haftas\u0131 s\u00fcresince Belediyemiz Etik Komisyonu taraf\u0131ndan haz\u0131rlanan afi\u015fler, belediyemiz ilan panosunda as\u0131lmak ve g\u00f6rseller mail yoluyla t\u00fcm personele g\u00f6nderilmek suretiyle, hem personelimizin hem de vatanda\u015flar\u0131m\u0131z\u0131n bilgilendirilmeleri ve bilin\u00e7lendirilmeleri sa\u011flanm\u0131\u015ft\u0131r.<\/p>\n<p>7- 25-31 May\u0131s 2021 Etik Haftas\u0131 s\u00fcresince Belediyemiz Etik Komisyonu taraf\u0131ndan haz\u0131rlanan afi\u015fler, belediyemiz ilan panosunda as\u0131lmak ve g\u00f6rseller mail yoluyla t\u00fcm personele g\u00f6nderilmek suretiyle, hem personelimizin hem de vatanda\u015flar\u0131m\u0131z\u0131n bilgilendirilmeleri ve bilin\u00e7lendirilmeleri sa\u011flanm\u0131\u015ft\u0131r.<\/p>\n<p>8- 07\/10\/2021 tarihli yaz\u0131 ile, kamu g\u00f6revlilerinin sosyal medya payla\u015f\u0131mlar\u0131nda uymalar\u0131 gereken etik ilkeleri belirleyen Kamu G\u00f6revlileri Etik Kurulu taraf\u0131ndan al\u0131nan 20.09.2021 tarih 2021\/81 no\u2019lu \u201cKamu G\u00f6revlileri Etik Kurulu \u0130lke Karar\u0131\u201d t\u00fcm birimlerimize da\u011f\u0131t\u0131larak personelin bilgilendirilmesi sa\u011flanm\u0131\u015ft\u0131r.<\/p>\n<p>9- Belediyemiz b\u00fcnyesinde, 27-29 Aral\u0131k 2021 tarihlerinde iki oturum \u015feklinde \u201cKamuda Etik Davran\u0131\u015f ve Etik \u0130lkeler\u201d konulu Hizmet i\u00e7i E\u011fitim program\u0131 d\u00fczenlendi. Kamu G\u00f6revlileri Etik Kurulu Etik E\u011fiticisi Sosyal \u00c7al\u0131\u015fmac\u0131 Kenan TOP\u00c7U taraf\u0131ndan sadece belediyemiz \u00e7al\u0131\u015fanlar\u0131 i\u00e7in Zoom \u00fczerinden verilen e\u011fitime, masa ba\u015f\u0131 \u00e7al\u0131\u015fan personelin belirlenen link \u00fczerinden, di\u011fer \u00e7al\u0131\u015fanlar\u0131n ise Konferans Salonundan izlemek suretiyle kat\u0131lmalar\u0131 sa\u011fland\u0131.<\/p>\n<p>10- 02.2023 tarihinde Aday Memurlar\u0131n Haz\u0131rlay\u0131c\u0131 E\u011fitim Program\u0131 kapsam\u0131nda, 49 aday memura \u201cKamu Y\u00f6netiminde Etik ve Etik Davran\u0131\u015f \u0130lkeleri\u201d konulu e\u011fitim verildi.<\/p>\n<p>11- 25 May\u0131s Etik G\u00fcn\u00fc ve 25-31 May\u0131s 2024 Etik Haftas\u0131 nedeniyle, Belediyemiz Etik Komisyonu\u2019nca haz\u0131rlanan afi\u015fler, ilan panolar\u0131m\u0131za as\u0131lmak suretiyle hem personelin, hem de vatanda\u015flar\u0131m\u0131z\u0131n bilgilendirilmeleri sa\u011fland\u0131. Ayr\u0131ca Kamu G\u00f6revlileri Etik Kurulu web sitesinde yer alan 2 adet e\u011fitim videosu linki t\u00fcm personelimiz ile payla\u015f\u0131larak mail adresleri \u00fczerinden izlendi.<\/p>\n<p>12- 24.02.2025 tarihinde Aday Memurlar\u0131n Haz\u0131rlay\u0131c\u0131 E\u011fitim Program\u0131 kapsam\u0131nda, 2 aday memura \u201cKamu Y\u00f6netiminde Etik ve Etik Davran\u0131\u015f \u0130lkeleri\u201d konulu e\u011fitim verildi.<\/p>\n<p>13- 25 May\u0131s Etik G\u00fcn\u00fc ve 25-31 May\u0131s 2025 Etik Haftas\u0131 m\u00fcnasebetiyle \u201cKamu G\u00f6revlileri Etik Kurulu\u201d web sitesinde bulunan iki adet e\u011fitim videosu t\u00fcm personelimizin payla\u015f\u0131m\u0131na a\u00e7\u0131larak izlemeleri sa\u011flanm\u0131\u015f ve konu ile ilgili etik g\u00f6rseller de mail ortam\u0131nda ve ilan panolar\u0131m\u0131za as\u0131larak hem personelimiz hem de vatanda\u015flar\u0131m\u0131z bilgilendirilmi\u015ftir.<\/p>\n<p><div><a class=\"btn btn--primary btn--i-right mb-2\" href=\"https:\/\/zeytinburnu.istanbul\/wp-content\/uploads\/2021\/11\/20_09_2021_Kamu_gorevlileri_etik_ilke_karari.pdf\" target=\"_blank\"><span class=\"btn__txt\">KAMU G\u00d6REVL\u0130LER\u0130 ET\u0130K KURULU \u0130LKE KARARI<\/span><span class=\"btn__icon icon-font\"><svg class=\"icon icon-font\"><use xlink:href=\"https:\/\/zeytinburnu.istanbul\/wp-content\/themes\/zb-theme\/assets\/icons\/icons.svg#icon-arrow-r\"><\/use><\/svg><\/span><\/a><\/div><br \/>\n<div><a class=\"btn btn--primary btn--i-right mb-2\" href=\"https:\/\/zeytinburnu.istanbul\/wp-content\/uploads\/2021\/08\/dokuman-etikyon.pdf\" target=\"_blank\"><span class=\"btn__txt\">KAMU G\u00d6REVL\u0130LER\u0130 ET\u0130K KURULU KURULMASI VE BAZI KANUNLARDA DE\u011e\u0130\u015e\u0130KL\u0130K YAPILMASI HAKKINDA KANUN<\/span><span class=\"btn__icon icon-font\"><svg class=\"icon icon-font\"><use xlink:href=\"https:\/\/zeytinburnu.istanbul\/wp-content\/themes\/zb-theme\/assets\/icons\/icons.svg#icon-arrow-r\"><\/use><\/svg><\/span><\/a><\/div><br \/>\n<div><a class=\"btn btn--primary btn--i-right mb-2\" href=\"https:\/\/www.mevzuat.gov.tr\/mevzuat?MevzuatNo=8044&amp;MevzuatTur=7&amp;MevzuatTertip=5\" target=\"_blank\"><span class=\"btn__txt\">KAMU G\u00d6REVL\u0130LER\u0130 ET\u0130K DAVRANI\u015e \u0130LKELER\u0130 \u0130LE BA\u015eVURU USUL VE ESASLARI HAKKINDA Y\u00d6NETMEL\u0130K<\/span><span class=\"btn__icon icon-font\"><svg class=\"icon icon-font\"><use xlink:href=\"https:\/\/zeytinburnu.istanbul\/wp-content\/themes\/zb-theme\/assets\/icons\/icons.svg#icon-arrow-r\"><\/use><\/svg><\/span><\/a><\/div><\/p>\n<p><div><a class=\"btn btn--primary btn--i-right mb-2\" href=\"https:\/\/zeytinburnu.istanbul\/wp-content\/uploads\/2021\/09\/dokuman_2021EtikHaftasi.pdf\" target=\"_blank\"><span class=\"btn__txt\">2021 ET\u0130K HAFTASI<\/span><span class=\"btn__icon icon-font\"><svg class=\"icon icon-font\"><use xlink:href=\"https:\/\/zeytinburnu.istanbul\/wp-content\/themes\/zb-theme\/assets\/icons\/icons.svg#icon-arrow-r\"><\/use><\/svg><\/span><\/a><\/div><br \/>\n<div><a class=\"btn btn--primary btn--i-right mb-2\" href=\"https:\/\/zeytinburnu.istanbul\/wp-content\/uploads\/2021\/09\/dokuman_2019_Etik_Haftasi.pdf\" target=\"_blank\"><span class=\"btn__txt\">2019 ET\u0130K HAFTASI<\/span><span class=\"btn__icon icon-font\"><svg class=\"icon icon-font\"><use xlink:href=\"https:\/\/zeytinburnu.istanbul\/wp-content\/themes\/zb-theme\/assets\/icons\/icons.svg#icon-arrow-r\"><\/use><\/svg><\/span><\/a><\/div><\/p>\n<h3>Zeytinburnu Belediye Ba\u015fkanl\u0131\u011f\u0131 Etik Komisyon \u00dcyeleri<\/h3>\n<table>\n<tbody>\n<tr>\n<td><strong>G\u00f6revi<\/strong><\/td>\n<td><strong>Ad\u0131 Soyad\u0131<\/strong><\/td>\n<td><strong>Mail Adresi<\/strong><\/td>\n<\/tr>\n<tr>\n<td><strong>Komisyon Ba\u015fkan\u0131<\/strong><\/td>\n<td>Av. Saffet \u00d6Z<\/td>\n<td><a href=\"mailto:soz@zeytinburnu.bel.tr\">soz@zeytinburnu.bel.tr<\/a><\/td>\n<\/tr>\n<tr>\n<td><strong>\u00dcye<\/strong><\/td>\n<td>Av. T\u00fcrkan KARATEK\u0130N<\/td>\n<td><a href=\"mailto:tkaratekin@zeytinburnu.bel.tr\">tkaratekin@zeytinburnu.bel.tr<\/a><\/td>\n<\/tr>\n<tr>\n<td><strong>\u00dcye<\/strong><\/td>\n<td>Habibe DARCAN<\/td>\n<td><a href=\"mailto:hdarcan@zeytinburnu.bel.tr\">hdarcan@zeytinburnu.bel.tr<\/a><\/td>\n<\/tr>\n<\/tbody>\n<\/table>\n","protected":false},"excerpt":{"rendered":"<p>5176 Say\u0131l\u0131 Kanuna dayan\u0131larak haz\u0131rlanan ve 13\/04\/2005 tarihinde y\u00fcr\u00fcrl\u00fc\u011fe giren \u201cKamu G\u00f6revlileri Etik Davran\u0131\u015f \u0130lkeleri \u0130le Ba\u015fvuru Usul ve Esaslar\u0131 Hakk\u0131nda Y\u00f6netmelik\u201d in 29. maddesi gere\u011fince kurum ve kurulu\u015flarda etik k\u00fclt\u00fcr\u00fcn\u00fc yerle\u015ftirmek ve geli\u015ftirmek, personelin etik davran\u0131\u015f ilkeleri konusunda kar\u015f\u0131la\u015ft\u0131klar\u0131 sorunlarla ilgili olarak tavsiyelerde ve y\u00f6nlendirmelerde bulunmak ve etik uygulamalar\u0131 de\u011ferlendirmek \u00fczere, Ba\u015fkanl\u0131\u011f\u0131m\u0131z b\u00fcnyesinde ilk [&hellip;]<\/p>\n","protected":false},"author":1,"featured_media":0,"parent":49,"menu_order":76,"comment_status":"closed","ping_status":"closed","template":"page-council-members-temp.php","meta":{"inline_featured_image":false,"footnotes":""},"acf":[],"yoast_head":"<!-- This site is optimized with the Yoast SEO plugin v21.5 - https:\/\/yoast.com\/wordpress\/plugins\/seo\/ -->\n<title>Etik Komisyonu - Zeytinburnu Belediyesi<\/title>\n<meta name=\"robots\" content=\"index, follow, max-snippet:-1, max-image-preview:large, max-video-preview:-1\" \/>\n<link rel=\"canonical\" href=\"https:\/\/zeytinburnu.istanbul\/zeytinburnu-kurumsal\/etik-komisyonu\/\" \/>\n<meta property=\"og:locale\" content=\"tr_TR\" \/>\n<meta property=\"og:type\" content=\"article\" \/>\n<meta property=\"og:title\" content=\"Etik Komisyonu - Zeytinburnu Belediyesi\" \/>\n<meta property=\"og:description\" content=\"5176 Say\u0131l\u0131 Kanuna dayan\u0131larak haz\u0131rlanan ve 13\/04\/2005 tarihinde y\u00fcr\u00fcrl\u00fc\u011fe giren \u201cKamu G\u00f6revlileri Etik Davran\u0131\u015f \u0130lkeleri \u0130le Ba\u015fvuru Usul ve Esaslar\u0131 Hakk\u0131nda Y\u00f6netmelik\u201d in 29. maddesi gere\u011fince kurum ve kurulu\u015flarda etik k\u00fclt\u00fcr\u00fcn\u00fc yerle\u015ftirmek ve geli\u015ftirmek, personelin etik davran\u0131\u015f ilkeleri konusunda kar\u015f\u0131la\u015ft\u0131klar\u0131 sorunlarla ilgili olarak tavsiyelerde ve y\u00f6nlendirmelerde bulunmak ve etik uygulamalar\u0131 de\u011ferlendirmek \u00fczere, Ba\u015fkanl\u0131\u011f\u0131m\u0131z b\u00fcnyesinde ilk [&hellip;]\" \/>\n<meta property=\"og:url\" content=\"https:\/\/zeytinburnu.istanbul\/zeytinburnu-kurumsal\/etik-komisyonu\/\" \/>\n<meta property=\"og:site_name\" content=\"Zeytinburnu Belediyesi\" \/>\n<meta property=\"article:publisher\" content=\"https:\/\/web.facebook.com\/zeytinburnubld\/\" \/>\n<meta property=\"article:modified_time\" content=\"2025-06-17T11:53:07+00:00\" \/>\n<meta property=\"og:image\" content=\"https:\/\/zeytinburnu.istanbul\/wp-content\/uploads\/2021\/08\/zeytinburnu-belediyesi-yatay-logo-kapak.jpg\" \/>\n\t<meta property=\"og:image:width\" content=\"1579\" \/>\n\t<meta property=\"og:image:height\" content=\"1117\" \/>\n\t<meta property=\"og:image:type\" content=\"image\/jpeg\" \/>\n<meta name=\"twitter:card\" content=\"summary_large_image\" \/>\n<meta name=\"twitter:site\" content=\"@zeytinburnubld\" \/>\n<meta name=\"twitter:label1\" content=\"Tahmini okuma s\u00fcresi\" \/>\n\t<meta name=\"twitter:data1\" content=\"5 dakika\" \/>\n<script type=\"application\/ld+json\" class=\"yoast-schema-graph\">{\"@context\":\"https:\/\/schema.org\",\"@graph\":[{\"@type\":\"WebPage\",\"@id\":\"https:\/\/zeytinburnu.istanbul\/zeytinburnu-kurumsal\/etik-komisyonu\/\",\"url\":\"https:\/\/zeytinburnu.istanbul\/zeytinburnu-kurumsal\/etik-komisyonu\/\",\"name\":\"Etik Komisyonu - Zeytinburnu Belediyesi\",\"isPartOf\":{\"@id\":\"https:\/\/zeytinburnu.istanbul\/#website\"},\"datePublished\":\"2021-08-20T14:15:07+00:00\",\"dateModified\":\"2025-06-17T11:53:07+00:00\",\"breadcrumb\":{\"@id\":\"https:\/\/zeytinburnu.istanbul\/zeytinburnu-kurumsal\/etik-komisyonu\/#breadcrumb\"},\"inLanguage\":\"tr\",\"potentialAction\":[{\"@type\":\"ReadAction\",\"target\":[\"https:\/\/zeytinburnu.istanbul\/zeytinburnu-kurumsal\/etik-komisyonu\/\"]}]},{\"@type\":\"BreadcrumbList\",\"@id\":\"https:\/\/zeytinburnu.istanbul\/zeytinburnu-kurumsal\/etik-komisyonu\/#breadcrumb\",\"itemListElement\":[{\"@type\":\"ListItem\",\"position\":1,\"name\":\"Anasayfa\",\"item\":\"https:\/\/zeytinburnu.istanbul\/\"},{\"@type\":\"ListItem\",\"position\":2,\"name\":\"Zeytinburnu Kurumsal\",\"item\":\"https:\/\/zeytinburnu.istanbul\/zeytinburnu-kurumsal\/\"},{\"@type\":\"ListItem\",\"position\":3,\"name\":\"Etik Komisyonu\"}]},{\"@type\":\"WebSite\",\"@id\":\"https:\/\/zeytinburnu.istanbul\/#website\",\"url\":\"https:\/\/zeytinburnu.istanbul\/\",\"name\":\"Zeytinburnu Belediyesi\",\"description\":\"\",\"potentialAction\":[{\"@type\":\"SearchAction\",\"target\":{\"@type\":\"EntryPoint\",\"urlTemplate\":\"https:\/\/zeytinburnu.istanbul\/?s={search_term_string}\"},\"query-input\":\"required name=search_term_string\"}],\"inLanguage\":\"tr\"}]}<\/script>\n<!-- \/ Yoast SEO plugin. -->","yoast_head_json":{"title":"Etik Komisyonu - Zeytinburnu Belediyesi","robots":{"index":"index","follow":"follow","max-snippet":"max-snippet:-1","max-image-preview":"max-image-preview:large","max-video-preview":"max-video-preview:-1"},"canonical":"https:\/\/zeytinburnu.istanbul\/zeytinburnu-kurumsal\/etik-komisyonu\/","og_locale":"tr_TR","og_type":"article","og_title":"Etik Komisyonu - Zeytinburnu Belediyesi","og_description":"5176 Say\u0131l\u0131 Kanuna dayan\u0131larak haz\u0131rlanan ve 13\/04\/2005 tarihinde y\u00fcr\u00fcrl\u00fc\u011fe giren \u201cKamu G\u00f6revlileri Etik Davran\u0131\u015f \u0130lkeleri \u0130le Ba\u015fvuru Usul ve Esaslar\u0131 Hakk\u0131nda Y\u00f6netmelik\u201d in 29. maddesi gere\u011fince kurum ve kurulu\u015flarda etik k\u00fclt\u00fcr\u00fcn\u00fc yerle\u015ftirmek ve geli\u015ftirmek, personelin etik davran\u0131\u015f ilkeleri konusunda kar\u015f\u0131la\u015ft\u0131klar\u0131 sorunlarla ilgili olarak tavsiyelerde ve y\u00f6nlendirmelerde bulunmak ve etik uygulamalar\u0131 de\u011ferlendirmek \u00fczere, Ba\u015fkanl\u0131\u011f\u0131m\u0131z b\u00fcnyesinde ilk [&hellip;]","og_url":"https:\/\/zeytinburnu.istanbul\/zeytinburnu-kurumsal\/etik-komisyonu\/","og_site_name":"Zeytinburnu Belediyesi","article_publisher":"https:\/\/web.facebook.com\/zeytinburnubld\/","article_modified_time":"2025-06-17T11:53:07+00:00","og_image":[{"width":1579,"height":1117,"url":"https:\/\/zeytinburnu.istanbul\/wp-content\/uploads\/2021\/08\/zeytinburnu-belediyesi-yatay-logo-kapak.jpg","type":"image\/jpeg"}],"twitter_card":"summary_large_image","twitter_site":"@zeytinburnubld","twitter_misc":{"Tahmini okuma s\u00fcresi":"5 dakika"},"schema":{"@context":"https:\/\/schema.org","@graph":[{"@type":"WebPage","@id":"https:\/\/zeytinburnu.istanbul\/zeytinburnu-kurumsal\/etik-komisyonu\/","url":"https:\/\/zeytinburnu.istanbul\/zeytinburnu-kurumsal\/etik-komisyonu\/","name":"Etik Komisyonu - Zeytinburnu Belediyesi","isPartOf":{"@id":"https:\/\/zeytinburnu.istanbul\/#website"},"datePublished":"2021-08-20T14:15:07+00:00","dateModified":"2025-06-17T11:53:07+00:00","breadcrumb":{"@id":"https:\/\/zeytinburnu.istanbul\/zeytinburnu-kurumsal\/etik-komisyonu\/#breadcrumb"},"inLanguage":"tr","potentialAction":[{"@type":"ReadAction","target":["https:\/\/zeytinburnu.istanbul\/zeytinburnu-kurumsal\/etik-komisyonu\/"]}]},{"@type":"BreadcrumbList","@id":"https:\/\/zeytinburnu.istanbul\/zeytinburnu-kurumsal\/etik-komisyonu\/#breadcrumb","itemListElement":[{"@type":"ListItem","position":1,"name":"Anasayfa","item":"https:\/\/zeytinburnu.istanbul\/"},{"@type":"ListItem","position":2,"name":"Zeytinburnu Kurumsal","item":"https:\/\/zeytinburnu.istanbul\/zeytinburnu-kurumsal\/"},{"@type":"ListItem","position":3,"name":"Etik Komisyonu"}]},{"@type":"WebSite","@id":"https:\/\/zeytinburnu.istanbul\/#website","url":"https:\/\/zeytinburnu.istanbul\/","name":"Zeytinburnu Belediyesi","description":"","potentialAction":[{"@type":"SearchAction","target":{"@type":"EntryPoint","urlTemplate":"https:\/\/zeytinburnu.istanbul\/?s={search_term_string}"},"query-input":"required name=search_term_string"}],"inLanguage":"tr"}]}},"meta_data":{"ikincil_baslik":"","giris_metni":"","akordion_icerik":[{"baslik":"\u0130mar Komisyonu","icerik":"<ul>\n<li>Mahmut \u015eeng\u00fcl<\/li>\n<li>Adem Uluocak<\/li>\n<li>\u0130brahim Cin<\/li>\n<li>\u0130smail Terzi<\/li>\n<li>S\u00fcleyman Uluocak<\/li>\n<\/ul>\n"},{"baslik":"Plan ve B\u00fct\u00e7e Komisyonu","icerik":"<ul>\n<li>Fatih Aydo\u011fan<\/li>\n<li>Beytullah B\u0131y\u0131k<\/li>\n<li>R\u0131dvan Durmaz<\/li>\n<li>D\u00fczg\u00fcn Kaya<\/li>\n<li>Selamettin Yeniyol<\/li>\n<\/ul>\n"},{"baslik":"Hukuk Komisyonu","icerik":"<ul>\n<li>Muhammet Kaynar<\/li>\n<li>Y\u00fccel Elibol<\/li>\n<li>Re\u015fat Ok<\/li>\n<li>As\u0131m G\u00fcven<\/li>\n<li>Hasan H\u00fcseyin \u00dcsk\u00fcdar<\/li>\n<\/ul>\n"},{"baslik":"Tarife Komisyonu","icerik":"<ul>\n<li>Sami Yapar<\/li>\n<li>R\u0131dvan \u00c7akar<\/li>\n<li>Re\u015fide Y\u00fcksel<\/li>\n<li>Cemal Aydar<\/li>\n<li>Mustafa G\u00fcreler<\/li>\n<\/ul>\n"},{"baslik":"E\u011fitim Gen\u00e7lik ve Spor Komisyonu","icerik":"<ul>\n<li>Fatma Balc\u0131<\/li>\n<li>Serdar Duran<\/li>\n<li>Fikret Tun\u00e7er<\/li>\n<li>Selamettin Yeniyol<\/li>\n<li>Sat\u0131lm\u0131\u015f Oral<\/li>\n<\/ul>\n"},{"baslik":"K\u00fclt\u00fcr Turizm ve \u00c7evre Komisyonu","icerik":"<ul>\n<li>C\u00fcneyt Tezcan<\/li>\n<li>Halis \u00d6zgen\u00e7<\/li>\n<li>Hakan G\u00fcler<\/li>\n<li>Ey\u00fcp Cankurtaran<\/li>\n<li>\u015eemsettin Loklar<\/li>\n<\/ul>\n"},{"baslik":"Engelliler ve \u0130nsan Haklar\u0131 Komisyonu","icerik":"<ul>\n<li>Bilal Akg\u00fcl<\/li>\n<li>Abd\u00fclhakim Kaya<\/li>\n<li>R\u0131dvan Durmaz<\/li>\n<li>Ey\u00fcp Cankurtaran<\/li>\n<li>\u015eemsettin Loklar<\/li>\n<\/ul>\n"},{"baslik":"Aile Ve Kad\u0131n Destekleme Komisyonu","icerik":"<ul>\n<li>Re\u015fide Y\u00fcksel<\/li>\n<li>Fikret Tun\u00e7er<\/li>\n<li>Beytullah B\u0131y\u0131k<\/li>\n<li>Mustafa G\u00fcreler<\/li>\n<li>Sat\u0131lm\u0131\u015f Oral<\/li>\n<\/ul>\n"},{"baslik":"Kensel D\u00f6n\u00fc\u015f\u00fcm Deprem Ve Do\u011fal Afetler Komisyonu","icerik":"<ul>\n<li>Adem Uluocak<\/li>\n<li>Ali \u00c7ebi<\/li>\n<li>R\u0131dvan \u00c7akar<\/li>\n<li>Hasan Ali Hay\u0131ro\u011flu<\/li>\n<li>Metin Aytekin Gazio\u011flu<\/li>\n<\/ul>\n"},{"baslik":"Ba\u011f\u0131ml\u0131l\u0131kla M\u00fccadele ve Sosyal Hizmetler Komisyonu","icerik":"<ul>\n<li>Abd\u00fclhakim Kaya<\/li>\n<li>Halis \u00d6zgen\u00e7<\/li>\n<li>Re\u015fat Ok<\/li>\n<li>Cemal Aydar<\/li>\n<li>Ey\u00fcp Cankurtaran<\/li>\n<\/ul>\n"}],"sidebar_tipi":"varsayilan","genel_galeri_basligi":"Galeri","galeri_post_secimi":"","genel_galeri":false,"secili_kisiler":[{"ID":994,"post_author":"1","post_date":"2021-08-10 10:25:57","post_date_gmt":"2021-08-10 07:25:57","post_content":"Mardin n\u00fcfusuna kay\u0131tl\u0131 olup 1975 do\u011fumludur. \u0130lk ve orta e\u011fitimini memleketinde bitirdikten sonra, y\u00fcksek e\u011fitimini \u0130stanbul Marmara \u00dcniversitesi Hukuk Fak\u00fcltesi\u2019nde tamamlam\u0131\u015ft\u0131r. Avukatl\u0131k staj\u0131ndan sonra, serbest avukat olarak \u00e7al\u0131\u015ft\u0131. Mesle\u011fini icra ederken, Ak Parti\u2019de siyaset ile ilgilendi.2008 tarihinden itibaren, Zeytinburnu AK Parti\u2019de birim ba\u015fkan\u0131 olarak il\u00e7e ba\u015fkan yard\u0131mc\u0131l\u0131\u011f\u0131 yapt\u0131. Se\u00e7im i\u015flerinde ve se\u00e7im koordinasyon birimlerinde, faaliyetleri sevk ve idare etti. 2014 yerel se\u00e7iminde Zeytinburnu ve \u0130stanbul B\u00fcy\u00fck\u015fehir Belediye Meclis \u00dcyesi olarak se\u00e7ildi.","post_title":"Saffet \u00d6Z","post_excerpt":"","post_status":"publish","comment_status":"closed","ping_status":"closed","post_password":"","post_name":"saffet-oz","to_ping":"","pinged":"","post_modified":"2021-08-20 15:04:02","post_modified_gmt":"2021-08-20 12:04:02","post_content_filtered":"","post_parent":0,"guid":"https:\/\/2021.zeytinburnu.istanbul\/?post_type=personel&#038;p=994","menu_order":0,"post_type":"personel","post_mime_type":"","comment_count":"0","filter":"raw"},{"ID":1045,"post_author":"1","post_date":"2021-08-10 12:18:18","post_date_gmt":"2021-08-10 09:18:18","post_content":"1966 y\u0131l\u0131nda \u0130stanbul'da do\u011fdu. \u0130stanbul \u00dcniversitesi Hukuk Fak\u00fcltesi'nden 1988 y\u0131l\u0131nda mezun oldu. K\u0131sa bir s\u00fcre serbest avukatl\u0131k yapt\u0131. 1991 y\u0131l\u0131nda Zeytinburnu Belediyesi'nde avukat olarak g\u00f6reve ba\u015flad\u0131. H\u00e2len Zeytinburnu Belediyesi\u2019nde Hukuk \u0130\u015fleri M\u00fcd\u00fcr\u00fc olarak g\u00f6rev yapmaktad\u0131r. Evli ve bir \u00e7ocuk annesidir.","post_title":"T\u00fcrkan KARATEK\u0130N","post_excerpt":"","post_status":"publish","comment_status":"closed","ping_status":"closed","post_password":"","post_name":"turkan-karatekin","to_ping":"","pinged":"","post_modified":"2026-04-09 16:06:08","post_modified_gmt":"2026-04-09 13:06:08","post_content_filtered":"","post_parent":0,"guid":"https:\/\/2021.zeytinburnu.istanbul\/?post_type=personel&#038;p=1045","menu_order":0,"post_type":"personel","post_mime_type":"","comment_count":"0","filter":"raw"},{"ID":1156,"post_author":"1","post_date":"2021-08-10 17:45:29","post_date_gmt":"2021-08-10 14:45:29","post_content":"<p style=\"text-align: left;\">22 Mart 1966 tarihinde Zeytinburnu\u2019nda do\u011fdu. \u0130lkokul, ortaokul ve lise \u00f6\u011frenimini Zeytinburnu\u2019nda tamamlad\u0131ktan sonra 01\/02\/1985 tarihinde Zeytinburnu Belediyesi Personel \u0130\u015fleri M\u00fcd\u00fcrl\u00fc\u011f\u00fcnde ba\u015flad\u0131\u011f\u0131 memuriyet hayat\u0131na, 1993 y\u0131l\u0131nda \u015eef olarak, 2004 y\u0131l\u0131ndan itibaren de M\u00fcd\u00fcr olarak devam etti. Anadolu \u00dcniversitesi Sosyal Bilimler B\u00f6l\u00fcm\u00fc mezunudur. Zeytinburnu\u2019da ikamet etmekte olup, evli ve 1 \u00e7ocuk annesi olan ilgili halen Genel Evrak Kay\u0131t B\u00fcrosu, Enc\u00fcmen-Meclis-\u0130hale-Cimer-Bilgi Edinme \u0130\u015flemleri B\u00fcrosu, \u0130nsan Kaynaklar\u0131 ve E\u011fitim B\u00fcrosu ve Evlendirme B\u00fcrosuna ait i\u015f ve i\u015flemlerin y\u00fcr\u00fct\u00fclmesinden sorumlu Yaz\u0131 \u0130\u015fleri M\u00fcd\u00fcr\u00fc olarak g\u00f6rev yapmaktad\u0131r.<\/p>","post_title":"Habibe DARCAN","post_excerpt":"","post_status":"publish","comment_status":"closed","ping_status":"closed","post_password":"","post_name":"habibe-darcan","to_ping":"","pinged":"","post_modified":"2026-04-09 16:08:25","post_modified_gmt":"2026-04-09 13:08:25","post_content_filtered":"","post_parent":0,"guid":"https:\/\/2021.zeytinburnu.istanbul\/?post_type=personel&#038;p=1156","menu_order":0,"post_type":"personel","post_mime_type":"","comment_count":"0","filter":"raw"}],"kapak_gorseli_icerige_eklensin":false,"image_details":{"thumbnail":{"url":false},"full":{"file":null,"width":null,"height":null,"mime_type":"","url":false}}},"_links":{"self":[{"href":"https:\/\/zeytinburnu.istanbul\/api\/wp\/v2\/pages\/1924"}],"collection":[{"href":"https:\/\/zeytinburnu.istanbul\/api\/wp\/v2\/pages"}],"about":[{"href":"https:\/\/zeytinburnu.istanbul\/api\/wp\/v2\/types\/page"}],"author":[{"embeddable":true,"href":"https:\/\/zeytinburnu.istanbul\/api\/wp\/v2\/users\/1"}],"replies":[{"embeddable":true,"href":"https:\/\/zeytinburnu.istanbul\/api\/wp\/v2\/comments?post=1924"}],"version-history":[{"count":11,"href":"https:\/\/zeytinburnu.istanbul\/api\/wp\/v2\/pages\/1924\/revisions"}],"predecessor-version":[{"id":67134,"href":"https:\/\/zeytinburnu.istanbul\/api\/wp\/v2\/pages\/1924\/revisions\/67134"}],"up":[{"embeddable":true,"href":"https:\/\/zeytinburnu.istanbul\/api\/wp\/v2\/pages\/49"}],"wp:attachment":[{"href":"https:\/\/zeytinburnu.istanbul\/api\/wp\/v2\/media?parent=1924"}],"curies":[{"name":"wp","href":"https:\/\/api.w.org\/{rel}","templated":true}]}}