

{"id":1747,"date":"2021-08-20T15:33:48","date_gmt":"2021-08-20T12:33:48","guid":{"rendered":"https:\/\/2021.zeytinburnu.istanbul\/?page_id=1747"},"modified":"2024-05-27T15:16:36","modified_gmt":"2024-05-27T12:16:36","slug":"tarihce","status":"publish","type":"page","link":"https:\/\/zeytinburnu.istanbul\/zeytinburnu-kurumsal\/tarihce\/","title":{"rendered":"Zeytinburnu Tarih\u00e7esi"},"content":{"rendered":"<p>Zeytinburnu bug\u00fcn oldu\u011fu gibi, ge\u00e7mi\u015fte de \u0130stanbul\u2019un Bat\u0131\u2019ya, Avrupa\u2019ya a\u00e7\u0131lan kap\u0131s\u0131yd\u0131. Bu konumu nedeniyle farkl\u0131 k\u00fclt\u00fcr, dil ve inan\u00e7lar\u0131n birle\u015fme noktas\u0131yd\u0131. B\u00fcnyesinde hep kozmopolit bir demografiyi bar\u0131nd\u0131rd\u0131.<\/p>\n<p>Denize paralel d\u00fcz topografyas\u0131 sayesinde \u00e7ok eskiden beri uluslararas\u0131 ula\u015f\u0131m a\u011f\u0131n\u0131n i\u00e7inde kalmay\u0131 ba\u015fard\u0131. Dolay\u0131s\u0131yla her zaman bir ticaret ve cazibe merkezi oldu ve belli d\u00f6nemlerde yo\u011fun g\u00f6\u00e7 ald\u0131.<\/p>\n<h3>Romal\u0131lardan Osmanl\u0131 d\u00f6nemine uzanan en \u00f6nemli ula\u015f\u0131m yolu Zeytinburnu&#8217;dan ge\u00e7iyordu.<\/h3>\n<p>Romal\u0131lar taraf\u0131ndan M\u00d6 2. y\u00fczy\u0131lda yap\u0131lan ve Adriyatik\u2019i \u0130stanbul\u2019a ba\u011flayan Egnatia yolu Zeytinburnu&#8217;dan ge\u00e7iyordu. Yakla\u015f\u0131k 1200 km uzunlu\u011fundaki Egnatia yolu Roma&#8217;n\u0131n dev ula\u015f\u0131m a\u011f\u0131n\u0131n \u00f6nemli bir koluydu. Ayr\u0131ca imparatorlu\u011fun Balkanlar ve Trakya \u00fczerindeki h\u00e2kimiyetinin de g\u00fc\u00e7l\u00fc bir sembol\u00fcyd\u00fc. Bu g\u00fczergah Osmanl\u0131 d\u00f6neminde de \u00f6nemini korudu.<\/p>\n<h3>5. y\u00fczy\u0131lda b\u00f6lgeye \u00e7ok \u00f6nemli din\u00ee ve siyasi yap\u0131lar in\u015fa edildi.<\/h3>\n<p>5. y\u00fczy\u0131la gelindi\u011finde Zeytinburnu Bizans imparatorlu\u011funun g\u00f6zde yerle\u015fim yerlerinden biri oldu. Bu y\u00fczy\u0131l\u0131n ikinci yar\u0131s\u0131nda imparator I. Leo Panayia Kilisesi\u2019ni ve hemen yan\u0131ndaki Bal\u0131kl\u0131 Ayazmas\u0131\u2019n\u0131 in\u015fa ettirdi. Daha sonra imparator I. Iustinianos, bu kiliseyi onararak geni\u015fletti ve o g\u00fcnden bug\u00fcne baz\u0131 patrik cenazeleri buraya defnedildi. B\u00f6ylece b\u00f6lge H\u0131ristiyanl\u0131k a\u00e7\u0131s\u0131ndan \u00f6nem kazand\u0131. 9. y\u00fczy\u0131la gelindi\u011finde, imparator I. Basileios taraf\u0131ndan Bal\u0131kl\u0131 Ayazmas\u0131 civar\u0131nda in\u015f\u00e2 edilen Piyi Saray\u0131, b\u00f6lgeyi bir cazibe merkezine d\u00f6n\u00fc\u015ft\u00fcrd\u00fc. Zaman i\u00e7inde Ayazma ve \u00c7\u0131rp\u0131c\u0131 \u00c7ay\u0131r\u0131 halk\u0131n kutsal g\u00fcnlerde ve panay\u0131rlarda geldikleri yerler oldu.<\/p>\n<h3>Fatih, Hali\u00e7\u2019le Marmara denizi aras\u0131nda uzanan kara surlar\u0131n\u0131 Yedikule Hisar\u0131\u2019yla takviye ettirdi.<\/h3>\n<p>Fatih Sultan Mehmed \u0130stanbul\u2019u fethettikten sonra Hali\u00e7\u2019le Marmara denizi aras\u0131ndaki kara surlar\u0131na takviye olarak Yedikule Hisar\u0131\u2019n\u0131 in\u015f\u00e2 ettirdi. B\u00f6ylece Zeytinburnu\u2019nun \u00f6nemi daha da artt\u0131. Rivayete g\u00f6re, \u0130stanbul\u2019un fethi s\u0131ras\u0131nda ordu i\u00e7inde su s\u0131k\u0131nt\u0131s\u0131 ya\u015fand\u0131\u011f\u0131 bir d\u00f6nemde g\u00f6ky\u00fcz\u00fcnde u\u00e7u\u015fan kazlar g\u00f6r\u00fcl\u00fcr. Kazlar\u0131n g\u00f6r\u00fcld\u00fc\u011f\u00fc yerde yap\u0131lan ara\u015ft\u0131rmalar\u0131n sonunda temiz bir su kayna\u011f\u0131 ke\u015ffedilir. Bu hadisenin an\u0131s\u0131na buraya \u00fczerinde kaz kabartmas\u0131 bulunan bir \u00e7e\u015fme yapt\u0131r\u0131l\u0131r. O g\u00fcnden itibaren b\u00f6lge Kazl\u0131\u00e7e\u015fme olarak an\u0131l\u0131r.<\/p>\n<h3>15. y\u00fczy\u0131ldan itibaren Kazl\u0131\u00e7e\u015fme b\u00f6lgesi tabakhane, mezbaha ve mumhanelerin merkezi oldu.<\/h3>\n<p>Kazl\u0131\u00e7e\u015fme b\u00f6lgesi, Fatih Sultan Mehmed taraf\u0131ndan kasap ve debba\u011f esnaf\u0131na tahsis edildi. Zaman i\u00e7inde burada irili ufakl\u0131 bir\u00e7ok mezbaha ve y\u00fczlerce tabakhane kuruldu. Kesilen hayvanlar\u0131n i\u00e7 ya\u011flar\u0131ndan mum yap\u0131lan mumhaneler de Kazl\u0131\u00e7e\u015fme\u2019de yerini ald\u0131. B\u00f6ylece b\u00f6lge entegre i\u015fleyen bir \u00fcretim merkezine d\u00f6n\u00fc\u015ft\u00fc. \u0130ktisadi canl\u0131l\u0131\u011fa paralel olarak Kazl\u0131\u00e7e\u015fme ve \u00e7evresinde yerle\u015fim say\u0131s\u0131 \u00e7o\u011fald\u0131.<\/p>\n<h3>Zeytinburnu bostanlar\u0131, mescitleri, tekke ve dergahlar\u0131, mevlevihanesi ve k\u00fclliyeleriyle tipik bir Osmanl\u0131 \u015fehrine d\u00f6n\u00fc\u015ft\u00fc.<\/h3>\n<p>Zeytinburnu, \u0130stanbul&#8217;un fethinden sonra mescitleri, tekke ve dergahlar\u0131, mevlevihanesi ve k\u00fclliyeleri sayesinde tipik bir Osmanl\u0131 yerle\u015fimine d\u00f6n\u00fc\u015ft\u00fc. Kara surlar\u0131 boyunca uzanan me\u015fhur bostanlar\u0131nda \u00e7e\u015fitli sebzeler yeti\u015ftiriliyor, \u0130stanbul\u2019un zerzevat ihtiyac\u0131 b\u00fcy\u00fck oranda buradan kar\u015f\u0131lan\u0131yordu. Sur d\u0131\u015f\u0131 ayn\u0131 zamanda b\u00fcy\u00fck bir mezarl\u0131k alan\u0131yd\u0131. \u0130lk olarak Fetih \u015fehitlerinin defnedildi\u011fi bu eski T\u00fcrk mezarl\u0131klar\u0131, zaman i\u00e7inde sanatsal de\u011feri y\u00fcksek mezar ta\u015flar\u0131yla \u00e2deta bir a\u00e7\u0131k hava m\u00fczesi g\u00f6r\u00fcn\u00fcm\u00fcne kavu\u015ftu.<\/p>\n<h3>Zeytinburnu, Kazl\u0131\u00e7e\u015fme Organize Sanayi B\u00f6lgesi olarak planland\u0131 ve a\u011f\u0131r sanayi b\u00f6lgelerinden ikisi Zeytinburnu\u2019nda kuruldu.<\/h3>\n<p>Zeytinburnu 19. y\u00fczy\u0131lda Osmanl\u0131 sanayile\u015fme s\u00fcrecinin her ad\u0131m\u0131na tan\u0131kl\u0131k etti. Geleneksel \u00fcretim yapan tabakhanelerin yan\u0131na yeni teknolojiyle demir, \u00e7elik, mavzer-fi\u015fek, \u015fimendifer, kimyahane ve dokuma fabrikalar\u0131 kuruldu. Zeytinburnu Cumhuriyet d\u00f6neminde de h\u0131zl\u0131 bir de\u011fi\u015fime u\u011frad\u0131. Buras\u0131 1947 y\u0131l\u0131nda \u0130stanbul Belediyesi taraf\u0131ndan Kazl\u0131\u00e7e\u015fme Organize Sanayi B\u00f6lgesi olarak planland\u0131 ve a\u011f\u0131r sanayi b\u00f6lgelerinden ikisi Zeytinburnu&#8217;nda kuruldu. Sanayile\u015fmeyle birlikte Zeytinburnu, k\u00f6yden kente g\u00f6\u00e7 olgusuyla, akabinde gecekondu mahalleleriyle tan\u0131\u015ft\u0131.<\/p>\n<h3>Zeytinburnu, 1957 y\u0131l\u0131nda il\u00e7e stat\u00fcs\u00fcne y\u00fckseltildi.<\/h3>\n<p>Artan n\u00fcfusun etkisiyle birlikte 1957 y\u0131l\u0131nda il\u00e7e stat\u00fcs\u00fcne y\u00fckseltildi. 1990\u2019l\u0131 y\u0131llara gelindi\u011finde gecekondular\u0131n yerini apartmanlar al\u0131rken il\u00e7enin sosyal yap\u0131s\u0131 da de\u011fi\u015fti. Bu y\u0131llar\u0131n sonuna do\u011fru ZEYPORT liman projesi hayata ge\u00e7irildi. 2000\u2019lere yeni bir kimlik aray\u0131\u015f\u0131nda giren il\u00e7e, bu y\u0131llardaki kentsel d\u00f6n\u00fc\u015f\u00fcm projeleri, altyap\u0131 \u00e7al\u0131\u015fmalar\u0131, \u00e7evre d\u00fczenlemeleri ve ula\u015f\u0131m yat\u0131r\u0131mlar\u0131yla yepyeni bir \u00e7ehreye b\u00fcr\u00fcnd\u00fc. \u00d6zellikle il\u00e7e sakinlerinin k\u00fclt\u00fcrel ve sosyal bak\u0131mdan geli\u015fmesini \u00f6nceleyen belediyecilik hizmetlerine a\u011f\u0131rl\u0131k verildi.<\/p>\n<h3>Zeytinburnu, tarih\u00ee dokusu ve yerel de\u011ferleriyle bug\u00fcn \u0130stanbul\u2019un \u00f6nde gelen k\u00fclt\u00fcr ve inan\u00e7 turizmi merkezlerinden biridir.<\/h3>\n<p>T\u00fcm bu \u00e7abalar meyvelerini vermeye ba\u015flad\u0131, g\u00fcn\u00fcm\u00fczde Zeytinburnu parlat\u0131lan tarih\u00ee dokusu, yerel de\u011ferleriyle \u0130stanbul\u2019un \u00f6nde gelen k\u00fclt\u00fcr ve inan\u00e7 turizmi destinasyonlar\u0131 i\u00e7indedir.<\/p>\n","protected":false},"excerpt":{"rendered":"<p>Zeytinburnu bug\u00fcn oldu\u011fu gibi, ge\u00e7mi\u015fte de \u0130stanbul\u2019un Bat\u0131\u2019ya, Avrupa\u2019ya a\u00e7\u0131lan kap\u0131s\u0131yd\u0131. Bu konumu nedeniyle farkl\u0131 k\u00fclt\u00fcr, dil ve inan\u00e7lar\u0131n birle\u015fme noktas\u0131yd\u0131. B\u00fcnyesinde hep kozmopolit bir demografiyi bar\u0131nd\u0131rd\u0131. Denize paralel d\u00fcz topografyas\u0131 sayesinde \u00e7ok eskiden beri uluslararas\u0131 ula\u015f\u0131m a\u011f\u0131n\u0131n i\u00e7inde kalmay\u0131 ba\u015fard\u0131. Dolay\u0131s\u0131yla her zaman bir ticaret ve cazibe merkezi oldu ve belli d\u00f6nemlerde yo\u011fun g\u00f6\u00e7 [&hellip;]<\/p>\n","protected":false},"author":1,"featured_media":3909,"parent":49,"menu_order":22,"comment_status":"closed","ping_status":"closed","template":"page-with-stats.php","meta":{"inline_featured_image":false,"footnotes":""},"acf":[],"yoast_head":"<!-- This site is optimized with the Yoast SEO plugin v21.5 - https:\/\/yoast.com\/wordpress\/plugins\/seo\/ -->\n<title>Zeytinburnu Tarih\u00e7esi - Zeytinburnu Belediyesi<\/title>\n<meta name=\"robots\" content=\"index, follow, max-snippet:-1, max-image-preview:large, max-video-preview:-1\" \/>\n<link rel=\"canonical\" href=\"https:\/\/zeytinburnu.istanbul\/zeytinburnu-kurumsal\/tarihce\/\" \/>\n<meta property=\"og:locale\" content=\"tr_TR\" \/>\n<meta property=\"og:type\" content=\"article\" \/>\n<meta property=\"og:title\" content=\"Zeytinburnu Tarih\u00e7esi - Zeytinburnu Belediyesi\" \/>\n<meta property=\"og:description\" content=\"Zeytinburnu bug\u00fcn oldu\u011fu gibi, ge\u00e7mi\u015fte de \u0130stanbul\u2019un Bat\u0131\u2019ya, Avrupa\u2019ya a\u00e7\u0131lan kap\u0131s\u0131yd\u0131. Bu konumu nedeniyle farkl\u0131 k\u00fclt\u00fcr, dil ve inan\u00e7lar\u0131n birle\u015fme noktas\u0131yd\u0131. B\u00fcnyesinde hep kozmopolit bir demografiyi bar\u0131nd\u0131rd\u0131. Denize paralel d\u00fcz topografyas\u0131 sayesinde \u00e7ok eskiden beri uluslararas\u0131 ula\u015f\u0131m a\u011f\u0131n\u0131n i\u00e7inde kalmay\u0131 ba\u015fard\u0131. Dolay\u0131s\u0131yla her zaman bir ticaret ve cazibe merkezi oldu ve belli d\u00f6nemlerde yo\u011fun g\u00f6\u00e7 [&hellip;]\" \/>\n<meta property=\"og:url\" content=\"https:\/\/zeytinburnu.istanbul\/zeytinburnu-kurumsal\/tarihce\/\" \/>\n<meta property=\"og:site_name\" content=\"Zeytinburnu Belediyesi\" \/>\n<meta property=\"article:publisher\" content=\"https:\/\/web.facebook.com\/zeytinburnubld\/\" \/>\n<meta property=\"article:modified_time\" content=\"2024-05-27T12:16:36+00:00\" \/>\n<meta property=\"og:image\" content=\"https:\/\/zeytinburnu.istanbul\/wp-content\/uploads\/2021\/09\/zeytinburnu-manzara.jpg\" \/>\n\t<meta property=\"og:image:width\" content=\"1920\" \/>\n\t<meta property=\"og:image:height\" content=\"500\" \/>\n\t<meta property=\"og:image:type\" content=\"image\/jpeg\" \/>\n<meta name=\"twitter:card\" content=\"summary_large_image\" \/>\n<meta name=\"twitter:site\" content=\"@zeytinburnubld\" \/>\n<meta name=\"twitter:label1\" content=\"Tahmini okuma s\u00fcresi\" \/>\n\t<meta name=\"twitter:data1\" content=\"4 dakika\" \/>\n<script type=\"application\/ld+json\" class=\"yoast-schema-graph\">{\"@context\":\"https:\/\/schema.org\",\"@graph\":[{\"@type\":\"WebPage\",\"@id\":\"https:\/\/zeytinburnu.istanbul\/zeytinburnu-kurumsal\/tarihce\/\",\"url\":\"https:\/\/zeytinburnu.istanbul\/zeytinburnu-kurumsal\/tarihce\/\",\"name\":\"Zeytinburnu Tarih\u00e7esi - Zeytinburnu Belediyesi\",\"isPartOf\":{\"@id\":\"https:\/\/zeytinburnu.istanbul\/#website\"},\"datePublished\":\"2021-08-20T12:33:48+00:00\",\"dateModified\":\"2024-05-27T12:16:36+00:00\",\"breadcrumb\":{\"@id\":\"https:\/\/zeytinburnu.istanbul\/zeytinburnu-kurumsal\/tarihce\/#breadcrumb\"},\"inLanguage\":\"tr\",\"potentialAction\":[{\"@type\":\"ReadAction\",\"target\":[\"https:\/\/zeytinburnu.istanbul\/zeytinburnu-kurumsal\/tarihce\/\"]}]},{\"@type\":\"BreadcrumbList\",\"@id\":\"https:\/\/zeytinburnu.istanbul\/zeytinburnu-kurumsal\/tarihce\/#breadcrumb\",\"itemListElement\":[{\"@type\":\"ListItem\",\"position\":1,\"name\":\"Anasayfa\",\"item\":\"https:\/\/zeytinburnu.istanbul\/\"},{\"@type\":\"ListItem\",\"position\":2,\"name\":\"Zeytinburnu Kurumsal\",\"item\":\"https:\/\/zeytinburnu.istanbul\/zeytinburnu-kurumsal\/\"},{\"@type\":\"ListItem\",\"position\":3,\"name\":\"Zeytinburnu Tarih\u00e7esi\"}]},{\"@type\":\"WebSite\",\"@id\":\"https:\/\/zeytinburnu.istanbul\/#website\",\"url\":\"https:\/\/zeytinburnu.istanbul\/\",\"name\":\"Zeytinburnu Belediyesi\",\"description\":\"\",\"potentialAction\":[{\"@type\":\"SearchAction\",\"target\":{\"@type\":\"EntryPoint\",\"urlTemplate\":\"https:\/\/zeytinburnu.istanbul\/?s={search_term_string}\"},\"query-input\":\"required name=search_term_string\"}],\"inLanguage\":\"tr\"}]}<\/script>\n<!-- \/ Yoast SEO plugin. -->","yoast_head_json":{"title":"Zeytinburnu Tarih\u00e7esi - Zeytinburnu Belediyesi","robots":{"index":"index","follow":"follow","max-snippet":"max-snippet:-1","max-image-preview":"max-image-preview:large","max-video-preview":"max-video-preview:-1"},"canonical":"https:\/\/zeytinburnu.istanbul\/zeytinburnu-kurumsal\/tarihce\/","og_locale":"tr_TR","og_type":"article","og_title":"Zeytinburnu Tarih\u00e7esi - Zeytinburnu Belediyesi","og_description":"Zeytinburnu bug\u00fcn oldu\u011fu gibi, ge\u00e7mi\u015fte de \u0130stanbul\u2019un Bat\u0131\u2019ya, Avrupa\u2019ya a\u00e7\u0131lan kap\u0131s\u0131yd\u0131. Bu konumu nedeniyle farkl\u0131 k\u00fclt\u00fcr, dil ve inan\u00e7lar\u0131n birle\u015fme noktas\u0131yd\u0131. B\u00fcnyesinde hep kozmopolit bir demografiyi bar\u0131nd\u0131rd\u0131. Denize paralel d\u00fcz topografyas\u0131 sayesinde \u00e7ok eskiden beri uluslararas\u0131 ula\u015f\u0131m a\u011f\u0131n\u0131n i\u00e7inde kalmay\u0131 ba\u015fard\u0131. Dolay\u0131s\u0131yla her zaman bir ticaret ve cazibe merkezi oldu ve belli d\u00f6nemlerde yo\u011fun g\u00f6\u00e7 [&hellip;]","og_url":"https:\/\/zeytinburnu.istanbul\/zeytinburnu-kurumsal\/tarihce\/","og_site_name":"Zeytinburnu Belediyesi","article_publisher":"https:\/\/web.facebook.com\/zeytinburnubld\/","article_modified_time":"2024-05-27T12:16:36+00:00","og_image":[{"width":1920,"height":500,"url":"https:\/\/zeytinburnu.istanbul\/wp-content\/uploads\/2021\/09\/zeytinburnu-manzara.jpg","type":"image\/jpeg"}],"twitter_card":"summary_large_image","twitter_site":"@zeytinburnubld","twitter_misc":{"Tahmini okuma s\u00fcresi":"4 dakika"},"schema":{"@context":"https:\/\/schema.org","@graph":[{"@type":"WebPage","@id":"https:\/\/zeytinburnu.istanbul\/zeytinburnu-kurumsal\/tarihce\/","url":"https:\/\/zeytinburnu.istanbul\/zeytinburnu-kurumsal\/tarihce\/","name":"Zeytinburnu Tarih\u00e7esi - Zeytinburnu Belediyesi","isPartOf":{"@id":"https:\/\/zeytinburnu.istanbul\/#website"},"datePublished":"2021-08-20T12:33:48+00:00","dateModified":"2024-05-27T12:16:36+00:00","breadcrumb":{"@id":"https:\/\/zeytinburnu.istanbul\/zeytinburnu-kurumsal\/tarihce\/#breadcrumb"},"inLanguage":"tr","potentialAction":[{"@type":"ReadAction","target":["https:\/\/zeytinburnu.istanbul\/zeytinburnu-kurumsal\/tarihce\/"]}]},{"@type":"BreadcrumbList","@id":"https:\/\/zeytinburnu.istanbul\/zeytinburnu-kurumsal\/tarihce\/#breadcrumb","itemListElement":[{"@type":"ListItem","position":1,"name":"Anasayfa","item":"https:\/\/zeytinburnu.istanbul\/"},{"@type":"ListItem","position":2,"name":"Zeytinburnu Kurumsal","item":"https:\/\/zeytinburnu.istanbul\/zeytinburnu-kurumsal\/"},{"@type":"ListItem","position":3,"name":"Zeytinburnu Tarih\u00e7esi"}]},{"@type":"WebSite","@id":"https:\/\/zeytinburnu.istanbul\/#website","url":"https:\/\/zeytinburnu.istanbul\/","name":"Zeytinburnu Belediyesi","description":"","potentialAction":[{"@type":"SearchAction","target":{"@type":"EntryPoint","urlTemplate":"https:\/\/zeytinburnu.istanbul\/?s={search_term_string}"},"query-input":"required name=search_term_string"}],"inLanguage":"tr"}]}},"meta_data":{"ikincil_baslik":"","giris_metni":"Zeytinburnu tarih\u00ee dokusu ve yerel de\u011ferleriyle \u0130stanbul\u2019un k\u00fclt\u00fcr ve inan\u00e7 turizmi destinasyonlar\u0131n\u0131n \u00e7ok k\u0131ymetli bir par\u00e7as\u0131d\u0131r.","sidebar_tipi":"varsayilan","genel_galeri_basligi":"Galeri","genel_galeri":false,"galeri_post_secimi":"","istatistikler":[{"deger":"1957","etiket":"\u0130l\u00e7e Olu\u015fu"},{"deger":"280.896","etiket":"N\u00fcfus"},{"deger":"11.42","etiket":"KM Y\u00fcz\u00f6l\u00e7\u00fcm\u00fc"},{"deger":"30","etiket":"Park"},{"deger":" 13 ","etiket":"Mahalle"},{"deger":"974","etiket":"Sokak"},{"deger":"54","etiket":"Cadde"},{"deger":"1","etiket":"Bulvar"},{"deger":"35","etiket":"Ana Arter"},{"deger":"14.547","etiket":"Bina"}],"kapak_gorseli_icerige_eklensin":true,"image_details":{"thumbnail":{"file":"zeytinburnu-manzara-720x500.jpg","width":720,"height":500,"mime-type":"image\/jpeg","url":"https:\/\/zeytinburnu.istanbul\/wp-content\/uploads\/2021\/09\/zeytinburnu-manzara-720x500.jpg"},"full":{"file":"2021\/09\/zeytinburnu-manzara.jpg","width":1920,"height":500,"mime_type":"image\/jpeg","url":"https:\/\/zeytinburnu.istanbul\/wp-content\/uploads\/2021\/09\/zeytinburnu-manzara.jpg"}}},"_links":{"self":[{"href":"https:\/\/zeytinburnu.istanbul\/api\/wp\/v2\/pages\/1747"}],"collection":[{"href":"https:\/\/zeytinburnu.istanbul\/api\/wp\/v2\/pages"}],"about":[{"href":"https:\/\/zeytinburnu.istanbul\/api\/wp\/v2\/types\/page"}],"author":[{"embeddable":true,"href":"https:\/\/zeytinburnu.istanbul\/api\/wp\/v2\/users\/1"}],"replies":[{"embeddable":true,"href":"https:\/\/zeytinburnu.istanbul\/api\/wp\/v2\/comments?post=1747"}],"version-history":[{"count":10,"href":"https:\/\/zeytinburnu.istanbul\/api\/wp\/v2\/pages\/1747\/revisions"}],"predecessor-version":[{"id":63957,"href":"https:\/\/zeytinburnu.istanbul\/api\/wp\/v2\/pages\/1747\/revisions\/63957"}],"up":[{"embeddable":true,"href":"https:\/\/zeytinburnu.istanbul\/api\/wp\/v2\/pages\/49"}],"wp:featuredmedia":[{"embeddable":true,"href":"https:\/\/zeytinburnu.istanbul\/api\/wp\/v2\/media\/3909"}],"wp:attachment":[{"href":"https:\/\/zeytinburnu.istanbul\/api\/wp\/v2\/media?parent=1747"}],"curies":[{"name":"wp","href":"https:\/\/api.w.org\/{rel}","templated":true}]}}