

{"id":66736,"date":"2025-05-02T08:55:53","date_gmt":"2025-05-02T05:55:53","guid":{"rendered":"https:\/\/zeytinburnu.istanbul\/?post_type=etkinlikler&#038;p=66736"},"modified":"2025-05-02T08:55:53","modified_gmt":"2025-05-02T05:55:53","slug":"100-yuze-imza-ve-soylesi-74","status":"publish","type":"etkinlikler","link":"https:\/\/zeytinburnu.istanbul\/etkinlikler\/100-yuze-imza-ve-soylesi-74\/","title":{"rendered":"100 Y\u00fcze \u0130mza ve S\u00f6yle\u015fi"},"content":{"rendered":"<p>Zeytinburnu K\u00fclt\u00fcr Sanat, sizleri T\u00fcrkiye\u2019nin en \u00f6nemli \u015fair ve yazarlar\u0131yla bulu\u015fturmaya devam ediyor. \u201c100 Y\u00fcze \u0130mza ve S\u00f6yle\u015fi\u201d program\u0131nda Aykut Ertu\u011frul\u2019un may\u0131s ay\u0131ndaki konu\u011fu Sad\u0131k Yals\u0131zu\u00e7anlar. Ger\u00e7e\u011fin G\u00fczel Huyu &amp; Rumi isimli yeni kitab\u0131ndan hareketle, Sad\u0131k Yals\u0131zu\u00e7anlar\u2019\u0131n eserleri ve yaz\u0131 hayat\u0131 \u00fczerine yap\u0131lacak bu sohbete davetlisiniz. (Ger\u00e7e\u011fin G\u00fczel Huyu &amp; Rumi kitab\u0131, ilk 100 kat\u0131l\u0131mc\u0131ya hediye edilecektir.)<\/p>\n","protected":false},"featured_media":66737,"template":"","acf":[],"yoast_head":"<!-- This site is optimized with the Yoast SEO plugin v21.5 - https:\/\/yoast.com\/wordpress\/plugins\/seo\/ -->\n<title>100 Y\u00fcze \u0130mza ve S\u00f6yle\u015fi - Zeytinburnu Belediyesi<\/title>\n<meta name=\"robots\" content=\"index, follow, max-snippet:-1, max-image-preview:large, max-video-preview:-1\" \/>\n<link rel=\"canonical\" href=\"https:\/\/zeytinburnu.istanbul\/etkinlikler\/100-yuze-imza-ve-soylesi-74\/\" \/>\n<meta property=\"og:locale\" content=\"tr_TR\" \/>\n<meta property=\"og:type\" content=\"article\" \/>\n<meta property=\"og:title\" content=\"100 Y\u00fcze \u0130mza ve S\u00f6yle\u015fi - Zeytinburnu Belediyesi\" \/>\n<meta property=\"og:description\" content=\"Zeytinburnu K\u00fclt\u00fcr Sanat, sizleri T\u00fcrkiye\u2019nin en \u00f6nemli \u015fair ve yazarlar\u0131yla bulu\u015fturmaya devam ediyor. \u201c100 Y\u00fcze \u0130mza ve S\u00f6yle\u015fi\u201d program\u0131nda Aykut Ertu\u011frul\u2019un may\u0131s ay\u0131ndaki konu\u011fu Sad\u0131k Yals\u0131zu\u00e7anlar. Ger\u00e7e\u011fin G\u00fczel Huyu &amp; Rumi isimli yeni kitab\u0131ndan hareketle, Sad\u0131k Yals\u0131zu\u00e7anlar\u2019\u0131n eserleri ve yaz\u0131 hayat\u0131 \u00fczerine yap\u0131lacak bu sohbete davetlisiniz. (Ger\u00e7e\u011fin G\u00fczel Huyu &amp; Rumi kitab\u0131, ilk 100 kat\u0131l\u0131mc\u0131ya [&hellip;]\" \/>\n<meta property=\"og:url\" content=\"https:\/\/zeytinburnu.istanbul\/etkinlikler\/100-yuze-imza-ve-soylesi-74\/\" \/>\n<meta property=\"og:site_name\" content=\"Zeytinburnu Belediyesi\" \/>\n<meta property=\"article:publisher\" content=\"https:\/\/web.facebook.com\/zeytinburnubld\/\" \/>\n<meta property=\"og:image\" content=\"https:\/\/zeytinburnu.istanbul\/wp-content\/uploads\/2025\/05\/Screenshot_1-2.png\" \/>\n\t<meta property=\"og:image:width\" content=\"572\" \/>\n\t<meta property=\"og:image:height\" content=\"764\" \/>\n\t<meta property=\"og:image:type\" content=\"image\/png\" \/>\n<meta name=\"twitter:card\" content=\"summary_large_image\" \/>\n<meta name=\"twitter:site\" content=\"@zeytinburnubld\" \/>\n<meta name=\"twitter:label1\" content=\"Tahmini okuma s\u00fcresi\" \/>\n\t<meta name=\"twitter:data1\" content=\"1 dakika\" \/>\n<script type=\"application\/ld+json\" class=\"yoast-schema-graph\">{\"@context\":\"https:\/\/schema.org\",\"@graph\":[{\"@type\":\"WebPage\",\"@id\":\"https:\/\/zeytinburnu.istanbul\/etkinlikler\/100-yuze-imza-ve-soylesi-74\/\",\"url\":\"https:\/\/zeytinburnu.istanbul\/etkinlikler\/100-yuze-imza-ve-soylesi-74\/\",\"name\":\"100 Y\u00fcze \u0130mza ve S\u00f6yle\u015fi - Zeytinburnu Belediyesi\",\"isPartOf\":{\"@id\":\"https:\/\/zeytinburnu.istanbul\/#website\"},\"datePublished\":\"2025-05-02T05:55:53+00:00\",\"dateModified\":\"2025-05-02T05:55:53+00:00\",\"breadcrumb\":{\"@id\":\"https:\/\/zeytinburnu.istanbul\/etkinlikler\/100-yuze-imza-ve-soylesi-74\/#breadcrumb\"},\"inLanguage\":\"tr\",\"potentialAction\":[{\"@type\":\"ReadAction\",\"target\":[\"https:\/\/zeytinburnu.istanbul\/etkinlikler\/100-yuze-imza-ve-soylesi-74\/\"]}]},{\"@type\":\"BreadcrumbList\",\"@id\":\"https:\/\/zeytinburnu.istanbul\/etkinlikler\/100-yuze-imza-ve-soylesi-74\/#breadcrumb\",\"itemListElement\":[{\"@type\":\"ListItem\",\"position\":1,\"name\":\"Anasayfa\",\"item\":\"https:\/\/zeytinburnu.istanbul\/\"},{\"@type\":\"ListItem\",\"position\":2,\"name\":\"Etkinlikler\",\"item\":\"https:\/\/zeytinburnu.istanbul\/etkinlikler\/\"},{\"@type\":\"ListItem\",\"position\":3,\"name\":\"100 Y\u00fcze \u0130mza ve S\u00f6yle\u015fi\"}]},{\"@type\":\"WebSite\",\"@id\":\"https:\/\/zeytinburnu.istanbul\/#website\",\"url\":\"https:\/\/zeytinburnu.istanbul\/\",\"name\":\"Zeytinburnu Belediyesi\",\"description\":\"\",\"potentialAction\":[{\"@type\":\"SearchAction\",\"target\":{\"@type\":\"EntryPoint\",\"urlTemplate\":\"https:\/\/zeytinburnu.istanbul\/?s={search_term_string}\"},\"query-input\":\"required name=search_term_string\"}],\"inLanguage\":\"tr\"}]}<\/script>\n<!-- \/ Yoast SEO plugin. -->","yoast_head_json":{"title":"100 Y\u00fcze \u0130mza ve S\u00f6yle\u015fi - Zeytinburnu Belediyesi","robots":{"index":"index","follow":"follow","max-snippet":"max-snippet:-1","max-image-preview":"max-image-preview:large","max-video-preview":"max-video-preview:-1"},"canonical":"https:\/\/zeytinburnu.istanbul\/etkinlikler\/100-yuze-imza-ve-soylesi-74\/","og_locale":"tr_TR","og_type":"article","og_title":"100 Y\u00fcze \u0130mza ve S\u00f6yle\u015fi - Zeytinburnu Belediyesi","og_description":"Zeytinburnu K\u00fclt\u00fcr Sanat, sizleri T\u00fcrkiye\u2019nin en \u00f6nemli \u015fair ve yazarlar\u0131yla bulu\u015fturmaya devam ediyor. \u201c100 Y\u00fcze \u0130mza ve S\u00f6yle\u015fi\u201d program\u0131nda Aykut Ertu\u011frul\u2019un may\u0131s ay\u0131ndaki konu\u011fu Sad\u0131k Yals\u0131zu\u00e7anlar. Ger\u00e7e\u011fin G\u00fczel Huyu &amp; Rumi isimli yeni kitab\u0131ndan hareketle, Sad\u0131k Yals\u0131zu\u00e7anlar\u2019\u0131n eserleri ve yaz\u0131 hayat\u0131 \u00fczerine yap\u0131lacak bu sohbete davetlisiniz. (Ger\u00e7e\u011fin G\u00fczel Huyu &amp; Rumi kitab\u0131, ilk 100 kat\u0131l\u0131mc\u0131ya [&hellip;]","og_url":"https:\/\/zeytinburnu.istanbul\/etkinlikler\/100-yuze-imza-ve-soylesi-74\/","og_site_name":"Zeytinburnu Belediyesi","article_publisher":"https:\/\/web.facebook.com\/zeytinburnubld\/","og_image":[{"width":572,"height":764,"url":"https:\/\/zeytinburnu.istanbul\/wp-content\/uploads\/2025\/05\/Screenshot_1-2.png","type":"image\/png"}],"twitter_card":"summary_large_image","twitter_site":"@zeytinburnubld","twitter_misc":{"Tahmini okuma s\u00fcresi":"1 dakika"},"schema":{"@context":"https:\/\/schema.org","@graph":[{"@type":"WebPage","@id":"https:\/\/zeytinburnu.istanbul\/etkinlikler\/100-yuze-imza-ve-soylesi-74\/","url":"https:\/\/zeytinburnu.istanbul\/etkinlikler\/100-yuze-imza-ve-soylesi-74\/","name":"100 Y\u00fcze \u0130mza ve S\u00f6yle\u015fi - Zeytinburnu Belediyesi","isPartOf":{"@id":"https:\/\/zeytinburnu.istanbul\/#website"},"datePublished":"2025-05-02T05:55:53+00:00","dateModified":"2025-05-02T05:55:53+00:00","breadcrumb":{"@id":"https:\/\/zeytinburnu.istanbul\/etkinlikler\/100-yuze-imza-ve-soylesi-74\/#breadcrumb"},"inLanguage":"tr","potentialAction":[{"@type":"ReadAction","target":["https:\/\/zeytinburnu.istanbul\/etkinlikler\/100-yuze-imza-ve-soylesi-74\/"]}]},{"@type":"BreadcrumbList","@id":"https:\/\/zeytinburnu.istanbul\/etkinlikler\/100-yuze-imza-ve-soylesi-74\/#breadcrumb","itemListElement":[{"@type":"ListItem","position":1,"name":"Anasayfa","item":"https:\/\/zeytinburnu.istanbul\/"},{"@type":"ListItem","position":2,"name":"Etkinlikler","item":"https:\/\/zeytinburnu.istanbul\/etkinlikler\/"},{"@type":"ListItem","position":3,"name":"100 Y\u00fcze \u0130mza ve S\u00f6yle\u015fi"}]},{"@type":"WebSite","@id":"https:\/\/zeytinburnu.istanbul\/#website","url":"https:\/\/zeytinburnu.istanbul\/","name":"Zeytinburnu Belediyesi","description":"","potentialAction":[{"@type":"SearchAction","target":{"@type":"EntryPoint","urlTemplate":"https:\/\/zeytinburnu.istanbul\/?s={search_term_string}"},"query-input":"required name=search_term_string"}],"inLanguage":"tr"}]}},"meta_data":{"spot_ozet_metin":"KONUK SADIK YALSIZU\u00c7ANLAR <br \/>\r\nSUNAN AYKUT ERTU\u011eRUL<br \/>\r\n","sidebar_tipi":"varsayilan","etkinlik_tarihi":"28 May\u0131s 2025","etkinlik_bitis_tarihi":"","etkinlik_saati":"19:30","katilimcilar":false,"konum_adi":"ZEYT\u0130NBURNU K\u00dcLT\u00dcR SANAT","adres":"","konum":false,"galeri_basligi":"GALER\u0130","galeri":false,"app_gorsel":false,"image_details":{"thumbnail":{"file":"Screenshot_1-2-572x540.png","width":572,"height":540,"mime-type":"image\/png","filesize":227067,"url":"https:\/\/zeytinburnu.istanbul\/wp-content\/uploads\/2025\/05\/Screenshot_1-2-572x540.png"},"full":{"file":"2025\/05\/Screenshot_1-2.png","width":572,"height":764,"mime_type":"image\/png","url":"https:\/\/zeytinburnu.istanbul\/wp-content\/uploads\/2025\/05\/Screenshot_1-2.png"}}},"_links":{"self":[{"href":"https:\/\/zeytinburnu.istanbul\/api\/wp\/v2\/etkinlikler\/66736"}],"collection":[{"href":"https:\/\/zeytinburnu.istanbul\/api\/wp\/v2\/etkinlikler"}],"about":[{"href":"https:\/\/zeytinburnu.istanbul\/api\/wp\/v2\/types\/etkinlikler"}],"wp:featuredmedia":[{"embeddable":true,"href":"https:\/\/zeytinburnu.istanbul\/api\/wp\/v2\/media\/66737"}],"wp:attachment":[{"href":"https:\/\/zeytinburnu.istanbul\/api\/wp\/v2\/media?parent=66736"}],"curies":[{"name":"wp","href":"https:\/\/api.w.org\/{rel}","templated":true}]}}