

{"id":63483,"date":"2024-05-02T09:53:54","date_gmt":"2024-05-02T06:53:54","guid":{"rendered":"https:\/\/zeytinburnu.istanbul\/?post_type=etkinlikler&#038;p=63483"},"modified":"2024-05-02T09:53:54","modified_gmt":"2024-05-02T06:53:54","slug":"cumhuriyetin-manzarasi-kultur","status":"publish","type":"etkinlikler","link":"https:\/\/zeytinburnu.istanbul\/etkinlikler\/cumhuriyetin-manzarasi-kultur\/","title":{"rendered":"Cumhuriyet\u2019in Manzaras\u0131 \u201cK\u00fclt\u00fcr\u201d"},"content":{"rendered":"<p>Cumhuriyet\u2019in ilan\u0131n\u0131n 100\u2019\u00fcnc\u00fc y\u0131l d\u00f6n\u00fcm\u00fc vesilesiyle bir as\u0131rl\u0131k ser\u00fcvenin d\u00f6nemler ve zihniyetler bak\u0131m\u0131ndan muhasebesi ancak belli tutum ve tav\u0131rlarla \u015fekillenen alanlar\u0131n tarihsel ve k\u00fclt\u00fcrel manzaras\u0131n\u0131n serencam\u0131 \u00fczerinden yap\u0131labilir. \u201cCumhuriyet\u2019in Manzaras\u0131\u201d adl\u0131 programlar serisinde, birbirinden farkl\u0131 alt d\u00f6nemlerin team\u00fclleri, gelenekleri ve tarihsel praksisiyle birlikte bir 100 y\u0131l d\u00f6k\u00fcm\u00fc yap\u0131lacak. H\u00fcseyin Etil\u2019in konuk olaca\u011f\u0131 ve \u201cK\u00fclt\u00fcr\u201d ba\u015fl\u0131\u011f\u0131 \u00e7er\u00e7evesinde konu\u015fulacak seminerde, T\u00fcrkiye\u2019de k\u00fclt\u00fcr hareketlerinin 100 y\u0131ll\u0131k maceras\u0131 de\u011ferlendirilecektir.<\/p>\n","protected":false},"featured_media":63484,"template":"","acf":[],"yoast_head":"<!-- This site is optimized with the Yoast SEO plugin v21.5 - https:\/\/yoast.com\/wordpress\/plugins\/seo\/ -->\n<title>Cumhuriyet\u2019in Manzaras\u0131 \u201cK\u00fclt\u00fcr\u201d - Zeytinburnu Belediyesi<\/title>\n<meta name=\"robots\" content=\"index, follow, max-snippet:-1, max-image-preview:large, max-video-preview:-1\" \/>\n<link rel=\"canonical\" href=\"https:\/\/zeytinburnu.istanbul\/etkinlikler\/cumhuriyetin-manzarasi-kultur\/\" \/>\n<meta property=\"og:locale\" content=\"tr_TR\" \/>\n<meta property=\"og:type\" content=\"article\" \/>\n<meta property=\"og:title\" content=\"Cumhuriyet\u2019in Manzaras\u0131 \u201cK\u00fclt\u00fcr\u201d - Zeytinburnu Belediyesi\" \/>\n<meta property=\"og:description\" content=\"Cumhuriyet\u2019in ilan\u0131n\u0131n 100\u2019\u00fcnc\u00fc y\u0131l d\u00f6n\u00fcm\u00fc vesilesiyle bir as\u0131rl\u0131k ser\u00fcvenin d\u00f6nemler ve zihniyetler bak\u0131m\u0131ndan muhasebesi ancak belli tutum ve tav\u0131rlarla \u015fekillenen alanlar\u0131n tarihsel ve k\u00fclt\u00fcrel manzaras\u0131n\u0131n serencam\u0131 \u00fczerinden yap\u0131labilir. \u201cCumhuriyet\u2019in Manzaras\u0131\u201d adl\u0131 programlar serisinde, birbirinden farkl\u0131 alt d\u00f6nemlerin team\u00fclleri, gelenekleri ve tarihsel praksisiyle birlikte bir 100 y\u0131l d\u00f6k\u00fcm\u00fc yap\u0131lacak. H\u00fcseyin Etil\u2019in konuk olaca\u011f\u0131 ve \u201cK\u00fclt\u00fcr\u201d ba\u015fl\u0131\u011f\u0131 [&hellip;]\" \/>\n<meta property=\"og:url\" content=\"https:\/\/zeytinburnu.istanbul\/etkinlikler\/cumhuriyetin-manzarasi-kultur\/\" \/>\n<meta property=\"og:site_name\" content=\"Zeytinburnu Belediyesi\" \/>\n<meta property=\"article:publisher\" content=\"https:\/\/web.facebook.com\/zeytinburnubld\/\" \/>\n<meta property=\"og:image\" content=\"https:\/\/zeytinburnu.istanbul\/wp-content\/uploads\/2024\/05\/Screenshot_6.png\" \/>\n\t<meta property=\"og:image:width\" content=\"451\" \/>\n\t<meta property=\"og:image:height\" content=\"605\" \/>\n\t<meta property=\"og:image:type\" content=\"image\/png\" \/>\n<meta name=\"twitter:card\" content=\"summary_large_image\" \/>\n<meta name=\"twitter:site\" content=\"@zeytinburnubld\" \/>\n<meta name=\"twitter:label1\" content=\"Tahmini okuma s\u00fcresi\" \/>\n\t<meta name=\"twitter:data1\" content=\"1 dakika\" \/>\n<script type=\"application\/ld+json\" class=\"yoast-schema-graph\">{\"@context\":\"https:\/\/schema.org\",\"@graph\":[{\"@type\":\"WebPage\",\"@id\":\"https:\/\/zeytinburnu.istanbul\/etkinlikler\/cumhuriyetin-manzarasi-kultur\/\",\"url\":\"https:\/\/zeytinburnu.istanbul\/etkinlikler\/cumhuriyetin-manzarasi-kultur\/\",\"name\":\"Cumhuriyet\u2019in Manzaras\u0131 \u201cK\u00fclt\u00fcr\u201d - Zeytinburnu Belediyesi\",\"isPartOf\":{\"@id\":\"https:\/\/zeytinburnu.istanbul\/#website\"},\"datePublished\":\"2024-05-02T06:53:54+00:00\",\"dateModified\":\"2024-05-02T06:53:54+00:00\",\"breadcrumb\":{\"@id\":\"https:\/\/zeytinburnu.istanbul\/etkinlikler\/cumhuriyetin-manzarasi-kultur\/#breadcrumb\"},\"inLanguage\":\"tr\",\"potentialAction\":[{\"@type\":\"ReadAction\",\"target\":[\"https:\/\/zeytinburnu.istanbul\/etkinlikler\/cumhuriyetin-manzarasi-kultur\/\"]}]},{\"@type\":\"BreadcrumbList\",\"@id\":\"https:\/\/zeytinburnu.istanbul\/etkinlikler\/cumhuriyetin-manzarasi-kultur\/#breadcrumb\",\"itemListElement\":[{\"@type\":\"ListItem\",\"position\":1,\"name\":\"Anasayfa\",\"item\":\"https:\/\/zeytinburnu.istanbul\/\"},{\"@type\":\"ListItem\",\"position\":2,\"name\":\"Etkinlikler\",\"item\":\"https:\/\/zeytinburnu.istanbul\/etkinlikler\/\"},{\"@type\":\"ListItem\",\"position\":3,\"name\":\"Cumhuriyet\u2019in Manzaras\u0131 \u201cK\u00fclt\u00fcr\u201d\"}]},{\"@type\":\"WebSite\",\"@id\":\"https:\/\/zeytinburnu.istanbul\/#website\",\"url\":\"https:\/\/zeytinburnu.istanbul\/\",\"name\":\"Zeytinburnu Belediyesi\",\"description\":\"\",\"potentialAction\":[{\"@type\":\"SearchAction\",\"target\":{\"@type\":\"EntryPoint\",\"urlTemplate\":\"https:\/\/zeytinburnu.istanbul\/?s={search_term_string}\"},\"query-input\":\"required name=search_term_string\"}],\"inLanguage\":\"tr\"}]}<\/script>\n<!-- \/ Yoast SEO plugin. -->","yoast_head_json":{"title":"Cumhuriyet\u2019in Manzaras\u0131 \u201cK\u00fclt\u00fcr\u201d - Zeytinburnu Belediyesi","robots":{"index":"index","follow":"follow","max-snippet":"max-snippet:-1","max-image-preview":"max-image-preview:large","max-video-preview":"max-video-preview:-1"},"canonical":"https:\/\/zeytinburnu.istanbul\/etkinlikler\/cumhuriyetin-manzarasi-kultur\/","og_locale":"tr_TR","og_type":"article","og_title":"Cumhuriyet\u2019in Manzaras\u0131 \u201cK\u00fclt\u00fcr\u201d - Zeytinburnu Belediyesi","og_description":"Cumhuriyet\u2019in ilan\u0131n\u0131n 100\u2019\u00fcnc\u00fc y\u0131l d\u00f6n\u00fcm\u00fc vesilesiyle bir as\u0131rl\u0131k ser\u00fcvenin d\u00f6nemler ve zihniyetler bak\u0131m\u0131ndan muhasebesi ancak belli tutum ve tav\u0131rlarla \u015fekillenen alanlar\u0131n tarihsel ve k\u00fclt\u00fcrel manzaras\u0131n\u0131n serencam\u0131 \u00fczerinden yap\u0131labilir. \u201cCumhuriyet\u2019in Manzaras\u0131\u201d adl\u0131 programlar serisinde, birbirinden farkl\u0131 alt d\u00f6nemlerin team\u00fclleri, gelenekleri ve tarihsel praksisiyle birlikte bir 100 y\u0131l d\u00f6k\u00fcm\u00fc yap\u0131lacak. H\u00fcseyin Etil\u2019in konuk olaca\u011f\u0131 ve \u201cK\u00fclt\u00fcr\u201d ba\u015fl\u0131\u011f\u0131 [&hellip;]","og_url":"https:\/\/zeytinburnu.istanbul\/etkinlikler\/cumhuriyetin-manzarasi-kultur\/","og_site_name":"Zeytinburnu Belediyesi","article_publisher":"https:\/\/web.facebook.com\/zeytinburnubld\/","og_image":[{"width":451,"height":605,"url":"https:\/\/zeytinburnu.istanbul\/wp-content\/uploads\/2024\/05\/Screenshot_6.png","type":"image\/png"}],"twitter_card":"summary_large_image","twitter_site":"@zeytinburnubld","twitter_misc":{"Tahmini okuma s\u00fcresi":"1 dakika"},"schema":{"@context":"https:\/\/schema.org","@graph":[{"@type":"WebPage","@id":"https:\/\/zeytinburnu.istanbul\/etkinlikler\/cumhuriyetin-manzarasi-kultur\/","url":"https:\/\/zeytinburnu.istanbul\/etkinlikler\/cumhuriyetin-manzarasi-kultur\/","name":"Cumhuriyet\u2019in Manzaras\u0131 \u201cK\u00fclt\u00fcr\u201d - Zeytinburnu Belediyesi","isPartOf":{"@id":"https:\/\/zeytinburnu.istanbul\/#website"},"datePublished":"2024-05-02T06:53:54+00:00","dateModified":"2024-05-02T06:53:54+00:00","breadcrumb":{"@id":"https:\/\/zeytinburnu.istanbul\/etkinlikler\/cumhuriyetin-manzarasi-kultur\/#breadcrumb"},"inLanguage":"tr","potentialAction":[{"@type":"ReadAction","target":["https:\/\/zeytinburnu.istanbul\/etkinlikler\/cumhuriyetin-manzarasi-kultur\/"]}]},{"@type":"BreadcrumbList","@id":"https:\/\/zeytinburnu.istanbul\/etkinlikler\/cumhuriyetin-manzarasi-kultur\/#breadcrumb","itemListElement":[{"@type":"ListItem","position":1,"name":"Anasayfa","item":"https:\/\/zeytinburnu.istanbul\/"},{"@type":"ListItem","position":2,"name":"Etkinlikler","item":"https:\/\/zeytinburnu.istanbul\/etkinlikler\/"},{"@type":"ListItem","position":3,"name":"Cumhuriyet\u2019in Manzaras\u0131 \u201cK\u00fclt\u00fcr\u201d"}]},{"@type":"WebSite","@id":"https:\/\/zeytinburnu.istanbul\/#website","url":"https:\/\/zeytinburnu.istanbul\/","name":"Zeytinburnu Belediyesi","description":"","potentialAction":[{"@type":"SearchAction","target":{"@type":"EntryPoint","urlTemplate":"https:\/\/zeytinburnu.istanbul\/?s={search_term_string}"},"query-input":"required name=search_term_string"}],"inLanguage":"tr"}]}},"meta_data":{"spot_ozet_metin":"KONUK H\u00dcSEYIN ETIL SUNAN ASIM \u00d6Z","sidebar_tipi":"varsayilan","etkinlik_tarihi":"20 May\u0131s 2024","etkinlik_bitis_tarihi":"","etkinlik_saati":"19:30","katilimcilar":false,"konum_adi":"ZEYT\u0130NBURNU K\u00dcLT\u00dcR SANAT","adres":"","konum":false,"galeri_basligi":"GALER\u0130","galeri":false,"app_gorsel":false,"image_details":{"thumbnail":{"file":"Screenshot_6-451x540.png","width":451,"height":540,"mime-type":"image\/png","filesize":112791,"url":"https:\/\/zeytinburnu.istanbul\/wp-content\/uploads\/2024\/05\/Screenshot_6-451x540.png"},"full":{"file":"2024\/05\/Screenshot_6.png","width":451,"height":605,"mime_type":"image\/png","url":"https:\/\/zeytinburnu.istanbul\/wp-content\/uploads\/2024\/05\/Screenshot_6.png"}}},"_links":{"self":[{"href":"https:\/\/zeytinburnu.istanbul\/api\/wp\/v2\/etkinlikler\/63483"}],"collection":[{"href":"https:\/\/zeytinburnu.istanbul\/api\/wp\/v2\/etkinlikler"}],"about":[{"href":"https:\/\/zeytinburnu.istanbul\/api\/wp\/v2\/types\/etkinlikler"}],"wp:featuredmedia":[{"embeddable":true,"href":"https:\/\/zeytinburnu.istanbul\/api\/wp\/v2\/media\/63484"}],"wp:attachment":[{"href":"https:\/\/zeytinburnu.istanbul\/api\/wp\/v2\/media?parent=63483"}],"curies":[{"name":"wp","href":"https:\/\/api.w.org\/{rel}","templated":true}]}}