

{"version":"1.0","provider_name":"Zeytinburnu Belediyesi","provider_url":"https:\/\/zeytinburnu.istanbul","author_name":"admin","author_url":"https:\/\/zeytinburnu.istanbul\/author\/pixelate\/","title":"Serkan AKARSU - Zeytinburnu Belediyesi","type":"rich","width":600,"height":338,"html":"<blockquote class=\"wp-embedded-content\" data-secret=\"0qUalIXtCK\"><a href=\"https:\/\/zeytinburnu.istanbul\/personel\/serkan-akarsu\/\">Serkan AKARSU<\/a><\/blockquote><iframe sandbox=\"allow-scripts\" security=\"restricted\" src=\"https:\/\/zeytinburnu.istanbul\/personel\/serkan-akarsu\/embed\/#?secret=0qUalIXtCK\" width=\"600\" height=\"338\" title=\"&#8220;Serkan AKARSU&#8221; &#8212; Zeytinburnu Belediyesi\" data-secret=\"0qUalIXtCK\" frameborder=\"0\" marginwidth=\"0\" marginheight=\"0\" scrolling=\"no\" class=\"wp-embedded-content\"><\/iframe><script type=\"text\/javascript\">\n\/*! This file is auto-generated *\/\n!function(c,d){\"use strict\";var e=!1,o=!1;if(d.querySelector)if(c.addEventListener)e=!0;if(c.wp=c.wp||{},c.wp.receiveEmbedMessage);else if(c.wp.receiveEmbedMessage=function(e){var t=e.data;if(!t);else if(!(t.secret||t.message||t.value));else if(\/[^a-zA-Z0-9]\/.test(t.secret));else{for(var r,s,a,i=d.querySelectorAll('iframe[data-secret=\"'+t.secret+'\"]'),n=d.querySelectorAll('blockquote[data-secret=\"'+t.secret+'\"]'),o=new RegExp(\"^https?:$\",\"i\"),l=0;l<n.length;l++)n[l].style.display=\"none\";for(l=0;l<i.length;l++)if(r=i[l],e.source!==r.contentWindow);else{if(r.removeAttribute(\"style\"),\"height\"===t.message){if(1e3<(s=parseInt(t.value,10)))s=1e3;else if(~~s<200)s=200;r.height=s}if(\"link\"===t.message)if(s=d.createElement(\"a\"),a=d.createElement(\"a\"),s.href=r.getAttribute(\"src\"),a.href=t.value,!o.test(a.protocol));else if(a.host===s.host)if(d.activeElement===r)c.top.location.href=t.value}}},e)c.addEventListener(\"message\",c.wp.receiveEmbedMessage,!1),d.addEventListener(\"DOMContentLoaded\",t,!1),c.addEventListener(\"load\",t,!1);function t(){if(o);else{o=!0;for(var e,t,r,s=-1!==navigator.appVersion.indexOf(\"MSIE 10\"),a=!!navigator.userAgent.match(\/Trident.*rv:11\\.\/),i=d.querySelectorAll(\"iframe.wp-embedded-content\"),n=0;n<i.length;n++){if(!(r=(t=i[n]).getAttribute(\"data-secret\")))r=Math.random().toString(36).substr(2,10),t.src+=\"#?secret=\"+r,t.setAttribute(\"data-secret\",r);if(s||a)(e=t.cloneNode(!0)).removeAttribute(\"security\"),t.parentNode.replaceChild(e,t);t.contentWindow.postMessage({message:\"ready\",secret:r},\"*\")}}}}(window,document);\n<\/script>\n","thumbnail_url":"https:\/\/zeytinburnu.istanbul\/wp-content\/uploads\/2021\/08\/serkan-akarsu..jpg","thumbnail_width":258,"thumbnail_height":307,"description":"1980 y\u0131l\u0131nda \u0130stanbul\u2019da do\u011fdu. 2003 y\u0131l\u0131nda Gazi \u00dcniversitesi Mesleki E\u011fitim Fak\u00fcltesi\u2019nden mezun oldu. Ard\u0131ndan Kamu Y\u00f6netimi b\u00f6l\u00fcm\u00fcn\u00fc bitirdi. Y\u00fcksek lisans \u00f6\u011frenimini Ayd\u0131n \u00dcniversitesi Siyasal Bilimler ve Uluslararas\u0131 \u0130li\u015fkiler anabilim dal\u0131 Mahalli \u0130dareler ve Yerinden Y\u00f6netim program\u0131nda tamamlad\u0131. Ayr\u0131ca Adalet Meslek Y\u00fcksekokulu mezunudur. 2003-2011 y\u0131llar\u0131 aras\u0131nda \u00f6zel sekt\u00f6rde \u00e7al\u0131\u015ft\u0131. 2011 \u2013 2014 y\u0131llar\u0131 aras\u0131nda T\u00fcrk D\u00fcnyas\u0131 [&hellip;]"}