

{"version":"1.0","provider_name":"Zeytinburnu Belediyesi","provider_url":"https:\/\/zeytinburnu.istanbul","author_name":"Seda Derin","author_url":"https:\/\/zeytinburnu.istanbul\/author\/sedaderin\/","title":"Zeytinburnu\u2019nda Yar\u0131y\u0131l Tatili E\u011flencesi Ba\u015fl\u0131yor..! - Zeytinburnu Belediyesi","type":"rich","width":600,"height":338,"html":"<blockquote class=\"wp-embedded-content\" data-secret=\"I4ldmZHa0o\"><a href=\"https:\/\/zeytinburnu.istanbul\/guncel\/zeytinburnunda-yariyil-tatili-eglencesi-basliyor\/\">Zeytinburnu\u2019nda Yar\u0131y\u0131l Tatili E\u011flencesi Ba\u015fl\u0131yor..!<\/a><\/blockquote><iframe sandbox=\"allow-scripts\" security=\"restricted\" src=\"https:\/\/zeytinburnu.istanbul\/guncel\/zeytinburnunda-yariyil-tatili-eglencesi-basliyor\/embed\/#?secret=I4ldmZHa0o\" width=\"600\" height=\"338\" title=\"&#8220;Zeytinburnu\u2019nda Yar\u0131y\u0131l Tatili E\u011flencesi Ba\u015fl\u0131yor..!&#8221; &#8212; Zeytinburnu Belediyesi\" data-secret=\"I4ldmZHa0o\" frameborder=\"0\" marginwidth=\"0\" marginheight=\"0\" scrolling=\"no\" class=\"wp-embedded-content\"><\/iframe><script type=\"text\/javascript\">\n\/*! This file is auto-generated *\/\n!function(c,d){\"use strict\";var e=!1,o=!1;if(d.querySelector)if(c.addEventListener)e=!0;if(c.wp=c.wp||{},c.wp.receiveEmbedMessage);else if(c.wp.receiveEmbedMessage=function(e){var t=e.data;if(!t);else if(!(t.secret||t.message||t.value));else if(\/[^a-zA-Z0-9]\/.test(t.secret));else{for(var r,s,a,i=d.querySelectorAll('iframe[data-secret=\"'+t.secret+'\"]'),n=d.querySelectorAll('blockquote[data-secret=\"'+t.secret+'\"]'),o=new RegExp(\"^https?:$\",\"i\"),l=0;l<n.length;l++)n[l].style.display=\"none\";for(l=0;l<i.length;l++)if(r=i[l],e.source!==r.contentWindow);else{if(r.removeAttribute(\"style\"),\"height\"===t.message){if(1e3<(s=parseInt(t.value,10)))s=1e3;else if(~~s<200)s=200;r.height=s}if(\"link\"===t.message)if(s=d.createElement(\"a\"),a=d.createElement(\"a\"),s.href=r.getAttribute(\"src\"),a.href=t.value,!o.test(a.protocol));else if(a.host===s.host)if(d.activeElement===r)c.top.location.href=t.value}}},e)c.addEventListener(\"message\",c.wp.receiveEmbedMessage,!1),d.addEventListener(\"DOMContentLoaded\",t,!1),c.addEventListener(\"load\",t,!1);function t(){if(o);else{o=!0;for(var e,t,r,s=-1!==navigator.appVersion.indexOf(\"MSIE 10\"),a=!!navigator.userAgent.match(\/Trident.*rv:11\\.\/),i=d.querySelectorAll(\"iframe.wp-embedded-content\"),n=0;n<i.length;n++){if(!(r=(t=i[n]).getAttribute(\"data-secret\")))r=Math.random().toString(36).substr(2,10),t.src+=\"#?secret=\"+r,t.setAttribute(\"data-secret\",r);if(s||a)(e=t.cloneNode(!0)).removeAttribute(\"security\"),t.parentNode.replaceChild(e,t);t.contentWindow.postMessage({message:\"ready\",secret:r},\"*\")}}}}(window,document);\n<\/script>\n","thumbnail_url":"https:\/\/zeytinburnu.istanbul\/wp-content\/uploads\/2026\/01\/Haber-karne-i02.jpg","thumbnail_width":641,"thumbnail_height":406,"description":"Zeytinburnu Belediyesi, karnesini alan t\u00fcm \u00f6\u011frencileri karne sevincini birlikte ya\u015famaya \u00e7a\u011f\u0131r\u0131yor. Yar\u0131y\u0131l tatili boyunca \u00e7ocuklar; Bilgi Evleri, \u0130zci Evi, Bilim Zeytinburnu ve Gen\u00e7lik Merkezi\u2019nde d\u00fczenlenen etkinliklerle tatillerini verimli ve keyifli ge\u00e7irebilecek. Ayr\u0131ca Zeytinburnu K\u00fclt\u00fcr Sanat\u2019ta \u00e7ocuklar\u0131 bekleyen \u201cZKS\u2019de Karne Festivali\u201d ile e\u011flence g\u00fcn boyu devam edecek. \u201c\u00c7OCUKLARIMIZIN MUTLULU\u011eUNA ORTAK OLMAK \u0130ST\u0130YORUZ\u201d Zeytinburnu Belediye Ba\u015fkan\u0131 \u00d6mer [&hellip;]"}