

{"version":"1.0","provider_name":"Zeytinburnu Belediyesi","provider_url":"https:\/\/zeytinburnu.istanbul","author_name":"Seda Derin","author_url":"https:\/\/zeytinburnu.istanbul\/author\/sedaderin\/","title":"16. Foto\u011fraf Yar\u0131\u015fmas\u0131 - Zeytinburnu Belediyesi","type":"rich","width":600,"height":338,"html":"<blockquote class=\"wp-embedded-content\" data-secret=\"yyt5RdlA4R\"><a href=\"https:\/\/zeytinburnu.istanbul\/guncel\/16-fotograf-yarismasi\/\">16. Foto\u011fraf Yar\u0131\u015fmas\u0131<\/a><\/blockquote><iframe sandbox=\"allow-scripts\" security=\"restricted\" src=\"https:\/\/zeytinburnu.istanbul\/guncel\/16-fotograf-yarismasi\/embed\/#?secret=yyt5RdlA4R\" width=\"600\" height=\"338\" title=\"&#8220;16. Foto\u011fraf Yar\u0131\u015fmas\u0131&#8221; &#8212; Zeytinburnu Belediyesi\" data-secret=\"yyt5RdlA4R\" frameborder=\"0\" marginwidth=\"0\" marginheight=\"0\" scrolling=\"no\" class=\"wp-embedded-content\"><\/iframe><script type=\"text\/javascript\">\n\/*! This file is auto-generated *\/\n!function(c,d){\"use strict\";var e=!1,o=!1;if(d.querySelector)if(c.addEventListener)e=!0;if(c.wp=c.wp||{},c.wp.receiveEmbedMessage);else if(c.wp.receiveEmbedMessage=function(e){var t=e.data;if(!t);else if(!(t.secret||t.message||t.value));else if(\/[^a-zA-Z0-9]\/.test(t.secret));else{for(var r,s,a,i=d.querySelectorAll('iframe[data-secret=\"'+t.secret+'\"]'),n=d.querySelectorAll('blockquote[data-secret=\"'+t.secret+'\"]'),o=new RegExp(\"^https?:$\",\"i\"),l=0;l<n.length;l++)n[l].style.display=\"none\";for(l=0;l<i.length;l++)if(r=i[l],e.source!==r.contentWindow);else{if(r.removeAttribute(\"style\"),\"height\"===t.message){if(1e3<(s=parseInt(t.value,10)))s=1e3;else if(~~s<200)s=200;r.height=s}if(\"link\"===t.message)if(s=d.createElement(\"a\"),a=d.createElement(\"a\"),s.href=r.getAttribute(\"src\"),a.href=t.value,!o.test(a.protocol));else if(a.host===s.host)if(d.activeElement===r)c.top.location.href=t.value}}},e)c.addEventListener(\"message\",c.wp.receiveEmbedMessage,!1),d.addEventListener(\"DOMContentLoaded\",t,!1),c.addEventListener(\"load\",t,!1);function t(){if(o);else{o=!0;for(var e,t,r,s=-1!==navigator.appVersion.indexOf(\"MSIE 10\"),a=!!navigator.userAgent.match(\/Trident.*rv:11\\.\/),i=d.querySelectorAll(\"iframe.wp-embedded-content\"),n=0;n<i.length;n++){if(!(r=(t=i[n]).getAttribute(\"data-secret\")))r=Math.random().toString(36).substr(2,10),t.src+=\"#?secret=\"+r,t.setAttribute(\"data-secret\",r);if(s||a)(e=t.cloneNode(!0)).removeAttribute(\"security\"),t.parentNode.replaceChild(e,t);t.contentWindow.postMessage({message:\"ready\",secret:r},\"*\")}}}}(window,document);\n<\/script>\n","thumbnail_url":"https:\/\/zeytinburnu.istanbul\/wp-content\/uploads\/2026\/03\/fotograf_yarismasi.jpg","thumbnail_width":2217,"thumbnail_height":1550,"description":"Zeytinburnu Belediyesi ile T\u00fcrkiye Foto\u011fraf Vakf\u0131\u2019n\u0131n ortakla\u015fa d\u00fczenledi\u011fi 16. Zeytinburnu Foto\u011fraf Yar\u0131\u015fmas\u0131 i\u00e7in ba\u015fvurular ba\u015flad\u0131. Foto\u011fraf sanat\u0131na ilgi duyan amat\u00f6r ve profesyonel foto\u011fraf\u00e7\u0131lar\u0131 bir araya getiren yar\u0131\u015fma bu y\u0131l da farkl\u0131 kategorilerde \u00f6nemli \u00f6d\u00fcller sunuyor. 2 FARKLI KATEGOR\u0130DE YARI\u015eMA \u00a0Yar\u0131\u015fma Serbest Kategori ve Drone Kategorisi olmak \u00fczere iki ana ba\u015fl\u0131k alt\u0131nda ger\u00e7ekle\u015ftirilecek. Her iki kategoride [&hellip;]"}